{"id":918,"date":"2015-02-11T14:47:12","date_gmt":"2015-02-11T13:47:12","guid":{"rendered":"http:\/\/www.klippitz.at\/sommer\/?post_type=portfolio&#038;p=918"},"modified":"2023-09-07T08:42:55","modified_gmt":"2023-09-07T06:42:55","slug":"chalet-klippitzsonne","status":"publish","type":"portfolio","link":"https:\/\/www.klippitz.at\/sommer\/unterkunft\/chalet-klippitzsonne\/","title":{"rendered":"Chalet Klippitzsonne"},"content":{"rendered":"<div id='av_section_1'  class='avia-section av-av_section-21359dd7f6cdd7c50f19a4f94b79b7ad main_color avia-section-default avia-no-shadow  avia-builder-el-0  avia-builder-el-no-sibling  avia-bg-style-scroll container_wrap sidebar_right'  ><div class='container av-section-cont-open' ><main  role=\"main\" itemprop=\"mainContentOfPage\"  class='template-page content  av-content-small alpha units'><div class='post-entry post-entry-type-page post-entry-918'><div class='entry-content-wrapper clearfix'>\n<div  class='avia-slideshow av-av_slideshow-3178bdf840c89c7ec9fb795bf6e1db1c avia-slideshow-featured av_slideshow avia-fade-slider  avia-builder-el-1  el_before_av_two_fifth  avia-builder-el-first  av-slideshow-ui av-slideshow-manual av-loop-once av-loop-manual-endless av-default-height-applied avia-slideshow-1' data-slideshow-options=\"{&quot;animation&quot;:&quot;fade&quot;,&quot;autoplay&quot;:false,&quot;loop_autoplay&quot;:&quot;once&quot;,&quot;interval&quot;:5,&quot;loop_manual&quot;:&quot;manual-endless&quot;,&quot;autoplay_stopper&quot;:false,&quot;noNavigation&quot;:false,&quot;bg_slider&quot;:false,&quot;keep_padding&quot;:false,&quot;hoverpause&quot;:false,&quot;show_slide_delay&quot;:0}\"  itemprop=\"image\" itemscope=\"itemscope\" itemtype=\"https:\/\/schema.org\/ImageObject\" ><ul class='avia-slideshow-inner ' style='padding-bottom: 28.666666666667%;'><\/ul><\/div>\n<div  class='flex_column av-av_two_fifth-2a9015ff38129c418a3f2eafba3e9512 av_two_fifth  avia-builder-el-2  el_after_av_slideshow  el_before_av_three_fifth  first flex_column_div  '     ><section  class='av_textblock_section av-av_textblock-0366cc7376be6c9e82a3e9cc8987b64f '   itemscope=\"itemscope\" itemtype=\"https:\/\/schema.org\/CreativeWork\" ><div class='avia_textblock'  itemprop=\"text\" ><h2>Information<\/h2>\n<p>Die Klippitzsonne bietet ein 600 m\u00b2 gro\u00dfes Grundst\u00fcck, welches gen\u00fcgend Abstand zum Nachbarn gew\u00e4hrt um den Urlaub in Ruhe zu genie\u00dfen. Der Parkplatz direkt am Grundst\u00fcck erleichtert das m\u00fchsame Schleppen des Gep\u00e4cks und Ihr Auto ist ganz in Ihrer N\u00e4he auch wenn Sie es den ganzen Urlaub lang nicht unbedingt brauchen.\u00a0Im Vorraum und in der Garderobe ist genug Platz, damit sich niemand auf die F\u00fc\u00dfe tritt und Sie Koffer und Kleidung ablegen\/-stellen k\u00f6nnen.\u00a0Der elektrische Schischuhtrockner bietet Platz f\u00fcr all Ihre Schischuhe und nasse Kleidung.\u00a0Das Badezimmer im EG verf\u00fcgt \u00fcber WC, Dusche, Waschtisch, Fenster und eine Infrarotkabine.<\/p>\n<p>Im gro\u00dfen Wohnraum finden Sie eine komfortabel ausgestattete K\u00fcche, mit Backofen, E-Herd, Geschirrsp\u00fclmaschine, Kaffeemaschine, Toaster, Wasserkocher und vieles mehr. F\u00fcr Ihre Unterhaltung im gro\u00dfz\u00fcgigen Wohnraum sorgt in der Klippitzsonne ein gro\u00dfer FlatScreen-Sat-TV, gratis Wireless-Lan, einige B\u00fccher und Gesellschafts-Spiele.<\/p>\n<p>Der verglaste Echtfeuer-Kamin ist einfach zu bedienen und sorgt daf\u00fcr dass es in der Klippitzsonne immer wohlig warm und gem\u00fctlich bleibt.<\/p>\n<p>Tel.: +43(0)676\/7028798<br \/>\n<a href=\"mailto:info@klippitzsonne.at\">info@klippitzsonne.at<br \/>\n<\/a><a href=\"http:\/\/www.klippitzsonne.at\/\" target=\"_blank\" rel=\"noopener\">www.klippitzsonne.at<\/a><\/p>\n<\/div><\/section><\/div><div  class='flex_column av-av_three_fifth-1c47c10d9dd6b9bc0b68f292c1cf5942 av_three_fifth  avia-builder-el-4  el_after_av_two_fifth  el_before_av_gallery  flex_column_div  '     ><section  class='av_textblock_section av-av_textblock-0366cc7376be6c9e82a3e9cc8987b64f '   itemscope=\"itemscope\" itemtype=\"https:\/\/schema.org\/CreativeWork\" ><div class='avia_textblock'  itemprop=\"text\" ><p>Im Obergescho\u00df finden Sie rund um den Vorraum 4 getrennte Schlafr\u00e4ume;<\/p>\n<p>ein gro\u00dfes Schlafzimmer mit eigenem Babybett, ein Jugendschlafzimmer (Bett:140cmx200cm), ein Schlafzimmer mit zus\u00e4tlichem Flatscreen und ein Kinderzimmer mit Stockbett. Jedes Zimmer mit Fenster und Kleiderschrank.<\/p>\n<p>Weiters befindet sich im Obergescho\u00df das zweite Badezimmer, mit Fenster, WC, Waschtisch, Bidet undJacuzzi-Whirlbadewanne.<\/p>\n<p>Die gro\u00dfe Panoramaterrasse, auf der Sie den herrlichen Ausblick \u00fcber die Berge genie\u00dfen k\u00f6nnen, bietet im Sommer gem\u00fctliche Gartenm\u00f6bel und einen gro\u00dfen Sonnenschirm. F\u00fcr Abwechslung auf der Speisekarte k\u00f6nnen Sie mit dem Holzkohle-Griller sorgen.<\/p>\n<p>Und wenn Sie um die Ecke blicken, erwartet Sie das 2x2m gro\u00dfe 38\u00b0 warme Jacuzzi, mit Wasserfallfunktion, Massaged\u00fcsen, wechselnder Beleuchtung und l\u00e4dt Sie ein, unter freiem Himmel, mitten in den Bergen den Alltag zu vergessen.<\/p>\n<\/div><\/section><\/div>\n<\/div><\/div><\/main><!-- close content main element --><\/div><\/div><div id='after_section_1'  class='main_color av_default_container_wrap container_wrap sidebar_right'  ><div class='container av-section-cont-open' ><div class='template-page content  av-content-small alpha units'><div class='post-entry post-entry-type-page post-entry-918'><div class='entry-content-wrapper clearfix'>\n","protected":false},"excerpt":{"rendered":"","protected":false},"author":1,"featured_media":920,"template":"","meta":{"footnotes":""},"tags":[],"portfolio_entries":[6],"class_list":["post-918","portfolio","type-portfolio","status-publish","has-post-thumbnail","hentry","portfolio_entries-appartments-ferienhaeuser-de"],"yoast_head":"<!-- This site is optimized with the Yoast SEO plugin v26.8 - https:\/\/yoast.com\/product\/yoast-seo-wordpress\/ -->\n<title>Chalet Klippitzsonne - Schierlebniswelt Klippitzt\u00f6rl<\/title>\n<meta name=\"robots\" content=\"index, follow, max-snippet:-1, max-image-preview:large, max-video-preview:-1\" \/>\n<link rel=\"canonical\" href=\"https:\/\/www.klippitz.at\/sommer\/unterkunft\/chalet-klippitzsonne\/\" \/>\n<meta property=\"og:locale\" content=\"de_DE\" \/>\n<meta property=\"og:type\" content=\"article\" \/>\n<meta property=\"og:title\" content=\"Chalet Klippitzsonne - Schierlebniswelt Klippitzt\u00f6rl\" \/>\n<meta property=\"og:url\" content=\"https:\/\/www.klippitz.at\/sommer\/unterkunft\/chalet-klippitzsonne\/\" \/>\n<meta property=\"og:site_name\" content=\"Schierlebniswelt Klippitzt\u00f6rl\" \/>\n<meta property=\"article:modified_time\" content=\"2023-09-07T06:42:55+00:00\" \/>\n<meta property=\"og:image\" content=\"https:\/\/www.klippitz.at\/sommer\/wp-content\/uploads\/2015\/02\/klippitzsonne-aussen.jpg\" \/>\n\t<meta property=\"og:image:width\" content=\"1024\" \/>\n\t<meta property=\"og:image:height\" content=\"683\" \/>\n\t<meta property=\"og:image:type\" content=\"image\/jpeg\" \/>\n<meta name=\"twitter:label1\" content=\"Gesch\u00e4tzte Lesezeit\" \/>\n\t<meta name=\"twitter:data1\" content=\"2\u00a0Minuten\" \/>\n<script type=\"application\/ld+json\" class=\"yoast-schema-graph\">{\"@context\":\"https:\/\/schema.org\",\"@graph\":[{\"@type\":\"WebPage\",\"@id\":\"https:\/\/www.klippitz.at\/sommer\/unterkunft\/chalet-klippitzsonne\/\",\"url\":\"https:\/\/www.klippitz.at\/sommer\/unterkunft\/chalet-klippitzsonne\/\",\"name\":\"Chalet Klippitzsonne - Schierlebniswelt Klippitzt\u00f6rl\",\"isPartOf\":{\"@id\":\"https:\/\/www.klippitz.at\/sommer\/#website\"},\"primaryImageOfPage\":{\"@id\":\"https:\/\/www.klippitz.at\/sommer\/unterkunft\/chalet-klippitzsonne\/#primaryimage\"},\"image\":{\"@id\":\"https:\/\/www.klippitz.at\/sommer\/unterkunft\/chalet-klippitzsonne\/#primaryimage\"},\"thumbnailUrl\":\"https:\/\/www.klippitz.at\/sommer\/wp-content\/uploads\/2015\/02\/klippitzsonne-aussen.jpg\",\"datePublished\":\"2015-02-11T13:47:12+00:00\",\"dateModified\":\"2023-09-07T06:42:55+00:00\",\"breadcrumb\":{\"@id\":\"https:\/\/www.klippitz.at\/sommer\/unterkunft\/chalet-klippitzsonne\/#breadcrumb\"},\"inLanguage\":\"de\",\"potentialAction\":[{\"@type\":\"ReadAction\",\"target\":[\"https:\/\/www.klippitz.at\/sommer\/unterkunft\/chalet-klippitzsonne\/\"]}]},{\"@type\":\"ImageObject\",\"inLanguage\":\"de\",\"@id\":\"https:\/\/www.klippitz.at\/sommer\/unterkunft\/chalet-klippitzsonne\/#primaryimage\",\"url\":\"https:\/\/www.klippitz.at\/sommer\/wp-content\/uploads\/2015\/02\/klippitzsonne-aussen.jpg\",\"contentUrl\":\"https:\/\/www.klippitz.at\/sommer\/wp-content\/uploads\/2015\/02\/klippitzsonne-aussen.jpg\",\"width\":1024,\"height\":683},{\"@type\":\"BreadcrumbList\",\"@id\":\"https:\/\/www.klippitz.at\/sommer\/unterkunft\/chalet-klippitzsonne\/#breadcrumb\",\"itemListElement\":[{\"@type\":\"ListItem\",\"position\":1,\"name\":\"Home\",\"item\":\"https:\/\/www.klippitz.at\/sommer\/home\/\"},{\"@type\":\"ListItem\",\"position\":2,\"name\":\"Chalet Klippitzsonne\"}]},{\"@type\":\"WebSite\",\"@id\":\"https:\/\/www.klippitz.at\/sommer\/#website\",\"url\":\"https:\/\/www.klippitz.at\/sommer\/\",\"name\":\"Schierlebniswelt Klippitzt\u00f6rl\",\"description\":\"Die K\u00e4rntner Schiregion zeigt sich im Sommer von ihrer sch\u00f6nsten Seite\",\"potentialAction\":[{\"@type\":\"SearchAction\",\"target\":{\"@type\":\"EntryPoint\",\"urlTemplate\":\"https:\/\/www.klippitz.at\/sommer\/?s={search_term_string}\"},\"query-input\":{\"@type\":\"PropertyValueSpecification\",\"valueRequired\":true,\"valueName\":\"search_term_string\"}}],\"inLanguage\":\"de\"}]}<\/script>\n<!-- \/ Yoast SEO plugin. -->","yoast_head_json":{"title":"Chalet Klippitzsonne - Schierlebniswelt Klippitzt\u00f6rl","robots":{"index":"index","follow":"follow","max-snippet":"max-snippet:-1","max-image-preview":"max-image-preview:large","max-video-preview":"max-video-preview:-1"},"canonical":"https:\/\/www.klippitz.at\/sommer\/unterkunft\/chalet-klippitzsonne\/","og_locale":"de_DE","og_type":"article","og_title":"Chalet Klippitzsonne - Schierlebniswelt Klippitzt\u00f6rl","og_url":"https:\/\/www.klippitz.at\/sommer\/unterkunft\/chalet-klippitzsonne\/","og_site_name":"Schierlebniswelt Klippitzt\u00f6rl","article_modified_time":"2023-09-07T06:42:55+00:00","og_image":[{"width":1024,"height":683,"url":"https:\/\/www.klippitz.at\/sommer\/wp-content\/uploads\/2015\/02\/klippitzsonne-aussen.jpg","type":"image\/jpeg"}],"twitter_misc":{"Gesch\u00e4tzte Lesezeit":"2\u00a0Minuten"},"schema":{"@context":"https:\/\/schema.org","@graph":[{"@type":"WebPage","@id":"https:\/\/www.klippitz.at\/sommer\/unterkunft\/chalet-klippitzsonne\/","url":"https:\/\/www.klippitz.at\/sommer\/unterkunft\/chalet-klippitzsonne\/","name":"Chalet Klippitzsonne - Schierlebniswelt Klippitzt\u00f6rl","isPartOf":{"@id":"https:\/\/www.klippitz.at\/sommer\/#website"},"primaryImageOfPage":{"@id":"https:\/\/www.klippitz.at\/sommer\/unterkunft\/chalet-klippitzsonne\/#primaryimage"},"image":{"@id":"https:\/\/www.klippitz.at\/sommer\/unterkunft\/chalet-klippitzsonne\/#primaryimage"},"thumbnailUrl":"https:\/\/www.klippitz.at\/sommer\/wp-content\/uploads\/2015\/02\/klippitzsonne-aussen.jpg","datePublished":"2015-02-11T13:47:12+00:00","dateModified":"2023-09-07T06:42:55+00:00","breadcrumb":{"@id":"https:\/\/www.klippitz.at\/sommer\/unterkunft\/chalet-klippitzsonne\/#breadcrumb"},"inLanguage":"de","potentialAction":[{"@type":"ReadAction","target":["https:\/\/www.klippitz.at\/sommer\/unterkunft\/chalet-klippitzsonne\/"]}]},{"@type":"ImageObject","inLanguage":"de","@id":"https:\/\/www.klippitz.at\/sommer\/unterkunft\/chalet-klippitzsonne\/#primaryimage","url":"https:\/\/www.klippitz.at\/sommer\/wp-content\/uploads\/2015\/02\/klippitzsonne-aussen.jpg","contentUrl":"https:\/\/www.klippitz.at\/sommer\/wp-content\/uploads\/2015\/02\/klippitzsonne-aussen.jpg","width":1024,"height":683},{"@type":"BreadcrumbList","@id":"https:\/\/www.klippitz.at\/sommer\/unterkunft\/chalet-klippitzsonne\/#breadcrumb","itemListElement":[{"@type":"ListItem","position":1,"name":"Home","item":"https:\/\/www.klippitz.at\/sommer\/home\/"},{"@type":"ListItem","position":2,"name":"Chalet Klippitzsonne"}]},{"@type":"WebSite","@id":"https:\/\/www.klippitz.at\/sommer\/#website","url":"https:\/\/www.klippitz.at\/sommer\/","name":"Schierlebniswelt Klippitzt\u00f6rl","description":"Die K\u00e4rntner Schiregion zeigt sich im Sommer von ihrer sch\u00f6nsten Seite","potentialAction":[{"@type":"SearchAction","target":{"@type":"EntryPoint","urlTemplate":"https:\/\/www.klippitz.at\/sommer\/?s={search_term_string}"},"query-input":{"@type":"PropertyValueSpecification","valueRequired":true,"valueName":"search_term_string"}}],"inLanguage":"de"}]}},"_links":{"self":[{"href":"https:\/\/www.klippitz.at\/sommer\/wp-json\/wp\/v2\/portfolio\/918","targetHints":{"allow":["GET"]}}],"collection":[{"href":"https:\/\/www.klippitz.at\/sommer\/wp-json\/wp\/v2\/portfolio"}],"about":[{"href":"https:\/\/www.klippitz.at\/sommer\/wp-json\/wp\/v2\/types\/portfolio"}],"author":[{"embeddable":true,"href":"https:\/\/www.klippitz.at\/sommer\/wp-json\/wp\/v2\/users\/1"}],"version-history":[{"count":2,"href":"https:\/\/www.klippitz.at\/sommer\/wp-json\/wp\/v2\/portfolio\/918\/revisions"}],"predecessor-version":[{"id":3198,"href":"https:\/\/www.klippitz.at\/sommer\/wp-json\/wp\/v2\/portfolio\/918\/revisions\/3198"}],"wp:featuredmedia":[{"embeddable":true,"href":"https:\/\/www.klippitz.at\/sommer\/wp-json\/wp\/v2\/media\/920"}],"wp:attachment":[{"href":"https:\/\/www.klippitz.at\/sommer\/wp-json\/wp\/v2\/media?parent=918"}],"wp:term":[{"taxonomy":"post_tag","embeddable":true,"href":"https:\/\/www.klippitz.at\/sommer\/wp-json\/wp\/v2\/tags?post=918"},{"taxonomy":"portfolio_entries","embeddable":true,"href":"https:\/\/www.klippitz.at\/sommer\/wp-json\/wp\/v2\/portfolio_entries?post=918"}],"curies":[{"name":"wp","href":"https:\/\/api.w.org\/{rel}","templated":true}]}}