{"id":858,"date":"2015-02-11T12:57:46","date_gmt":"2015-02-11T11:57:46","guid":{"rendered":"http:\/\/www.klippitz.at\/sommer\/?post_type=portfolio&#038;p=858"},"modified":"2019-11-08T10:53:10","modified_gmt":"2019-11-08T09:53:10","slug":"chalet-klippitzstern","status":"publish","type":"portfolio","link":"https:\/\/www.klippitz.at\/sommer\/unterkunft\/chalet-klippitzstern\/","title":{"rendered":"Chalet Klippitzstern Haus 1"},"content":{"rendered":"<div id='av_section_1'  class='avia-section av-236gre-2721e0cd063035c764a82a575b5f0aef main_color avia-section-default avia-no-shadow  avia-builder-el-0  avia-builder-el-no-sibling  avia-bg-style-scroll container_wrap sidebar_right'  ><div class='container av-section-cont-open' ><main  role=\"main\" itemprop=\"mainContentOfPage\"  class='template-page content  av-content-small alpha units'><div class='post-entry post-entry-type-page post-entry-858'><div class='entry-content-wrapper clearfix'>\n<div  class='avia-slideshow av-1z069m-2dc36fd56b760630896146111c43c6b9 avia-slideshow-featured av_slideshow avia-fade-slider  avia-builder-el-1  el_before_av_two_fifth  avia-builder-el-first  av-slideshow-ui av-control-default av-slideshow-manual av-loop-once av-loop-manual-endless av-default-height-applied avia-slideshow-1' data-slideshow-options=\"{&quot;animation&quot;:&quot;fade&quot;,&quot;autoplay&quot;:false,&quot;loop_autoplay&quot;:&quot;once&quot;,&quot;interval&quot;:5,&quot;loop_manual&quot;:&quot;manual-endless&quot;,&quot;autoplay_stopper&quot;:false,&quot;noNavigation&quot;:false,&quot;bg_slider&quot;:false,&quot;keep_padding&quot;:false,&quot;hoverpause&quot;:false,&quot;show_slide_delay&quot;:0}\"  itemprop=\"image\" itemscope=\"itemscope\" itemtype=\"https:\/\/schema.org\/ImageObject\" ><ul class='avia-slideshow-inner ' style='padding-bottom: 28.666666666667%;'><li  class='avia-slideshow-slide av-1z069m-2dc36fd56b760630896146111c43c6b9__0  av-single-slide slide-1 slide-odd'><div data-rel='slideshow-1' class='avia-slide-wrap '   ><img decoding=\"async\" fetchpriority=\"high\" class=\"wp-image-2544 avia-img-lazy-loading-not-2544\"  src=\"https:\/\/www.klippitz.at\/sommer\/wp-content\/uploads\/2015\/02\/Chalet-Klippitzstern-Haus-1_6-940x450-sommer-1500x430.jpg\" width=\"1500\" height=\"430\" title='Chalet Klippitzstern Haus 1_6 940x450 sommer' alt=''  itemprop=\"thumbnailUrl\"   \/><\/div><\/li><\/ul><div class='av-slideshow-caption av-1z069m-2dc36fd56b760630896146111c43c6b9__0 avia-caption'><div class=\"avia-inner-caption\"><div class='avia-caption-content '  itemprop=\"description\" ><p>Das luxuri\u00f6s eingerichtete Chalet KLIPPITZSTERN Haus 1 bietet insgesamt bis zu 9 Personen gro\u00dfz\u00fcgigen Platz.<\/p>\n<\/div><\/div><\/div><\/div>\n<div  class='flex_column av-1n875e-2168044f7822a18b127273f29e9d85c5 av_two_fifth  avia-builder-el-2  el_after_av_slideshow  el_before_av_three_fifth  first flex_column_div  '     ><section  class='av_textblock_section av-5a1pm-efb04c38a0e76797842d10cf870c2749 '   itemscope=\"itemscope\" itemtype=\"https:\/\/schema.org\/CreativeWork\" ><div class='avia_textblock'  itemprop=\"text\" ><h2>Information<\/h2>\n<p>Das luxuri\u00f6s eingerichtete Ferienhaus KLIPPITZSTERN Haus 1 bietet insgesamt bis zu 9 Personen gro\u00dfz\u00fcgigen Platz. Auf einer Wohnfl\u00e4che von 115 m\u00b2\u00a0 finden Sie alles, was das Herz begehrt!<\/p>\n<p>Im Erdgescho\u00df befindet sich der offen und modern gestaltete Wohn- und Essbereich in dessen Mitte ein Kaminofen f\u00fcr wohlige W\u00e4rme und gem\u00fctliche Abende sorgt.<\/p>\n<p>Das Haus ist so konzipiert und ausgerichtet, dass Sie\u00a0vom Wohn- und\u00a0Essbereich\u00a0einen herrlichen Blick \u00fcber das Lavanttal genie\u00dfen k\u00f6nnen. Zu jeder Jahreszeit k\u00f6nnen Sie auf der gro\u00dfz\u00fcgig angelegten Terrasse sowohl morgens den\u00a0Sonnenaufgang, als auch abends den Sonnenuntergang genie\u00dfen.<\/p>\n<p>Die modern gestaltete K\u00fcche ist voll ausgestattet und beinhaltet unter anderem einen K\u00fchl- und Gefrierschrank, einen Backofen inklusive Ceranfeld sowie eine Sp\u00fclmaschine.<\/p>\n<p>Au\u00dferdem verf\u00fcgt das Erdgescho\u00df \u00fcber ein Badezimmer inklusive einer Infrarotsaunakabine, welche nach dem Skifahren oder Wandern zum Entspannen und Verweilen einl\u00e4dt. Die Infrarotkabine ist effektiv, aber sanfter als die traditionelle Sauna, da die Temperatur nur 35-50\u00b0 Celsius betr\u00e4gt, weshalb sie auch von Personen genutzt werden kann, die keine hohen Temperaturen m\u00f6gen oder vertragen.<\/p>\n<p>Im Obergescho\u00df befinden sich drei Schlafzimmer mit jeweils einem Doppelbett und ein Schlafzimmer mit einem Doppelbett und einem Einzelbett. In einem der Doppelzimmer haben Sie die\u00a0M\u00f6glichkeit, ein zus\u00e4tzliches Reisebett f\u00fcr Kinder aufzustellen.<\/p>\n<p>Das luxuri\u00f6se Badezimmer im Obergescho\u00df l\u00e4sst keine W\u00fcnsche offen. Es verf\u00fcgt unter anderem \u00fcber eine original Jacuzzi Whirlwanne.<\/p>\n<p><b>Wohnfl\u00e4che:<\/b><\/p>\n<ul>\n<li>115 m\u00b2, Grundst\u00fcck: ca. 600 m\u00b2<\/li>\n<\/ul>\n<p><b>Allgemeines:<\/b><\/p>\n<ul>\n<li>Bettw\u00e4sche und Handt\u00fccher k\u00f6nnen gegen Geb\u00fchr geliehen werden<\/li>\n<li>Infrarotsaunakabine<\/li>\n<li>Waschmaschine<\/li>\n<li>Skischuhw\u00e4rmer- bzw. Trockner<\/li>\n<li>W-Lan<\/li>\n<li>PKW-Stellplatz direkt am Haus<\/li>\n<\/ul>\n<p><b>K\u00fcche:<\/b><\/p>\n<ul>\n<li>Gefrierfach<\/li>\n<li>K\u00fchlschrank (+ 2. K\u00fchlschrank im Abstellraum)<\/li>\n<li>Herd mit Ceranfeld und Backofen<\/li>\n<li>Kaffeem\u00fchle<\/li>\n<li>Kochutensilien<\/li>\n<li>Toaster, Kaffeemaschine, Wasserkocher<\/li>\n<li>Geschirrsp\u00fclmaschine<\/li>\n<li>Mikrowelle<\/li>\n<li>Ausreichend Geschirr und Besteck f\u00fcr 9 Personen<\/li>\n<\/ul>\n<p>Tel.: +49 (0) 173 666 14 09 (Deutsch, Englisch)<br \/>\nTel.: +49 (0) 173 666 14 00 (Deutsch, Englisch, Niederl\u00e4ndisch, Polnisch)<br \/>\n<a href=\"mailto:mail@klippitzstern.de\">mail@klippitzstern.de<br \/>\n<\/a><a href=\"http:\/\/www.klippitzstern.de\/\" target=\"_blank\" rel=\"noopener noreferrer\">www.klippitzstern.de<\/a><\/p>\n<\/div><\/section><br \/>\n<div  class='av_gmaps_sc_main_wrap av_gmaps_main_wrap '><div id='av_gmap_0' class='avia-google-map-container avia-google-map-sc av_gmaps_show_unconditionally av-no-fallback-img ' data-mapid='av_gmap_0'  style='height: 250px;'><a class=\"av_gmaps_browser_disabled av_text_confirm_link av_text_confirm_link_visible\" href=\"https:\/\/www.google.com\/maps\/search\/?api=1&#038;query=Kliening%2050%20%20%2014.6981581%2046.94552669999999\" target=\"_blank\">Aufgrund deiner Datenschutz-Einstellungen k\u00f6nnen wir Ihnen die Karte nicht anzeigen. Klicken Sie hier, um die Karte in einem neuen Fenster zu \u00f6ffnen.<\/a><\/div><\/div><\/p><\/div>\n<style type=\"text\/css\" data-created_by=\"avia_inline_auto\" id=\"style-css-av-1abssa-3408d3f49c943caa55981e3acebfb8d1\">\n.flex_column.av-1abssa-3408d3f49c943caa55981e3acebfb8d1{\nborder-radius:0px 0px 0px 0px;\npadding:0px 0px 0px 0px;\n}\n<\/style>\n<div  class='flex_column av-1abssa-3408d3f49c943caa55981e3acebfb8d1 av_three_fifth  avia-builder-el-5  el_after_av_two_fifth  avia-builder-el-last  flex_column_div av-zero-column-padding  '     ><p><section  class='av_textblock_section av-151lka-9136f2cb69bd801011389ae4fdf9a244 '   itemscope=\"itemscope\" itemtype=\"https:\/\/schema.org\/CreativeWork\" ><div class='avia_textblock'  itemprop=\"text\" ><p><b>Wohnzimmer:<\/b><\/p>\n<ul>\n<li>Kamin ( Gas )<\/li>\n<li>Gro\u00dfes Sofa, 3 Sessel<\/li>\n<li>Bequeme Sitzgelegenheiten f\u00fcr 9 Personen<\/li>\n<\/ul>\n<p><b>Essbereich:<\/b><\/p>\n<ul>\n<li>Sitzm\u00f6glichkeiten f\u00fcr 9 Personen<\/li>\n<li>Gro\u00dfer Tisch<\/li>\n<\/ul>\n<p><b>Badezimmer:<\/b><\/p>\n<ul>\n<li>2 Badezimmer<\/li>\n<li>Badezimmer im Erdgeschoss: Dusche, WC, Infrarotsaunakabine,<\/li>\n<li>Badezimmer im Obergeschoss: original Jacuzzi Whirlwanne, Dusche, WC, Bidet<\/li>\n<\/ul>\n<p><b>Schlafzimmer:<\/b><\/p>\n<ul>\n<li>4 Schlafzimmer, Schlafm\u00f6glichkeiten f\u00fcr 9 Personen<\/li>\n<li>Schlafzimmer 1: 1 Doppelbett ( Zustellen eines Kinder Reisebettes m\u00f6glich )<\/li>\n<li>Schlafzimmer 2: 1 Doppelbett<\/li>\n<li>Schlafzimmer 3: 1 Doppelbett<\/li>\n<li>Schlafzimmer 4: 1 Doppelbett und 1 Einzelbett<\/li>\n<\/ul>\n<p><b>Unterhaltung:<\/b><\/p>\n<ul>\n<li>Fernseher , ( Flatscreen 55&#8243; )<\/li>\n<li>Satelliten-TV<\/li>\n<li>DVD-Player, DVDs<\/li>\n<li>Playstation 2<\/li>\n<li>Radio<\/li>\n<li>Gesellschaftsspiele<\/li>\n<li>B\u00fccher<\/li>\n<\/ul>\n<p><b>Au\u00dfenbereich:<\/b><\/p>\n<ul>\n<li>Gro\u00dfz\u00fcgige Terrasse mit ausreichend Sitzgelegenheiten<\/li>\n<li>Grundst\u00fcck: ca. 600 m\u00b2<\/li>\n<\/ul>\n<p><b>Geeignet f\u00fcr:<\/b><\/p>\n<ul>\n<li>F\u00fcr Kinder geeignet<\/li>\n<li>Haustiere auf Anfrage erw\u00fcnscht<\/li>\n<\/ul>\n<p><em>Wir freuen uns schon jetzt auf Ihren Besuch!<\/em><\/p>\n<h2><\/h2>\n<\/div><\/section><br \/>\n\n<style type=\"text\/css\" data-created_by=\"avia_inline_auto\" id=\"style-css-av-ugfca-4a503596527a19d0801fc4a58042f7b9\">\n#top .avia-gallery.av-ugfca-4a503596527a19d0801fc4a58042f7b9 .avia-gallery-thumb a{\nwidth:14.2857%;\n}\n<\/style>\n<div  class='avia-gallery av-ugfca-4a503596527a19d0801fc4a58042f7b9 avia_animate_when_visible  avia-builder-el-7  el_after_av_textblock  el_before_av_hr  deactivate_avia_lazyload avia-gallery-animate avia-gallery-1'  itemprop=\"image\" itemscope=\"itemscope\" itemtype=\"https:\/\/schema.org\/ImageObject\" ><meta itemprop=\"contentURL\" content=\"https:\/\/www.klippitz.at\/sommer\/unterkunft\/chalet-klippitzstern\/\"><div class='avia-gallery-thumb'><a href=\"https:\/\/www.klippitz.at\/sommer\/wp-content\/uploads\/2015\/02\/Chalet-Klippitzstern-Haus-1_0-1030x579.jpeg\" data-srcset=\"https:\/\/www.klippitz.at\/sommer\/wp-content\/uploads\/2015\/02\/Chalet-Klippitzstern-Haus-1_0-1030x579.jpeg 1030w, https:\/\/www.klippitz.at\/sommer\/wp-content\/uploads\/2015\/02\/Chalet-Klippitzstern-Haus-1_0-300x169.jpeg 300w, https:\/\/www.klippitz.at\/sommer\/wp-content\/uploads\/2015\/02\/Chalet-Klippitzstern-Haus-1_0-768x432.jpeg 768w, https:\/\/www.klippitz.at\/sommer\/wp-content\/uploads\/2015\/02\/Chalet-Klippitzstern-Haus-1_0-1500x844.jpeg 1500w, https:\/\/www.klippitz.at\/sommer\/wp-content\/uploads\/2015\/02\/Chalet-Klippitzstern-Haus-1_0-705x397.jpeg 705w\" data-sizes=\"(max-width: 1030px) 100vw, 1030px\" data-rel='gallery-1' data-prev-img='https:\/\/www.klippitz.at\/sommer\/wp-content\/uploads\/2015\/02\/Chalet-Klippitzstern-Haus-1_0-495x400.jpeg' class='first_thumb lightbox ' data-onclick='1' title='Chalet Klippitzstern Haus 1_0'  itemprop=\"thumbnailUrl\"  ><img decoding=\"async\" fetchpriority=\"high\" class=\"wp-image-2545 avia-img-lazy-loading-not-2545\"   src=\"https:\/\/www.klippitz.at\/sommer\/wp-content\/uploads\/2015\/02\/Chalet-Klippitzstern-Haus-1_0-495x400.jpeg\" width=\"495\" height=\"400\"  title='Chalet Klippitzstern Haus 1_0' alt='' srcset=\"https:\/\/www.klippitz.at\/sommer\/wp-content\/uploads\/2015\/02\/Chalet-Klippitzstern-Haus-1_0-495x400.jpeg 495w, https:\/\/www.klippitz.at\/sommer\/wp-content\/uploads\/2015\/02\/Chalet-Klippitzstern-Haus-1_0-845x684.jpeg 845w\" sizes=\"(max-width: 495px) 100vw, 495px\" \/><div class='big-prev-fake'><img decoding=\"async\" loading=\"lazy\" class=\"wp-image-2545 avia-img-lazy-loading-2545\"  width=\"495\" height=\"400\" src=\"https:\/\/www.klippitz.at\/sommer\/wp-content\/uploads\/2015\/02\/Chalet-Klippitzstern-Haus-1_0-495x400.jpeg\" title='Chalet Klippitzstern Haus 1_0' alt='' srcset=\"https:\/\/www.klippitz.at\/sommer\/wp-content\/uploads\/2015\/02\/Chalet-Klippitzstern-Haus-1_0-495x400.jpeg 495w, https:\/\/www.klippitz.at\/sommer\/wp-content\/uploads\/2015\/02\/Chalet-Klippitzstern-Haus-1_0-845x684.jpeg 845w\" sizes=\"auto, (max-width: 495px) 100vw, 495px\" \/><\/div><\/a><a href=\"https:\/\/www.klippitz.at\/sommer\/wp-content\/uploads\/2015\/02\/Chalet-Klippitzstern-Haus-1_5-1030x773.jpeg\" data-srcset=\"https:\/\/www.klippitz.at\/sommer\/wp-content\/uploads\/2015\/02\/Chalet-Klippitzstern-Haus-1_5-1030x773.jpeg 1030w, https:\/\/www.klippitz.at\/sommer\/wp-content\/uploads\/2015\/02\/Chalet-Klippitzstern-Haus-1_5-300x225.jpeg 300w, https:\/\/www.klippitz.at\/sommer\/wp-content\/uploads\/2015\/02\/Chalet-Klippitzstern-Haus-1_5-768x576.jpeg 768w, https:\/\/www.klippitz.at\/sommer\/wp-content\/uploads\/2015\/02\/Chalet-Klippitzstern-Haus-1_5-1500x1125.jpeg 1500w, https:\/\/www.klippitz.at\/sommer\/wp-content\/uploads\/2015\/02\/Chalet-Klippitzstern-Haus-1_5-705x529.jpeg 705w\" data-sizes=\"(max-width: 1030px) 100vw, 1030px\" data-rel='gallery-1' data-prev-img='https:\/\/www.klippitz.at\/sommer\/wp-content\/uploads\/2015\/02\/Chalet-Klippitzstern-Haus-1_5-495x400.jpeg' class='lightbox ' data-onclick='2' title='Chalet Klippitzstern Haus 1_5'  itemprop=\"thumbnailUrl\"  ><img decoding=\"async\" fetchpriority=\"high\" class=\"wp-image-2546 avia-img-lazy-loading-not-2546\"   src=\"https:\/\/www.klippitz.at\/sommer\/wp-content\/uploads\/2015\/02\/Chalet-Klippitzstern-Haus-1_5-495x400.jpeg\" width=\"495\" height=\"400\"  title='Chalet Klippitzstern Haus 1_5' alt='' srcset=\"https:\/\/www.klippitz.at\/sommer\/wp-content\/uploads\/2015\/02\/Chalet-Klippitzstern-Haus-1_5-495x400.jpeg 495w, https:\/\/www.klippitz.at\/sommer\/wp-content\/uploads\/2015\/02\/Chalet-Klippitzstern-Haus-1_5-845x684.jpeg 845w\" sizes=\"(max-width: 495px) 100vw, 495px\" \/><div class='big-prev-fake'><img decoding=\"async\" loading=\"lazy\" class=\"wp-image-2546 avia-img-lazy-loading-2546\"  width=\"495\" height=\"400\" src=\"https:\/\/www.klippitz.at\/sommer\/wp-content\/uploads\/2015\/02\/Chalet-Klippitzstern-Haus-1_5-495x400.jpeg\" title='Chalet Klippitzstern Haus 1_5' alt='' srcset=\"https:\/\/www.klippitz.at\/sommer\/wp-content\/uploads\/2015\/02\/Chalet-Klippitzstern-Haus-1_5-495x400.jpeg 495w, https:\/\/www.klippitz.at\/sommer\/wp-content\/uploads\/2015\/02\/Chalet-Klippitzstern-Haus-1_5-845x684.jpeg 845w\" sizes=\"auto, (max-width: 495px) 100vw, 495px\" \/><\/div><\/a><a href=\"https:\/\/www.klippitz.at\/sommer\/wp-content\/uploads\/2015\/02\/Chalet-Klippitzstern-Haus-1_1-1030x579.jpeg\" data-srcset=\"https:\/\/www.klippitz.at\/sommer\/wp-content\/uploads\/2015\/02\/Chalet-Klippitzstern-Haus-1_1-1030x579.jpeg 1030w, https:\/\/www.klippitz.at\/sommer\/wp-content\/uploads\/2015\/02\/Chalet-Klippitzstern-Haus-1_1-300x169.jpeg 300w, https:\/\/www.klippitz.at\/sommer\/wp-content\/uploads\/2015\/02\/Chalet-Klippitzstern-Haus-1_1-768x432.jpeg 768w, https:\/\/www.klippitz.at\/sommer\/wp-content\/uploads\/2015\/02\/Chalet-Klippitzstern-Haus-1_1-1500x844.jpeg 1500w, https:\/\/www.klippitz.at\/sommer\/wp-content\/uploads\/2015\/02\/Chalet-Klippitzstern-Haus-1_1-705x397.jpeg 705w\" data-sizes=\"(max-width: 1030px) 100vw, 1030px\" data-rel='gallery-1' data-prev-img='https:\/\/www.klippitz.at\/sommer\/wp-content\/uploads\/2015\/02\/Chalet-Klippitzstern-Haus-1_1-495x400.jpeg' class='lightbox ' data-onclick='3' title='Chalet Klippitzstern Haus 1_1'  itemprop=\"thumbnailUrl\"  ><img decoding=\"async\" fetchpriority=\"high\" class=\"wp-image-2547 avia-img-lazy-loading-not-2547\"   src=\"https:\/\/www.klippitz.at\/sommer\/wp-content\/uploads\/2015\/02\/Chalet-Klippitzstern-Haus-1_1-495x400.jpeg\" width=\"495\" height=\"400\"  title='Chalet Klippitzstern Haus 1_1' alt='' srcset=\"https:\/\/www.klippitz.at\/sommer\/wp-content\/uploads\/2015\/02\/Chalet-Klippitzstern-Haus-1_1-495x400.jpeg 495w, https:\/\/www.klippitz.at\/sommer\/wp-content\/uploads\/2015\/02\/Chalet-Klippitzstern-Haus-1_1-845x684.jpeg 845w\" sizes=\"(max-width: 495px) 100vw, 495px\" \/><div class='big-prev-fake'><img decoding=\"async\" loading=\"lazy\" class=\"wp-image-2547 avia-img-lazy-loading-2547\"  width=\"495\" height=\"400\" src=\"https:\/\/www.klippitz.at\/sommer\/wp-content\/uploads\/2015\/02\/Chalet-Klippitzstern-Haus-1_1-495x400.jpeg\" title='Chalet Klippitzstern Haus 1_1' alt='' srcset=\"https:\/\/www.klippitz.at\/sommer\/wp-content\/uploads\/2015\/02\/Chalet-Klippitzstern-Haus-1_1-495x400.jpeg 495w, https:\/\/www.klippitz.at\/sommer\/wp-content\/uploads\/2015\/02\/Chalet-Klippitzstern-Haus-1_1-845x684.jpeg 845w\" sizes=\"auto, (max-width: 495px) 100vw, 495px\" \/><\/div><\/a><a href=\"https:\/\/www.klippitz.at\/sommer\/wp-content\/uploads\/2015\/02\/Chalet-Klippitzstern-Haus-1_2-579x1030.jpeg\" data-srcset=\"https:\/\/www.klippitz.at\/sommer\/wp-content\/uploads\/2015\/02\/Chalet-Klippitzstern-Haus-1_2-579x1030.jpeg 579w, https:\/\/www.klippitz.at\/sommer\/wp-content\/uploads\/2015\/02\/Chalet-Klippitzstern-Haus-1_2-169x300.jpeg 169w, https:\/\/www.klippitz.at\/sommer\/wp-content\/uploads\/2015\/02\/Chalet-Klippitzstern-Haus-1_2-768x1365.jpeg 768w, https:\/\/www.klippitz.at\/sommer\/wp-content\/uploads\/2015\/02\/Chalet-Klippitzstern-Haus-1_2-844x1500.jpeg 844w, https:\/\/www.klippitz.at\/sommer\/wp-content\/uploads\/2015\/02\/Chalet-Klippitzstern-Haus-1_2-397x705.jpeg 397w\" data-sizes=\"(max-width: 579px) 100vw, 579px\" data-rel='gallery-1' data-prev-img='https:\/\/www.klippitz.at\/sommer\/wp-content\/uploads\/2015\/02\/Chalet-Klippitzstern-Haus-1_2-495x400.jpeg' class='lightbox ' data-onclick='4' title='Chalet Klippitzstern Haus 1_2'  itemprop=\"thumbnailUrl\"  ><img decoding=\"async\" fetchpriority=\"high\" class=\"wp-image-2548 avia-img-lazy-loading-not-2548\"   src=\"https:\/\/www.klippitz.at\/sommer\/wp-content\/uploads\/2015\/02\/Chalet-Klippitzstern-Haus-1_2-495x400.jpeg\" width=\"495\" height=\"400\"  title='Chalet Klippitzstern Haus 1_2' alt='' srcset=\"https:\/\/www.klippitz.at\/sommer\/wp-content\/uploads\/2015\/02\/Chalet-Klippitzstern-Haus-1_2-495x400.jpeg 495w, https:\/\/www.klippitz.at\/sommer\/wp-content\/uploads\/2015\/02\/Chalet-Klippitzstern-Haus-1_2-845x684.jpeg 845w\" sizes=\"(max-width: 495px) 100vw, 495px\" \/><div class='big-prev-fake'><img decoding=\"async\" loading=\"lazy\" class=\"wp-image-2548 avia-img-lazy-loading-2548\"  width=\"495\" height=\"400\" src=\"https:\/\/www.klippitz.at\/sommer\/wp-content\/uploads\/2015\/02\/Chalet-Klippitzstern-Haus-1_2-495x400.jpeg\" title='Chalet Klippitzstern Haus 1_2' alt='' srcset=\"https:\/\/www.klippitz.at\/sommer\/wp-content\/uploads\/2015\/02\/Chalet-Klippitzstern-Haus-1_2-495x400.jpeg 495w, https:\/\/www.klippitz.at\/sommer\/wp-content\/uploads\/2015\/02\/Chalet-Klippitzstern-Haus-1_2-845x684.jpeg 845w\" sizes=\"auto, (max-width: 495px) 100vw, 495px\" \/><\/div><\/a><a href=\"https:\/\/www.klippitz.at\/sommer\/wp-content\/uploads\/2015\/02\/Chalet-Klippitzstern-Haus-1_3-1030x773.jpeg\" data-srcset=\"https:\/\/www.klippitz.at\/sommer\/wp-content\/uploads\/2015\/02\/Chalet-Klippitzstern-Haus-1_3-1030x773.jpeg 1030w, https:\/\/www.klippitz.at\/sommer\/wp-content\/uploads\/2015\/02\/Chalet-Klippitzstern-Haus-1_3-300x225.jpeg 300w, https:\/\/www.klippitz.at\/sommer\/wp-content\/uploads\/2015\/02\/Chalet-Klippitzstern-Haus-1_3-768x576.jpeg 768w, https:\/\/www.klippitz.at\/sommer\/wp-content\/uploads\/2015\/02\/Chalet-Klippitzstern-Haus-1_3-1500x1125.jpeg 1500w, https:\/\/www.klippitz.at\/sommer\/wp-content\/uploads\/2015\/02\/Chalet-Klippitzstern-Haus-1_3-705x529.jpeg 705w\" data-sizes=\"(max-width: 1030px) 100vw, 1030px\" data-rel='gallery-1' data-prev-img='https:\/\/www.klippitz.at\/sommer\/wp-content\/uploads\/2015\/02\/Chalet-Klippitzstern-Haus-1_3-495x400.jpeg' class='lightbox ' data-onclick='5' title='Chalet Klippitzstern Haus 1_3'  itemprop=\"thumbnailUrl\"  ><img decoding=\"async\" fetchpriority=\"high\" class=\"wp-image-2549 avia-img-lazy-loading-not-2549\"   src=\"https:\/\/www.klippitz.at\/sommer\/wp-content\/uploads\/2015\/02\/Chalet-Klippitzstern-Haus-1_3-495x400.jpeg\" width=\"495\" height=\"400\"  title='Chalet Klippitzstern Haus 1_3' alt='' srcset=\"https:\/\/www.klippitz.at\/sommer\/wp-content\/uploads\/2015\/02\/Chalet-Klippitzstern-Haus-1_3-495x400.jpeg 495w, https:\/\/www.klippitz.at\/sommer\/wp-content\/uploads\/2015\/02\/Chalet-Klippitzstern-Haus-1_3-845x684.jpeg 845w\" sizes=\"(max-width: 495px) 100vw, 495px\" \/><div class='big-prev-fake'><img decoding=\"async\" loading=\"lazy\" class=\"wp-image-2549 avia-img-lazy-loading-2549\"  width=\"495\" height=\"400\" src=\"https:\/\/www.klippitz.at\/sommer\/wp-content\/uploads\/2015\/02\/Chalet-Klippitzstern-Haus-1_3-495x400.jpeg\" title='Chalet Klippitzstern Haus 1_3' alt='' srcset=\"https:\/\/www.klippitz.at\/sommer\/wp-content\/uploads\/2015\/02\/Chalet-Klippitzstern-Haus-1_3-495x400.jpeg 495w, https:\/\/www.klippitz.at\/sommer\/wp-content\/uploads\/2015\/02\/Chalet-Klippitzstern-Haus-1_3-845x684.jpeg 845w\" sizes=\"auto, (max-width: 495px) 100vw, 495px\" \/><\/div><\/a><a href=\"https:\/\/www.klippitz.at\/sommer\/wp-content\/uploads\/2015\/02\/Chalet-Klippitzstern-Haus-1_4-1030x773.jpeg\" data-srcset=\"https:\/\/www.klippitz.at\/sommer\/wp-content\/uploads\/2015\/02\/Chalet-Klippitzstern-Haus-1_4-1030x773.jpeg 1030w, https:\/\/www.klippitz.at\/sommer\/wp-content\/uploads\/2015\/02\/Chalet-Klippitzstern-Haus-1_4-300x225.jpeg 300w, https:\/\/www.klippitz.at\/sommer\/wp-content\/uploads\/2015\/02\/Chalet-Klippitzstern-Haus-1_4-768x576.jpeg 768w, https:\/\/www.klippitz.at\/sommer\/wp-content\/uploads\/2015\/02\/Chalet-Klippitzstern-Haus-1_4-1500x1125.jpeg 1500w, https:\/\/www.klippitz.at\/sommer\/wp-content\/uploads\/2015\/02\/Chalet-Klippitzstern-Haus-1_4-705x529.jpeg 705w\" data-sizes=\"(max-width: 1030px) 100vw, 1030px\" data-rel='gallery-1' data-prev-img='https:\/\/www.klippitz.at\/sommer\/wp-content\/uploads\/2015\/02\/Chalet-Klippitzstern-Haus-1_4-495x400.jpeg' class='lightbox ' data-onclick='6' title='Chalet Klippitzstern Haus 1_4'  itemprop=\"thumbnailUrl\"  ><img decoding=\"async\" fetchpriority=\"high\" class=\"wp-image-2550 avia-img-lazy-loading-not-2550\"   src=\"https:\/\/www.klippitz.at\/sommer\/wp-content\/uploads\/2015\/02\/Chalet-Klippitzstern-Haus-1_4-495x400.jpeg\" width=\"495\" height=\"400\"  title='Chalet Klippitzstern Haus 1_4' alt='' srcset=\"https:\/\/www.klippitz.at\/sommer\/wp-content\/uploads\/2015\/02\/Chalet-Klippitzstern-Haus-1_4-495x400.jpeg 495w, https:\/\/www.klippitz.at\/sommer\/wp-content\/uploads\/2015\/02\/Chalet-Klippitzstern-Haus-1_4-845x684.jpeg 845w\" sizes=\"(max-width: 495px) 100vw, 495px\" \/><div class='big-prev-fake'><img decoding=\"async\" loading=\"lazy\" class=\"wp-image-2550 avia-img-lazy-loading-2550\"  width=\"495\" height=\"400\" src=\"https:\/\/www.klippitz.at\/sommer\/wp-content\/uploads\/2015\/02\/Chalet-Klippitzstern-Haus-1_4-495x400.jpeg\" title='Chalet Klippitzstern Haus 1_4' alt='' srcset=\"https:\/\/www.klippitz.at\/sommer\/wp-content\/uploads\/2015\/02\/Chalet-Klippitzstern-Haus-1_4-495x400.jpeg 495w, https:\/\/www.klippitz.at\/sommer\/wp-content\/uploads\/2015\/02\/Chalet-Klippitzstern-Haus-1_4-845x684.jpeg 845w\" sizes=\"auto, (max-width: 495px) 100vw, 495px\" \/><\/div><\/a><a href=\"https:\/\/www.klippitz.at\/sommer\/wp-content\/uploads\/2015\/02\/Chalet-Klippitzstern-Haus-1_6-1030x772.jpeg\" data-srcset=\"https:\/\/www.klippitz.at\/sommer\/wp-content\/uploads\/2015\/02\/Chalet-Klippitzstern-Haus-1_6-1030x772.jpeg 1030w, https:\/\/www.klippitz.at\/sommer\/wp-content\/uploads\/2015\/02\/Chalet-Klippitzstern-Haus-1_6-300x225.jpeg 300w, https:\/\/www.klippitz.at\/sommer\/wp-content\/uploads\/2015\/02\/Chalet-Klippitzstern-Haus-1_6-768x576.jpeg 768w, https:\/\/www.klippitz.at\/sommer\/wp-content\/uploads\/2015\/02\/Chalet-Klippitzstern-Haus-1_6-1500x1124.jpeg 1500w, https:\/\/www.klippitz.at\/sommer\/wp-content\/uploads\/2015\/02\/Chalet-Klippitzstern-Haus-1_6-705x528.jpeg 705w\" data-sizes=\"(max-width: 1030px) 100vw, 1030px\" data-rel='gallery-1' data-prev-img='https:\/\/www.klippitz.at\/sommer\/wp-content\/uploads\/2015\/02\/Chalet-Klippitzstern-Haus-1_6-495x400.jpeg' class='lightbox ' data-onclick='7' title='Chalet Klippitzstern Haus 1_6'  itemprop=\"thumbnailUrl\"  ><img decoding=\"async\" fetchpriority=\"high\" class=\"wp-image-2551 avia-img-lazy-loading-not-2551\"   src=\"https:\/\/www.klippitz.at\/sommer\/wp-content\/uploads\/2015\/02\/Chalet-Klippitzstern-Haus-1_6-495x400.jpeg\" width=\"495\" height=\"400\"  title='Chalet Klippitzstern Haus 1_6' alt='' srcset=\"https:\/\/www.klippitz.at\/sommer\/wp-content\/uploads\/2015\/02\/Chalet-Klippitzstern-Haus-1_6-495x400.jpeg 495w, https:\/\/www.klippitz.at\/sommer\/wp-content\/uploads\/2015\/02\/Chalet-Klippitzstern-Haus-1_6-845x684.jpeg 845w\" sizes=\"(max-width: 495px) 100vw, 495px\" \/><div class='big-prev-fake'><img decoding=\"async\" loading=\"lazy\" class=\"wp-image-2551 avia-img-lazy-loading-2551\"  width=\"495\" height=\"400\" src=\"https:\/\/www.klippitz.at\/sommer\/wp-content\/uploads\/2015\/02\/Chalet-Klippitzstern-Haus-1_6-495x400.jpeg\" title='Chalet Klippitzstern Haus 1_6' alt='' srcset=\"https:\/\/www.klippitz.at\/sommer\/wp-content\/uploads\/2015\/02\/Chalet-Klippitzstern-Haus-1_6-495x400.jpeg 495w, https:\/\/www.klippitz.at\/sommer\/wp-content\/uploads\/2015\/02\/Chalet-Klippitzstern-Haus-1_6-845x684.jpeg 845w\" sizes=\"auto, (max-width: 495px) 100vw, 495px\" \/><\/div><\/a><\/div><\/div><br \/>\n\n<style type=\"text\/css\" data-created_by=\"avia_inline_auto\" id=\"style-css-av-q7xde-93fbec8f9118df51bda4bbdbe39b424b\">\n#top .hr.hr-invisible.av-q7xde-93fbec8f9118df51bda4bbdbe39b424b{\nheight:20px;\n}\n<\/style>\n<div  class='hr av-q7xde-93fbec8f9118df51bda4bbdbe39b424b hr-invisible  avia-builder-el-8  el_after_av_gallery  el_before_av_codeblock '><span class='hr-inner '><span class=\"hr-inner-style\"><\/span><\/span><\/div><br \/>\n<br \/>\n\n<style type=\"text\/css\" data-created_by=\"avia_inline_auto\" id=\"style-css-av-d6bia-7d59ba43103067ae989b5130e9730cff\">\n#top .hr.hr-invisible.av-d6bia-7d59ba43103067ae989b5130e9730cff{\nheight:20px;\n}\n<\/style>\n<div  class='hr av-d6bia-7d59ba43103067ae989b5130e9730cff hr-invisible  avia-builder-el-10  el_after_av_codeblock  el_before_av_button_big  avia-builder-el-last '><span class='hr-inner '><span class=\"hr-inner-style\"><\/span><\/span><\/div><br \/>\n<div  class='avia-button-wrap avia-button-center  avia-builder-el-11  el_after_av_hr  avia-builder-el-last '>\n<style type=\"text\/css\" data-created_by=\"avia_inline_auto\" id=\"style-css-av-6n0tu-2437f7f051044b6198659475540663f3\">\n#top #wrap_all .avia-button.av-6n0tu-2437f7f051044b6198659475540663f3{\ncolor:#ffffff;\ntransition:all 0.4s ease-in-out;\n}\n#top #wrap_all .avia-button.av-6n0tu-2437f7f051044b6198659475540663f3:hover{\nbackground-color:grey;\ncolor:#ffffff;\ntransition:all 0.4s ease-in-out;\n}\n#top #wrap_all .avia-button.av-6n0tu-2437f7f051044b6198659475540663f3 .avia-svg-icon svg:first-child{\nfill:#ffffff;\nstroke:#ffffff;\n}\n#top #wrap_all .avia-button.av-6n0tu-2437f7f051044b6198659475540663f3:hover .avia-svg-icon svg:first-child{\nfill:#ffffff;\nstroke:#ffffff;\n}\n<\/style>\n<a href='\/sommer\/anfrage-verfuegbarkeit\/' class='avia-color-theme-color avia-button avia-button-fullwidth av-6n0tu-2437f7f051044b6198659475540663f3 avia-icon_select-yes-left-icon avia-color-theme-color'   aria-label=\"Anfrage Verf\u00fcgbarkeit\"><span class='avia_button_icon avia_button_icon_left avia-iconfont avia-font-entypo-fontello' data-av_icon='\ue8bc' data-av_iconfont='entypo-fontello' ><\/span><span class='avia_iconbox_title' >Anfrage Verf\u00fcgbarkeit<\/span><\/a><\/div><\/p><\/div><\/div><\/div><\/main><!-- close content main element --><\/div><\/div><div id='after_section_1'  class='main_color av_default_container_wrap container_wrap sidebar_right'  ><div class='container av-section-cont-open' ><div class='template-page content  av-content-small alpha units'><div class='post-entry post-entry-type-page post-entry-858'><div class='entry-content-wrapper clearfix'>\n","protected":false},"excerpt":{"rendered":"","protected":false},"author":1,"featured_media":2544,"template":"","meta":{"footnotes":""},"tags":[],"portfolio_entries":[6,21],"class_list":["post-858","portfolio","type-portfolio","status-publish","has-post-thumbnail","hentry","portfolio_entries-appartments-ferienhaeuser-de","portfolio_entries-klippitzstern"],"yoast_head":"<!-- This site is optimized with the Yoast SEO plugin v26.8 - https:\/\/yoast.com\/product\/yoast-seo-wordpress\/ -->\n<title>Chalet Klippitzstern Haus 1 - Schierlebniswelt Klippitzt\u00f6rl<\/title>\n<meta name=\"robots\" content=\"index, follow, max-snippet:-1, max-image-preview:large, max-video-preview:-1\" \/>\n<link rel=\"canonical\" href=\"https:\/\/www.klippitz.at\/sommer\/unterkunft\/chalet-klippitzstern\/\" \/>\n<meta property=\"og:locale\" content=\"de_DE\" \/>\n<meta property=\"og:type\" content=\"article\" \/>\n<meta property=\"og:title\" content=\"Chalet Klippitzstern Haus 1 - Schierlebniswelt Klippitzt\u00f6rl\" \/>\n<meta property=\"og:url\" content=\"https:\/\/www.klippitz.at\/sommer\/unterkunft\/chalet-klippitzstern\/\" \/>\n<meta property=\"og:site_name\" content=\"Schierlebniswelt Klippitzt\u00f6rl\" \/>\n<meta property=\"article:modified_time\" content=\"2019-11-08T09:53:10+00:00\" \/>\n<meta property=\"og:image\" content=\"https:\/\/www.klippitz.at\/sommer\/wp-content\/uploads\/2015\/02\/Chalet-Klippitzstern-Haus-1_6-940x450-sommer.jpg\" \/>\n\t<meta property=\"og:image:width\" content=\"2380\" \/>\n\t<meta property=\"og:image:height\" content=\"1139\" \/>\n\t<meta property=\"og:image:type\" content=\"image\/jpeg\" \/>\n<meta name=\"twitter:label1\" content=\"Gesch\u00e4tzte Lesezeit\" \/>\n\t<meta name=\"twitter:data1\" content=\"5\u00a0Minuten\" \/>\n<script type=\"application\/ld+json\" class=\"yoast-schema-graph\">{\"@context\":\"https:\/\/schema.org\",\"@graph\":[{\"@type\":\"WebPage\",\"@id\":\"https:\/\/www.klippitz.at\/sommer\/unterkunft\/chalet-klippitzstern\/\",\"url\":\"https:\/\/www.klippitz.at\/sommer\/unterkunft\/chalet-klippitzstern\/\",\"name\":\"Chalet Klippitzstern Haus 1 - Schierlebniswelt Klippitzt\u00f6rl\",\"isPartOf\":{\"@id\":\"https:\/\/www.klippitz.at\/sommer\/#website\"},\"primaryImageOfPage\":{\"@id\":\"https:\/\/www.klippitz.at\/sommer\/unterkunft\/chalet-klippitzstern\/#primaryimage\"},\"image\":{\"@id\":\"https:\/\/www.klippitz.at\/sommer\/unterkunft\/chalet-klippitzstern\/#primaryimage\"},\"thumbnailUrl\":\"https:\/\/www.klippitz.at\/sommer\/wp-content\/uploads\/2015\/02\/Chalet-Klippitzstern-Haus-1_6-940x450-sommer.jpg\",\"datePublished\":\"2015-02-11T11:57:46+00:00\",\"dateModified\":\"2019-11-08T09:53:10+00:00\",\"breadcrumb\":{\"@id\":\"https:\/\/www.klippitz.at\/sommer\/unterkunft\/chalet-klippitzstern\/#breadcrumb\"},\"inLanguage\":\"de\",\"potentialAction\":[{\"@type\":\"ReadAction\",\"target\":[\"https:\/\/www.klippitz.at\/sommer\/unterkunft\/chalet-klippitzstern\/\"]}]},{\"@type\":\"ImageObject\",\"inLanguage\":\"de\",\"@id\":\"https:\/\/www.klippitz.at\/sommer\/unterkunft\/chalet-klippitzstern\/#primaryimage\",\"url\":\"https:\/\/www.klippitz.at\/sommer\/wp-content\/uploads\/2015\/02\/Chalet-Klippitzstern-Haus-1_6-940x450-sommer.jpg\",\"contentUrl\":\"https:\/\/www.klippitz.at\/sommer\/wp-content\/uploads\/2015\/02\/Chalet-Klippitzstern-Haus-1_6-940x450-sommer.jpg\",\"width\":2380,\"height\":1139},{\"@type\":\"BreadcrumbList\",\"@id\":\"https:\/\/www.klippitz.at\/sommer\/unterkunft\/chalet-klippitzstern\/#breadcrumb\",\"itemListElement\":[{\"@type\":\"ListItem\",\"position\":1,\"name\":\"Home\",\"item\":\"https:\/\/www.klippitz.at\/sommer\/home\/\"},{\"@type\":\"ListItem\",\"position\":2,\"name\":\"Chalet Klippitzstern Haus 1\"}]},{\"@type\":\"WebSite\",\"@id\":\"https:\/\/www.klippitz.at\/sommer\/#website\",\"url\":\"https:\/\/www.klippitz.at\/sommer\/\",\"name\":\"Schierlebniswelt Klippitzt\u00f6rl\",\"description\":\"Die K\u00e4rntner Schiregion zeigt sich im Sommer von ihrer sch\u00f6nsten Seite\",\"potentialAction\":[{\"@type\":\"SearchAction\",\"target\":{\"@type\":\"EntryPoint\",\"urlTemplate\":\"https:\/\/www.klippitz.at\/sommer\/?s={search_term_string}\"},\"query-input\":{\"@type\":\"PropertyValueSpecification\",\"valueRequired\":true,\"valueName\":\"search_term_string\"}}],\"inLanguage\":\"de\"}]}<\/script>\n<!-- \/ Yoast SEO plugin. -->","yoast_head_json":{"title":"Chalet Klippitzstern Haus 1 - Schierlebniswelt Klippitzt\u00f6rl","robots":{"index":"index","follow":"follow","max-snippet":"max-snippet:-1","max-image-preview":"max-image-preview:large","max-video-preview":"max-video-preview:-1"},"canonical":"https:\/\/www.klippitz.at\/sommer\/unterkunft\/chalet-klippitzstern\/","og_locale":"de_DE","og_type":"article","og_title":"Chalet Klippitzstern Haus 1 - Schierlebniswelt Klippitzt\u00f6rl","og_url":"https:\/\/www.klippitz.at\/sommer\/unterkunft\/chalet-klippitzstern\/","og_site_name":"Schierlebniswelt Klippitzt\u00f6rl","article_modified_time":"2019-11-08T09:53:10+00:00","og_image":[{"width":2380,"height":1139,"url":"https:\/\/www.klippitz.at\/sommer\/wp-content\/uploads\/2015\/02\/Chalet-Klippitzstern-Haus-1_6-940x450-sommer.jpg","type":"image\/jpeg"}],"twitter_misc":{"Gesch\u00e4tzte Lesezeit":"5\u00a0Minuten"},"schema":{"@context":"https:\/\/schema.org","@graph":[{"@type":"WebPage","@id":"https:\/\/www.klippitz.at\/sommer\/unterkunft\/chalet-klippitzstern\/","url":"https:\/\/www.klippitz.at\/sommer\/unterkunft\/chalet-klippitzstern\/","name":"Chalet Klippitzstern Haus 1 - Schierlebniswelt Klippitzt\u00f6rl","isPartOf":{"@id":"https:\/\/www.klippitz.at\/sommer\/#website"},"primaryImageOfPage":{"@id":"https:\/\/www.klippitz.at\/sommer\/unterkunft\/chalet-klippitzstern\/#primaryimage"},"image":{"@id":"https:\/\/www.klippitz.at\/sommer\/unterkunft\/chalet-klippitzstern\/#primaryimage"},"thumbnailUrl":"https:\/\/www.klippitz.at\/sommer\/wp-content\/uploads\/2015\/02\/Chalet-Klippitzstern-Haus-1_6-940x450-sommer.jpg","datePublished":"2015-02-11T11:57:46+00:00","dateModified":"2019-11-08T09:53:10+00:00","breadcrumb":{"@id":"https:\/\/www.klippitz.at\/sommer\/unterkunft\/chalet-klippitzstern\/#breadcrumb"},"inLanguage":"de","potentialAction":[{"@type":"ReadAction","target":["https:\/\/www.klippitz.at\/sommer\/unterkunft\/chalet-klippitzstern\/"]}]},{"@type":"ImageObject","inLanguage":"de","@id":"https:\/\/www.klippitz.at\/sommer\/unterkunft\/chalet-klippitzstern\/#primaryimage","url":"https:\/\/www.klippitz.at\/sommer\/wp-content\/uploads\/2015\/02\/Chalet-Klippitzstern-Haus-1_6-940x450-sommer.jpg","contentUrl":"https:\/\/www.klippitz.at\/sommer\/wp-content\/uploads\/2015\/02\/Chalet-Klippitzstern-Haus-1_6-940x450-sommer.jpg","width":2380,"height":1139},{"@type":"BreadcrumbList","@id":"https:\/\/www.klippitz.at\/sommer\/unterkunft\/chalet-klippitzstern\/#breadcrumb","itemListElement":[{"@type":"ListItem","position":1,"name":"Home","item":"https:\/\/www.klippitz.at\/sommer\/home\/"},{"@type":"ListItem","position":2,"name":"Chalet Klippitzstern Haus 1"}]},{"@type":"WebSite","@id":"https:\/\/www.klippitz.at\/sommer\/#website","url":"https:\/\/www.klippitz.at\/sommer\/","name":"Schierlebniswelt Klippitzt\u00f6rl","description":"Die K\u00e4rntner Schiregion zeigt sich im Sommer von ihrer sch\u00f6nsten Seite","potentialAction":[{"@type":"SearchAction","target":{"@type":"EntryPoint","urlTemplate":"https:\/\/www.klippitz.at\/sommer\/?s={search_term_string}"},"query-input":{"@type":"PropertyValueSpecification","valueRequired":true,"valueName":"search_term_string"}}],"inLanguage":"de"}]}},"_links":{"self":[{"href":"https:\/\/www.klippitz.at\/sommer\/wp-json\/wp\/v2\/portfolio\/858","targetHints":{"allow":["GET"]}}],"collection":[{"href":"https:\/\/www.klippitz.at\/sommer\/wp-json\/wp\/v2\/portfolio"}],"about":[{"href":"https:\/\/www.klippitz.at\/sommer\/wp-json\/wp\/v2\/types\/portfolio"}],"author":[{"embeddable":true,"href":"https:\/\/www.klippitz.at\/sommer\/wp-json\/wp\/v2\/users\/1"}],"version-history":[{"count":6,"href":"https:\/\/www.klippitz.at\/sommer\/wp-json\/wp\/v2\/portfolio\/858\/revisions"}],"predecessor-version":[{"id":2563,"href":"https:\/\/www.klippitz.at\/sommer\/wp-json\/wp\/v2\/portfolio\/858\/revisions\/2563"}],"wp:featuredmedia":[{"embeddable":true,"href":"https:\/\/www.klippitz.at\/sommer\/wp-json\/wp\/v2\/media\/2544"}],"wp:attachment":[{"href":"https:\/\/www.klippitz.at\/sommer\/wp-json\/wp\/v2\/media?parent=858"}],"wp:term":[{"taxonomy":"post_tag","embeddable":true,"href":"https:\/\/www.klippitz.at\/sommer\/wp-json\/wp\/v2\/tags?post=858"},{"taxonomy":"portfolio_entries","embeddable":true,"href":"https:\/\/www.klippitz.at\/sommer\/wp-json\/wp\/v2\/portfolio_entries?post=858"}],"curies":[{"name":"wp","href":"https:\/\/api.w.org\/{rel}","templated":true}]}}