{"id":777,"date":"2015-02-11T12:19:54","date_gmt":"2015-02-11T11:19:54","guid":{"rendered":"http:\/\/www.klippitz.at\/sommer\/?post_type=portfolio&#038;p=777"},"modified":"2015-02-11T12:20:48","modified_gmt":"2015-02-11T11:20:48","slug":"almhaus-am-hohenwart","status":"publish","type":"portfolio","link":"https:\/\/www.klippitz.at\/sommer\/unterkunft\/almhaus-am-hohenwart\/","title":{"rendered":"Almhaus am Hohenwart"},"content":{"rendered":"<div id='av_section_1'  class='avia-section av-av_section-21359dd7f6cdd7c50f19a4f94b79b7ad main_color avia-section-default avia-no-shadow  avia-builder-el-0  avia-builder-el-no-sibling  avia-bg-style-scroll container_wrap sidebar_right'  ><div class='container av-section-cont-open' ><main  role=\"main\" itemprop=\"mainContentOfPage\"  class='template-page content  av-content-small alpha units'><div class='post-entry post-entry-type-page post-entry-777'><div class='entry-content-wrapper clearfix'>\n<div  class='avia-slideshow av-av_slideshow-8aa845e29f18964a867dbbe216734281 avia-slideshow-entry_without_sidebar av_slideshow avia-fade-slider  avia-builder-el-1  el_before_av_two_fifth  avia-builder-el-first  av-slideshow-ui av-slideshow-manual av-loop-once av-loop-manual-endless av-default-height-applied avia-slideshow-1' data-slideshow-options=\"{&quot;animation&quot;:&quot;fade&quot;,&quot;autoplay&quot;:false,&quot;loop_autoplay&quot;:&quot;once&quot;,&quot;interval&quot;:5,&quot;loop_manual&quot;:&quot;manual-endless&quot;,&quot;autoplay_stopper&quot;:false,&quot;noNavigation&quot;:false,&quot;bg_slider&quot;:false,&quot;keep_padding&quot;:false,&quot;hoverpause&quot;:false,&quot;show_slide_delay&quot;:0}\"  itemprop=\"image\" itemscope=\"itemscope\" itemtype=\"https:\/\/schema.org\/ImageObject\" ><ul class='avia-slideshow-inner ' style='padding-bottom: 66.09375%;'><li  class='avia-slideshow-slide av-av_slideshow-8aa845e29f18964a867dbbe216734281__0  av-single-slide slide-1 slide-odd'><div data-rel='slideshow-1' class='avia-slide-wrap '   ><img decoding=\"async\" fetchpriority=\"high\" class=\"wp-image-778 avia-img-lazy-loading-not-778\"  src=\"https:\/\/www.klippitz.at\/sommer\/wp-content\/uploads\/2015\/02\/almhaus-hohenwart01-640x423.jpg\" width=\"640\" height=\"423\" title='Almhaus Hohenwart' alt=''  itemprop=\"thumbnailUrl\"   \/><\/div><\/li><\/ul><div class='av-slideshow-caption av-av_slideshow-8aa845e29f18964a867dbbe216734281__0 avia-caption'><div class=\"avia-inner-caption\"><div class='avia-caption-content '  itemprop=\"description\" ><p>Sonnige Stunden im Sommer machen dieses \u201eFleckchen\u201c Natur zu einem einzigartigen Urlaubserlebnis.<\/p>\n<\/div><\/div><\/div><\/div>\n<div  class='flex_column av-av_two_fifth-2a9015ff38129c418a3f2eafba3e9512 av_two_fifth  avia-builder-el-2  el_after_av_slideshow  el_before_av_three_fifth  first flex_column_div  '     ><section  class='av_textblock_section av-av_textblock-0366cc7376be6c9e82a3e9cc8987b64f '   itemscope=\"itemscope\" itemtype=\"https:\/\/schema.org\/CreativeWork\" ><div class='avia_textblock'  itemprop=\"text\" ><h2>Information<\/h2>\n<p>Voll ausgestattete Selbstversorgerh\u00fctte in sonniger Lage, mitten im Ski- und Wanderparadies Klippitzt\u00f6rl gelegen, mit sch\u00f6ner Aussicht auf die umliegenden Berge und freiem Blick ins sch\u00f6ne Lavanttal.<\/p>\n<p>Das Haus verf\u00fcgt \u00fcber 2 Wohnungen und bietet bis zu 12 Personen Platz. Unser Haus ist sehr komfortabel, geschmackvoll und gem\u00fctlich eingerichtet.<\/p>\n<p><b>EG Wohnung \u201cALMRAUSCH\u201d: (85 m\u00b2, 5 Betten)<\/b><\/p>\n<ul>\n<li>1 Schlafzimmer mit Doppelbett<\/li>\n<li>1 Schlafzimmer mit Stockbett und Einzelbett<\/li>\n<li>Bad mit Dusche<\/li>\n<li>WC<\/li>\n<li>Sauna<\/li>\n<li>Wohnk\u00fcche mit 4 Platten-Elektroherd und Backrohr<\/li>\n<li>Mikrowelle, Wasserkocher und Geschirrsp\u00fcler<\/li>\n<li>K\u00fchlschrank mit Gefrierfach<\/li>\n<li>Kaffeemaschine<\/li>\n<li>Toaster<\/li>\n<\/ul>\n<p><strong>OG Wohnung \u201cEDELWEISS\u201d: (85 m\u00b2, 7 Betten)<\/strong><\/p>\n<ul>\n<li>1 Schlafzimmer mit Doppelbett<\/li>\n<li>1 Kuschelzimmer mit franz. Bett (160 x 185 cm)<\/li>\n<li>1 Schlafzimmer mit Stockbett und Einzelbett<\/li>\n<li>Wohnstube mit offenem Kamin<\/li>\n<li>Wintergarten mit gem\u00fctlicher Sitzecke f\u00fcr 12 Personen<\/li>\n<li>Bad mit Dusche<\/li>\n<li>WC<\/li>\n<li>Waschmaschine<\/li>\n<li>K\u00fcche mit 4 Platten-Elektroherd und Backrohr<\/li>\n<li>Mikrowelle, Wasserkocher und Geschirrsp\u00fcler<\/li>\n<li>K\u00fchlschrank und Gefrierbox<\/li>\n<li>Kaffeemaschine<\/li>\n<li>Toaster<\/li>\n<\/ul>\n<p>Tel: +43 (0)681 202 036 39<br \/>\n<a href=\"mailto:info@almhausamhohenwart.at\">info@almhausamhohenwart.at<br \/>\n<\/a><a href=\"http:\/\/www.almhausamhohenwart.at\/\" target=\"_blank\">www.almhausamhohenwart.at<\/a><\/p>\n<\/div><\/section><\/div><div  class='flex_column av-av_three_fifth-1c47c10d9dd6b9bc0b68f292c1cf5942 av_three_fifth  avia-builder-el-4  el_after_av_two_fifth  avia-builder-el-last  flex_column_div  '     ><section  class='av_textblock_section av-av_textblock-0366cc7376be6c9e82a3e9cc8987b64f '   itemscope=\"itemscope\" itemtype=\"https:\/\/schema.org\/CreativeWork\" ><div class='avia_textblock'  itemprop=\"text\" ><h2>Sonderausstattung und Sonstiges<\/h2>\n<ul>\n<li>2 getrennte Eing\u00e4nge f\u00fcr Erdgeschoss und Obergeschoss (Au\u00dfenaufgang)<\/li>\n<li>Optimal f\u00fcr 2 Familien geeignet<\/li>\n<li>1 Kinderbett und 1 Kinderstuhl<\/li>\n<li>Radio und SAT-TV<\/li>\n<li>Ess- und Kochgeschirr<\/li>\n<li>Elektroheizung<\/li>\n<li>Holz f\u00fcr offenen Kamin<\/li>\n<li>Parkplatz f\u00fcr 3 PKW (ca. 50 m entfernt)<\/li>\n<li>Schistall<\/li>\n<li>1 Rodel<\/li>\n<li>Liegest\u00fchle<\/li>\n<li>Sonnenschirme<\/li>\n<li>Gartenm\u00f6bel<\/li>\n<li>Griller<\/li>\n<\/ul>\n<\/div><\/section><br \/>\n\n<style type=\"text\/css\" data-created_by=\"avia_inline_auto\" id=\"style-css-av-av_gallery-a21c14c228508da0361cd30f71671d78\">\n#top .avia-gallery.av-av_gallery-a21c14c228508da0361cd30f71671d78 .avia-gallery-thumb a{\nwidth:14.2857%;\n}\n<\/style>\n<div  class='avia-gallery av-av_gallery-a21c14c228508da0361cd30f71671d78 avia_animate_when_visible  avia-builder-el-6  el_after_av_textblock  avia-builder-el-last  deactivate_avia_lazyload avia-gallery-animate avia-gallery-1'  itemprop=\"image\" itemscope=\"itemscope\" itemtype=\"https:\/\/schema.org\/ImageObject\" ><meta itemprop=\"contentURL\" content=\"https:\/\/www.klippitz.at\/sommer\/unterkunft\/almhaus-am-hohenwart\/\"><div class='avia-gallery-thumb'><a href=\"https:\/\/www.klippitz.at\/sommer\/wp-content\/uploads\/2015\/02\/almhaus-hohenwart011.jpg\" data-srcset=\"https:\/\/www.klippitz.at\/sommer\/wp-content\/uploads\/2015\/02\/almhaus-hohenwart011.jpg 640w, https:\/\/www.klippitz.at\/sommer\/wp-content\/uploads\/2015\/02\/almhaus-hohenwart011-300x239.jpg 300w, https:\/\/www.klippitz.at\/sommer\/wp-content\/uploads\/2015\/02\/almhaus-hohenwart011-450x359.jpg 450w\" data-sizes=\"(max-width: 640px) 100vw, 640px\" data-rel='gallery-1' data-prev-img='https:\/\/www.klippitz.at\/sommer\/wp-content\/uploads\/2015\/02\/almhaus-hohenwart011-495x400.jpg' class='first_thumb lightbox ' data-onclick='1' title='Almhaus am Hohenwart'  itemprop=\"thumbnailUrl\"  ><img decoding=\"async\" fetchpriority=\"high\" class=\"wp-image-780 avia-img-lazy-loading-not-780\"   src=\"https:\/\/www.klippitz.at\/sommer\/wp-content\/uploads\/2015\/02\/almhaus-hohenwart011-495x400.jpg\" width=\"495\" height=\"400\"  title='Almhaus am Hohenwart' alt='' \/><div class='big-prev-fake'><img decoding=\"async\" loading=\"lazy\" class=\"wp-image-780 avia-img-lazy-loading-780\"  width=\"495\" height=\"400\" src=\"https:\/\/www.klippitz.at\/sommer\/wp-content\/uploads\/2015\/02\/almhaus-hohenwart011-495x400.jpg\" title='Almhaus am Hohenwart' alt='' \/><\/div><\/a><a href=\"https:\/\/www.klippitz.at\/sommer\/wp-content\/uploads\/2015\/02\/almhaus-hohenwart02.jpg\" data-srcset=\"https:\/\/www.klippitz.at\/sommer\/wp-content\/uploads\/2015\/02\/almhaus-hohenwart02.jpg 640w, https:\/\/www.klippitz.at\/sommer\/wp-content\/uploads\/2015\/02\/almhaus-hohenwart02-300x198.jpg 300w, https:\/\/www.klippitz.at\/sommer\/wp-content\/uploads\/2015\/02\/almhaus-hohenwart02-450x297.jpg 450w\" data-sizes=\"(max-width: 640px) 100vw, 640px\" data-rel='gallery-1' data-prev-img='https:\/\/www.klippitz.at\/sommer\/wp-content\/uploads\/2015\/02\/almhaus-hohenwart02-495x400.jpg' class='lightbox ' data-onclick='2' title='Almhaus am Hohenwart'  itemprop=\"thumbnailUrl\"  ><img decoding=\"async\" fetchpriority=\"high\" class=\"wp-image-782 avia-img-lazy-loading-not-782\"   src=\"https:\/\/www.klippitz.at\/sommer\/wp-content\/uploads\/2015\/02\/almhaus-hohenwart02-495x400.jpg\" width=\"495\" height=\"400\"  title='Almhaus am Hohenwart' alt='' \/><div class='big-prev-fake'><img decoding=\"async\" loading=\"lazy\" class=\"wp-image-782 avia-img-lazy-loading-782\"  width=\"495\" height=\"400\" src=\"https:\/\/www.klippitz.at\/sommer\/wp-content\/uploads\/2015\/02\/almhaus-hohenwart02-495x400.jpg\" title='Almhaus am Hohenwart' alt='' \/><\/div><\/a><a href=\"https:\/\/www.klippitz.at\/sommer\/wp-content\/uploads\/2015\/02\/almhaus-hohenwart03.jpg\" data-srcset=\"https:\/\/www.klippitz.at\/sommer\/wp-content\/uploads\/2015\/02\/almhaus-hohenwart03.jpg 640w, https:\/\/www.klippitz.at\/sommer\/wp-content\/uploads\/2015\/02\/almhaus-hohenwart03-300x198.jpg 300w, https:\/\/www.klippitz.at\/sommer\/wp-content\/uploads\/2015\/02\/almhaus-hohenwart03-450x297.jpg 450w\" data-sizes=\"(max-width: 640px) 100vw, 640px\" data-rel='gallery-1' data-prev-img='https:\/\/www.klippitz.at\/sommer\/wp-content\/uploads\/2015\/02\/almhaus-hohenwart03-495x400.jpg' class='lightbox ' data-onclick='3' title='Almhaus am Hohenwart'  itemprop=\"thumbnailUrl\"  ><img decoding=\"async\" fetchpriority=\"high\" class=\"wp-image-784 avia-img-lazy-loading-not-784\"   src=\"https:\/\/www.klippitz.at\/sommer\/wp-content\/uploads\/2015\/02\/almhaus-hohenwart03-495x400.jpg\" width=\"495\" height=\"400\"  title='Almhaus am Hohenwart' alt='' \/><div class='big-prev-fake'><img decoding=\"async\" loading=\"lazy\" class=\"wp-image-784 avia-img-lazy-loading-784\"  width=\"495\" height=\"400\" src=\"https:\/\/www.klippitz.at\/sommer\/wp-content\/uploads\/2015\/02\/almhaus-hohenwart03-495x400.jpg\" title='Almhaus am Hohenwart' alt='' \/><\/div><\/a><a href=\"https:\/\/www.klippitz.at\/sommer\/wp-content\/uploads\/2015\/02\/almhaus-hohenwart04.jpg\" data-srcset=\"https:\/\/www.klippitz.at\/sommer\/wp-content\/uploads\/2015\/02\/almhaus-hohenwart04.jpg 640w, https:\/\/www.klippitz.at\/sommer\/wp-content\/uploads\/2015\/02\/almhaus-hohenwart04-300x198.jpg 300w, https:\/\/www.klippitz.at\/sommer\/wp-content\/uploads\/2015\/02\/almhaus-hohenwart04-450x297.jpg 450w\" data-sizes=\"(max-width: 640px) 100vw, 640px\" data-rel='gallery-1' data-prev-img='https:\/\/www.klippitz.at\/sommer\/wp-content\/uploads\/2015\/02\/almhaus-hohenwart04-495x400.jpg' class='lightbox ' data-onclick='4' title='Almhaus am Hohenwart'  itemprop=\"thumbnailUrl\"  ><img decoding=\"async\" fetchpriority=\"high\" class=\"wp-image-786 avia-img-lazy-loading-not-786\"   src=\"https:\/\/www.klippitz.at\/sommer\/wp-content\/uploads\/2015\/02\/almhaus-hohenwart04-495x400.jpg\" width=\"495\" height=\"400\"  title='Almhaus am Hohenwart' alt='' \/><div class='big-prev-fake'><img decoding=\"async\" loading=\"lazy\" class=\"wp-image-786 avia-img-lazy-loading-786\"  width=\"495\" height=\"400\" src=\"https:\/\/www.klippitz.at\/sommer\/wp-content\/uploads\/2015\/02\/almhaus-hohenwart04-495x400.jpg\" title='Almhaus am Hohenwart' alt='' \/><\/div><\/a><\/div><\/div><\/p><\/div><\/div><\/div><\/main><!-- close content main element --><\/div><\/div><div id='after_section_1'  class='main_color av_default_container_wrap container_wrap sidebar_right'  ><div class='container av-section-cont-open' ><div class='template-page content  av-content-small alpha units'><div class='post-entry post-entry-type-page post-entry-777'><div class='entry-content-wrapper clearfix'>\n","protected":false},"excerpt":{"rendered":"","protected":false},"author":1,"featured_media":778,"template":"","meta":{"footnotes":""},"tags":[],"portfolio_entries":[6],"class_list":["post-777","portfolio","type-portfolio","status-publish","has-post-thumbnail","hentry","portfolio_entries-appartments-ferienhaeuser-de"],"yoast_head":"<!-- This site is optimized with the Yoast SEO plugin v26.8 - https:\/\/yoast.com\/product\/yoast-seo-wordpress\/ -->\n<title>Almhaus am Hohenwart - Schierlebniswelt Klippitzt\u00f6rl<\/title>\n<meta name=\"robots\" content=\"index, follow, max-snippet:-1, max-image-preview:large, max-video-preview:-1\" \/>\n<link rel=\"canonical\" href=\"https:\/\/www.klippitz.at\/sommer\/unterkunft\/almhaus-am-hohenwart\/\" \/>\n<meta property=\"og:locale\" content=\"de_DE\" \/>\n<meta property=\"og:type\" content=\"article\" \/>\n<meta property=\"og:title\" content=\"Almhaus am Hohenwart - Schierlebniswelt Klippitzt\u00f6rl\" \/>\n<meta property=\"og:url\" content=\"https:\/\/www.klippitz.at\/sommer\/unterkunft\/almhaus-am-hohenwart\/\" \/>\n<meta property=\"og:site_name\" content=\"Schierlebniswelt Klippitzt\u00f6rl\" \/>\n<meta property=\"article:modified_time\" content=\"2015-02-11T11:20:48+00:00\" \/>\n<meta property=\"og:image\" content=\"https:\/\/www.klippitz.at\/sommer\/wp-content\/uploads\/2015\/02\/almhaus-hohenwart01.jpg\" \/>\n\t<meta property=\"og:image:width\" content=\"640\" \/>\n\t<meta property=\"og:image:height\" content=\"510\" \/>\n\t<meta property=\"og:image:type\" content=\"image\/jpeg\" \/>\n<meta name=\"twitter:label1\" content=\"Gesch\u00e4tzte Lesezeit\" \/>\n\t<meta name=\"twitter:data1\" content=\"2\u00a0Minuten\" \/>\n<script type=\"application\/ld+json\" class=\"yoast-schema-graph\">{\"@context\":\"https:\/\/schema.org\",\"@graph\":[{\"@type\":\"WebPage\",\"@id\":\"https:\/\/www.klippitz.at\/sommer\/unterkunft\/almhaus-am-hohenwart\/\",\"url\":\"https:\/\/www.klippitz.at\/sommer\/unterkunft\/almhaus-am-hohenwart\/\",\"name\":\"Almhaus am Hohenwart - Schierlebniswelt Klippitzt\u00f6rl\",\"isPartOf\":{\"@id\":\"https:\/\/www.klippitz.at\/sommer\/#website\"},\"primaryImageOfPage\":{\"@id\":\"https:\/\/www.klippitz.at\/sommer\/unterkunft\/almhaus-am-hohenwart\/#primaryimage\"},\"image\":{\"@id\":\"https:\/\/www.klippitz.at\/sommer\/unterkunft\/almhaus-am-hohenwart\/#primaryimage\"},\"thumbnailUrl\":\"https:\/\/www.klippitz.at\/sommer\/wp-content\/uploads\/2015\/02\/almhaus-hohenwart01.jpg\",\"datePublished\":\"2015-02-11T11:19:54+00:00\",\"dateModified\":\"2015-02-11T11:20:48+00:00\",\"breadcrumb\":{\"@id\":\"https:\/\/www.klippitz.at\/sommer\/unterkunft\/almhaus-am-hohenwart\/#breadcrumb\"},\"inLanguage\":\"de\",\"potentialAction\":[{\"@type\":\"ReadAction\",\"target\":[\"https:\/\/www.klippitz.at\/sommer\/unterkunft\/almhaus-am-hohenwart\/\"]}]},{\"@type\":\"ImageObject\",\"inLanguage\":\"de\",\"@id\":\"https:\/\/www.klippitz.at\/sommer\/unterkunft\/almhaus-am-hohenwart\/#primaryimage\",\"url\":\"https:\/\/www.klippitz.at\/sommer\/wp-content\/uploads\/2015\/02\/almhaus-hohenwart01.jpg\",\"contentUrl\":\"https:\/\/www.klippitz.at\/sommer\/wp-content\/uploads\/2015\/02\/almhaus-hohenwart01.jpg\",\"width\":640,\"height\":510},{\"@type\":\"BreadcrumbList\",\"@id\":\"https:\/\/www.klippitz.at\/sommer\/unterkunft\/almhaus-am-hohenwart\/#breadcrumb\",\"itemListElement\":[{\"@type\":\"ListItem\",\"position\":1,\"name\":\"Home\",\"item\":\"https:\/\/www.klippitz.at\/sommer\/home\/\"},{\"@type\":\"ListItem\",\"position\":2,\"name\":\"Almhaus am Hohenwart\"}]},{\"@type\":\"WebSite\",\"@id\":\"https:\/\/www.klippitz.at\/sommer\/#website\",\"url\":\"https:\/\/www.klippitz.at\/sommer\/\",\"name\":\"Schierlebniswelt Klippitzt\u00f6rl\",\"description\":\"Die K\u00e4rntner Schiregion zeigt sich im Sommer von ihrer sch\u00f6nsten Seite\",\"potentialAction\":[{\"@type\":\"SearchAction\",\"target\":{\"@type\":\"EntryPoint\",\"urlTemplate\":\"https:\/\/www.klippitz.at\/sommer\/?s={search_term_string}\"},\"query-input\":{\"@type\":\"PropertyValueSpecification\",\"valueRequired\":true,\"valueName\":\"search_term_string\"}}],\"inLanguage\":\"de\"}]}<\/script>\n<!-- \/ Yoast SEO plugin. -->","yoast_head_json":{"title":"Almhaus am Hohenwart - Schierlebniswelt Klippitzt\u00f6rl","robots":{"index":"index","follow":"follow","max-snippet":"max-snippet:-1","max-image-preview":"max-image-preview:large","max-video-preview":"max-video-preview:-1"},"canonical":"https:\/\/www.klippitz.at\/sommer\/unterkunft\/almhaus-am-hohenwart\/","og_locale":"de_DE","og_type":"article","og_title":"Almhaus am Hohenwart - Schierlebniswelt Klippitzt\u00f6rl","og_url":"https:\/\/www.klippitz.at\/sommer\/unterkunft\/almhaus-am-hohenwart\/","og_site_name":"Schierlebniswelt Klippitzt\u00f6rl","article_modified_time":"2015-02-11T11:20:48+00:00","og_image":[{"width":640,"height":510,"url":"https:\/\/www.klippitz.at\/sommer\/wp-content\/uploads\/2015\/02\/almhaus-hohenwart01.jpg","type":"image\/jpeg"}],"twitter_misc":{"Gesch\u00e4tzte Lesezeit":"2\u00a0Minuten"},"schema":{"@context":"https:\/\/schema.org","@graph":[{"@type":"WebPage","@id":"https:\/\/www.klippitz.at\/sommer\/unterkunft\/almhaus-am-hohenwart\/","url":"https:\/\/www.klippitz.at\/sommer\/unterkunft\/almhaus-am-hohenwart\/","name":"Almhaus am Hohenwart - Schierlebniswelt Klippitzt\u00f6rl","isPartOf":{"@id":"https:\/\/www.klippitz.at\/sommer\/#website"},"primaryImageOfPage":{"@id":"https:\/\/www.klippitz.at\/sommer\/unterkunft\/almhaus-am-hohenwart\/#primaryimage"},"image":{"@id":"https:\/\/www.klippitz.at\/sommer\/unterkunft\/almhaus-am-hohenwart\/#primaryimage"},"thumbnailUrl":"https:\/\/www.klippitz.at\/sommer\/wp-content\/uploads\/2015\/02\/almhaus-hohenwart01.jpg","datePublished":"2015-02-11T11:19:54+00:00","dateModified":"2015-02-11T11:20:48+00:00","breadcrumb":{"@id":"https:\/\/www.klippitz.at\/sommer\/unterkunft\/almhaus-am-hohenwart\/#breadcrumb"},"inLanguage":"de","potentialAction":[{"@type":"ReadAction","target":["https:\/\/www.klippitz.at\/sommer\/unterkunft\/almhaus-am-hohenwart\/"]}]},{"@type":"ImageObject","inLanguage":"de","@id":"https:\/\/www.klippitz.at\/sommer\/unterkunft\/almhaus-am-hohenwart\/#primaryimage","url":"https:\/\/www.klippitz.at\/sommer\/wp-content\/uploads\/2015\/02\/almhaus-hohenwart01.jpg","contentUrl":"https:\/\/www.klippitz.at\/sommer\/wp-content\/uploads\/2015\/02\/almhaus-hohenwart01.jpg","width":640,"height":510},{"@type":"BreadcrumbList","@id":"https:\/\/www.klippitz.at\/sommer\/unterkunft\/almhaus-am-hohenwart\/#breadcrumb","itemListElement":[{"@type":"ListItem","position":1,"name":"Home","item":"https:\/\/www.klippitz.at\/sommer\/home\/"},{"@type":"ListItem","position":2,"name":"Almhaus am Hohenwart"}]},{"@type":"WebSite","@id":"https:\/\/www.klippitz.at\/sommer\/#website","url":"https:\/\/www.klippitz.at\/sommer\/","name":"Schierlebniswelt Klippitzt\u00f6rl","description":"Die K\u00e4rntner Schiregion zeigt sich im Sommer von ihrer sch\u00f6nsten Seite","potentialAction":[{"@type":"SearchAction","target":{"@type":"EntryPoint","urlTemplate":"https:\/\/www.klippitz.at\/sommer\/?s={search_term_string}"},"query-input":{"@type":"PropertyValueSpecification","valueRequired":true,"valueName":"search_term_string"}}],"inLanguage":"de"}]}},"_links":{"self":[{"href":"https:\/\/www.klippitz.at\/sommer\/wp-json\/wp\/v2\/portfolio\/777","targetHints":{"allow":["GET"]}}],"collection":[{"href":"https:\/\/www.klippitz.at\/sommer\/wp-json\/wp\/v2\/portfolio"}],"about":[{"href":"https:\/\/www.klippitz.at\/sommer\/wp-json\/wp\/v2\/types\/portfolio"}],"author":[{"embeddable":true,"href":"https:\/\/www.klippitz.at\/sommer\/wp-json\/wp\/v2\/users\/1"}],"version-history":[{"count":1,"href":"https:\/\/www.klippitz.at\/sommer\/wp-json\/wp\/v2\/portfolio\/777\/revisions"}],"predecessor-version":[{"id":1738,"href":"https:\/\/www.klippitz.at\/sommer\/wp-json\/wp\/v2\/portfolio\/777\/revisions\/1738"}],"wp:featuredmedia":[{"embeddable":true,"href":"https:\/\/www.klippitz.at\/sommer\/wp-json\/wp\/v2\/media\/778"}],"wp:attachment":[{"href":"https:\/\/www.klippitz.at\/sommer\/wp-json\/wp\/v2\/media?parent=777"}],"wp:term":[{"taxonomy":"post_tag","embeddable":true,"href":"https:\/\/www.klippitz.at\/sommer\/wp-json\/wp\/v2\/tags?post=777"},{"taxonomy":"portfolio_entries","embeddable":true,"href":"https:\/\/www.klippitz.at\/sommer\/wp-json\/wp\/v2\/portfolio_entries?post=777"}],"curies":[{"name":"wp","href":"https:\/\/api.w.org\/{rel}","templated":true}]}}