{"id":2841,"date":"2021-06-19T18:05:59","date_gmt":"2021-06-19T16:05:59","guid":{"rendered":"https:\/\/www.klippitz.at\/sommer\/?post_type=portfolio&#038;p=2841"},"modified":"2021-06-19T18:05:59","modified_gmt":"2021-06-19T16:05:59","slug":"almhaus-klippitz","status":"publish","type":"portfolio","link":"https:\/\/www.klippitz.at\/sommer\/unterkunft\/almhaus-klippitz\/","title":{"rendered":"Almhaus Klippitz"},"content":{"rendered":"<div id='av_section_1'  class='avia-section av-av_section-21359dd7f6cdd7c50f19a4f94b79b7ad main_color avia-section-default avia-no-shadow  avia-builder-el-0  avia-builder-el-no-sibling  avia-bg-style-scroll container_wrap sidebar_right'  ><div class='container av-section-cont-open' ><main  role=\"main\" itemprop=\"mainContentOfPage\"  class='template-page content  av-content-small alpha units'><div class='post-entry post-entry-type-page post-entry-2841'><div class='entry-content-wrapper clearfix'>\n<div  class='avia-slideshow av-kq3xwpec-f3e6343401351d847e99c6ef875bc93f avia-slideshow-featured av_slideshow avia-fade-slider  avia-builder-el-1  el_before_av_two_fifth  avia-builder-el-first  av-slideshow-ui av-control-default av-slideshow-manual av-loop-once av-loop-manual-endless av-default-height-applied avia-slideshow-1' data-slideshow-options=\"{&quot;animation&quot;:&quot;fade&quot;,&quot;autoplay&quot;:false,&quot;loop_autoplay&quot;:&quot;once&quot;,&quot;interval&quot;:5,&quot;loop_manual&quot;:&quot;manual-endless&quot;,&quot;autoplay_stopper&quot;:false,&quot;noNavigation&quot;:false,&quot;bg_slider&quot;:false,&quot;keep_padding&quot;:false,&quot;hoverpause&quot;:false,&quot;show_slide_delay&quot;:0}\"  itemprop=\"image\" itemscope=\"itemscope\" itemtype=\"https:\/\/schema.org\/ImageObject\" ><ul class='avia-slideshow-inner ' style='padding-bottom: 28.666666666667%;'><\/ul><\/div>\n<div  class='flex_column av-av_two_fifth-2a9015ff38129c418a3f2eafba3e9512 av_two_fifth  avia-builder-el-2  el_after_av_slideshow  el_before_av_three_fifth  first flex_column_div  '     ><section  class='av_textblock_section av-kq3y5m4b-fb92beea8253576656765bbd595f9772 '   itemscope=\"itemscope\" itemtype=\"https:\/\/schema.org\/CreativeWork\" ><div class='avia_textblock'  itemprop=\"text\" ><h2>Information<\/h2>\n<p>Entdecken Sie mit Ihrer Familie oder mit Freunden die Urlaubsregion Klippitzt\u00f6rl in K\u00e4rnten. Im Sommer Wander- &amp; Erlebnisparadies und im Winter Skispass pur f\u00fcr die ganze Familie.<\/p>\n<p>Unsere Almh\u00fctte liegt auf zirka 1550 Meter sie verf\u00fcgt \u00fcber zirka 115m2 Wohnfl\u00e4che und kann 8 Personen Beherbergen . Ein Garten Richtung Osten (Sonnenaufgang )und ein Garten Richtung Westen (Sonnenuntergang).<\/p>\n<p>Tel.:+43 (0) 664 188 1999<\/p>\n<p><a href=\"mailto:info@almhaus-klippitz.at\">info@almhaus-klippitz.at<\/a><\/p>\n<p><a href=\"https:\/\/www.almhaus-klippitz.at\" target=\"_blank\" rel=\"noopener\">www.almhaus-klippitz.at<\/a><\/p>\n<\/div><\/section><br \/>\n<div  class='av_gmaps_sc_main_wrap av_gmaps_main_wrap '><div id='av_gmap_0' class='avia-google-map-container avia-google-map-sc av_gmaps_show_unconditionally av-no-fallback-img ' data-mapid='av_gmap_0'  style='height: 250px;'><a class=\"av_gmaps_browser_disabled av_text_confirm_link av_text_confirm_link_visible\" href=\"https:\/\/www.google.com\/maps\/search\/?api=1&#038;query=Klippitzt\u00f6rl%2054%20%209462%20Bad%20Sankt%20Leonhard\" target=\"_blank\">Aufgrund deiner Datenschutz-Einstellungen k\u00f6nnen wir Ihnen die Karte nicht anzeigen. Klicken Sie hier, um die Karte in einem neuen Fenster zu \u00f6ffnen.<\/a><\/div><\/div><\/p><\/div>\n<style type=\"text\/css\" data-created_by=\"avia_inline_auto\" id=\"style-css-av-av_three_fifth-7984035d50f0055e2d8c0f71fa3ebd04\">\n.flex_column.av-av_three_fifth-7984035d50f0055e2d8c0f71fa3ebd04{\nborder-radius:0px 0px 0px 0px;\npadding:0px 0px 0px 0px;\n}\n<\/style>\n<div  class='flex_column av-av_three_fifth-7984035d50f0055e2d8c0f71fa3ebd04 av_three_fifth  avia-builder-el-5  el_after_av_two_fifth  el_before_av_hr  flex_column_div av-zero-column-padding  '     ><section  class='av_textblock_section av-kq3yac28-8f8b02ed042d7191ac86d25286d9d78b '   itemscope=\"itemscope\" itemtype=\"https:\/\/schema.org\/CreativeWork\" ><div class='avia_textblock'  itemprop=\"text\" ><h2>Aufteilug<\/h2>\n<ul>\n<li>gro\u00dfer Wohnbereich mit extra Leseecke<\/li>\n<li>gro\u00dfes Esszimmer<\/li>\n<li>mit offener voll eingerichtete K\u00fcche,<\/li>\n<li>2 Doppelzimmer<\/li>\n<li>1 Zweibettzimmer<\/li>\n<li>1 Zimmer mit Stockbett<\/li>\n<li>2 Badezimmer<\/li>\n<li>2 Toiletten<\/li>\n<\/ul>\n<\/div><\/section><\/div>\n<style type=\"text\/css\" data-created_by=\"avia_inline_auto\" id=\"style-css-av-av_hr-a6de236e6c183bbbd700292deacd2b52\">\n#top .hr.hr-invisible.av-av_hr-a6de236e6c183bbbd700292deacd2b52{\nheight:20px;\n}\n<\/style>\n<div  class='hr av-av_hr-a6de236e6c183bbbd700292deacd2b52 hr-invisible  avia-builder-el-7  el_after_av_three_fifth  el_before_av_textblock '><span class='hr-inner '><span class=\"hr-inner-style\"><\/span><\/span><\/div>\n<section  class='av_textblock_section av-av_textblock-0366cc7376be6c9e82a3e9cc8987b64f '   itemscope=\"itemscope\" itemtype=\"https:\/\/schema.org\/CreativeWork\" ><div class='avia_textblock'  itemprop=\"text\" ><h2>Impressionen<\/h2>\n<\/div><\/section>\n\n<style type=\"text\/css\" data-created_by=\"avia_inline_auto\" id=\"style-css-av-kq3y4ib6-3d094129fb7932399bdc098b69a05e99\">\n#top .avia-gallery.av-kq3y4ib6-3d094129fb7932399bdc098b69a05e99 .avia-gallery-thumb a{\nwidth:16.6667%;\n}\n<\/style>\n<div  class='avia-gallery av-kq3y4ib6-3d094129fb7932399bdc098b69a05e99 avia_animate_when_visible  avia-builder-el-9  el_after_av_textblock  avia-builder-el-last  deactivate_avia_lazyload avia-gallery-animate avia-gallery-1'  itemprop=\"image\" itemscope=\"itemscope\" itemtype=\"https:\/\/schema.org\/ImageObject\" ><meta itemprop=\"contentURL\" content=\"https:\/\/www.klippitz.at\/sommer\/unterkunft\/almhaus-klippitz\/\"><div class='avia-gallery-thumb'><a href=\"https:\/\/www.klippitz.at\/sommer\/wp-content\/uploads\/2021\/06\/almhausklippitz01-773x1030.jpg\" data-srcset=\"https:\/\/www.klippitz.at\/sommer\/wp-content\/uploads\/2021\/06\/almhausklippitz01-773x1030.jpg 773w, https:\/\/www.klippitz.at\/sommer\/wp-content\/uploads\/2021\/06\/almhausklippitz01-225x300.jpg 225w, https:\/\/www.klippitz.at\/sommer\/wp-content\/uploads\/2021\/06\/almhausklippitz01-768x1024.jpg 768w, https:\/\/www.klippitz.at\/sommer\/wp-content\/uploads\/2021\/06\/almhausklippitz01-529x705.jpg 529w, https:\/\/www.klippitz.at\/sommer\/wp-content\/uploads\/2021\/06\/almhausklippitz01.jpg 960w\" data-sizes=\"(max-width: 773px) 100vw, 773px\" data-rel='gallery-1' data-prev-img='https:\/\/www.klippitz.at\/sommer\/wp-content\/uploads\/2021\/06\/almhausklippitz01-495x400.jpg' class='first_thumb lightbox ' data-onclick='1' title='Almhaus Klippitz Aussen'  itemprop=\"thumbnailUrl\"  ><img decoding=\"async\" fetchpriority=\"high\" class=\"wp-image-2843 avia-img-lazy-loading-not-2843\"  data-avia-tooltip='Almhaus Klippitz Aussen' src=\"https:\/\/www.klippitz.at\/sommer\/wp-content\/uploads\/2021\/06\/almhausklippitz01-495x400.jpg\" width=\"495\" height=\"400\"  title='Almhaus Klippitz, Klippitzt\u00f6rl, Sommer,' alt='Almhaus Klippitz aussen' srcset=\"https:\/\/www.klippitz.at\/sommer\/wp-content\/uploads\/2021\/06\/almhausklippitz01-495x400.jpg 495w, https:\/\/www.klippitz.at\/sommer\/wp-content\/uploads\/2021\/06\/almhausklippitz01-845x684.jpg 845w\" sizes=\"(max-width: 495px) 100vw, 495px\" \/><div class='big-prev-fake'><img decoding=\"async\" loading=\"lazy\" class=\"wp-image-2843 avia-img-lazy-loading-2843\"  width=\"495\" height=\"400\" src=\"https:\/\/www.klippitz.at\/sommer\/wp-content\/uploads\/2021\/06\/almhausklippitz01-495x400.jpg\" title='Almhaus Klippitz, Klippitzt\u00f6rl, Sommer,' alt='Almhaus Klippitz aussen' srcset=\"https:\/\/www.klippitz.at\/sommer\/wp-content\/uploads\/2021\/06\/almhausklippitz01-495x400.jpg 495w, https:\/\/www.klippitz.at\/sommer\/wp-content\/uploads\/2021\/06\/almhausklippitz01-845x684.jpg 845w\" sizes=\"auto, (max-width: 495px) 100vw, 495px\" \/><\/div><\/a><a href=\"https:\/\/www.klippitz.at\/sommer\/wp-content\/uploads\/2021\/06\/almhausklippitz06-773x1030.jpg\" data-srcset=\"https:\/\/www.klippitz.at\/sommer\/wp-content\/uploads\/2021\/06\/almhausklippitz06-773x1030.jpg 773w, https:\/\/www.klippitz.at\/sommer\/wp-content\/uploads\/2021\/06\/almhausklippitz06-225x300.jpg 225w, https:\/\/www.klippitz.at\/sommer\/wp-content\/uploads\/2021\/06\/almhausklippitz06-768x1024.jpg 768w, https:\/\/www.klippitz.at\/sommer\/wp-content\/uploads\/2021\/06\/almhausklippitz06-529x705.jpg 529w, https:\/\/www.klippitz.at\/sommer\/wp-content\/uploads\/2021\/06\/almhausklippitz06.jpg 960w\" data-sizes=\"(max-width: 773px) 100vw, 773px\" data-rel='gallery-1' data-prev-img='https:\/\/www.klippitz.at\/sommer\/wp-content\/uploads\/2021\/06\/almhausklippitz06-495x400.jpg' class='lightbox ' data-onclick='2' title='Gem\u00fctlich rustikaler Garten'  itemprop=\"thumbnailUrl\"  ><img decoding=\"async\" fetchpriority=\"high\" class=\"wp-image-2848 avia-img-lazy-loading-not-2848\"  data-avia-tooltip='Gem\u00fctlich rustikaler Garten' src=\"https:\/\/www.klippitz.at\/sommer\/wp-content\/uploads\/2021\/06\/almhausklippitz06-495x400.jpg\" width=\"495\" height=\"400\"  title='Almhaus Klippitz, Klippitzt\u00f6rl, Sommer,' alt='Almhaus Klippitz aussen' srcset=\"https:\/\/www.klippitz.at\/sommer\/wp-content\/uploads\/2021\/06\/almhausklippitz06-495x400.jpg 495w, https:\/\/www.klippitz.at\/sommer\/wp-content\/uploads\/2021\/06\/almhausklippitz06-845x684.jpg 845w\" sizes=\"(max-width: 495px) 100vw, 495px\" \/><div class='big-prev-fake'><img decoding=\"async\" loading=\"lazy\" class=\"wp-image-2848 avia-img-lazy-loading-2848\"  width=\"495\" height=\"400\" src=\"https:\/\/www.klippitz.at\/sommer\/wp-content\/uploads\/2021\/06\/almhausklippitz06-495x400.jpg\" title='Almhaus Klippitz, Klippitzt\u00f6rl, Sommer,' alt='Almhaus Klippitz aussen' srcset=\"https:\/\/www.klippitz.at\/sommer\/wp-content\/uploads\/2021\/06\/almhausklippitz06-495x400.jpg 495w, https:\/\/www.klippitz.at\/sommer\/wp-content\/uploads\/2021\/06\/almhausklippitz06-845x684.jpg 845w\" sizes=\"auto, (max-width: 495px) 100vw, 495px\" \/><\/div><\/a><a href=\"https:\/\/www.klippitz.at\/sommer\/wp-content\/uploads\/2021\/06\/almhausklippitz03-1030x773.jpg\" data-srcset=\"https:\/\/www.klippitz.at\/sommer\/wp-content\/uploads\/2021\/06\/almhausklippitz03-1030x773.jpg 1030w, https:\/\/www.klippitz.at\/sommer\/wp-content\/uploads\/2021\/06\/almhausklippitz03-300x225.jpg 300w, https:\/\/www.klippitz.at\/sommer\/wp-content\/uploads\/2021\/06\/almhausklippitz03-768x576.jpg 768w, https:\/\/www.klippitz.at\/sommer\/wp-content\/uploads\/2021\/06\/almhausklippitz03-705x529.jpg 705w, https:\/\/www.klippitz.at\/sommer\/wp-content\/uploads\/2021\/06\/almhausklippitz03.jpg 1280w\" data-sizes=\"(max-width: 1030px) 100vw, 1030px\" data-rel='gallery-1' data-prev-img='https:\/\/www.klippitz.at\/sommer\/wp-content\/uploads\/2021\/06\/almhausklippitz03-495x400.jpg' class='lightbox ' data-onclick='3' title='Umgebung'  itemprop=\"thumbnailUrl\"  ><img decoding=\"async\" fetchpriority=\"high\" class=\"wp-image-2845 avia-img-lazy-loading-not-2845\"  data-avia-tooltip='Umgebung' src=\"https:\/\/www.klippitz.at\/sommer\/wp-content\/uploads\/2021\/06\/almhausklippitz03-495x400.jpg\" width=\"495\" height=\"400\"  title='Almhaus Klippitz, Umgebung, Ausblick, Geierkogel' alt='Umgebung Almhaus Klippitz' srcset=\"https:\/\/www.klippitz.at\/sommer\/wp-content\/uploads\/2021\/06\/almhausklippitz03-495x400.jpg 495w, https:\/\/www.klippitz.at\/sommer\/wp-content\/uploads\/2021\/06\/almhausklippitz03-845x684.jpg 845w\" sizes=\"(max-width: 495px) 100vw, 495px\" \/><div class='big-prev-fake'><img decoding=\"async\" loading=\"lazy\" class=\"wp-image-2845 avia-img-lazy-loading-2845\"  width=\"495\" height=\"400\" src=\"https:\/\/www.klippitz.at\/sommer\/wp-content\/uploads\/2021\/06\/almhausklippitz03-495x400.jpg\" title='Almhaus Klippitz, Umgebung, Ausblick, Geierkogel' alt='Umgebung Almhaus Klippitz' srcset=\"https:\/\/www.klippitz.at\/sommer\/wp-content\/uploads\/2021\/06\/almhausklippitz03-495x400.jpg 495w, https:\/\/www.klippitz.at\/sommer\/wp-content\/uploads\/2021\/06\/almhausklippitz03-845x684.jpg 845w\" sizes=\"auto, (max-width: 495px) 100vw, 495px\" \/><\/div><\/a><a href=\"https:\/\/www.klippitz.at\/sommer\/wp-content\/uploads\/2021\/06\/almhausklippitz05-1030x773.jpg\" data-srcset=\"https:\/\/www.klippitz.at\/sommer\/wp-content\/uploads\/2021\/06\/almhausklippitz05-1030x773.jpg 1030w, https:\/\/www.klippitz.at\/sommer\/wp-content\/uploads\/2021\/06\/almhausklippitz05-300x225.jpg 300w, https:\/\/www.klippitz.at\/sommer\/wp-content\/uploads\/2021\/06\/almhausklippitz05-768x576.jpg 768w, https:\/\/www.klippitz.at\/sommer\/wp-content\/uploads\/2021\/06\/almhausklippitz05-705x529.jpg 705w, https:\/\/www.klippitz.at\/sommer\/wp-content\/uploads\/2021\/06\/almhausklippitz05.jpg 1280w\" data-sizes=\"(max-width: 1030px) 100vw, 1030px\" data-rel='gallery-1' data-prev-img='https:\/\/www.klippitz.at\/sommer\/wp-content\/uploads\/2021\/06\/almhausklippitz05-495x400.jpg' class='lightbox ' data-onclick='4' title='Umgebung'  itemprop=\"thumbnailUrl\"  ><img decoding=\"async\" fetchpriority=\"high\" class=\"wp-image-2847 avia-img-lazy-loading-not-2847\"  data-avia-tooltip='Umgebung' src=\"https:\/\/www.klippitz.at\/sommer\/wp-content\/uploads\/2021\/06\/almhausklippitz05-495x400.jpg\" width=\"495\" height=\"400\"  title='Almhaus Klippitz, Umgebung, Ausblick, Geierkogel' alt='Umgebung Almhaus Klippitz' srcset=\"https:\/\/www.klippitz.at\/sommer\/wp-content\/uploads\/2021\/06\/almhausklippitz05-495x400.jpg 495w, https:\/\/www.klippitz.at\/sommer\/wp-content\/uploads\/2021\/06\/almhausklippitz05-845x684.jpg 845w\" sizes=\"(max-width: 495px) 100vw, 495px\" \/><div class='big-prev-fake'><img decoding=\"async\" loading=\"lazy\" class=\"wp-image-2847 avia-img-lazy-loading-2847\"  width=\"495\" height=\"400\" src=\"https:\/\/www.klippitz.at\/sommer\/wp-content\/uploads\/2021\/06\/almhausklippitz05-495x400.jpg\" title='Almhaus Klippitz, Umgebung, Ausblick, Geierkogel' alt='Umgebung Almhaus Klippitz' srcset=\"https:\/\/www.klippitz.at\/sommer\/wp-content\/uploads\/2021\/06\/almhausklippitz05-495x400.jpg 495w, https:\/\/www.klippitz.at\/sommer\/wp-content\/uploads\/2021\/06\/almhausklippitz05-845x684.jpg 845w\" sizes=\"auto, (max-width: 495px) 100vw, 495px\" \/><\/div><\/a><a href=\"https:\/\/www.klippitz.at\/sommer\/wp-content\/uploads\/2021\/06\/almhausklippitz07-1030x773.jpg\" data-srcset=\"https:\/\/www.klippitz.at\/sommer\/wp-content\/uploads\/2021\/06\/almhausklippitz07-1030x773.jpg 1030w, https:\/\/www.klippitz.at\/sommer\/wp-content\/uploads\/2021\/06\/almhausklippitz07-300x225.jpg 300w, https:\/\/www.klippitz.at\/sommer\/wp-content\/uploads\/2021\/06\/almhausklippitz07-768x576.jpg 768w, https:\/\/www.klippitz.at\/sommer\/wp-content\/uploads\/2021\/06\/almhausklippitz07-705x529.jpg 705w, https:\/\/www.klippitz.at\/sommer\/wp-content\/uploads\/2021\/06\/almhausklippitz07.jpg 1280w\" data-sizes=\"(max-width: 1030px) 100vw, 1030px\" data-rel='gallery-1' data-prev-img='https:\/\/www.klippitz.at\/sommer\/wp-content\/uploads\/2021\/06\/almhausklippitz07-495x400.jpg' class='lightbox ' data-onclick='5' title='Traumhafter Ausblick'  itemprop=\"thumbnailUrl\"  ><img decoding=\"async\" fetchpriority=\"high\" class=\"wp-image-2849 avia-img-lazy-loading-not-2849\"  data-avia-tooltip='Traumhafter Ausblick' src=\"https:\/\/www.klippitz.at\/sommer\/wp-content\/uploads\/2021\/06\/almhausklippitz07-495x400.jpg\" width=\"495\" height=\"400\"  title='almhausklippitz07' alt='' srcset=\"https:\/\/www.klippitz.at\/sommer\/wp-content\/uploads\/2021\/06\/almhausklippitz07-495x400.jpg 495w, https:\/\/www.klippitz.at\/sommer\/wp-content\/uploads\/2021\/06\/almhausklippitz07-845x684.jpg 845w\" sizes=\"(max-width: 495px) 100vw, 495px\" \/><div class='big-prev-fake'><img decoding=\"async\" loading=\"lazy\" class=\"wp-image-2849 avia-img-lazy-loading-2849\"  width=\"495\" height=\"400\" src=\"https:\/\/www.klippitz.at\/sommer\/wp-content\/uploads\/2021\/06\/almhausklippitz07-495x400.jpg\" title='almhausklippitz07' alt='' srcset=\"https:\/\/www.klippitz.at\/sommer\/wp-content\/uploads\/2021\/06\/almhausklippitz07-495x400.jpg 495w, https:\/\/www.klippitz.at\/sommer\/wp-content\/uploads\/2021\/06\/almhausklippitz07-845x684.jpg 845w\" sizes=\"auto, (max-width: 495px) 100vw, 495px\" \/><\/div><\/a><a href=\"https:\/\/www.klippitz.at\/sommer\/wp-content\/uploads\/2021\/06\/almhausklippitz11-1030x773.jpg\" data-srcset=\"https:\/\/www.klippitz.at\/sommer\/wp-content\/uploads\/2021\/06\/almhausklippitz11-1030x773.jpg 1030w, https:\/\/www.klippitz.at\/sommer\/wp-content\/uploads\/2021\/06\/almhausklippitz11-300x225.jpg 300w, https:\/\/www.klippitz.at\/sommer\/wp-content\/uploads\/2021\/06\/almhausklippitz11-768x576.jpg 768w, https:\/\/www.klippitz.at\/sommer\/wp-content\/uploads\/2021\/06\/almhausklippitz11-705x529.jpg 705w, https:\/\/www.klippitz.at\/sommer\/wp-content\/uploads\/2021\/06\/almhausklippitz11.jpg 1280w\" data-sizes=\"(max-width: 1030px) 100vw, 1030px\" data-rel='gallery-1' data-prev-img='https:\/\/www.klippitz.at\/sommer\/wp-content\/uploads\/2021\/06\/almhausklippitz11-495x400.jpg' class='lightbox ' data-onclick='6' title='Aussenaufnahme'  itemprop=\"thumbnailUrl\"  ><img decoding=\"async\" fetchpriority=\"high\" class=\"wp-image-2853 avia-img-lazy-loading-not-2853\"  data-avia-tooltip='Aussenaufnahme' src=\"https:\/\/www.klippitz.at\/sommer\/wp-content\/uploads\/2021\/06\/almhausklippitz11-495x400.jpg\" width=\"495\" height=\"400\"  title='almhausklippitz11' alt='' srcset=\"https:\/\/www.klippitz.at\/sommer\/wp-content\/uploads\/2021\/06\/almhausklippitz11-495x400.jpg 495w, https:\/\/www.klippitz.at\/sommer\/wp-content\/uploads\/2021\/06\/almhausklippitz11-845x684.jpg 845w\" sizes=\"(max-width: 495px) 100vw, 495px\" \/><div class='big-prev-fake'><img decoding=\"async\" loading=\"lazy\" class=\"wp-image-2853 avia-img-lazy-loading-2853\"  width=\"495\" height=\"400\" src=\"https:\/\/www.klippitz.at\/sommer\/wp-content\/uploads\/2021\/06\/almhausklippitz11-495x400.jpg\" title='almhausklippitz11' alt='' srcset=\"https:\/\/www.klippitz.at\/sommer\/wp-content\/uploads\/2021\/06\/almhausklippitz11-495x400.jpg 495w, https:\/\/www.klippitz.at\/sommer\/wp-content\/uploads\/2021\/06\/almhausklippitz11-845x684.jpg 845w\" sizes=\"auto, (max-width: 495px) 100vw, 495px\" \/><\/div><\/a><a href=\"https:\/\/www.klippitz.at\/sommer\/wp-content\/uploads\/2021\/06\/almhausklippitz12-1030x686.jpg\" data-srcset=\"https:\/\/www.klippitz.at\/sommer\/wp-content\/uploads\/2021\/06\/almhausklippitz12-1030x686.jpg 1030w, https:\/\/www.klippitz.at\/sommer\/wp-content\/uploads\/2021\/06\/almhausklippitz12-300x200.jpg 300w, https:\/\/www.klippitz.at\/sommer\/wp-content\/uploads\/2021\/06\/almhausklippitz12-768x512.jpg 768w, https:\/\/www.klippitz.at\/sommer\/wp-content\/uploads\/2021\/06\/almhausklippitz12-705x470.jpg 705w, https:\/\/www.klippitz.at\/sommer\/wp-content\/uploads\/2021\/06\/almhausklippitz12.jpg 1280w\" data-sizes=\"(max-width: 1030px) 100vw, 1030px\" data-rel='gallery-1' data-prev-img='https:\/\/www.klippitz.at\/sommer\/wp-content\/uploads\/2021\/06\/almhausklippitz12-495x400.jpg' class='first_thumb lightbox ' data-onclick='7' title='Das gem\u00fctliche Wohnzimmer'  itemprop=\"thumbnailUrl\"  ><img decoding=\"async\" fetchpriority=\"high\" class=\"wp-image-2854 avia-img-lazy-loading-not-2854\"  data-avia-tooltip='Das gem\u00fctliche Wohnzimmer' src=\"https:\/\/www.klippitz.at\/sommer\/wp-content\/uploads\/2021\/06\/almhausklippitz12-495x400.jpg\" width=\"495\" height=\"400\"  title='almhausklippitz12' alt='' srcset=\"https:\/\/www.klippitz.at\/sommer\/wp-content\/uploads\/2021\/06\/almhausklippitz12-495x400.jpg 495w, https:\/\/www.klippitz.at\/sommer\/wp-content\/uploads\/2021\/06\/almhausklippitz12-845x684.jpg 845w\" sizes=\"(max-width: 495px) 100vw, 495px\" \/><div class='big-prev-fake'><img decoding=\"async\" loading=\"lazy\" class=\"wp-image-2854 avia-img-lazy-loading-2854\"  width=\"495\" height=\"400\" src=\"https:\/\/www.klippitz.at\/sommer\/wp-content\/uploads\/2021\/06\/almhausklippitz12-495x400.jpg\" title='almhausklippitz12' alt='' srcset=\"https:\/\/www.klippitz.at\/sommer\/wp-content\/uploads\/2021\/06\/almhausklippitz12-495x400.jpg 495w, https:\/\/www.klippitz.at\/sommer\/wp-content\/uploads\/2021\/06\/almhausklippitz12-845x684.jpg 845w\" sizes=\"auto, (max-width: 495px) 100vw, 495px\" \/><\/div><\/a><a href=\"https:\/\/www.klippitz.at\/sommer\/wp-content\/uploads\/2021\/06\/almhausklippitz21-1030x686.jpg\" data-srcset=\"https:\/\/www.klippitz.at\/sommer\/wp-content\/uploads\/2021\/06\/almhausklippitz21-1030x686.jpg 1030w, https:\/\/www.klippitz.at\/sommer\/wp-content\/uploads\/2021\/06\/almhausklippitz21-300x200.jpg 300w, https:\/\/www.klippitz.at\/sommer\/wp-content\/uploads\/2021\/06\/almhausklippitz21-768x512.jpg 768w, https:\/\/www.klippitz.at\/sommer\/wp-content\/uploads\/2021\/06\/almhausklippitz21-705x470.jpg 705w, https:\/\/www.klippitz.at\/sommer\/wp-content\/uploads\/2021\/06\/almhausklippitz21.jpg 1280w\" data-sizes=\"(max-width: 1030px) 100vw, 1030px\" data-rel='gallery-1' data-prev-img='https:\/\/www.klippitz.at\/sommer\/wp-content\/uploads\/2021\/06\/almhausklippitz21-495x400.jpg' class='lightbox ' data-onclick='8' title='Einladende Wohnlandschaft'  itemprop=\"thumbnailUrl\"  ><img decoding=\"async\" fetchpriority=\"high\" class=\"wp-image-2862 avia-img-lazy-loading-not-2862\"  data-avia-tooltip='Einladende Wohnlandschaft' src=\"https:\/\/www.klippitz.at\/sommer\/wp-content\/uploads\/2021\/06\/almhausklippitz21-495x400.jpg\" width=\"495\" height=\"400\"  title='almhausklippitz21' alt='' srcset=\"https:\/\/www.klippitz.at\/sommer\/wp-content\/uploads\/2021\/06\/almhausklippitz21-495x400.jpg 495w, https:\/\/www.klippitz.at\/sommer\/wp-content\/uploads\/2021\/06\/almhausklippitz21-845x684.jpg 845w\" sizes=\"(max-width: 495px) 100vw, 495px\" \/><div class='big-prev-fake'><img decoding=\"async\" loading=\"lazy\" class=\"wp-image-2862 avia-img-lazy-loading-2862\"  width=\"495\" height=\"400\" src=\"https:\/\/www.klippitz.at\/sommer\/wp-content\/uploads\/2021\/06\/almhausklippitz21-495x400.jpg\" title='almhausklippitz21' alt='' srcset=\"https:\/\/www.klippitz.at\/sommer\/wp-content\/uploads\/2021\/06\/almhausklippitz21-495x400.jpg 495w, https:\/\/www.klippitz.at\/sommer\/wp-content\/uploads\/2021\/06\/almhausklippitz21-845x684.jpg 845w\" sizes=\"auto, (max-width: 495px) 100vw, 495px\" \/><\/div><\/a><a href=\"https:\/\/www.klippitz.at\/sommer\/wp-content\/uploads\/2021\/06\/almhausklippitz18-1030x686.jpg\" data-srcset=\"https:\/\/www.klippitz.at\/sommer\/wp-content\/uploads\/2021\/06\/almhausklippitz18-1030x686.jpg 1030w, https:\/\/www.klippitz.at\/sommer\/wp-content\/uploads\/2021\/06\/almhausklippitz18-300x200.jpg 300w, https:\/\/www.klippitz.at\/sommer\/wp-content\/uploads\/2021\/06\/almhausklippitz18-768x512.jpg 768w, https:\/\/www.klippitz.at\/sommer\/wp-content\/uploads\/2021\/06\/almhausklippitz18-705x470.jpg 705w, https:\/\/www.klippitz.at\/sommer\/wp-content\/uploads\/2021\/06\/almhausklippitz18.jpg 1280w\" data-sizes=\"(max-width: 1030px) 100vw, 1030px\" data-rel='gallery-1' data-prev-img='https:\/\/www.klippitz.at\/sommer\/wp-content\/uploads\/2021\/06\/almhausklippitz18-495x400.jpg' class='lightbox ' data-onclick='9' title='Gut gebr\u00fcllt ist halb getrunken'  itemprop=\"thumbnailUrl\"  ><img decoding=\"async\" fetchpriority=\"high\" class=\"wp-image-2860 avia-img-lazy-loading-not-2860\"  data-avia-tooltip='Gut gebr\u00fcllt ist halb getrunken' src=\"https:\/\/www.klippitz.at\/sommer\/wp-content\/uploads\/2021\/06\/almhausklippitz18-495x400.jpg\" width=\"495\" height=\"400\"  title='almhausklippitz18' alt='' srcset=\"https:\/\/www.klippitz.at\/sommer\/wp-content\/uploads\/2021\/06\/almhausklippitz18-495x400.jpg 495w, https:\/\/www.klippitz.at\/sommer\/wp-content\/uploads\/2021\/06\/almhausklippitz18-845x684.jpg 845w\" sizes=\"(max-width: 495px) 100vw, 495px\" \/><div class='big-prev-fake'><img decoding=\"async\" loading=\"lazy\" class=\"wp-image-2860 avia-img-lazy-loading-2860\"  width=\"495\" height=\"400\" src=\"https:\/\/www.klippitz.at\/sommer\/wp-content\/uploads\/2021\/06\/almhausklippitz18-495x400.jpg\" title='almhausklippitz18' alt='' srcset=\"https:\/\/www.klippitz.at\/sommer\/wp-content\/uploads\/2021\/06\/almhausklippitz18-495x400.jpg 495w, https:\/\/www.klippitz.at\/sommer\/wp-content\/uploads\/2021\/06\/almhausklippitz18-845x684.jpg 845w\" sizes=\"auto, (max-width: 495px) 100vw, 495px\" \/><\/div><\/a><a href=\"https:\/\/www.klippitz.at\/sommer\/wp-content\/uploads\/2021\/06\/almhausklippitz13-1030x686.jpg\" data-srcset=\"https:\/\/www.klippitz.at\/sommer\/wp-content\/uploads\/2021\/06\/almhausklippitz13-1030x686.jpg 1030w, https:\/\/www.klippitz.at\/sommer\/wp-content\/uploads\/2021\/06\/almhausklippitz13-300x200.jpg 300w, https:\/\/www.klippitz.at\/sommer\/wp-content\/uploads\/2021\/06\/almhausklippitz13-768x512.jpg 768w, https:\/\/www.klippitz.at\/sommer\/wp-content\/uploads\/2021\/06\/almhausklippitz13-705x470.jpg 705w, https:\/\/www.klippitz.at\/sommer\/wp-content\/uploads\/2021\/06\/almhausklippitz13.jpg 1280w\" data-sizes=\"(max-width: 1030px) 100vw, 1030px\" data-rel='gallery-1' data-prev-img='https:\/\/www.klippitz.at\/sommer\/wp-content\/uploads\/2021\/06\/almhausklippitz13-495x400.jpg' class='lightbox ' data-onclick='10' title='Esstisch am Kachelofen'  itemprop=\"thumbnailUrl\"  ><img decoding=\"async\" fetchpriority=\"high\" class=\"wp-image-2855 avia-img-lazy-loading-not-2855\"  data-avia-tooltip='Esstisch am Kachelofen' src=\"https:\/\/www.klippitz.at\/sommer\/wp-content\/uploads\/2021\/06\/almhausklippitz13-495x400.jpg\" width=\"495\" height=\"400\"  title='almhausklippitz13' alt='' srcset=\"https:\/\/www.klippitz.at\/sommer\/wp-content\/uploads\/2021\/06\/almhausklippitz13-495x400.jpg 495w, https:\/\/www.klippitz.at\/sommer\/wp-content\/uploads\/2021\/06\/almhausklippitz13-845x684.jpg 845w\" sizes=\"(max-width: 495px) 100vw, 495px\" \/><div class='big-prev-fake'><img decoding=\"async\" loading=\"lazy\" class=\"wp-image-2855 avia-img-lazy-loading-2855\"  width=\"495\" height=\"400\" src=\"https:\/\/www.klippitz.at\/sommer\/wp-content\/uploads\/2021\/06\/almhausklippitz13-495x400.jpg\" title='almhausklippitz13' alt='' srcset=\"https:\/\/www.klippitz.at\/sommer\/wp-content\/uploads\/2021\/06\/almhausklippitz13-495x400.jpg 495w, https:\/\/www.klippitz.at\/sommer\/wp-content\/uploads\/2021\/06\/almhausklippitz13-845x684.jpg 845w\" sizes=\"auto, (max-width: 495px) 100vw, 495px\" \/><\/div><\/a><a href=\"https:\/\/www.klippitz.at\/sommer\/wp-content\/uploads\/2021\/06\/almhausklippitz14-1030x686.jpg\" data-srcset=\"https:\/\/www.klippitz.at\/sommer\/wp-content\/uploads\/2021\/06\/almhausklippitz14-1030x686.jpg 1030w, https:\/\/www.klippitz.at\/sommer\/wp-content\/uploads\/2021\/06\/almhausklippitz14-300x200.jpg 300w, https:\/\/www.klippitz.at\/sommer\/wp-content\/uploads\/2021\/06\/almhausklippitz14-768x512.jpg 768w, https:\/\/www.klippitz.at\/sommer\/wp-content\/uploads\/2021\/06\/almhausklippitz14-705x470.jpg 705w, https:\/\/www.klippitz.at\/sommer\/wp-content\/uploads\/2021\/06\/almhausklippitz14.jpg 1280w\" data-sizes=\"(max-width: 1030px) 100vw, 1030px\" data-rel='gallery-1' data-prev-img='https:\/\/www.klippitz.at\/sommer\/wp-content\/uploads\/2021\/06\/almhausklippitz14-495x400.jpg' class='lightbox ' data-onclick='11' title='Voll ausgestattete K\u00fcche'  itemprop=\"thumbnailUrl\"  ><img decoding=\"async\" fetchpriority=\"high\" class=\"wp-image-2856 avia-img-lazy-loading-not-2856\"  data-avia-tooltip='Voll ausgestattete K\u00fcche' src=\"https:\/\/www.klippitz.at\/sommer\/wp-content\/uploads\/2021\/06\/almhausklippitz14-495x400.jpg\" width=\"495\" height=\"400\"  title='almhausklippitz14' alt='' srcset=\"https:\/\/www.klippitz.at\/sommer\/wp-content\/uploads\/2021\/06\/almhausklippitz14-495x400.jpg 495w, https:\/\/www.klippitz.at\/sommer\/wp-content\/uploads\/2021\/06\/almhausklippitz14-845x684.jpg 845w\" sizes=\"(max-width: 495px) 100vw, 495px\" \/><div class='big-prev-fake'><img decoding=\"async\" loading=\"lazy\" class=\"wp-image-2856 avia-img-lazy-loading-2856\"  width=\"495\" height=\"400\" src=\"https:\/\/www.klippitz.at\/sommer\/wp-content\/uploads\/2021\/06\/almhausklippitz14-495x400.jpg\" title='almhausklippitz14' alt='' srcset=\"https:\/\/www.klippitz.at\/sommer\/wp-content\/uploads\/2021\/06\/almhausklippitz14-495x400.jpg 495w, https:\/\/www.klippitz.at\/sommer\/wp-content\/uploads\/2021\/06\/almhausklippitz14-845x684.jpg 845w\" sizes=\"auto, (max-width: 495px) 100vw, 495px\" \/><\/div><\/a><a href=\"https:\/\/www.klippitz.at\/sommer\/wp-content\/uploads\/2021\/06\/almhausklippitz30-1030x686.jpg\" data-srcset=\"https:\/\/www.klippitz.at\/sommer\/wp-content\/uploads\/2021\/06\/almhausklippitz30-1030x686.jpg 1030w, https:\/\/www.klippitz.at\/sommer\/wp-content\/uploads\/2021\/06\/almhausklippitz30-300x200.jpg 300w, https:\/\/www.klippitz.at\/sommer\/wp-content\/uploads\/2021\/06\/almhausklippitz30-768x512.jpg 768w, https:\/\/www.klippitz.at\/sommer\/wp-content\/uploads\/2021\/06\/almhausklippitz30-705x470.jpg 705w, https:\/\/www.klippitz.at\/sommer\/wp-content\/uploads\/2021\/06\/almhausklippitz30.jpg 1280w\" data-sizes=\"(max-width: 1030px) 100vw, 1030px\" data-rel='gallery-1' data-prev-img='https:\/\/www.klippitz.at\/sommer\/wp-content\/uploads\/2021\/06\/almhausklippitz30-495x400.jpg' class='lightbox ' data-onclick='12' title='Voll ausgestattete K\u00fcche'  itemprop=\"thumbnailUrl\"  ><img decoding=\"async\" fetchpriority=\"high\" class=\"wp-image-2871 avia-img-lazy-loading-not-2871\"  data-avia-tooltip='Voll ausgestattete K\u00fcche' src=\"https:\/\/www.klippitz.at\/sommer\/wp-content\/uploads\/2021\/06\/almhausklippitz30-495x400.jpg\" width=\"495\" height=\"400\"  title='almhausklippitz30' alt='' srcset=\"https:\/\/www.klippitz.at\/sommer\/wp-content\/uploads\/2021\/06\/almhausklippitz30-495x400.jpg 495w, https:\/\/www.klippitz.at\/sommer\/wp-content\/uploads\/2021\/06\/almhausklippitz30-845x684.jpg 845w\" sizes=\"(max-width: 495px) 100vw, 495px\" \/><div class='big-prev-fake'><img decoding=\"async\" loading=\"lazy\" class=\"wp-image-2871 avia-img-lazy-loading-2871\"  width=\"495\" height=\"400\" src=\"https:\/\/www.klippitz.at\/sommer\/wp-content\/uploads\/2021\/06\/almhausklippitz30-495x400.jpg\" title='almhausklippitz30' alt='' srcset=\"https:\/\/www.klippitz.at\/sommer\/wp-content\/uploads\/2021\/06\/almhausklippitz30-495x400.jpg 495w, https:\/\/www.klippitz.at\/sommer\/wp-content\/uploads\/2021\/06\/almhausklippitz30-845x684.jpg 845w\" sizes=\"auto, (max-width: 495px) 100vw, 495px\" \/><\/div><\/a><a href=\"https:\/\/www.klippitz.at\/sommer\/wp-content\/uploads\/2021\/06\/almhausklippitz23-1030x686.jpg\" data-srcset=\"https:\/\/www.klippitz.at\/sommer\/wp-content\/uploads\/2021\/06\/almhausklippitz23-1030x686.jpg 1030w, https:\/\/www.klippitz.at\/sommer\/wp-content\/uploads\/2021\/06\/almhausklippitz23-300x200.jpg 300w, https:\/\/www.klippitz.at\/sommer\/wp-content\/uploads\/2021\/06\/almhausklippitz23-768x512.jpg 768w, https:\/\/www.klippitz.at\/sommer\/wp-content\/uploads\/2021\/06\/almhausklippitz23-705x470.jpg 705w, https:\/\/www.klippitz.at\/sommer\/wp-content\/uploads\/2021\/06\/almhausklippitz23.jpg 1280w\" data-sizes=\"(max-width: 1030px) 100vw, 1030px\" data-rel='gallery-1' data-prev-img='https:\/\/www.klippitz.at\/sommer\/wp-content\/uploads\/2021\/06\/almhausklippitz23-495x400.jpg' class='first_thumb lightbox ' data-onclick='13' title='Esstisch am Kachelofen'  itemprop=\"thumbnailUrl\"  ><img decoding=\"async\" fetchpriority=\"high\" class=\"wp-image-2864 avia-img-lazy-loading-not-2864\"  data-avia-tooltip='Esstisch am Kachelofen' src=\"https:\/\/www.klippitz.at\/sommer\/wp-content\/uploads\/2021\/06\/almhausklippitz23-495x400.jpg\" width=\"495\" height=\"400\"  title='almhausklippitz23' alt='' srcset=\"https:\/\/www.klippitz.at\/sommer\/wp-content\/uploads\/2021\/06\/almhausklippitz23-495x400.jpg 495w, https:\/\/www.klippitz.at\/sommer\/wp-content\/uploads\/2021\/06\/almhausklippitz23-845x684.jpg 845w\" sizes=\"(max-width: 495px) 100vw, 495px\" \/><div class='big-prev-fake'><img decoding=\"async\" loading=\"lazy\" class=\"wp-image-2864 avia-img-lazy-loading-2864\"  width=\"495\" height=\"400\" src=\"https:\/\/www.klippitz.at\/sommer\/wp-content\/uploads\/2021\/06\/almhausklippitz23-495x400.jpg\" title='almhausklippitz23' alt='' srcset=\"https:\/\/www.klippitz.at\/sommer\/wp-content\/uploads\/2021\/06\/almhausklippitz23-495x400.jpg 495w, https:\/\/www.klippitz.at\/sommer\/wp-content\/uploads\/2021\/06\/almhausklippitz23-845x684.jpg 845w\" sizes=\"auto, (max-width: 495px) 100vw, 495px\" \/><\/div><\/a><a href=\"https:\/\/www.klippitz.at\/sommer\/wp-content\/uploads\/2021\/06\/almhausklippitz22-1030x686.jpg\" data-srcset=\"https:\/\/www.klippitz.at\/sommer\/wp-content\/uploads\/2021\/06\/almhausklippitz22-1030x686.jpg 1030w, https:\/\/www.klippitz.at\/sommer\/wp-content\/uploads\/2021\/06\/almhausklippitz22-300x200.jpg 300w, https:\/\/www.klippitz.at\/sommer\/wp-content\/uploads\/2021\/06\/almhausklippitz22-768x512.jpg 768w, https:\/\/www.klippitz.at\/sommer\/wp-content\/uploads\/2021\/06\/almhausklippitz22-705x470.jpg 705w, https:\/\/www.klippitz.at\/sommer\/wp-content\/uploads\/2021\/06\/almhausklippitz22.jpg 1280w\" data-sizes=\"(max-width: 1030px) 100vw, 1030px\" data-rel='gallery-1' data-prev-img='https:\/\/www.klippitz.at\/sommer\/wp-content\/uploads\/2021\/06\/almhausklippitz22-495x400.jpg' class='lightbox ' data-onclick='14' title='Gro\u00dfer Esstisch'  itemprop=\"thumbnailUrl\"  ><img decoding=\"async\" fetchpriority=\"high\" class=\"wp-image-2863 avia-img-lazy-loading-not-2863\"  data-avia-tooltip='Gro\u00dfer Esstisch' src=\"https:\/\/www.klippitz.at\/sommer\/wp-content\/uploads\/2021\/06\/almhausklippitz22-495x400.jpg\" width=\"495\" height=\"400\"  title='almhausklippitz22' alt='' srcset=\"https:\/\/www.klippitz.at\/sommer\/wp-content\/uploads\/2021\/06\/almhausklippitz22-495x400.jpg 495w, https:\/\/www.klippitz.at\/sommer\/wp-content\/uploads\/2021\/06\/almhausklippitz22-845x684.jpg 845w\" sizes=\"(max-width: 495px) 100vw, 495px\" \/><div class='big-prev-fake'><img decoding=\"async\" loading=\"lazy\" class=\"wp-image-2863 avia-img-lazy-loading-2863\"  width=\"495\" height=\"400\" src=\"https:\/\/www.klippitz.at\/sommer\/wp-content\/uploads\/2021\/06\/almhausklippitz22-495x400.jpg\" title='almhausklippitz22' alt='' srcset=\"https:\/\/www.klippitz.at\/sommer\/wp-content\/uploads\/2021\/06\/almhausklippitz22-495x400.jpg 495w, https:\/\/www.klippitz.at\/sommer\/wp-content\/uploads\/2021\/06\/almhausklippitz22-845x684.jpg 845w\" sizes=\"auto, (max-width: 495px) 100vw, 495px\" \/><\/div><\/a><a href=\"https:\/\/www.klippitz.at\/sommer\/wp-content\/uploads\/2021\/06\/almhausklippitz17-1030x686.jpg\" data-srcset=\"https:\/\/www.klippitz.at\/sommer\/wp-content\/uploads\/2021\/06\/almhausklippitz17-1030x686.jpg 1030w, https:\/\/www.klippitz.at\/sommer\/wp-content\/uploads\/2021\/06\/almhausklippitz17-300x200.jpg 300w, https:\/\/www.klippitz.at\/sommer\/wp-content\/uploads\/2021\/06\/almhausklippitz17-768x512.jpg 768w, https:\/\/www.klippitz.at\/sommer\/wp-content\/uploads\/2021\/06\/almhausklippitz17-705x470.jpg 705w, https:\/\/www.klippitz.at\/sommer\/wp-content\/uploads\/2021\/06\/almhausklippitz17.jpg 1280w\" data-sizes=\"(max-width: 1030px) 100vw, 1030px\" data-rel='gallery-1' data-prev-img='https:\/\/www.klippitz.at\/sommer\/wp-content\/uploads\/2021\/06\/almhausklippitz17-495x400.jpg' class='lightbox ' data-onclick='15' title='Schlafzimmer'  itemprop=\"thumbnailUrl\"  ><img decoding=\"async\" fetchpriority=\"high\" class=\"wp-image-2859 avia-img-lazy-loading-not-2859\"  data-avia-tooltip='Schlafzimmer' src=\"https:\/\/www.klippitz.at\/sommer\/wp-content\/uploads\/2021\/06\/almhausklippitz17-495x400.jpg\" width=\"495\" height=\"400\"  title='almhausklippitz17' alt='' srcset=\"https:\/\/www.klippitz.at\/sommer\/wp-content\/uploads\/2021\/06\/almhausklippitz17-495x400.jpg 495w, https:\/\/www.klippitz.at\/sommer\/wp-content\/uploads\/2021\/06\/almhausklippitz17-845x684.jpg 845w\" sizes=\"(max-width: 495px) 100vw, 495px\" \/><div class='big-prev-fake'><img decoding=\"async\" loading=\"lazy\" class=\"wp-image-2859 avia-img-lazy-loading-2859\"  width=\"495\" height=\"400\" src=\"https:\/\/www.klippitz.at\/sommer\/wp-content\/uploads\/2021\/06\/almhausklippitz17-495x400.jpg\" title='almhausklippitz17' alt='' srcset=\"https:\/\/www.klippitz.at\/sommer\/wp-content\/uploads\/2021\/06\/almhausklippitz17-495x400.jpg 495w, https:\/\/www.klippitz.at\/sommer\/wp-content\/uploads\/2021\/06\/almhausklippitz17-845x684.jpg 845w\" sizes=\"auto, (max-width: 495px) 100vw, 495px\" \/><\/div><\/a><a href=\"https:\/\/www.klippitz.at\/sommer\/wp-content\/uploads\/2021\/06\/almhausklippitz20-1030x686.jpg\" data-srcset=\"https:\/\/www.klippitz.at\/sommer\/wp-content\/uploads\/2021\/06\/almhausklippitz20-1030x686.jpg 1030w, https:\/\/www.klippitz.at\/sommer\/wp-content\/uploads\/2021\/06\/almhausklippitz20-300x200.jpg 300w, https:\/\/www.klippitz.at\/sommer\/wp-content\/uploads\/2021\/06\/almhausklippitz20-768x512.jpg 768w, https:\/\/www.klippitz.at\/sommer\/wp-content\/uploads\/2021\/06\/almhausklippitz20-705x470.jpg 705w, https:\/\/www.klippitz.at\/sommer\/wp-content\/uploads\/2021\/06\/almhausklippitz20.jpg 1280w\" data-sizes=\"(max-width: 1030px) 100vw, 1030px\" data-rel='gallery-1' data-prev-img='https:\/\/www.klippitz.at\/sommer\/wp-content\/uploads\/2021\/06\/almhausklippitz20-495x400.jpg' class='lightbox ' data-onclick='16' title='Schlafzimmer'  itemprop=\"thumbnailUrl\"  ><img decoding=\"async\" fetchpriority=\"high\" class=\"wp-image-2861 avia-img-lazy-loading-not-2861\"  data-avia-tooltip='Schlafzimmer' src=\"https:\/\/www.klippitz.at\/sommer\/wp-content\/uploads\/2021\/06\/almhausklippitz20-495x400.jpg\" width=\"495\" height=\"400\"  title='almhausklippitz20' alt='' srcset=\"https:\/\/www.klippitz.at\/sommer\/wp-content\/uploads\/2021\/06\/almhausklippitz20-495x400.jpg 495w, https:\/\/www.klippitz.at\/sommer\/wp-content\/uploads\/2021\/06\/almhausklippitz20-845x684.jpg 845w\" sizes=\"(max-width: 495px) 100vw, 495px\" \/><div class='big-prev-fake'><img decoding=\"async\" loading=\"lazy\" class=\"wp-image-2861 avia-img-lazy-loading-2861\"  width=\"495\" height=\"400\" src=\"https:\/\/www.klippitz.at\/sommer\/wp-content\/uploads\/2021\/06\/almhausklippitz20-495x400.jpg\" title='almhausklippitz20' alt='' srcset=\"https:\/\/www.klippitz.at\/sommer\/wp-content\/uploads\/2021\/06\/almhausklippitz20-495x400.jpg 495w, https:\/\/www.klippitz.at\/sommer\/wp-content\/uploads\/2021\/06\/almhausklippitz20-845x684.jpg 845w\" sizes=\"auto, (max-width: 495px) 100vw, 495px\" \/><\/div><\/a><a href=\"https:\/\/www.klippitz.at\/sommer\/wp-content\/uploads\/2021\/06\/almhausklippitz25-1030x686.jpg\" data-srcset=\"https:\/\/www.klippitz.at\/sommer\/wp-content\/uploads\/2021\/06\/almhausklippitz25-1030x686.jpg 1030w, https:\/\/www.klippitz.at\/sommer\/wp-content\/uploads\/2021\/06\/almhausklippitz25-300x200.jpg 300w, https:\/\/www.klippitz.at\/sommer\/wp-content\/uploads\/2021\/06\/almhausklippitz25-768x512.jpg 768w, https:\/\/www.klippitz.at\/sommer\/wp-content\/uploads\/2021\/06\/almhausklippitz25-705x470.jpg 705w, https:\/\/www.klippitz.at\/sommer\/wp-content\/uploads\/2021\/06\/almhausklippitz25.jpg 1280w\" data-sizes=\"(max-width: 1030px) 100vw, 1030px\" data-rel='gallery-1' data-prev-img='https:\/\/www.klippitz.at\/sommer\/wp-content\/uploads\/2021\/06\/almhausklippitz25-495x400.jpg' class='lightbox ' data-onclick='17' title='Schlafzimmer'  itemprop=\"thumbnailUrl\"  ><img decoding=\"async\" fetchpriority=\"high\" class=\"wp-image-2866 avia-img-lazy-loading-not-2866\"  data-avia-tooltip='Schlafzimmer' src=\"https:\/\/www.klippitz.at\/sommer\/wp-content\/uploads\/2021\/06\/almhausklippitz25-495x400.jpg\" width=\"495\" height=\"400\"  title='almhausklippitz25' alt='' srcset=\"https:\/\/www.klippitz.at\/sommer\/wp-content\/uploads\/2021\/06\/almhausklippitz25-495x400.jpg 495w, https:\/\/www.klippitz.at\/sommer\/wp-content\/uploads\/2021\/06\/almhausklippitz25-845x684.jpg 845w\" sizes=\"(max-width: 495px) 100vw, 495px\" \/><div class='big-prev-fake'><img decoding=\"async\" loading=\"lazy\" class=\"wp-image-2866 avia-img-lazy-loading-2866\"  width=\"495\" height=\"400\" src=\"https:\/\/www.klippitz.at\/sommer\/wp-content\/uploads\/2021\/06\/almhausklippitz25-495x400.jpg\" title='almhausklippitz25' alt='' srcset=\"https:\/\/www.klippitz.at\/sommer\/wp-content\/uploads\/2021\/06\/almhausklippitz25-495x400.jpg 495w, https:\/\/www.klippitz.at\/sommer\/wp-content\/uploads\/2021\/06\/almhausklippitz25-845x684.jpg 845w\" sizes=\"auto, (max-width: 495px) 100vw, 495px\" \/><\/div><\/a><a href=\"https:\/\/www.klippitz.at\/sommer\/wp-content\/uploads\/2021\/06\/almhausklippitz26-1030x686.jpg\" data-srcset=\"https:\/\/www.klippitz.at\/sommer\/wp-content\/uploads\/2021\/06\/almhausklippitz26-1030x686.jpg 1030w, https:\/\/www.klippitz.at\/sommer\/wp-content\/uploads\/2021\/06\/almhausklippitz26-300x200.jpg 300w, https:\/\/www.klippitz.at\/sommer\/wp-content\/uploads\/2021\/06\/almhausklippitz26-768x512.jpg 768w, https:\/\/www.klippitz.at\/sommer\/wp-content\/uploads\/2021\/06\/almhausklippitz26-705x470.jpg 705w, https:\/\/www.klippitz.at\/sommer\/wp-content\/uploads\/2021\/06\/almhausklippitz26.jpg 1280w\" data-sizes=\"(max-width: 1030px) 100vw, 1030px\" data-rel='gallery-1' data-prev-img='https:\/\/www.klippitz.at\/sommer\/wp-content\/uploads\/2021\/06\/almhausklippitz26-495x400.jpg' class='lightbox ' data-onclick='18' title='Schlafzimmer'  itemprop=\"thumbnailUrl\"  ><img decoding=\"async\" fetchpriority=\"high\" class=\"wp-image-2867 avia-img-lazy-loading-not-2867\"  data-avia-tooltip='Schlafzimmer' src=\"https:\/\/www.klippitz.at\/sommer\/wp-content\/uploads\/2021\/06\/almhausklippitz26-495x400.jpg\" width=\"495\" height=\"400\"  title='almhausklippitz26' alt='' srcset=\"https:\/\/www.klippitz.at\/sommer\/wp-content\/uploads\/2021\/06\/almhausklippitz26-495x400.jpg 495w, https:\/\/www.klippitz.at\/sommer\/wp-content\/uploads\/2021\/06\/almhausklippitz26-845x684.jpg 845w\" sizes=\"(max-width: 495px) 100vw, 495px\" \/><div class='big-prev-fake'><img decoding=\"async\" loading=\"lazy\" class=\"wp-image-2867 avia-img-lazy-loading-2867\"  width=\"495\" height=\"400\" src=\"https:\/\/www.klippitz.at\/sommer\/wp-content\/uploads\/2021\/06\/almhausklippitz26-495x400.jpg\" title='almhausklippitz26' alt='' srcset=\"https:\/\/www.klippitz.at\/sommer\/wp-content\/uploads\/2021\/06\/almhausklippitz26-495x400.jpg 495w, https:\/\/www.klippitz.at\/sommer\/wp-content\/uploads\/2021\/06\/almhausklippitz26-845x684.jpg 845w\" sizes=\"auto, (max-width: 495px) 100vw, 495px\" \/><\/div><\/a><a href=\"https:\/\/www.klippitz.at\/sommer\/wp-content\/uploads\/2021\/06\/almhausklippitz28-1030x686.jpg\" data-srcset=\"https:\/\/www.klippitz.at\/sommer\/wp-content\/uploads\/2021\/06\/almhausklippitz28-1030x686.jpg 1030w, https:\/\/www.klippitz.at\/sommer\/wp-content\/uploads\/2021\/06\/almhausklippitz28-300x200.jpg 300w, https:\/\/www.klippitz.at\/sommer\/wp-content\/uploads\/2021\/06\/almhausklippitz28-768x512.jpg 768w, https:\/\/www.klippitz.at\/sommer\/wp-content\/uploads\/2021\/06\/almhausklippitz28-705x470.jpg 705w, https:\/\/www.klippitz.at\/sommer\/wp-content\/uploads\/2021\/06\/almhausklippitz28.jpg 1280w\" data-sizes=\"(max-width: 1030px) 100vw, 1030px\" data-rel='gallery-1' data-prev-img='https:\/\/www.klippitz.at\/sommer\/wp-content\/uploads\/2021\/06\/almhausklippitz28-495x400.jpg' class='first_thumb lightbox ' data-onclick='19' title='Schlafzimmer'  itemprop=\"thumbnailUrl\"  ><img decoding=\"async\" fetchpriority=\"high\" class=\"wp-image-2869 avia-img-lazy-loading-not-2869\"  data-avia-tooltip='Schlafzimmer' src=\"https:\/\/www.klippitz.at\/sommer\/wp-content\/uploads\/2021\/06\/almhausklippitz28-495x400.jpg\" width=\"495\" height=\"400\"  title='almhausklippitz28' alt='' srcset=\"https:\/\/www.klippitz.at\/sommer\/wp-content\/uploads\/2021\/06\/almhausklippitz28-495x400.jpg 495w, https:\/\/www.klippitz.at\/sommer\/wp-content\/uploads\/2021\/06\/almhausklippitz28-845x684.jpg 845w\" sizes=\"(max-width: 495px) 100vw, 495px\" \/><div class='big-prev-fake'><img decoding=\"async\" loading=\"lazy\" class=\"wp-image-2869 avia-img-lazy-loading-2869\"  width=\"495\" height=\"400\" src=\"https:\/\/www.klippitz.at\/sommer\/wp-content\/uploads\/2021\/06\/almhausklippitz28-495x400.jpg\" title='almhausklippitz28' alt='' srcset=\"https:\/\/www.klippitz.at\/sommer\/wp-content\/uploads\/2021\/06\/almhausklippitz28-495x400.jpg 495w, https:\/\/www.klippitz.at\/sommer\/wp-content\/uploads\/2021\/06\/almhausklippitz28-845x684.jpg 845w\" sizes=\"auto, (max-width: 495px) 100vw, 495px\" \/><\/div><\/a><a href=\"https:\/\/www.klippitz.at\/sommer\/wp-content\/uploads\/2021\/06\/almhausklippitz29-1030x686.jpg\" data-srcset=\"https:\/\/www.klippitz.at\/sommer\/wp-content\/uploads\/2021\/06\/almhausklippitz29-1030x686.jpg 1030w, https:\/\/www.klippitz.at\/sommer\/wp-content\/uploads\/2021\/06\/almhausklippitz29-300x200.jpg 300w, https:\/\/www.klippitz.at\/sommer\/wp-content\/uploads\/2021\/06\/almhausklippitz29-768x512.jpg 768w, https:\/\/www.klippitz.at\/sommer\/wp-content\/uploads\/2021\/06\/almhausklippitz29-705x470.jpg 705w, https:\/\/www.klippitz.at\/sommer\/wp-content\/uploads\/2021\/06\/almhausklippitz29.jpg 1280w\" data-sizes=\"(max-width: 1030px) 100vw, 1030px\" data-rel='gallery-1' data-prev-img='https:\/\/www.klippitz.at\/sommer\/wp-content\/uploads\/2021\/06\/almhausklippitz29-495x400.jpg' class='lightbox ' data-onclick='20' title='Schlafzimmer'  itemprop=\"thumbnailUrl\"  ><img decoding=\"async\" fetchpriority=\"high\" class=\"wp-image-2870 avia-img-lazy-loading-not-2870\"  data-avia-tooltip='Schlafzimmer' src=\"https:\/\/www.klippitz.at\/sommer\/wp-content\/uploads\/2021\/06\/almhausklippitz29-495x400.jpg\" width=\"495\" height=\"400\"  title='almhausklippitz29' alt='' srcset=\"https:\/\/www.klippitz.at\/sommer\/wp-content\/uploads\/2021\/06\/almhausklippitz29-495x400.jpg 495w, https:\/\/www.klippitz.at\/sommer\/wp-content\/uploads\/2021\/06\/almhausklippitz29-845x684.jpg 845w\" sizes=\"(max-width: 495px) 100vw, 495px\" \/><div class='big-prev-fake'><img decoding=\"async\" loading=\"lazy\" class=\"wp-image-2870 avia-img-lazy-loading-2870\"  width=\"495\" height=\"400\" src=\"https:\/\/www.klippitz.at\/sommer\/wp-content\/uploads\/2021\/06\/almhausklippitz29-495x400.jpg\" title='almhausklippitz29' alt='' srcset=\"https:\/\/www.klippitz.at\/sommer\/wp-content\/uploads\/2021\/06\/almhausklippitz29-495x400.jpg 495w, https:\/\/www.klippitz.at\/sommer\/wp-content\/uploads\/2021\/06\/almhausklippitz29-845x684.jpg 845w\" sizes=\"auto, (max-width: 495px) 100vw, 495px\" \/><\/div><\/a><a href=\"https:\/\/www.klippitz.at\/sommer\/wp-content\/uploads\/2021\/06\/almhausklippitz24-1030x686.jpg\" data-srcset=\"https:\/\/www.klippitz.at\/sommer\/wp-content\/uploads\/2021\/06\/almhausklippitz24-1030x686.jpg 1030w, https:\/\/www.klippitz.at\/sommer\/wp-content\/uploads\/2021\/06\/almhausklippitz24-300x200.jpg 300w, https:\/\/www.klippitz.at\/sommer\/wp-content\/uploads\/2021\/06\/almhausklippitz24-768x512.jpg 768w, https:\/\/www.klippitz.at\/sommer\/wp-content\/uploads\/2021\/06\/almhausklippitz24-705x470.jpg 705w, https:\/\/www.klippitz.at\/sommer\/wp-content\/uploads\/2021\/06\/almhausklippitz24.jpg 1280w\" data-sizes=\"(max-width: 1030px) 100vw, 1030px\" data-rel='gallery-1' data-prev-img='https:\/\/www.klippitz.at\/sommer\/wp-content\/uploads\/2021\/06\/almhausklippitz24-495x400.jpg' class='lightbox ' data-onclick='21' title='separates WC'  itemprop=\"thumbnailUrl\"  ><img decoding=\"async\" fetchpriority=\"high\" class=\"wp-image-2865 avia-img-lazy-loading-not-2865\"  data-avia-tooltip='separates WC' src=\"https:\/\/www.klippitz.at\/sommer\/wp-content\/uploads\/2021\/06\/almhausklippitz24-495x400.jpg\" width=\"495\" height=\"400\"  title='almhausklippitz24' alt='' srcset=\"https:\/\/www.klippitz.at\/sommer\/wp-content\/uploads\/2021\/06\/almhausklippitz24-495x400.jpg 495w, https:\/\/www.klippitz.at\/sommer\/wp-content\/uploads\/2021\/06\/almhausklippitz24-845x684.jpg 845w\" sizes=\"(max-width: 495px) 100vw, 495px\" \/><div class='big-prev-fake'><img decoding=\"async\" loading=\"lazy\" class=\"wp-image-2865 avia-img-lazy-loading-2865\"  width=\"495\" height=\"400\" src=\"https:\/\/www.klippitz.at\/sommer\/wp-content\/uploads\/2021\/06\/almhausklippitz24-495x400.jpg\" title='almhausklippitz24' alt='' srcset=\"https:\/\/www.klippitz.at\/sommer\/wp-content\/uploads\/2021\/06\/almhausklippitz24-495x400.jpg 495w, https:\/\/www.klippitz.at\/sommer\/wp-content\/uploads\/2021\/06\/almhausklippitz24-845x684.jpg 845w\" sizes=\"auto, (max-width: 495px) 100vw, 495px\" \/><\/div><\/a><a href=\"https:\/\/www.klippitz.at\/sommer\/wp-content\/uploads\/2021\/06\/almhausklippitz31-1030x686.jpg\" data-srcset=\"https:\/\/www.klippitz.at\/sommer\/wp-content\/uploads\/2021\/06\/almhausklippitz31-1030x686.jpg 1030w, https:\/\/www.klippitz.at\/sommer\/wp-content\/uploads\/2021\/06\/almhausklippitz31-300x200.jpg 300w, https:\/\/www.klippitz.at\/sommer\/wp-content\/uploads\/2021\/06\/almhausklippitz31-768x512.jpg 768w, https:\/\/www.klippitz.at\/sommer\/wp-content\/uploads\/2021\/06\/almhausklippitz31-705x470.jpg 705w, https:\/\/www.klippitz.at\/sommer\/wp-content\/uploads\/2021\/06\/almhausklippitz31.jpg 1280w\" data-sizes=\"(max-width: 1030px) 100vw, 1030px\" data-rel='gallery-1' data-prev-img='https:\/\/www.klippitz.at\/sommer\/wp-content\/uploads\/2021\/06\/almhausklippitz31-495x400.jpg' class='lightbox ' data-onclick='22' title='Badezimmer'  itemprop=\"thumbnailUrl\"  ><img decoding=\"async\" fetchpriority=\"high\" class=\"wp-image-2872 avia-img-lazy-loading-not-2872\"  data-avia-tooltip='Badezimmer' src=\"https:\/\/www.klippitz.at\/sommer\/wp-content\/uploads\/2021\/06\/almhausklippitz31-495x400.jpg\" width=\"495\" height=\"400\"  title='almhausklippitz31' alt='' srcset=\"https:\/\/www.klippitz.at\/sommer\/wp-content\/uploads\/2021\/06\/almhausklippitz31-495x400.jpg 495w, https:\/\/www.klippitz.at\/sommer\/wp-content\/uploads\/2021\/06\/almhausklippitz31-845x684.jpg 845w\" sizes=\"(max-width: 495px) 100vw, 495px\" \/><div class='big-prev-fake'><img decoding=\"async\" loading=\"lazy\" class=\"wp-image-2872 avia-img-lazy-loading-2872\"  width=\"495\" height=\"400\" src=\"https:\/\/www.klippitz.at\/sommer\/wp-content\/uploads\/2021\/06\/almhausklippitz31-495x400.jpg\" title='almhausklippitz31' alt='' srcset=\"https:\/\/www.klippitz.at\/sommer\/wp-content\/uploads\/2021\/06\/almhausklippitz31-495x400.jpg 495w, https:\/\/www.klippitz.at\/sommer\/wp-content\/uploads\/2021\/06\/almhausklippitz31-845x684.jpg 845w\" sizes=\"auto, (max-width: 495px) 100vw, 495px\" \/><\/div><\/a><a href=\"https:\/\/www.klippitz.at\/sommer\/wp-content\/uploads\/2021\/06\/almhausklippitz35-1030x686.jpg\" data-srcset=\"https:\/\/www.klippitz.at\/sommer\/wp-content\/uploads\/2021\/06\/almhausklippitz35-1030x686.jpg 1030w, https:\/\/www.klippitz.at\/sommer\/wp-content\/uploads\/2021\/06\/almhausklippitz35-300x200.jpg 300w, https:\/\/www.klippitz.at\/sommer\/wp-content\/uploads\/2021\/06\/almhausklippitz35-768x512.jpg 768w, https:\/\/www.klippitz.at\/sommer\/wp-content\/uploads\/2021\/06\/almhausklippitz35-705x470.jpg 705w, https:\/\/www.klippitz.at\/sommer\/wp-content\/uploads\/2021\/06\/almhausklippitz35.jpg 1280w\" data-sizes=\"(max-width: 1030px) 100vw, 1030px\" data-rel='gallery-1' data-prev-img='https:\/\/www.klippitz.at\/sommer\/wp-content\/uploads\/2021\/06\/almhausklippitz35-495x400.jpg' class='lightbox ' data-onclick='23' title='Badezimmer'  itemprop=\"thumbnailUrl\"  ><img decoding=\"async\" fetchpriority=\"high\" class=\"wp-image-2876 avia-img-lazy-loading-not-2876\"  data-avia-tooltip='Badezimmer' src=\"https:\/\/www.klippitz.at\/sommer\/wp-content\/uploads\/2021\/06\/almhausklippitz35-495x400.jpg\" width=\"495\" height=\"400\"  title='almhausklippitz35' alt='' srcset=\"https:\/\/www.klippitz.at\/sommer\/wp-content\/uploads\/2021\/06\/almhausklippitz35-495x400.jpg 495w, https:\/\/www.klippitz.at\/sommer\/wp-content\/uploads\/2021\/06\/almhausklippitz35-845x684.jpg 845w\" sizes=\"(max-width: 495px) 100vw, 495px\" \/><div class='big-prev-fake'><img decoding=\"async\" loading=\"lazy\" class=\"wp-image-2876 avia-img-lazy-loading-2876\"  width=\"495\" height=\"400\" src=\"https:\/\/www.klippitz.at\/sommer\/wp-content\/uploads\/2021\/06\/almhausklippitz35-495x400.jpg\" title='almhausklippitz35' alt='' srcset=\"https:\/\/www.klippitz.at\/sommer\/wp-content\/uploads\/2021\/06\/almhausklippitz35-495x400.jpg 495w, https:\/\/www.klippitz.at\/sommer\/wp-content\/uploads\/2021\/06\/almhausklippitz35-845x684.jpg 845w\" sizes=\"auto, (max-width: 495px) 100vw, 495px\" \/><\/div><\/a><\/div><\/div>\n<\/div><\/div><\/main><!-- close content main element --><\/div><\/div><div id='after_section_1'  class='main_color av_default_container_wrap container_wrap sidebar_right'  ><div class='container av-section-cont-open' ><div class='template-page content  av-content-small alpha units'><div class='post-entry post-entry-type-page post-entry-2841'><div class='entry-content-wrapper clearfix'>\n","protected":false},"excerpt":{"rendered":"","protected":false},"author":3,"featured_media":2846,"template":"","meta":{"footnotes":""},"tags":[],"portfolio_entries":[6],"class_list":["post-2841","portfolio","type-portfolio","status-publish","has-post-thumbnail","hentry","portfolio_entries-appartments-ferienhaeuser-de"],"yoast_head":"<!-- This site is optimized with the Yoast SEO plugin v26.8 - https:\/\/yoast.com\/product\/yoast-seo-wordpress\/ -->\n<title>Almhaus Klippitz, Klippitzt\u00f6rl, K\u00e4rnten<\/title>\n<meta name=\"description\" content=\"Almhaus Klippitz, Ferienhaus, Klippitzt\u00f6rl, Skigebiet, Chalet, Familienurlaub\" \/>\n<meta name=\"robots\" content=\"index, follow, max-snippet:-1, max-image-preview:large, max-video-preview:-1\" \/>\n<link rel=\"canonical\" href=\"https:\/\/www.klippitz.at\/sommer\/unterkunft\/almhaus-klippitz\/\" \/>\n<meta property=\"og:locale\" content=\"de_DE\" \/>\n<meta property=\"og:type\" content=\"article\" \/>\n<meta property=\"og:title\" content=\"Almhaus Klippitz, Klippitzt\u00f6rl, K\u00e4rnten\" \/>\n<meta property=\"og:description\" content=\"Almhaus Klippitz, Ferienhaus, Klippitzt\u00f6rl, Skigebiet, Chalet, Familienurlaub\" \/>\n<meta property=\"og:url\" content=\"https:\/\/www.klippitz.at\/sommer\/unterkunft\/almhaus-klippitz\/\" \/>\n<meta property=\"og:site_name\" content=\"Schierlebniswelt Klippitzt\u00f6rl\" \/>\n<meta property=\"og:image\" content=\"https:\/\/www.klippitz.at\/sommer\/wp-content\/uploads\/2021\/06\/almhausklippitz04.jpg\" \/>\n\t<meta property=\"og:image:width\" content=\"1280\" \/>\n\t<meta property=\"og:image:height\" content=\"960\" \/>\n\t<meta property=\"og:image:type\" content=\"image\/jpeg\" \/>\n<meta name=\"twitter:label1\" content=\"Gesch\u00e4tzte Lesezeit\" \/>\n\t<meta name=\"twitter:data1\" content=\"2\u00a0Minuten\" \/>\n<script type=\"application\/ld+json\" class=\"yoast-schema-graph\">{\"@context\":\"https:\/\/schema.org\",\"@graph\":[{\"@type\":\"WebPage\",\"@id\":\"https:\/\/www.klippitz.at\/sommer\/unterkunft\/almhaus-klippitz\/\",\"url\":\"https:\/\/www.klippitz.at\/sommer\/unterkunft\/almhaus-klippitz\/\",\"name\":\"Almhaus Klippitz, Klippitzt\u00f6rl, K\u00e4rnten\",\"isPartOf\":{\"@id\":\"https:\/\/www.klippitz.at\/sommer\/#website\"},\"primaryImageOfPage\":{\"@id\":\"https:\/\/www.klippitz.at\/sommer\/unterkunft\/almhaus-klippitz\/#primaryimage\"},\"image\":{\"@id\":\"https:\/\/www.klippitz.at\/sommer\/unterkunft\/almhaus-klippitz\/#primaryimage\"},\"thumbnailUrl\":\"https:\/\/www.klippitz.at\/sommer\/wp-content\/uploads\/2021\/06\/almhausklippitz04.jpg\",\"datePublished\":\"2021-06-19T16:05:59+00:00\",\"description\":\"Almhaus Klippitz, Ferienhaus, Klippitzt\u00f6rl, Skigebiet, Chalet, Familienurlaub\",\"breadcrumb\":{\"@id\":\"https:\/\/www.klippitz.at\/sommer\/unterkunft\/almhaus-klippitz\/#breadcrumb\"},\"inLanguage\":\"de\",\"potentialAction\":[{\"@type\":\"ReadAction\",\"target\":[\"https:\/\/www.klippitz.at\/sommer\/unterkunft\/almhaus-klippitz\/\"]}]},{\"@type\":\"ImageObject\",\"inLanguage\":\"de\",\"@id\":\"https:\/\/www.klippitz.at\/sommer\/unterkunft\/almhaus-klippitz\/#primaryimage\",\"url\":\"https:\/\/www.klippitz.at\/sommer\/wp-content\/uploads\/2021\/06\/almhausklippitz04.jpg\",\"contentUrl\":\"https:\/\/www.klippitz.at\/sommer\/wp-content\/uploads\/2021\/06\/almhausklippitz04.jpg\",\"width\":1280,\"height\":960},{\"@type\":\"BreadcrumbList\",\"@id\":\"https:\/\/www.klippitz.at\/sommer\/unterkunft\/almhaus-klippitz\/#breadcrumb\",\"itemListElement\":[{\"@type\":\"ListItem\",\"position\":1,\"name\":\"Home\",\"item\":\"https:\/\/www.klippitz.at\/sommer\/home\/\"},{\"@type\":\"ListItem\",\"position\":2,\"name\":\"Almhaus Klippitz\"}]},{\"@type\":\"WebSite\",\"@id\":\"https:\/\/www.klippitz.at\/sommer\/#website\",\"url\":\"https:\/\/www.klippitz.at\/sommer\/\",\"name\":\"Schierlebniswelt Klippitzt\u00f6rl\",\"description\":\"Die K\u00e4rntner Schiregion zeigt sich im Sommer von ihrer sch\u00f6nsten Seite\",\"potentialAction\":[{\"@type\":\"SearchAction\",\"target\":{\"@type\":\"EntryPoint\",\"urlTemplate\":\"https:\/\/www.klippitz.at\/sommer\/?s={search_term_string}\"},\"query-input\":{\"@type\":\"PropertyValueSpecification\",\"valueRequired\":true,\"valueName\":\"search_term_string\"}}],\"inLanguage\":\"de\"}]}<\/script>\n<!-- \/ Yoast SEO plugin. -->","yoast_head_json":{"title":"Almhaus Klippitz, Klippitzt\u00f6rl, K\u00e4rnten","description":"Almhaus Klippitz, Ferienhaus, Klippitzt\u00f6rl, Skigebiet, Chalet, Familienurlaub","robots":{"index":"index","follow":"follow","max-snippet":"max-snippet:-1","max-image-preview":"max-image-preview:large","max-video-preview":"max-video-preview:-1"},"canonical":"https:\/\/www.klippitz.at\/sommer\/unterkunft\/almhaus-klippitz\/","og_locale":"de_DE","og_type":"article","og_title":"Almhaus Klippitz, Klippitzt\u00f6rl, K\u00e4rnten","og_description":"Almhaus Klippitz, Ferienhaus, Klippitzt\u00f6rl, Skigebiet, Chalet, Familienurlaub","og_url":"https:\/\/www.klippitz.at\/sommer\/unterkunft\/almhaus-klippitz\/","og_site_name":"Schierlebniswelt Klippitzt\u00f6rl","og_image":[{"width":1280,"height":960,"url":"https:\/\/www.klippitz.at\/sommer\/wp-content\/uploads\/2021\/06\/almhausklippitz04.jpg","type":"image\/jpeg"}],"twitter_misc":{"Gesch\u00e4tzte Lesezeit":"2\u00a0Minuten"},"schema":{"@context":"https:\/\/schema.org","@graph":[{"@type":"WebPage","@id":"https:\/\/www.klippitz.at\/sommer\/unterkunft\/almhaus-klippitz\/","url":"https:\/\/www.klippitz.at\/sommer\/unterkunft\/almhaus-klippitz\/","name":"Almhaus Klippitz, Klippitzt\u00f6rl, K\u00e4rnten","isPartOf":{"@id":"https:\/\/www.klippitz.at\/sommer\/#website"},"primaryImageOfPage":{"@id":"https:\/\/www.klippitz.at\/sommer\/unterkunft\/almhaus-klippitz\/#primaryimage"},"image":{"@id":"https:\/\/www.klippitz.at\/sommer\/unterkunft\/almhaus-klippitz\/#primaryimage"},"thumbnailUrl":"https:\/\/www.klippitz.at\/sommer\/wp-content\/uploads\/2021\/06\/almhausklippitz04.jpg","datePublished":"2021-06-19T16:05:59+00:00","description":"Almhaus Klippitz, Ferienhaus, Klippitzt\u00f6rl, Skigebiet, Chalet, Familienurlaub","breadcrumb":{"@id":"https:\/\/www.klippitz.at\/sommer\/unterkunft\/almhaus-klippitz\/#breadcrumb"},"inLanguage":"de","potentialAction":[{"@type":"ReadAction","target":["https:\/\/www.klippitz.at\/sommer\/unterkunft\/almhaus-klippitz\/"]}]},{"@type":"ImageObject","inLanguage":"de","@id":"https:\/\/www.klippitz.at\/sommer\/unterkunft\/almhaus-klippitz\/#primaryimage","url":"https:\/\/www.klippitz.at\/sommer\/wp-content\/uploads\/2021\/06\/almhausklippitz04.jpg","contentUrl":"https:\/\/www.klippitz.at\/sommer\/wp-content\/uploads\/2021\/06\/almhausklippitz04.jpg","width":1280,"height":960},{"@type":"BreadcrumbList","@id":"https:\/\/www.klippitz.at\/sommer\/unterkunft\/almhaus-klippitz\/#breadcrumb","itemListElement":[{"@type":"ListItem","position":1,"name":"Home","item":"https:\/\/www.klippitz.at\/sommer\/home\/"},{"@type":"ListItem","position":2,"name":"Almhaus Klippitz"}]},{"@type":"WebSite","@id":"https:\/\/www.klippitz.at\/sommer\/#website","url":"https:\/\/www.klippitz.at\/sommer\/","name":"Schierlebniswelt Klippitzt\u00f6rl","description":"Die K\u00e4rntner Schiregion zeigt sich im Sommer von ihrer sch\u00f6nsten Seite","potentialAction":[{"@type":"SearchAction","target":{"@type":"EntryPoint","urlTemplate":"https:\/\/www.klippitz.at\/sommer\/?s={search_term_string}"},"query-input":{"@type":"PropertyValueSpecification","valueRequired":true,"valueName":"search_term_string"}}],"inLanguage":"de"}]}},"_links":{"self":[{"href":"https:\/\/www.klippitz.at\/sommer\/wp-json\/wp\/v2\/portfolio\/2841","targetHints":{"allow":["GET"]}}],"collection":[{"href":"https:\/\/www.klippitz.at\/sommer\/wp-json\/wp\/v2\/portfolio"}],"about":[{"href":"https:\/\/www.klippitz.at\/sommer\/wp-json\/wp\/v2\/types\/portfolio"}],"author":[{"embeddable":true,"href":"https:\/\/www.klippitz.at\/sommer\/wp-json\/wp\/v2\/users\/3"}],"version-history":[{"count":3,"href":"https:\/\/www.klippitz.at\/sommer\/wp-json\/wp\/v2\/portfolio\/2841\/revisions"}],"predecessor-version":[{"id":3426,"href":"https:\/\/www.klippitz.at\/sommer\/wp-json\/wp\/v2\/portfolio\/2841\/revisions\/3426"}],"wp:featuredmedia":[{"embeddable":true,"href":"https:\/\/www.klippitz.at\/sommer\/wp-json\/wp\/v2\/media\/2846"}],"wp:attachment":[{"href":"https:\/\/www.klippitz.at\/sommer\/wp-json\/wp\/v2\/media?parent=2841"}],"wp:term":[{"taxonomy":"post_tag","embeddable":true,"href":"https:\/\/www.klippitz.at\/sommer\/wp-json\/wp\/v2\/tags?post=2841"},{"taxonomy":"portfolio_entries","embeddable":true,"href":"https:\/\/www.klippitz.at\/sommer\/wp-json\/wp\/v2\/portfolio_entries?post=2841"}],"curies":[{"name":"wp","href":"https:\/\/api.w.org\/{rel}","templated":true}]}}