{"id":267,"date":"2015-01-27T10:51:07","date_gmt":"2015-01-27T09:51:07","guid":{"rendered":"http:\/\/www.klippitz.at\/sommer\/?post_type=portfolio&#038;p=267"},"modified":"2015-01-27T10:52:31","modified_gmt":"2015-01-27T09:52:31","slug":"almhuetten-moselebauer","status":"publish","type":"portfolio","link":"https:\/\/www.klippitz.at\/sommer\/unterkunft\/almhuetten-moselebauer\/","title":{"rendered":"Almh\u00fctten Moselebauer"},"content":{"rendered":"<div id='av_section_1'  class='avia-section av-av_section-21359dd7f6cdd7c50f19a4f94b79b7ad main_color avia-section-default avia-no-shadow  avia-builder-el-0  avia-builder-el-no-sibling  avia-bg-style-scroll container_wrap sidebar_right'  ><div class='container av-section-cont-open' ><main  role=\"main\" itemprop=\"mainContentOfPage\"  class='template-page content  av-content-small alpha units'><div class='post-entry post-entry-type-page post-entry-267'><div class='entry-content-wrapper clearfix'>\n<div  class='avia-slideshow av-av_slideshow-3178bdf840c89c7ec9fb795bf6e1db1c avia-slideshow-featured av_slideshow avia-fade-slider  avia-builder-el-1  el_before_av_two_fifth  avia-builder-el-first  av-slideshow-ui av-slideshow-manual av-loop-once av-loop-manual-endless av-default-height-applied avia-slideshow-1' data-slideshow-options=\"{&quot;animation&quot;:&quot;fade&quot;,&quot;autoplay&quot;:false,&quot;loop_autoplay&quot;:&quot;once&quot;,&quot;interval&quot;:5,&quot;loop_manual&quot;:&quot;manual-endless&quot;,&quot;autoplay_stopper&quot;:false,&quot;noNavigation&quot;:false,&quot;bg_slider&quot;:false,&quot;keep_padding&quot;:false,&quot;hoverpause&quot;:false,&quot;show_slide_delay&quot;:0}\"  itemprop=\"image\" itemscope=\"itemscope\" itemtype=\"https:\/\/schema.org\/ImageObject\" ><ul class='avia-slideshow-inner ' style='padding-bottom: 36.702127659574%;'><li  class='avia-slideshow-slide av-av_slideshow-3178bdf840c89c7ec9fb795bf6e1db1c__0  av-single-slide slide-1 slide-odd'><div data-rel='slideshow-1' class='avia-slide-wrap '   ><img decoding=\"async\" fetchpriority=\"high\" class=\"wp-image-268 avia-img-lazy-loading-not-268\"  src=\"https:\/\/www.klippitz.at\/sommer\/wp-content\/uploads\/2015\/01\/Moselebauerhuetten_Unterkunft.jpg\" width=\"940\" height=\"345\" title='SONY DSC' alt=''  itemprop=\"thumbnailUrl\" srcset=\"https:\/\/www.klippitz.at\/sommer\/wp-content\/uploads\/2015\/01\/Moselebauerhuetten_Unterkunft.jpg 940w, https:\/\/www.klippitz.at\/sommer\/wp-content\/uploads\/2015\/01\/Moselebauerhuetten_Unterkunft-300x110.jpg 300w, https:\/\/www.klippitz.at\/sommer\/wp-content\/uploads\/2015\/01\/Moselebauerhuetten_Unterkunft-705x259.jpg 705w, https:\/\/www.klippitz.at\/sommer\/wp-content\/uploads\/2015\/01\/Moselebauerhuetten_Unterkunft-450x165.jpg 450w\" sizes=\"(max-width: 940px) 100vw, 940px\" \/><\/div><\/li><\/ul><div class='av-slideshow-caption av-av_slideshow-3178bdf840c89c7ec9fb795bf6e1db1c__0 avia-caption'><div class=\"avia-inner-caption\"><div class='avia-caption-content '  itemprop=\"description\" ><p>F\u00fcnf Almh\u00fctten f\u00fcr Ihren Traumurlaub!<\/p>\n<\/div><\/div><\/div><\/div>\n<div  class='flex_column av-av_two_fifth-2a9015ff38129c418a3f2eafba3e9512 av_two_fifth  avia-builder-el-2  el_after_av_slideshow  el_before_av_three_fifth  first flex_column_div  '     ><section  class='av_textblock_section av-av_textblock-0366cc7376be6c9e82a3e9cc8987b64f '   itemscope=\"itemscope\" itemtype=\"https:\/\/schema.org\/CreativeWork\" ><div class='avia_textblock'  itemprop=\"text\" ><h2>Information<\/h2>\n<p>F\u00fcnf Almh\u00fctten f\u00fcr Ihren Traumurlaub \u2013 umgeben von Almwiesen, in ruhiger Lage, mit wundersch\u00f6ner Aussicht. Hier k\u00f6nnen Sie herrlich entspannen. Im Sommer ein idealer Ausgangspunkt f\u00fcr Wanderungen. Im Winter schnallen Sie direkt vor der H\u00fctte Ihre Ski an und befinden sich schon mitten im Skigebiet Klippitzt\u00f6rl.<\/p>\n<div>\n<p>Tel.: +43(0)4350-8104<br \/>\nFax: +43(0)4350-8198<br \/>\n<a href=\"mailto:moselebauerhuette@aon.at\">moselebauerhuette@aon.at<br \/>\n<\/a><a href=\"http:\/\/www.moselebauerhuette.at\/\" target=\"_blank\">www.moselebauerhuette.at<\/a><\/p>\n<\/div>\n<\/div><\/section><\/div><div  class='flex_column av-av_three_fifth-1c47c10d9dd6b9bc0b68f292c1cf5942 av_three_fifth  avia-builder-el-4  el_after_av_two_fifth  el_before_av_gallery  flex_column_div  '     ><section  class='av_textblock_section av-av_textblock-0366cc7376be6c9e82a3e9cc8987b64f '   itemscope=\"itemscope\" itemtype=\"https:\/\/schema.org\/CreativeWork\" ><div class='avia_textblock'  itemprop=\"text\" ><h2>In jeder H\u00fctte finden Sie<\/h2>\n<ul>\n<li>f\u00fcnf Doppelzimmer, ein Dreibettzimmer (insgesamt Platz f\u00fcr 13 Personen)<\/li>\n<li>ein gem\u00fctliches Wohnzimmer mit SAT-TV und Schwedenofen<\/li>\n<li>eine K\u00fcche mit Herd inkl. Backr\u00f6hre, Geschirrsp\u00fclmaschine, Kaffeemaschine und Mikrowellenherd<\/li>\n<li>zwei B\u00e4der und eine Sauna<\/li>\n<li>vier Toiletten<\/li>\n<\/ul>\n<p>Auf Wunsch verw\u00f6hnen wir Sie gerne kulinarisch im Restaurant der Moselebauerh\u00fctte.<\/p>\n<\/div><\/section><\/div>\n<style type=\"text\/css\" data-created_by=\"avia_inline_auto\" id=\"style-css-av-av_gallery-bc877742f8a813285b3b3b082002ff81\">\n#top .avia-gallery.av-av_gallery-bc877742f8a813285b3b3b082002ff81 .avia-gallery-thumb a{\nwidth:14.2857%;\n}\n<\/style>\n<div  class='avia-gallery av-av_gallery-bc877742f8a813285b3b3b082002ff81 avia_animate_when_visible  avia-builder-el-6  el_after_av_three_fifth  avia-builder-el-last  deactivate_avia_lazyload avia-gallery-animate avia-gallery-1'  itemprop=\"image\" itemscope=\"itemscope\" itemtype=\"https:\/\/schema.org\/ImageObject\" ><meta itemprop=\"contentURL\" content=\"https:\/\/www.klippitz.at\/sommer\/unterkunft\/almhuetten-moselebauer\/\"><div class='avia-gallery-thumb'><a href=\"https:\/\/www.klippitz.at\/sommer\/wp-content\/uploads\/2015\/01\/almhuettenmosele07.jpg\" data-srcset=\"https:\/\/www.klippitz.at\/sommer\/wp-content\/uploads\/2015\/01\/almhuettenmosele07.jpg 822w, https:\/\/www.klippitz.at\/sommer\/wp-content\/uploads\/2015\/01\/almhuettenmosele07-300x201.jpg 300w, https:\/\/www.klippitz.at\/sommer\/wp-content\/uploads\/2015\/01\/almhuettenmosele07-705x472.jpg 705w, https:\/\/www.klippitz.at\/sommer\/wp-content\/uploads\/2015\/01\/almhuettenmosele07-450x301.jpg 450w\" data-sizes=\"(max-width: 822px) 100vw, 822px\" data-rel='gallery-1' data-prev-img='https:\/\/www.klippitz.at\/sommer\/wp-content\/uploads\/2015\/01\/almhuettenmosele07-495x400.jpg' class='first_thumb lightbox ' data-onclick='1' title='Almh\u00fctten Moselebauer'  itemprop=\"thumbnailUrl\"  ><img decoding=\"async\" fetchpriority=\"high\" class=\"wp-image-282 avia-img-lazy-loading-not-282\"   src=\"https:\/\/www.klippitz.at\/sommer\/wp-content\/uploads\/2015\/01\/almhuettenmosele07-495x400.jpg\" width=\"495\" height=\"400\"  title='Almh\u00fctten Moselebauer' alt='' \/><div class='big-prev-fake'><img decoding=\"async\" loading=\"lazy\" class=\"wp-image-282 avia-img-lazy-loading-282\"  width=\"495\" height=\"400\" src=\"https:\/\/www.klippitz.at\/sommer\/wp-content\/uploads\/2015\/01\/almhuettenmosele07-495x400.jpg\" title='Almh\u00fctten Moselebauer' alt='' \/><\/div><\/a><a href=\"https:\/\/www.klippitz.at\/sommer\/wp-content\/uploads\/2015\/01\/almhuettenmosele01.jpg\" data-srcset=\"https:\/\/www.klippitz.at\/sommer\/wp-content\/uploads\/2015\/01\/almhuettenmosele01.jpg 822w, https:\/\/www.klippitz.at\/sommer\/wp-content\/uploads\/2015\/01\/almhuettenmosele01-300x201.jpg 300w, https:\/\/www.klippitz.at\/sommer\/wp-content\/uploads\/2015\/01\/almhuettenmosele01-705x472.jpg 705w, https:\/\/www.klippitz.at\/sommer\/wp-content\/uploads\/2015\/01\/almhuettenmosele01-450x301.jpg 450w\" data-sizes=\"(max-width: 822px) 100vw, 822px\" data-rel='gallery-1' data-prev-img='https:\/\/www.klippitz.at\/sommer\/wp-content\/uploads\/2015\/01\/almhuettenmosele01-495x400.jpg' class='lightbox ' data-onclick='2' title='Almh\u00fctten Moselebauer'  itemprop=\"thumbnailUrl\"  ><img decoding=\"async\" fetchpriority=\"high\" class=\"wp-image-270 avia-img-lazy-loading-not-270\"   src=\"https:\/\/www.klippitz.at\/sommer\/wp-content\/uploads\/2015\/01\/almhuettenmosele01-495x400.jpg\" width=\"495\" height=\"400\"  title='Almh\u00fctten Moselebauer' alt='' \/><div class='big-prev-fake'><img decoding=\"async\" loading=\"lazy\" class=\"wp-image-270 avia-img-lazy-loading-270\"  width=\"495\" height=\"400\" src=\"https:\/\/www.klippitz.at\/sommer\/wp-content\/uploads\/2015\/01\/almhuettenmosele01-495x400.jpg\" title='Almh\u00fctten Moselebauer' alt='' \/><\/div><\/a><a href=\"https:\/\/www.klippitz.at\/sommer\/wp-content\/uploads\/2015\/01\/almhuettenmosele02.jpg\" data-srcset=\"https:\/\/www.klippitz.at\/sommer\/wp-content\/uploads\/2015\/01\/almhuettenmosele02.jpg 822w, https:\/\/www.klippitz.at\/sommer\/wp-content\/uploads\/2015\/01\/almhuettenmosele02-300x201.jpg 300w, https:\/\/www.klippitz.at\/sommer\/wp-content\/uploads\/2015\/01\/almhuettenmosele02-705x472.jpg 705w, https:\/\/www.klippitz.at\/sommer\/wp-content\/uploads\/2015\/01\/almhuettenmosele02-450x301.jpg 450w\" data-sizes=\"(max-width: 822px) 100vw, 822px\" data-rel='gallery-1' data-prev-img='https:\/\/www.klippitz.at\/sommer\/wp-content\/uploads\/2015\/01\/almhuettenmosele02-495x400.jpg' class='lightbox ' data-onclick='3' title='Almh\u00fctten Moselebauer'  itemprop=\"thumbnailUrl\"  ><img decoding=\"async\" fetchpriority=\"high\" class=\"wp-image-272 avia-img-lazy-loading-not-272\"   src=\"https:\/\/www.klippitz.at\/sommer\/wp-content\/uploads\/2015\/01\/almhuettenmosele02-495x400.jpg\" width=\"495\" height=\"400\"  title='Almh\u00fctten Moselebauer' alt='' \/><div class='big-prev-fake'><img decoding=\"async\" loading=\"lazy\" class=\"wp-image-272 avia-img-lazy-loading-272\"  width=\"495\" height=\"400\" src=\"https:\/\/www.klippitz.at\/sommer\/wp-content\/uploads\/2015\/01\/almhuettenmosele02-495x400.jpg\" title='Almh\u00fctten Moselebauer' alt='' \/><\/div><\/a><a href=\"https:\/\/www.klippitz.at\/sommer\/wp-content\/uploads\/2015\/01\/almhuettenmosele03.jpg\" data-srcset=\"https:\/\/www.klippitz.at\/sommer\/wp-content\/uploads\/2015\/01\/almhuettenmosele03.jpg 822w, https:\/\/www.klippitz.at\/sommer\/wp-content\/uploads\/2015\/01\/almhuettenmosele03-300x201.jpg 300w, https:\/\/www.klippitz.at\/sommer\/wp-content\/uploads\/2015\/01\/almhuettenmosele03-705x472.jpg 705w, https:\/\/www.klippitz.at\/sommer\/wp-content\/uploads\/2015\/01\/almhuettenmosele03-450x301.jpg 450w\" data-sizes=\"(max-width: 822px) 100vw, 822px\" data-rel='gallery-1' data-prev-img='https:\/\/www.klippitz.at\/sommer\/wp-content\/uploads\/2015\/01\/almhuettenmosele03-495x400.jpg' class='lightbox ' data-onclick='4' title='Almh\u00fctten Moselebauer'  itemprop=\"thumbnailUrl\"  ><img decoding=\"async\" fetchpriority=\"high\" class=\"wp-image-274 avia-img-lazy-loading-not-274\"   src=\"https:\/\/www.klippitz.at\/sommer\/wp-content\/uploads\/2015\/01\/almhuettenmosele03-495x400.jpg\" width=\"495\" height=\"400\"  title='Almh\u00fctten Moselebauer' alt='' \/><div class='big-prev-fake'><img decoding=\"async\" loading=\"lazy\" class=\"wp-image-274 avia-img-lazy-loading-274\"  width=\"495\" height=\"400\" src=\"https:\/\/www.klippitz.at\/sommer\/wp-content\/uploads\/2015\/01\/almhuettenmosele03-495x400.jpg\" title='Almh\u00fctten Moselebauer' alt='' \/><\/div><\/a><a href=\"https:\/\/www.klippitz.at\/sommer\/wp-content\/uploads\/2015\/01\/almhuettenmosele04.jpg\" data-srcset=\"https:\/\/www.klippitz.at\/sommer\/wp-content\/uploads\/2015\/01\/almhuettenmosele04.jpg 822w, https:\/\/www.klippitz.at\/sommer\/wp-content\/uploads\/2015\/01\/almhuettenmosele04-300x201.jpg 300w, https:\/\/www.klippitz.at\/sommer\/wp-content\/uploads\/2015\/01\/almhuettenmosele04-705x472.jpg 705w, https:\/\/www.klippitz.at\/sommer\/wp-content\/uploads\/2015\/01\/almhuettenmosele04-450x301.jpg 450w\" data-sizes=\"(max-width: 822px) 100vw, 822px\" data-rel='gallery-1' data-prev-img='https:\/\/www.klippitz.at\/sommer\/wp-content\/uploads\/2015\/01\/almhuettenmosele04-495x400.jpg' class='lightbox ' data-onclick='5' title='Almh\u00fctten Moselebauer'  itemprop=\"thumbnailUrl\"  ><img decoding=\"async\" fetchpriority=\"high\" class=\"wp-image-276 avia-img-lazy-loading-not-276\"   src=\"https:\/\/www.klippitz.at\/sommer\/wp-content\/uploads\/2015\/01\/almhuettenmosele04-495x400.jpg\" width=\"495\" height=\"400\"  title='Almh\u00fctten Moselebauer' alt='' \/><div class='big-prev-fake'><img decoding=\"async\" loading=\"lazy\" class=\"wp-image-276 avia-img-lazy-loading-276\"  width=\"495\" height=\"400\" src=\"https:\/\/www.klippitz.at\/sommer\/wp-content\/uploads\/2015\/01\/almhuettenmosele04-495x400.jpg\" title='Almh\u00fctten Moselebauer' alt='' \/><\/div><\/a><a href=\"https:\/\/www.klippitz.at\/sommer\/wp-content\/uploads\/2015\/01\/almhuettenmosele05.jpg\" data-srcset=\"https:\/\/www.klippitz.at\/sommer\/wp-content\/uploads\/2015\/01\/almhuettenmosele05.jpg 822w, https:\/\/www.klippitz.at\/sommer\/wp-content\/uploads\/2015\/01\/almhuettenmosele05-300x201.jpg 300w, https:\/\/www.klippitz.at\/sommer\/wp-content\/uploads\/2015\/01\/almhuettenmosele05-705x472.jpg 705w, https:\/\/www.klippitz.at\/sommer\/wp-content\/uploads\/2015\/01\/almhuettenmosele05-450x301.jpg 450w\" data-sizes=\"(max-width: 822px) 100vw, 822px\" data-rel='gallery-1' data-prev-img='https:\/\/www.klippitz.at\/sommer\/wp-content\/uploads\/2015\/01\/almhuettenmosele05-495x400.jpg' class='lightbox ' data-onclick='6' title='Almh\u00fctten Moselebauer'  itemprop=\"thumbnailUrl\"  ><img decoding=\"async\" fetchpriority=\"high\" class=\"wp-image-278 avia-img-lazy-loading-not-278\"   src=\"https:\/\/www.klippitz.at\/sommer\/wp-content\/uploads\/2015\/01\/almhuettenmosele05-495x400.jpg\" width=\"495\" height=\"400\"  title='Almh\u00fctten Moselebauer' alt='' \/><div class='big-prev-fake'><img decoding=\"async\" loading=\"lazy\" class=\"wp-image-278 avia-img-lazy-loading-278\"  width=\"495\" height=\"400\" src=\"https:\/\/www.klippitz.at\/sommer\/wp-content\/uploads\/2015\/01\/almhuettenmosele05-495x400.jpg\" title='Almh\u00fctten Moselebauer' alt='' \/><\/div><\/a><a href=\"https:\/\/www.klippitz.at\/sommer\/wp-content\/uploads\/2015\/01\/almhuettenmosele06.jpg\" data-srcset=\"https:\/\/www.klippitz.at\/sommer\/wp-content\/uploads\/2015\/01\/almhuettenmosele06.jpg 822w, https:\/\/www.klippitz.at\/sommer\/wp-content\/uploads\/2015\/01\/almhuettenmosele06-300x201.jpg 300w, https:\/\/www.klippitz.at\/sommer\/wp-content\/uploads\/2015\/01\/almhuettenmosele06-705x472.jpg 705w, https:\/\/www.klippitz.at\/sommer\/wp-content\/uploads\/2015\/01\/almhuettenmosele06-450x301.jpg 450w\" data-sizes=\"(max-width: 822px) 100vw, 822px\" data-rel='gallery-1' data-prev-img='https:\/\/www.klippitz.at\/sommer\/wp-content\/uploads\/2015\/01\/almhuettenmosele06-495x400.jpg' class='lightbox ' data-onclick='7' title='Almh\u00fctten Moselebauer'  itemprop=\"thumbnailUrl\"  ><img decoding=\"async\" fetchpriority=\"high\" class=\"wp-image-280 avia-img-lazy-loading-not-280\"   src=\"https:\/\/www.klippitz.at\/sommer\/wp-content\/uploads\/2015\/01\/almhuettenmosele06-495x400.jpg\" width=\"495\" height=\"400\"  title='Almh\u00fctten Moselebauer' alt='' \/><div class='big-prev-fake'><img decoding=\"async\" loading=\"lazy\" class=\"wp-image-280 avia-img-lazy-loading-280\"  width=\"495\" height=\"400\" src=\"https:\/\/www.klippitz.at\/sommer\/wp-content\/uploads\/2015\/01\/almhuettenmosele06-495x400.jpg\" title='Almh\u00fctten Moselebauer' alt='' \/><\/div><\/a><\/div><\/div>\n<\/div><\/div><\/main><!-- close content main element --><\/div><\/div><div id='after_section_1'  class='main_color av_default_container_wrap container_wrap sidebar_right'  ><div class='container av-section-cont-open' ><div class='template-page content  av-content-small alpha units'><div class='post-entry post-entry-type-page post-entry-267'><div class='entry-content-wrapper clearfix'>\n","protected":false},"excerpt":{"rendered":"<p>F\u00fcnf Almh\u00fctten f\u00fcr Ihren Traumurlaub \u2013 umgeben von Almwiesen, in ruhiger Lage, mit wundersch\u00f6ner Aussicht.<\/p>\n","protected":false},"author":1,"featured_media":282,"template":"","meta":{"footnotes":""},"tags":[],"portfolio_entries":[6],"class_list":["post-267","portfolio","type-portfolio","status-publish","has-post-thumbnail","hentry","portfolio_entries-appartments-ferienhaeuser-de"],"yoast_head":"<!-- This site is optimized with the Yoast SEO plugin v26.8 - https:\/\/yoast.com\/product\/yoast-seo-wordpress\/ -->\n<title>Almh\u00fctten Moselebauer - Schierlebniswelt Klippitzt\u00f6rl<\/title>\n<meta name=\"robots\" content=\"index, follow, max-snippet:-1, max-image-preview:large, max-video-preview:-1\" \/>\n<link rel=\"canonical\" href=\"https:\/\/www.klippitz.at\/sommer\/unterkunft\/almhuetten-moselebauer\/\" \/>\n<meta property=\"og:locale\" content=\"de_DE\" \/>\n<meta property=\"og:type\" content=\"article\" \/>\n<meta property=\"og:title\" content=\"Almh\u00fctten Moselebauer - Schierlebniswelt Klippitzt\u00f6rl\" \/>\n<meta property=\"og:description\" content=\"F\u00fcnf Almh\u00fctten f\u00fcr Ihren Traumurlaub \u2013 umgeben von Almwiesen, in ruhiger Lage, mit wundersch\u00f6ner Aussicht.\" \/>\n<meta property=\"og:url\" content=\"https:\/\/www.klippitz.at\/sommer\/unterkunft\/almhuetten-moselebauer\/\" \/>\n<meta property=\"og:site_name\" content=\"Schierlebniswelt Klippitzt\u00f6rl\" \/>\n<meta property=\"article:modified_time\" content=\"2015-01-27T09:52:31+00:00\" \/>\n<meta property=\"og:image\" content=\"https:\/\/www.klippitz.at\/sommer\/wp-content\/uploads\/2015\/01\/almhuettenmosele07.jpg\" \/>\n\t<meta property=\"og:image:width\" content=\"822\" \/>\n\t<meta property=\"og:image:height\" content=\"550\" \/>\n\t<meta property=\"og:image:type\" content=\"image\/jpeg\" \/>\n<meta name=\"twitter:label1\" content=\"Gesch\u00e4tzte Lesezeit\" \/>\n\t<meta name=\"twitter:data1\" content=\"1\u00a0Minute\" \/>\n<script type=\"application\/ld+json\" class=\"yoast-schema-graph\">{\"@context\":\"https:\/\/schema.org\",\"@graph\":[{\"@type\":\"WebPage\",\"@id\":\"https:\/\/www.klippitz.at\/sommer\/unterkunft\/almhuetten-moselebauer\/\",\"url\":\"https:\/\/www.klippitz.at\/sommer\/unterkunft\/almhuetten-moselebauer\/\",\"name\":\"Almh\u00fctten Moselebauer - Schierlebniswelt Klippitzt\u00f6rl\",\"isPartOf\":{\"@id\":\"https:\/\/www.klippitz.at\/sommer\/#website\"},\"primaryImageOfPage\":{\"@id\":\"https:\/\/www.klippitz.at\/sommer\/unterkunft\/almhuetten-moselebauer\/#primaryimage\"},\"image\":{\"@id\":\"https:\/\/www.klippitz.at\/sommer\/unterkunft\/almhuetten-moselebauer\/#primaryimage\"},\"thumbnailUrl\":\"https:\/\/www.klippitz.at\/sommer\/wp-content\/uploads\/2015\/01\/almhuettenmosele07.jpg\",\"datePublished\":\"2015-01-27T09:51:07+00:00\",\"dateModified\":\"2015-01-27T09:52:31+00:00\",\"breadcrumb\":{\"@id\":\"https:\/\/www.klippitz.at\/sommer\/unterkunft\/almhuetten-moselebauer\/#breadcrumb\"},\"inLanguage\":\"de\",\"potentialAction\":[{\"@type\":\"ReadAction\",\"target\":[\"https:\/\/www.klippitz.at\/sommer\/unterkunft\/almhuetten-moselebauer\/\"]}]},{\"@type\":\"ImageObject\",\"inLanguage\":\"de\",\"@id\":\"https:\/\/www.klippitz.at\/sommer\/unterkunft\/almhuetten-moselebauer\/#primaryimage\",\"url\":\"https:\/\/www.klippitz.at\/sommer\/wp-content\/uploads\/2015\/01\/almhuettenmosele07.jpg\",\"contentUrl\":\"https:\/\/www.klippitz.at\/sommer\/wp-content\/uploads\/2015\/01\/almhuettenmosele07.jpg\",\"width\":822,\"height\":550},{\"@type\":\"BreadcrumbList\",\"@id\":\"https:\/\/www.klippitz.at\/sommer\/unterkunft\/almhuetten-moselebauer\/#breadcrumb\",\"itemListElement\":[{\"@type\":\"ListItem\",\"position\":1,\"name\":\"Home\",\"item\":\"https:\/\/www.klippitz.at\/sommer\/home\/\"},{\"@type\":\"ListItem\",\"position\":2,\"name\":\"Almh\u00fctten Moselebauer\"}]},{\"@type\":\"WebSite\",\"@id\":\"https:\/\/www.klippitz.at\/sommer\/#website\",\"url\":\"https:\/\/www.klippitz.at\/sommer\/\",\"name\":\"Schierlebniswelt Klippitzt\u00f6rl\",\"description\":\"Die K\u00e4rntner Schiregion zeigt sich im Sommer von ihrer sch\u00f6nsten Seite\",\"potentialAction\":[{\"@type\":\"SearchAction\",\"target\":{\"@type\":\"EntryPoint\",\"urlTemplate\":\"https:\/\/www.klippitz.at\/sommer\/?s={search_term_string}\"},\"query-input\":{\"@type\":\"PropertyValueSpecification\",\"valueRequired\":true,\"valueName\":\"search_term_string\"}}],\"inLanguage\":\"de\"}]}<\/script>\n<!-- \/ Yoast SEO plugin. -->","yoast_head_json":{"title":"Almh\u00fctten Moselebauer - Schierlebniswelt Klippitzt\u00f6rl","robots":{"index":"index","follow":"follow","max-snippet":"max-snippet:-1","max-image-preview":"max-image-preview:large","max-video-preview":"max-video-preview:-1"},"canonical":"https:\/\/www.klippitz.at\/sommer\/unterkunft\/almhuetten-moselebauer\/","og_locale":"de_DE","og_type":"article","og_title":"Almh\u00fctten Moselebauer - Schierlebniswelt Klippitzt\u00f6rl","og_description":"F\u00fcnf Almh\u00fctten f\u00fcr Ihren Traumurlaub \u2013 umgeben von Almwiesen, in ruhiger Lage, mit wundersch\u00f6ner Aussicht.","og_url":"https:\/\/www.klippitz.at\/sommer\/unterkunft\/almhuetten-moselebauer\/","og_site_name":"Schierlebniswelt Klippitzt\u00f6rl","article_modified_time":"2015-01-27T09:52:31+00:00","og_image":[{"width":822,"height":550,"url":"https:\/\/www.klippitz.at\/sommer\/wp-content\/uploads\/2015\/01\/almhuettenmosele07.jpg","type":"image\/jpeg"}],"twitter_misc":{"Gesch\u00e4tzte Lesezeit":"1\u00a0Minute"},"schema":{"@context":"https:\/\/schema.org","@graph":[{"@type":"WebPage","@id":"https:\/\/www.klippitz.at\/sommer\/unterkunft\/almhuetten-moselebauer\/","url":"https:\/\/www.klippitz.at\/sommer\/unterkunft\/almhuetten-moselebauer\/","name":"Almh\u00fctten Moselebauer - Schierlebniswelt Klippitzt\u00f6rl","isPartOf":{"@id":"https:\/\/www.klippitz.at\/sommer\/#website"},"primaryImageOfPage":{"@id":"https:\/\/www.klippitz.at\/sommer\/unterkunft\/almhuetten-moselebauer\/#primaryimage"},"image":{"@id":"https:\/\/www.klippitz.at\/sommer\/unterkunft\/almhuetten-moselebauer\/#primaryimage"},"thumbnailUrl":"https:\/\/www.klippitz.at\/sommer\/wp-content\/uploads\/2015\/01\/almhuettenmosele07.jpg","datePublished":"2015-01-27T09:51:07+00:00","dateModified":"2015-01-27T09:52:31+00:00","breadcrumb":{"@id":"https:\/\/www.klippitz.at\/sommer\/unterkunft\/almhuetten-moselebauer\/#breadcrumb"},"inLanguage":"de","potentialAction":[{"@type":"ReadAction","target":["https:\/\/www.klippitz.at\/sommer\/unterkunft\/almhuetten-moselebauer\/"]}]},{"@type":"ImageObject","inLanguage":"de","@id":"https:\/\/www.klippitz.at\/sommer\/unterkunft\/almhuetten-moselebauer\/#primaryimage","url":"https:\/\/www.klippitz.at\/sommer\/wp-content\/uploads\/2015\/01\/almhuettenmosele07.jpg","contentUrl":"https:\/\/www.klippitz.at\/sommer\/wp-content\/uploads\/2015\/01\/almhuettenmosele07.jpg","width":822,"height":550},{"@type":"BreadcrumbList","@id":"https:\/\/www.klippitz.at\/sommer\/unterkunft\/almhuetten-moselebauer\/#breadcrumb","itemListElement":[{"@type":"ListItem","position":1,"name":"Home","item":"https:\/\/www.klippitz.at\/sommer\/home\/"},{"@type":"ListItem","position":2,"name":"Almh\u00fctten Moselebauer"}]},{"@type":"WebSite","@id":"https:\/\/www.klippitz.at\/sommer\/#website","url":"https:\/\/www.klippitz.at\/sommer\/","name":"Schierlebniswelt Klippitzt\u00f6rl","description":"Die K\u00e4rntner Schiregion zeigt sich im Sommer von ihrer sch\u00f6nsten Seite","potentialAction":[{"@type":"SearchAction","target":{"@type":"EntryPoint","urlTemplate":"https:\/\/www.klippitz.at\/sommer\/?s={search_term_string}"},"query-input":{"@type":"PropertyValueSpecification","valueRequired":true,"valueName":"search_term_string"}}],"inLanguage":"de"}]}},"_links":{"self":[{"href":"https:\/\/www.klippitz.at\/sommer\/wp-json\/wp\/v2\/portfolio\/267","targetHints":{"allow":["GET"]}}],"collection":[{"href":"https:\/\/www.klippitz.at\/sommer\/wp-json\/wp\/v2\/portfolio"}],"about":[{"href":"https:\/\/www.klippitz.at\/sommer\/wp-json\/wp\/v2\/types\/portfolio"}],"author":[{"embeddable":true,"href":"https:\/\/www.klippitz.at\/sommer\/wp-json\/wp\/v2\/users\/1"}],"version-history":[{"count":0,"href":"https:\/\/www.klippitz.at\/sommer\/wp-json\/wp\/v2\/portfolio\/267\/revisions"}],"wp:featuredmedia":[{"embeddable":true,"href":"https:\/\/www.klippitz.at\/sommer\/wp-json\/wp\/v2\/media\/282"}],"wp:attachment":[{"href":"https:\/\/www.klippitz.at\/sommer\/wp-json\/wp\/v2\/media?parent=267"}],"wp:term":[{"taxonomy":"post_tag","embeddable":true,"href":"https:\/\/www.klippitz.at\/sommer\/wp-json\/wp\/v2\/tags?post=267"},{"taxonomy":"portfolio_entries","embeddable":true,"href":"https:\/\/www.klippitz.at\/sommer\/wp-json\/wp\/v2\/portfolio_entries?post=267"}],"curies":[{"name":"wp","href":"https:\/\/api.w.org\/{rel}","templated":true}]}}