{"id":2655,"date":"2015-02-10T14:42:22","date_gmt":"2015-02-10T13:42:22","guid":{"rendered":"https:\/\/www.klippitz.at\/sommer\/?post_type=portfolio&#038;p=2655"},"modified":"2025-06-03T15:13:11","modified_gmt":"2025-06-03T13:13:11","slug":"traumchalet-klippitzrose","status":"publish","type":"portfolio","link":"https:\/\/www.klippitz.at\/sommer\/unterkunft\/traumchalet-klippitzrose\/","title":{"rendered":"Traumchalet Klippitzrose"},"content":{"rendered":"<div id='av_section_1'  class='avia-section av-av_section-21359dd7f6cdd7c50f19a4f94b79b7ad main_color avia-section-default avia-no-shadow  avia-builder-el-0  avia-builder-el-no-sibling  avia-bg-style-scroll container_wrap sidebar_right'  ><div class='container av-section-cont-open' ><main  role=\"main\" itemprop=\"mainContentOfPage\"  class='template-page content  av-content-small alpha units'><div class='post-entry post-entry-type-page post-entry-2655'><div class='entry-content-wrapper clearfix'>\n<div  class='avia-slideshow av-kbpjcvhm-0a52d3d8fc3f697cfe2445df38445973 avia-slideshow-no scaling av_slideshow avia-fade-slider  avia-builder-el-1  el_before_av_two_fifth  avia-builder-el-first  av-slideshow-ui av-control-default av-slideshow-manual av-loop-once av-loop-manual-endless av-default-height-applied avia-slideshow-1' data-slideshow-options=\"{&quot;animation&quot;:&quot;fade&quot;,&quot;autoplay&quot;:false,&quot;loop_autoplay&quot;:&quot;once&quot;,&quot;interval&quot;:5,&quot;loop_manual&quot;:&quot;manual-endless&quot;,&quot;autoplay_stopper&quot;:false,&quot;noNavigation&quot;:false,&quot;bg_slider&quot;:false,&quot;keep_padding&quot;:false,&quot;hoverpause&quot;:false,&quot;show_slide_delay&quot;:0}\"  itemprop=\"image\" itemscope=\"itemscope\" itemtype=\"https:\/\/schema.org\/ImageObject\" ><ul class='avia-slideshow-inner ' style='padding-bottom: 42.553191489362%;'><li  class='avia-slideshow-slide av-kbpjcvhm-0a52d3d8fc3f697cfe2445df38445973__0  av-single-slide slide-1 slide-odd'><div data-rel='slideshow-1' class='avia-slide-wrap '   ><img decoding=\"async\" fetchpriority=\"high\" class=\"wp-image-2656 avia-img-lazy-loading-not-2656\"  src=\"https:\/\/www.klippitz.at\/sommer\/wp-content\/uploads\/2020\/06\/Klippitzrose-titel-940x400-1.jpg\" width=\"940\" height=\"400\" title='Klippitzrose-titel-940x400' alt=''  itemprop=\"thumbnailUrl\" srcset=\"https:\/\/www.klippitz.at\/sommer\/wp-content\/uploads\/2020\/06\/Klippitzrose-titel-940x400-1.jpg 940w, https:\/\/www.klippitz.at\/sommer\/wp-content\/uploads\/2020\/06\/Klippitzrose-titel-940x400-1-300x128.jpg 300w, https:\/\/www.klippitz.at\/sommer\/wp-content\/uploads\/2020\/06\/Klippitzrose-titel-940x400-1-768x327.jpg 768w, https:\/\/www.klippitz.at\/sommer\/wp-content\/uploads\/2020\/06\/Klippitzrose-titel-940x400-1-705x300.jpg 705w\" sizes=\"(max-width: 940px) 100vw, 940px\" \/><\/div><\/li><\/ul><div class='av-slideshow-caption av-kbpjcvhm-0a52d3d8fc3f697cfe2445df38445973__0 avia-caption'><div class=\"avia-inner-caption\"><div class='avia-caption-content '  itemprop=\"description\" ><p>Ankommen und entspannen&#8230;<\/p>\n<\/div><\/div><\/div><\/div>\n<div  class='flex_column av-av_two_fifth-2a9015ff38129c418a3f2eafba3e9512 av_two_fifth  avia-builder-el-2  el_after_av_slideshow  el_before_av_three_fifth  first flex_column_div  '     ><section  class='av_textblock_section av-kbpjdbdu-c868d0c8339ba02107be6a180db26e0b '   itemscope=\"itemscope\" itemtype=\"https:\/\/schema.org\/CreativeWork\" ><div class='avia_textblock'  itemprop=\"text\" ><h2>Information<\/h2>\n<p>Ankommen und entspannen! Das 2017 fertig gestellte <strong>Chalet Klippitzrose<\/strong> liegt auf einer H\u00f6he von 1600m. Eine atemberaubende Aussicht, die wundersch\u00f6ne umgebende Natur und die Lage in unmittelbarer N\u00e4he zur Skipiste machen das Chalet\u00a0Klippitzrose\u00a0zu einem perfekten Urlaubsziel sowohl f\u00fcr den Winter als auch den Sommer.<\/p>\n<p><a href=\"mailto:traumchaletklippitzrose@gmail.com\">traumchaletklippitzrose@gmail.com<br \/>\n<\/a><a href=\"http:\/\/www.traumchaletklippitzrose.at\/\" target=\"_blank\" rel=\"noopener noreferrer\">www.traumchaletklippitzrose.at<\/a><\/p>\n<\/div><\/section><br \/>\n\n<style type=\"text\/css\" data-created_by=\"avia_inline_auto\" id=\"style-css-av-kbpjf93x-b36294bdfd7f937d1daff1b62574c3e5\">\n#top .avia-gallery.av-kbpjf93x-b36294bdfd7f937d1daff1b62574c3e5 .avia-gallery-thumb a{\nwidth:20%;\n}\n<\/style>\n<div  class='avia-gallery av-kbpjf93x-b36294bdfd7f937d1daff1b62574c3e5 avia_animate_when_visible  avia-builder-el-4  el_after_av_textblock  avia-builder-el-last  deactivate_avia_lazyload avia-gallery-animate avia-gallery-1'  itemprop=\"image\" itemscope=\"itemscope\" itemtype=\"https:\/\/schema.org\/ImageObject\" ><meta itemprop=\"contentURL\" content=\"https:\/\/www.klippitz.at\/sommer\/unterkunft\/traumchalet-klippitzrose\/\"><div class='avia-gallery-thumb'><a href=\"https:\/\/www.klippitz.at\/sommer\/wp-content\/uploads\/2020\/06\/Klippitzrose01.jpg\" data-srcset=\"https:\/\/www.klippitz.at\/sommer\/wp-content\/uploads\/2020\/06\/Klippitzrose01.jpg 822w, https:\/\/www.klippitz.at\/sommer\/wp-content\/uploads\/2020\/06\/Klippitzrose01-300x200.jpg 300w, https:\/\/www.klippitz.at\/sommer\/wp-content\/uploads\/2020\/06\/Klippitzrose01-768x512.jpg 768w, https:\/\/www.klippitz.at\/sommer\/wp-content\/uploads\/2020\/06\/Klippitzrose01-705x470.jpg 705w\" data-sizes=\"(max-width: 822px) 100vw, 822px\" data-rel='gallery-1' data-prev-img='https:\/\/www.klippitz.at\/sommer\/wp-content\/uploads\/2020\/06\/Klippitzrose01-495x400.jpg' class='first_thumb lightbox ' data-onclick='1' title='Chalet Klippitzrose Klippitzt\u00f6rl K\u00e4rnten Sommer'  itemprop=\"thumbnailUrl\"  ><img decoding=\"async\" fetchpriority=\"high\" class=\"wp-image-2657 avia-img-lazy-loading-not-2657\"  data-avia-tooltip='Chalet Klippitzrose Klippitzt\u00f6rl K\u00e4rnten Sommer' src=\"https:\/\/www.klippitz.at\/sommer\/wp-content\/uploads\/2020\/06\/Klippitzrose01-495x400.jpg\" width=\"495\" height=\"400\"  title='Klippitzrose01' alt='' \/><div class='big-prev-fake'><img decoding=\"async\" loading=\"lazy\" class=\"wp-image-2657 avia-img-lazy-loading-2657\"  width=\"495\" height=\"400\" src=\"https:\/\/www.klippitz.at\/sommer\/wp-content\/uploads\/2020\/06\/Klippitzrose01-495x400.jpg\" title='Klippitzrose01' alt='' \/><\/div><\/a><a href=\"https:\/\/www.klippitz.at\/sommer\/wp-content\/uploads\/2020\/06\/Klippitzrose02.jpg\" data-srcset=\"https:\/\/www.klippitz.at\/sommer\/wp-content\/uploads\/2020\/06\/Klippitzrose02.jpg 822w, https:\/\/www.klippitz.at\/sommer\/wp-content\/uploads\/2020\/06\/Klippitzrose02-300x200.jpg 300w, https:\/\/www.klippitz.at\/sommer\/wp-content\/uploads\/2020\/06\/Klippitzrose02-768x512.jpg 768w, https:\/\/www.klippitz.at\/sommer\/wp-content\/uploads\/2020\/06\/Klippitzrose02-705x470.jpg 705w\" data-sizes=\"(max-width: 822px) 100vw, 822px\" data-rel='gallery-1' data-prev-img='https:\/\/www.klippitz.at\/sommer\/wp-content\/uploads\/2020\/06\/Klippitzrose02-495x400.jpg' class='lightbox ' data-onclick='2' title='Chalet Klippitzrose Klippitzt\u00f6rl K\u00e4rnten Sommer'  itemprop=\"thumbnailUrl\"  ><img decoding=\"async\" fetchpriority=\"high\" class=\"wp-image-2658 avia-img-lazy-loading-not-2658\"  data-avia-tooltip='Chalet Klippitzrose Klippitzt\u00f6rl K\u00e4rnten Sommer' src=\"https:\/\/www.klippitz.at\/sommer\/wp-content\/uploads\/2020\/06\/Klippitzrose02-495x400.jpg\" width=\"495\" height=\"400\"  title='Klippitzrose02' alt='' \/><div class='big-prev-fake'><img decoding=\"async\" loading=\"lazy\" class=\"wp-image-2658 avia-img-lazy-loading-2658\"  width=\"495\" height=\"400\" src=\"https:\/\/www.klippitz.at\/sommer\/wp-content\/uploads\/2020\/06\/Klippitzrose02-495x400.jpg\" title='Klippitzrose02' alt='' \/><\/div><\/a><a href=\"https:\/\/www.klippitz.at\/sommer\/wp-content\/uploads\/2020\/06\/Klippitzrose03.jpg\" data-srcset=\"https:\/\/www.klippitz.at\/sommer\/wp-content\/uploads\/2020\/06\/Klippitzrose03.jpg 822w, https:\/\/www.klippitz.at\/sommer\/wp-content\/uploads\/2020\/06\/Klippitzrose03-300x200.jpg 300w, https:\/\/www.klippitz.at\/sommer\/wp-content\/uploads\/2020\/06\/Klippitzrose03-768x512.jpg 768w, https:\/\/www.klippitz.at\/sommer\/wp-content\/uploads\/2020\/06\/Klippitzrose03-705x470.jpg 705w\" data-sizes=\"(max-width: 822px) 100vw, 822px\" data-rel='gallery-1' data-prev-img='https:\/\/www.klippitz.at\/sommer\/wp-content\/uploads\/2020\/06\/Klippitzrose03-495x400.jpg' class='lightbox ' data-onclick='3' title='Chalet Klippitzrose Klippitzt\u00f6rl K\u00e4rnten Sommer'  itemprop=\"thumbnailUrl\"  ><img decoding=\"async\" fetchpriority=\"high\" class=\"wp-image-2659 avia-img-lazy-loading-not-2659\"  data-avia-tooltip='Chalet Klippitzrose Klippitzt\u00f6rl K\u00e4rnten Sommer' src=\"https:\/\/www.klippitz.at\/sommer\/wp-content\/uploads\/2020\/06\/Klippitzrose03-495x400.jpg\" width=\"495\" height=\"400\"  title='Klippitzrose03' alt='' \/><div class='big-prev-fake'><img decoding=\"async\" loading=\"lazy\" class=\"wp-image-2659 avia-img-lazy-loading-2659\"  width=\"495\" height=\"400\" src=\"https:\/\/www.klippitz.at\/sommer\/wp-content\/uploads\/2020\/06\/Klippitzrose03-495x400.jpg\" title='Klippitzrose03' alt='' \/><\/div><\/a><a href=\"https:\/\/www.klippitz.at\/sommer\/wp-content\/uploads\/2020\/06\/Klippitzrose04.jpg\" data-srcset=\"https:\/\/www.klippitz.at\/sommer\/wp-content\/uploads\/2020\/06\/Klippitzrose04.jpg 822w, https:\/\/www.klippitz.at\/sommer\/wp-content\/uploads\/2020\/06\/Klippitzrose04-300x200.jpg 300w, https:\/\/www.klippitz.at\/sommer\/wp-content\/uploads\/2020\/06\/Klippitzrose04-768x512.jpg 768w, https:\/\/www.klippitz.at\/sommer\/wp-content\/uploads\/2020\/06\/Klippitzrose04-705x470.jpg 705w\" data-sizes=\"(max-width: 822px) 100vw, 822px\" data-rel='gallery-1' data-prev-img='https:\/\/www.klippitz.at\/sommer\/wp-content\/uploads\/2020\/06\/Klippitzrose04-495x400.jpg' class='lightbox ' data-onclick='4' title='Chalet Klippitzrose Klippitzt\u00f6rl K\u00e4rnten Sommer'  itemprop=\"thumbnailUrl\"  ><img decoding=\"async\" fetchpriority=\"high\" class=\"wp-image-2660 avia-img-lazy-loading-not-2660\"  data-avia-tooltip='Chalet Klippitzrose Klippitzt\u00f6rl K\u00e4rnten Sommer' src=\"https:\/\/www.klippitz.at\/sommer\/wp-content\/uploads\/2020\/06\/Klippitzrose04-495x400.jpg\" width=\"495\" height=\"400\"  title='Klippitzrose04' alt='' \/><div class='big-prev-fake'><img decoding=\"async\" loading=\"lazy\" class=\"wp-image-2660 avia-img-lazy-loading-2660\"  width=\"495\" height=\"400\" src=\"https:\/\/www.klippitz.at\/sommer\/wp-content\/uploads\/2020\/06\/Klippitzrose04-495x400.jpg\" title='Klippitzrose04' alt='' \/><\/div><\/a><a href=\"https:\/\/www.klippitz.at\/sommer\/wp-content\/uploads\/2020\/06\/Klippitzrose05.jpg\" data-srcset=\"https:\/\/www.klippitz.at\/sommer\/wp-content\/uploads\/2020\/06\/Klippitzrose05.jpg 822w, https:\/\/www.klippitz.at\/sommer\/wp-content\/uploads\/2020\/06\/Klippitzrose05-300x200.jpg 300w, https:\/\/www.klippitz.at\/sommer\/wp-content\/uploads\/2020\/06\/Klippitzrose05-768x512.jpg 768w, https:\/\/www.klippitz.at\/sommer\/wp-content\/uploads\/2020\/06\/Klippitzrose05-705x470.jpg 705w\" data-sizes=\"(max-width: 822px) 100vw, 822px\" data-rel='gallery-1' data-prev-img='https:\/\/www.klippitz.at\/sommer\/wp-content\/uploads\/2020\/06\/Klippitzrose05-495x400.jpg' class='lightbox ' data-onclick='5' title='Chalet Klippitzrose Klippitzt\u00f6rl K\u00e4rnten Sommer'  itemprop=\"thumbnailUrl\"  ><img decoding=\"async\" fetchpriority=\"high\" class=\"wp-image-2661 avia-img-lazy-loading-not-2661\"  data-avia-tooltip='Chalet Klippitzrose Klippitzt\u00f6rl K\u00e4rnten Sommer' src=\"https:\/\/www.klippitz.at\/sommer\/wp-content\/uploads\/2020\/06\/Klippitzrose05-495x400.jpg\" width=\"495\" height=\"400\"  title='Klippitzrose05' alt='' \/><div class='big-prev-fake'><img decoding=\"async\" loading=\"lazy\" class=\"wp-image-2661 avia-img-lazy-loading-2661\"  width=\"495\" height=\"400\" src=\"https:\/\/www.klippitz.at\/sommer\/wp-content\/uploads\/2020\/06\/Klippitzrose05-495x400.jpg\" title='Klippitzrose05' alt='' \/><\/div><\/a><a href=\"https:\/\/www.klippitz.at\/sommer\/wp-content\/uploads\/2020\/06\/Klippitzrose06.jpg\" data-srcset=\"https:\/\/www.klippitz.at\/sommer\/wp-content\/uploads\/2020\/06\/Klippitzrose06.jpg 822w, https:\/\/www.klippitz.at\/sommer\/wp-content\/uploads\/2020\/06\/Klippitzrose06-300x200.jpg 300w, https:\/\/www.klippitz.at\/sommer\/wp-content\/uploads\/2020\/06\/Klippitzrose06-768x512.jpg 768w, https:\/\/www.klippitz.at\/sommer\/wp-content\/uploads\/2020\/06\/Klippitzrose06-705x470.jpg 705w\" data-sizes=\"(max-width: 822px) 100vw, 822px\" data-rel='gallery-1' data-prev-img='https:\/\/www.klippitz.at\/sommer\/wp-content\/uploads\/2020\/06\/Klippitzrose06-495x400.jpg' class='first_thumb lightbox ' data-onclick='6' title='Chalet Klippitzrose Klippitzt\u00f6rl K\u00e4rnten Sommer'  itemprop=\"thumbnailUrl\"  ><img decoding=\"async\" fetchpriority=\"high\" class=\"wp-image-2662 avia-img-lazy-loading-not-2662\"  data-avia-tooltip='Chalet Klippitzrose Klippitzt\u00f6rl K\u00e4rnten Sommer' src=\"https:\/\/www.klippitz.at\/sommer\/wp-content\/uploads\/2020\/06\/Klippitzrose06-495x400.jpg\" width=\"495\" height=\"400\"  title='Klippitzrose06' alt='' \/><div class='big-prev-fake'><img decoding=\"async\" loading=\"lazy\" class=\"wp-image-2662 avia-img-lazy-loading-2662\"  width=\"495\" height=\"400\" src=\"https:\/\/www.klippitz.at\/sommer\/wp-content\/uploads\/2020\/06\/Klippitzrose06-495x400.jpg\" title='Klippitzrose06' alt='' \/><\/div><\/a><a href=\"https:\/\/www.klippitz.at\/sommer\/wp-content\/uploads\/2020\/06\/Klippitzrose07.jpg\" data-srcset=\"https:\/\/www.klippitz.at\/sommer\/wp-content\/uploads\/2020\/06\/Klippitzrose07.jpg 822w, https:\/\/www.klippitz.at\/sommer\/wp-content\/uploads\/2020\/06\/Klippitzrose07-300x200.jpg 300w, https:\/\/www.klippitz.at\/sommer\/wp-content\/uploads\/2020\/06\/Klippitzrose07-768x512.jpg 768w, https:\/\/www.klippitz.at\/sommer\/wp-content\/uploads\/2020\/06\/Klippitzrose07-705x470.jpg 705w\" data-sizes=\"(max-width: 822px) 100vw, 822px\" data-rel='gallery-1' data-prev-img='https:\/\/www.klippitz.at\/sommer\/wp-content\/uploads\/2020\/06\/Klippitzrose07-495x400.jpg' class='lightbox ' data-onclick='7' title='Chalet Klippitzrose Klippitzt\u00f6rl K\u00e4rnten Sommer'  itemprop=\"thumbnailUrl\"  ><img decoding=\"async\" fetchpriority=\"high\" class=\"wp-image-2663 avia-img-lazy-loading-not-2663\"  data-avia-tooltip='Chalet Klippitzrose Klippitzt\u00f6rl K\u00e4rnten Sommer' src=\"https:\/\/www.klippitz.at\/sommer\/wp-content\/uploads\/2020\/06\/Klippitzrose07-495x400.jpg\" width=\"495\" height=\"400\"  title='Klippitzrose07' alt='' \/><div class='big-prev-fake'><img decoding=\"async\" loading=\"lazy\" class=\"wp-image-2663 avia-img-lazy-loading-2663\"  width=\"495\" height=\"400\" src=\"https:\/\/www.klippitz.at\/sommer\/wp-content\/uploads\/2020\/06\/Klippitzrose07-495x400.jpg\" title='Klippitzrose07' alt='' \/><\/div><\/a><a href=\"https:\/\/www.klippitz.at\/sommer\/wp-content\/uploads\/2020\/06\/Klippitzrose08.jpg\" data-srcset=\"https:\/\/www.klippitz.at\/sommer\/wp-content\/uploads\/2020\/06\/Klippitzrose08.jpg 822w, https:\/\/www.klippitz.at\/sommer\/wp-content\/uploads\/2020\/06\/Klippitzrose08-300x200.jpg 300w, https:\/\/www.klippitz.at\/sommer\/wp-content\/uploads\/2020\/06\/Klippitzrose08-768x512.jpg 768w, https:\/\/www.klippitz.at\/sommer\/wp-content\/uploads\/2020\/06\/Klippitzrose08-705x470.jpg 705w\" data-sizes=\"(max-width: 822px) 100vw, 822px\" data-rel='gallery-1' data-prev-img='https:\/\/www.klippitz.at\/sommer\/wp-content\/uploads\/2020\/06\/Klippitzrose08-495x400.jpg' class='lightbox ' data-onclick='8' title='Chalet Klippitzrose Klippitzt\u00f6rl K\u00e4rnten Sommer'  itemprop=\"thumbnailUrl\"  ><img decoding=\"async\" fetchpriority=\"high\" class=\"wp-image-2664 avia-img-lazy-loading-not-2664\"  data-avia-tooltip='Chalet Klippitzrose Klippitzt\u00f6rl K\u00e4rnten Sommer' src=\"https:\/\/www.klippitz.at\/sommer\/wp-content\/uploads\/2020\/06\/Klippitzrose08-495x400.jpg\" width=\"495\" height=\"400\"  title='Klippitzrose08' alt='' \/><div class='big-prev-fake'><img decoding=\"async\" loading=\"lazy\" class=\"wp-image-2664 avia-img-lazy-loading-2664\"  width=\"495\" height=\"400\" src=\"https:\/\/www.klippitz.at\/sommer\/wp-content\/uploads\/2020\/06\/Klippitzrose08-495x400.jpg\" title='Klippitzrose08' alt='' \/><\/div><\/a><a href=\"https:\/\/www.klippitz.at\/sommer\/wp-content\/uploads\/2020\/06\/Klippitzrose09.jpg\" data-srcset=\"https:\/\/www.klippitz.at\/sommer\/wp-content\/uploads\/2020\/06\/Klippitzrose09.jpg 822w, https:\/\/www.klippitz.at\/sommer\/wp-content\/uploads\/2020\/06\/Klippitzrose09-300x200.jpg 300w, https:\/\/www.klippitz.at\/sommer\/wp-content\/uploads\/2020\/06\/Klippitzrose09-768x512.jpg 768w, https:\/\/www.klippitz.at\/sommer\/wp-content\/uploads\/2020\/06\/Klippitzrose09-705x470.jpg 705w\" data-sizes=\"(max-width: 822px) 100vw, 822px\" data-rel='gallery-1' data-prev-img='https:\/\/www.klippitz.at\/sommer\/wp-content\/uploads\/2020\/06\/Klippitzrose09-495x400.jpg' class='lightbox ' data-onclick='9' title='Chalet Klippitzrose Klippitzt\u00f6rl K\u00e4rnten Sommer'  itemprop=\"thumbnailUrl\"  ><img decoding=\"async\" fetchpriority=\"high\" class=\"wp-image-2665 avia-img-lazy-loading-not-2665\"  data-avia-tooltip='Chalet Klippitzrose Klippitzt\u00f6rl K\u00e4rnten Sommer' src=\"https:\/\/www.klippitz.at\/sommer\/wp-content\/uploads\/2020\/06\/Klippitzrose09-495x400.jpg\" width=\"495\" height=\"400\"  title='Klippitzrose09' alt='' \/><div class='big-prev-fake'><img decoding=\"async\" loading=\"lazy\" class=\"wp-image-2665 avia-img-lazy-loading-2665\"  width=\"495\" height=\"400\" src=\"https:\/\/www.klippitz.at\/sommer\/wp-content\/uploads\/2020\/06\/Klippitzrose09-495x400.jpg\" title='Klippitzrose09' alt='' \/><\/div><\/a><a href=\"https:\/\/www.klippitz.at\/sommer\/wp-content\/uploads\/2020\/06\/Klippitzrose10.jpg\" data-srcset=\"https:\/\/www.klippitz.at\/sommer\/wp-content\/uploads\/2020\/06\/Klippitzrose10.jpg 822w, https:\/\/www.klippitz.at\/sommer\/wp-content\/uploads\/2020\/06\/Klippitzrose10-300x200.jpg 300w, https:\/\/www.klippitz.at\/sommer\/wp-content\/uploads\/2020\/06\/Klippitzrose10-768x512.jpg 768w, https:\/\/www.klippitz.at\/sommer\/wp-content\/uploads\/2020\/06\/Klippitzrose10-705x470.jpg 705w\" data-sizes=\"(max-width: 822px) 100vw, 822px\" data-rel='gallery-1' data-prev-img='https:\/\/www.klippitz.at\/sommer\/wp-content\/uploads\/2020\/06\/Klippitzrose10-495x400.jpg' class='lightbox ' data-onclick='10' title='Chalet Klippitzrose Klippitzt\u00f6rl K\u00e4rnten Sommer'  itemprop=\"thumbnailUrl\"  ><img decoding=\"async\" fetchpriority=\"high\" class=\"wp-image-2666 avia-img-lazy-loading-not-2666\"  data-avia-tooltip='Chalet Klippitzrose Klippitzt\u00f6rl K\u00e4rnten Sommer' src=\"https:\/\/www.klippitz.at\/sommer\/wp-content\/uploads\/2020\/06\/Klippitzrose10-495x400.jpg\" width=\"495\" height=\"400\"  title='Klippitzrose10' alt='' \/><div class='big-prev-fake'><img decoding=\"async\" loading=\"lazy\" class=\"wp-image-2666 avia-img-lazy-loading-2666\"  width=\"495\" height=\"400\" src=\"https:\/\/www.klippitz.at\/sommer\/wp-content\/uploads\/2020\/06\/Klippitzrose10-495x400.jpg\" title='Klippitzrose10' alt='' \/><\/div><\/a><a href=\"https:\/\/www.klippitz.at\/sommer\/wp-content\/uploads\/2020\/06\/Klippitzrose11.jpg\" data-srcset=\"https:\/\/www.klippitz.at\/sommer\/wp-content\/uploads\/2020\/06\/Klippitzrose11.jpg 822w, https:\/\/www.klippitz.at\/sommer\/wp-content\/uploads\/2020\/06\/Klippitzrose11-300x200.jpg 300w, https:\/\/www.klippitz.at\/sommer\/wp-content\/uploads\/2020\/06\/Klippitzrose11-768x512.jpg 768w, https:\/\/www.klippitz.at\/sommer\/wp-content\/uploads\/2020\/06\/Klippitzrose11-705x470.jpg 705w\" data-sizes=\"(max-width: 822px) 100vw, 822px\" data-rel='gallery-1' data-prev-img='https:\/\/www.klippitz.at\/sommer\/wp-content\/uploads\/2020\/06\/Klippitzrose11-495x400.jpg' class='first_thumb lightbox ' data-onclick='11' title='Chalet Klippitzrose Klippitzt\u00f6rl K\u00e4rnten Sommer'  itemprop=\"thumbnailUrl\"  ><img decoding=\"async\" fetchpriority=\"high\" class=\"wp-image-2667 avia-img-lazy-loading-not-2667\"  data-avia-tooltip='Chalet Klippitzrose Klippitzt\u00f6rl K\u00e4rnten Sommer' src=\"https:\/\/www.klippitz.at\/sommer\/wp-content\/uploads\/2020\/06\/Klippitzrose11-495x400.jpg\" width=\"495\" height=\"400\"  title='Klippitzrose11' alt='' \/><div class='big-prev-fake'><img decoding=\"async\" loading=\"lazy\" class=\"wp-image-2667 avia-img-lazy-loading-2667\"  width=\"495\" height=\"400\" src=\"https:\/\/www.klippitz.at\/sommer\/wp-content\/uploads\/2020\/06\/Klippitzrose11-495x400.jpg\" title='Klippitzrose11' alt='' \/><\/div><\/a><\/div><\/div><\/p><\/div>\n<style type=\"text\/css\" data-created_by=\"avia_inline_auto\" id=\"style-css-av-av_three_fifth-2a64de42b738552fe666ca889af77e28\">\n.flex_column.av-av_three_fifth-2a64de42b738552fe666ca889af77e28{\nborder-radius:0px 0px 0px 0px;\npadding:0px 0px 0px 0px;\n}\n<\/style>\n<div  class='flex_column av-av_three_fifth-2a64de42b738552fe666ca889af77e28 av_three_fifth  avia-builder-el-5  el_after_av_two_fifth  avia-builder-el-last  flex_column_div av-zero-column-padding  '     ><section  class='av_textblock_section av-kbpjdmbj-dae0e6fb932b72ce345f231935b8bbab '   itemscope=\"itemscope\" itemtype=\"https:\/\/schema.org\/CreativeWork\" ><div class='avia_textblock'  itemprop=\"text\" ><h2>Ausstattung<\/h2>\n<ul>\n<li>Ausreichend <strong>Platz f\u00fcr 8 Erwachsene<\/strong>: drei\u00a0Schlafzimmer mit je einem Doppelbett, sowie einem Schlafzimmer mit zwei Einzelbetten,<\/li>\n<li><strong>Panoramafenster<\/strong> in den nach vorne gelegenen Schlafzimmern: genie\u00dfen Sie direkt beim Aufwachen einen ersten <strong>Blick auf die Berge<\/strong>!<\/li>\n<li><strong>2 Badezimer mit Dusche\/ WC<\/strong><\/li>\n<li><strong>gro\u00dfz\u00fcgige Sauna<\/strong> mit Bergblick<\/li>\n<li><strong>gem\u00fctlicher Wohn-\/Essbereich<\/strong> im Erdgescho\u00df mit SAT-TV, Stereoanlage, Play Station 3, Gaskamin mit Sichtfenster<\/li>\n<li><strong>gut ausgestattet K\u00fcche<\/strong> mit Herd, Backofen, Mikrowelle, grossem K\u00fchl\/Gefrierschrank, Sp\u00fclmaschine, Filterkaffeemaschine, Nescafe Dolce Gusto Kaffeemaschine, Wasserkocher Kindergeschirr und Hochstuhl f\u00fcr die Kleinen<\/li>\n<li>kostenfreie WLAN- Internetverbindung<\/li>\n<li>gro\u00dfe <strong>Panoramaterrasse<\/strong> mit Esstisch und Sonnenliege<\/li>\n<\/ul>\n<\/div><\/section><\/div><\/div><\/div><\/main><!-- close content main element --><\/div><\/div><div id='after_section_1'  class='main_color av_default_container_wrap container_wrap sidebar_right'  ><div class='container av-section-cont-open' ><div class='template-page content  av-content-small alpha units'><div class='post-entry post-entry-type-page post-entry-2655'><div class='entry-content-wrapper clearfix'>\n","protected":false},"excerpt":{"rendered":"","protected":false},"author":3,"featured_media":2657,"template":"","meta":{"footnotes":""},"tags":[],"portfolio_entries":[6],"class_list":["post-2655","portfolio","type-portfolio","status-publish","has-post-thumbnail","hentry","portfolio_entries-appartments-ferienhaeuser-de"],"yoast_head":"<!-- This site is optimized with the Yoast SEO plugin v26.8 - https:\/\/yoast.com\/product\/yoast-seo-wordpress\/ -->\n<title>Traumchalet Klippitzrose - Schierlebniswelt Klippitzt\u00f6rl<\/title>\n<meta name=\"robots\" content=\"index, follow, max-snippet:-1, max-image-preview:large, max-video-preview:-1\" \/>\n<link rel=\"canonical\" href=\"https:\/\/www.klippitz.at\/sommer\/unterkunft\/traumchalet-klippitzrose\/\" \/>\n<meta property=\"og:locale\" content=\"de_DE\" \/>\n<meta property=\"og:type\" content=\"article\" \/>\n<meta property=\"og:title\" content=\"Traumchalet Klippitzrose - Schierlebniswelt Klippitzt\u00f6rl\" \/>\n<meta property=\"og:url\" content=\"https:\/\/www.klippitz.at\/sommer\/unterkunft\/traumchalet-klippitzrose\/\" \/>\n<meta property=\"og:site_name\" content=\"Schierlebniswelt Klippitzt\u00f6rl\" \/>\n<meta property=\"article:modified_time\" content=\"2025-06-03T13:13:11+00:00\" \/>\n<meta property=\"og:image\" content=\"https:\/\/www.klippitz.at\/sommer\/wp-content\/uploads\/2020\/06\/Klippitzrose01.jpg\" \/>\n\t<meta property=\"og:image:width\" content=\"822\" \/>\n\t<meta property=\"og:image:height\" content=\"548\" \/>\n\t<meta property=\"og:image:type\" content=\"image\/jpeg\" \/>\n<meta name=\"twitter:label1\" content=\"Gesch\u00e4tzte Lesezeit\" \/>\n\t<meta name=\"twitter:data1\" content=\"6\u00a0Minuten\" \/>\n<script type=\"application\/ld+json\" class=\"yoast-schema-graph\">{\"@context\":\"https:\/\/schema.org\",\"@graph\":[{\"@type\":\"WebPage\",\"@id\":\"https:\/\/www.klippitz.at\/sommer\/unterkunft\/traumchalet-klippitzrose\/\",\"url\":\"https:\/\/www.klippitz.at\/sommer\/unterkunft\/traumchalet-klippitzrose\/\",\"name\":\"Traumchalet Klippitzrose - Schierlebniswelt Klippitzt\u00f6rl\",\"isPartOf\":{\"@id\":\"https:\/\/www.klippitz.at\/sommer\/#website\"},\"primaryImageOfPage\":{\"@id\":\"https:\/\/www.klippitz.at\/sommer\/unterkunft\/traumchalet-klippitzrose\/#primaryimage\"},\"image\":{\"@id\":\"https:\/\/www.klippitz.at\/sommer\/unterkunft\/traumchalet-klippitzrose\/#primaryimage\"},\"thumbnailUrl\":\"https:\/\/www.klippitz.at\/sommer\/wp-content\/uploads\/2020\/06\/Klippitzrose01.jpg\",\"datePublished\":\"2015-02-10T13:42:22+00:00\",\"dateModified\":\"2025-06-03T13:13:11+00:00\",\"breadcrumb\":{\"@id\":\"https:\/\/www.klippitz.at\/sommer\/unterkunft\/traumchalet-klippitzrose\/#breadcrumb\"},\"inLanguage\":\"de\",\"potentialAction\":[{\"@type\":\"ReadAction\",\"target\":[\"https:\/\/www.klippitz.at\/sommer\/unterkunft\/traumchalet-klippitzrose\/\"]}]},{\"@type\":\"ImageObject\",\"inLanguage\":\"de\",\"@id\":\"https:\/\/www.klippitz.at\/sommer\/unterkunft\/traumchalet-klippitzrose\/#primaryimage\",\"url\":\"https:\/\/www.klippitz.at\/sommer\/wp-content\/uploads\/2020\/06\/Klippitzrose01.jpg\",\"contentUrl\":\"https:\/\/www.klippitz.at\/sommer\/wp-content\/uploads\/2020\/06\/Klippitzrose01.jpg\",\"width\":822,\"height\":548,\"caption\":\"Chalet Klippitzrose Klippitzt\u00f6rl K\u00e4rnten Sommer\"},{\"@type\":\"BreadcrumbList\",\"@id\":\"https:\/\/www.klippitz.at\/sommer\/unterkunft\/traumchalet-klippitzrose\/#breadcrumb\",\"itemListElement\":[{\"@type\":\"ListItem\",\"position\":1,\"name\":\"Home\",\"item\":\"https:\/\/www.klippitz.at\/sommer\/home\/\"},{\"@type\":\"ListItem\",\"position\":2,\"name\":\"Traumchalet Klippitzrose\"}]},{\"@type\":\"WebSite\",\"@id\":\"https:\/\/www.klippitz.at\/sommer\/#website\",\"url\":\"https:\/\/www.klippitz.at\/sommer\/\",\"name\":\"Schierlebniswelt Klippitzt\u00f6rl\",\"description\":\"Die K\u00e4rntner Schiregion zeigt sich im Sommer von ihrer sch\u00f6nsten Seite\",\"potentialAction\":[{\"@type\":\"SearchAction\",\"target\":{\"@type\":\"EntryPoint\",\"urlTemplate\":\"https:\/\/www.klippitz.at\/sommer\/?s={search_term_string}\"},\"query-input\":{\"@type\":\"PropertyValueSpecification\",\"valueRequired\":true,\"valueName\":\"search_term_string\"}}],\"inLanguage\":\"de\"}]}<\/script>\n<!-- \/ Yoast SEO plugin. -->","yoast_head_json":{"title":"Traumchalet Klippitzrose - Schierlebniswelt Klippitzt\u00f6rl","robots":{"index":"index","follow":"follow","max-snippet":"max-snippet:-1","max-image-preview":"max-image-preview:large","max-video-preview":"max-video-preview:-1"},"canonical":"https:\/\/www.klippitz.at\/sommer\/unterkunft\/traumchalet-klippitzrose\/","og_locale":"de_DE","og_type":"article","og_title":"Traumchalet Klippitzrose - Schierlebniswelt Klippitzt\u00f6rl","og_url":"https:\/\/www.klippitz.at\/sommer\/unterkunft\/traumchalet-klippitzrose\/","og_site_name":"Schierlebniswelt Klippitzt\u00f6rl","article_modified_time":"2025-06-03T13:13:11+00:00","og_image":[{"width":822,"height":548,"url":"https:\/\/www.klippitz.at\/sommer\/wp-content\/uploads\/2020\/06\/Klippitzrose01.jpg","type":"image\/jpeg"}],"twitter_misc":{"Gesch\u00e4tzte Lesezeit":"6\u00a0Minuten"},"schema":{"@context":"https:\/\/schema.org","@graph":[{"@type":"WebPage","@id":"https:\/\/www.klippitz.at\/sommer\/unterkunft\/traumchalet-klippitzrose\/","url":"https:\/\/www.klippitz.at\/sommer\/unterkunft\/traumchalet-klippitzrose\/","name":"Traumchalet Klippitzrose - Schierlebniswelt Klippitzt\u00f6rl","isPartOf":{"@id":"https:\/\/www.klippitz.at\/sommer\/#website"},"primaryImageOfPage":{"@id":"https:\/\/www.klippitz.at\/sommer\/unterkunft\/traumchalet-klippitzrose\/#primaryimage"},"image":{"@id":"https:\/\/www.klippitz.at\/sommer\/unterkunft\/traumchalet-klippitzrose\/#primaryimage"},"thumbnailUrl":"https:\/\/www.klippitz.at\/sommer\/wp-content\/uploads\/2020\/06\/Klippitzrose01.jpg","datePublished":"2015-02-10T13:42:22+00:00","dateModified":"2025-06-03T13:13:11+00:00","breadcrumb":{"@id":"https:\/\/www.klippitz.at\/sommer\/unterkunft\/traumchalet-klippitzrose\/#breadcrumb"},"inLanguage":"de","potentialAction":[{"@type":"ReadAction","target":["https:\/\/www.klippitz.at\/sommer\/unterkunft\/traumchalet-klippitzrose\/"]}]},{"@type":"ImageObject","inLanguage":"de","@id":"https:\/\/www.klippitz.at\/sommer\/unterkunft\/traumchalet-klippitzrose\/#primaryimage","url":"https:\/\/www.klippitz.at\/sommer\/wp-content\/uploads\/2020\/06\/Klippitzrose01.jpg","contentUrl":"https:\/\/www.klippitz.at\/sommer\/wp-content\/uploads\/2020\/06\/Klippitzrose01.jpg","width":822,"height":548,"caption":"Chalet Klippitzrose Klippitzt\u00f6rl K\u00e4rnten Sommer"},{"@type":"BreadcrumbList","@id":"https:\/\/www.klippitz.at\/sommer\/unterkunft\/traumchalet-klippitzrose\/#breadcrumb","itemListElement":[{"@type":"ListItem","position":1,"name":"Home","item":"https:\/\/www.klippitz.at\/sommer\/home\/"},{"@type":"ListItem","position":2,"name":"Traumchalet Klippitzrose"}]},{"@type":"WebSite","@id":"https:\/\/www.klippitz.at\/sommer\/#website","url":"https:\/\/www.klippitz.at\/sommer\/","name":"Schierlebniswelt Klippitzt\u00f6rl","description":"Die K\u00e4rntner Schiregion zeigt sich im Sommer von ihrer sch\u00f6nsten Seite","potentialAction":[{"@type":"SearchAction","target":{"@type":"EntryPoint","urlTemplate":"https:\/\/www.klippitz.at\/sommer\/?s={search_term_string}"},"query-input":{"@type":"PropertyValueSpecification","valueRequired":true,"valueName":"search_term_string"}}],"inLanguage":"de"}]}},"_links":{"self":[{"href":"https:\/\/www.klippitz.at\/sommer\/wp-json\/wp\/v2\/portfolio\/2655","targetHints":{"allow":["GET"]}}],"collection":[{"href":"https:\/\/www.klippitz.at\/sommer\/wp-json\/wp\/v2\/portfolio"}],"about":[{"href":"https:\/\/www.klippitz.at\/sommer\/wp-json\/wp\/v2\/types\/portfolio"}],"author":[{"embeddable":true,"href":"https:\/\/www.klippitz.at\/sommer\/wp-json\/wp\/v2\/users\/3"}],"version-history":[{"count":2,"href":"https:\/\/www.klippitz.at\/sommer\/wp-json\/wp\/v2\/portfolio\/2655\/revisions"}],"predecessor-version":[{"id":3424,"href":"https:\/\/www.klippitz.at\/sommer\/wp-json\/wp\/v2\/portfolio\/2655\/revisions\/3424"}],"wp:featuredmedia":[{"embeddable":true,"href":"https:\/\/www.klippitz.at\/sommer\/wp-json\/wp\/v2\/media\/2657"}],"wp:attachment":[{"href":"https:\/\/www.klippitz.at\/sommer\/wp-json\/wp\/v2\/media?parent=2655"}],"wp:term":[{"taxonomy":"post_tag","embeddable":true,"href":"https:\/\/www.klippitz.at\/sommer\/wp-json\/wp\/v2\/tags?post=2655"},{"taxonomy":"portfolio_entries","embeddable":true,"href":"https:\/\/www.klippitz.at\/sommer\/wp-json\/wp\/v2\/portfolio_entries?post=2655"}],"curies":[{"name":"wp","href":"https:\/\/api.w.org\/{rel}","templated":true}]}}