{"id":1943,"date":"2016-05-18T18:14:36","date_gmt":"2016-05-18T16:14:36","guid":{"rendered":"http:\/\/www.klippitz.at\/sommer\/?post_type=portfolio&#038;p=1943"},"modified":"2023-09-07T08:50:18","modified_gmt":"2023-09-07T06:50:18","slug":"almhuette-geierkogelblick","status":"publish","type":"portfolio","link":"https:\/\/www.klippitz.at\/sommer\/unterkunft\/almhuette-geierkogelblick\/","title":{"rendered":"Almh\u00fctte Geierkogelblick"},"content":{"rendered":"<div id='av_section_1'  class='avia-section av-gvxrav-03c09fa4772052c9f6feff78ac31121a main_color avia-section-default avia-no-shadow  avia-builder-el-0  avia-builder-el-no-sibling  avia-bg-style-scroll container_wrap sidebar_right'  ><div class='container av-section-cont-open' ><main  role=\"main\" itemprop=\"mainContentOfPage\"  class='template-page content  av-content-small alpha units'><div class='post-entry post-entry-type-page post-entry-1943'><div class='entry-content-wrapper clearfix'>\n<div  class='avia-slideshow av-fov1on-8a8687680ac58bd21ce55b140e3318fa avia-slideshow-featured av_slideshow avia-fade-slider  avia-builder-el-1  el_before_av_two_fifth  avia-builder-el-first  av-slideshow-ui av-slideshow-manual av-loop-once av-loop-manual-endless av-default-height-applied avia-slideshow-1' data-slideshow-options=\"{&quot;animation&quot;:&quot;fade&quot;,&quot;autoplay&quot;:false,&quot;loop_autoplay&quot;:&quot;once&quot;,&quot;interval&quot;:5,&quot;loop_manual&quot;:&quot;manual-endless&quot;,&quot;autoplay_stopper&quot;:false,&quot;noNavigation&quot;:false,&quot;bg_slider&quot;:false,&quot;keep_padding&quot;:false,&quot;hoverpause&quot;:false,&quot;show_slide_delay&quot;:0}\"  itemprop=\"image\" itemscope=\"itemscope\" itemtype=\"https:\/\/schema.org\/ImageObject\" ><ul class='avia-slideshow-inner ' style='padding-bottom: 37.127659574468%;'><li  class='avia-slideshow-slide av-fov1on-8a8687680ac58bd21ce55b140e3318fa__0  av-single-slide slide-1 slide-odd'><div data-rel='slideshow-1' class='avia-slide-wrap '   ><img decoding=\"async\" fetchpriority=\"high\" class=\"wp-image-1944 avia-img-lazy-loading-not-1944\"  src=\"https:\/\/www.klippitz.at\/sommer\/wp-content\/uploads\/2016\/05\/Titelsommerprov940x350.jpg\" width=\"940\" height=\"349\" title='Titelsommerprov940x350' alt=''  itemprop=\"thumbnailUrl\" srcset=\"https:\/\/www.klippitz.at\/sommer\/wp-content\/uploads\/2016\/05\/Titelsommerprov940x350.jpg 940w, https:\/\/www.klippitz.at\/sommer\/wp-content\/uploads\/2016\/05\/Titelsommerprov940x350-300x111.jpg 300w, https:\/\/www.klippitz.at\/sommer\/wp-content\/uploads\/2016\/05\/Titelsommerprov940x350-768x285.jpg 768w, https:\/\/www.klippitz.at\/sommer\/wp-content\/uploads\/2016\/05\/Titelsommerprov940x350-705x262.jpg 705w, https:\/\/www.klippitz.at\/sommer\/wp-content\/uploads\/2016\/05\/Titelsommerprov940x350-450x167.jpg 450w\" sizes=\"(max-width: 940px) 100vw, 940px\" \/><\/div><\/li><\/ul><div class='av-slideshow-caption av-fov1on-8a8687680ac58bd21ce55b140e3318fa__0 avia-caption'><div class=\"avia-inner-caption\"><div class='avia-caption-content '  itemprop=\"description\" ><p>Willkommen im Geierkogelblick<\/p>\n<\/div><\/div><\/div><\/div>\n<div  class='flex_column av-cavyzb-5d2228c73fe1eb5fa1b1967663a2bf11 av_two_fifth  avia-builder-el-2  el_after_av_slideshow  el_before_av_three_fifth  first flex_column_div  '     ><section  class='av_textblock_section av-aoma07-862373210a17e04f19b8aebe5dcfd7b5 '   itemscope=\"itemscope\" itemtype=\"https:\/\/schema.org\/CreativeWork\" ><div class='avia_textblock'  itemprop=\"text\" ><h2>Ausstattung<\/h2>\n<ul>\n<li>Erdgescho\u00df: K\u00fcche mit Wohn- und Essbereich, Couch, Sat-TV, Balkon, WC, Abstellraum,<br \/>\nKinderschlafzimmer mit Stockbett, WLAN<\/li>\n<li>Obergescho\u00df: 2 Schlafzimmer jeweils mit 1 Doppelbett und 1 Einzelbett + Sat-TV<br \/>\nBadezimmer mit Badewanne\/Dusche\/WC, WLAN<\/li>\n<li>Kellergescho\u00df: Finnische Sauna mit Ruhebereich, 1 Garagenabstellplatz<br \/>\nPelletsheizung vollautomatisch<\/li>\n<li>Au\u00dfenbereich: ca. 500 m2 Wiesengrund zum Gro\u00dfteil eingez\u00e4unt<br \/>\nParkplatz vor Kellergescho\u00df<\/li>\n<li>Hunde sind herzlich willkommen<\/li>\n<\/ul>\n<p>Tel.: +43(0)650\/4340997<br \/>\n<a href=\"mailto:htripolt@gmx.at\">htripolt@gmx.at<br \/>\n<\/a><a href=\"http:\/\/www.geierkogelblick.at\/\" target=\"_blank\" rel=\"noopener noreferrer\">www.geierkogelblick.at<\/a><\/p>\n<\/div><\/section><br \/>\n<div  class='av_gmaps_sc_main_wrap av_gmaps_main_wrap '><div id='av_gmap_0' class='avia-google-map-container avia-google-map-sc av_gmaps_show_unconditionally av-no-fallback-img ' data-mapid='av_gmap_0'  style='height: 200px;'><a class=\"av_gmaps_browser_disabled av_text_confirm_link av_text_confirm_link_visible\" href=\"https:\/\/www.google.com\/maps\/search\/?api=1&#038;query=46.943762,14.703560\" target=\"_blank\">Aufgrund deiner Datenschutz-Einstellungen k\u00f6nnen wir Ihnen die Karte nicht anzeigen. Klicken Sie hier, um die Karte in einem neuen Fenster zu \u00f6ffnen.<\/a><\/div><\/div><\/p><\/div>\n<style type=\"text\/css\" data-created_by=\"avia_inline_auto\" id=\"style-css-av-6cja1z-e52fed9dd78611dc822351901adfd437\">\n.flex_column.av-6cja1z-e52fed9dd78611dc822351901adfd437{\nborder-radius:0px 0px 0px 0px;\npadding:0px 0px 0px 0px;\n}\n<\/style>\n<div  class='flex_column av-6cja1z-e52fed9dd78611dc822351901adfd437 av_three_fifth  avia-builder-el-5  el_after_av_two_fifth  el_before_av_gallery  flex_column_div av-zero-column-padding  '     ><section  class='av_textblock_section av-3k9o2f-6fc3a348077c040ed836e6f83e624219 '   itemscope=\"itemscope\" itemtype=\"https:\/\/schema.org\/CreativeWork\" ><div class='avia_textblock'  itemprop=\"text\" ><h2>Willkommen im Geierkogelblick<\/h2>\n<p>Die Almh\u00fctte Geierkogelblick wurde im Jahr 2015 im Klippitzdorf mitten im Skigebiet Klippitzt\u00f6rl im sch\u00f6nen Lavanttal, dem &#8222;Paradies K\u00e4rntens&#8220; erbaut. Sie befindet sich 5 Gehminuten von der Skipiste entfernt und ist jederzeit direkt mit dem PKW zu erreichen.<\/p>\n<p>Das Grundst\u00fcck\u00a0um das Almhaus\u00a0umfasst 600 Quadratmeter und ist fast komplett eingez\u00e4unt, sodass Sie auch gerne Ihren Vierbeiner in den Urlaub mitnehmen k\u00f6nnen, welcher sich w\u00e4hrend Ihres Skitages im eingez\u00e4unten Garten vergn\u00fcgen kann, oder nat\u00fcrlich auch im Haus bleiben darf.<\/p>\n<p>Der Geierkogelblick wurde in Riegelbauweise ausschlie\u00dflich aus einheimischem Naturholz gebaut (L\u00e4rche und Fichte) und auch die Innenausstattung besteht zum gr\u00f6\u00dften Teil aus Holz und bietet Platz f\u00fcr 4-6 Personen in 2 Komfortzimmern (Obergescho\u00df) + 1 Kinderschlafzimmer mit Stockbett (Erdgescho\u00df) &#8211; Momentan befindet sich die Almh\u00fctte in der Fertigstellungsphase &#8211; Bilder folgen.<\/p>\n<p>Offiziell er\u00f6ffnet wird das Almhaus am 5.12.2015, ist aber schon ab sofort buchbar.<\/p>\n<p>Genie\u00dfen Sie einen wundersch\u00f6nen Skiurlaub im Winter oder einen erholsamen Wanderurlaub im Sommer auf der Almh\u00fctte Geierkogelblick.<\/p>\n<p>Wir freuen uns auf Ihren Besuch!<\/p>\n<\/div><\/section><\/div>\n<style type=\"text\/css\" data-created_by=\"avia_inline_auto\" id=\"style-css-av-6xb9j-e0d6bff95577c8af7a858b5053843380\">\n#top .avia-gallery.av-6xb9j-e0d6bff95577c8af7a858b5053843380 .avia-gallery-thumb a{\nwidth:14.2857%;\n}\n<\/style>\n<div  class='avia-gallery av-6xb9j-e0d6bff95577c8af7a858b5053843380 avia_animate_when_visible  avia-builder-el-7  el_after_av_three_fifth  avia-builder-el-last  deactivate_avia_lazyload avia-gallery-animate avia-gallery-1'  itemprop=\"image\" itemscope=\"itemscope\" itemtype=\"https:\/\/schema.org\/ImageObject\" ><meta itemprop=\"contentURL\" content=\"https:\/\/www.klippitz.at\/sommer\/unterkunft\/almhuette-geierkogelblick\/\"><div class='avia-gallery-thumb'><a href=\"https:\/\/www.klippitz.at\/sommer\/wp-content\/uploads\/2016\/05\/Geierkogelblick01.jpg\" data-srcset=\"https:\/\/www.klippitz.at\/sommer\/wp-content\/uploads\/2016\/05\/Geierkogelblick01.jpg 822w, https:\/\/www.klippitz.at\/sommer\/wp-content\/uploads\/2016\/05\/Geierkogelblick01-300x225.jpg 300w, https:\/\/www.klippitz.at\/sommer\/wp-content\/uploads\/2016\/05\/Geierkogelblick01-768x576.jpg 768w, https:\/\/www.klippitz.at\/sommer\/wp-content\/uploads\/2016\/05\/Geierkogelblick01-705x529.jpg 705w, https:\/\/www.klippitz.at\/sommer\/wp-content\/uploads\/2016\/05\/Geierkogelblick01-450x338.jpg 450w\" data-sizes=\"(max-width: 822px) 100vw, 822px\" data-rel='gallery-1' data-prev-img='https:\/\/www.klippitz.at\/sommer\/wp-content\/uploads\/2016\/05\/Geierkogelblick01-495x400.jpg' class='first_thumb lightbox ' data-onclick='1' title='Geierkogelblick01'  itemprop=\"thumbnailUrl\"  ><img decoding=\"async\" fetchpriority=\"high\" class=\"wp-image-1946 avia-img-lazy-loading-not-1946\"   src=\"https:\/\/www.klippitz.at\/sommer\/wp-content\/uploads\/2016\/05\/Geierkogelblick01-495x400.jpg\" width=\"495\" height=\"400\"  title='Geierkogelblick01' alt='' \/><div class='big-prev-fake'><img decoding=\"async\" loading=\"lazy\" class=\"wp-image-1946 avia-img-lazy-loading-1946\"  width=\"495\" height=\"400\" src=\"https:\/\/www.klippitz.at\/sommer\/wp-content\/uploads\/2016\/05\/Geierkogelblick01-495x400.jpg\" title='Geierkogelblick01' alt='' \/><\/div><\/a><a href=\"https:\/\/www.klippitz.at\/sommer\/wp-content\/uploads\/2016\/05\/Geierkogelblick02.jpg\" data-srcset=\"https:\/\/www.klippitz.at\/sommer\/wp-content\/uploads\/2016\/05\/Geierkogelblick02.jpg 822w, https:\/\/www.klippitz.at\/sommer\/wp-content\/uploads\/2016\/05\/Geierkogelblick02-300x225.jpg 300w, https:\/\/www.klippitz.at\/sommer\/wp-content\/uploads\/2016\/05\/Geierkogelblick02-768x576.jpg 768w, https:\/\/www.klippitz.at\/sommer\/wp-content\/uploads\/2016\/05\/Geierkogelblick02-705x529.jpg 705w, https:\/\/www.klippitz.at\/sommer\/wp-content\/uploads\/2016\/05\/Geierkogelblick02-450x338.jpg 450w\" data-sizes=\"(max-width: 822px) 100vw, 822px\" data-rel='gallery-1' data-prev-img='https:\/\/www.klippitz.at\/sommer\/wp-content\/uploads\/2016\/05\/Geierkogelblick02-495x400.jpg' class='lightbox ' data-onclick='2' title='Geierkogelblick02'  itemprop=\"thumbnailUrl\"  ><img decoding=\"async\" fetchpriority=\"high\" class=\"wp-image-1948 avia-img-lazy-loading-not-1948\"   src=\"https:\/\/www.klippitz.at\/sommer\/wp-content\/uploads\/2016\/05\/Geierkogelblick02-495x400.jpg\" width=\"495\" height=\"400\"  title='Geierkogelblick02' alt='' \/><div class='big-prev-fake'><img decoding=\"async\" loading=\"lazy\" class=\"wp-image-1948 avia-img-lazy-loading-1948\"  width=\"495\" height=\"400\" src=\"https:\/\/www.klippitz.at\/sommer\/wp-content\/uploads\/2016\/05\/Geierkogelblick02-495x400.jpg\" title='Geierkogelblick02' alt='' \/><\/div><\/a><a href=\"https:\/\/www.klippitz.at\/sommer\/wp-content\/uploads\/2016\/05\/Geierkogelblick03.jpg\" data-srcset=\"https:\/\/www.klippitz.at\/sommer\/wp-content\/uploads\/2016\/05\/Geierkogelblick03.jpg 822w, https:\/\/www.klippitz.at\/sommer\/wp-content\/uploads\/2016\/05\/Geierkogelblick03-300x225.jpg 300w, https:\/\/www.klippitz.at\/sommer\/wp-content\/uploads\/2016\/05\/Geierkogelblick03-768x576.jpg 768w, https:\/\/www.klippitz.at\/sommer\/wp-content\/uploads\/2016\/05\/Geierkogelblick03-705x529.jpg 705w, https:\/\/www.klippitz.at\/sommer\/wp-content\/uploads\/2016\/05\/Geierkogelblick03-450x338.jpg 450w\" data-sizes=\"(max-width: 822px) 100vw, 822px\" data-rel='gallery-1' data-prev-img='https:\/\/www.klippitz.at\/sommer\/wp-content\/uploads\/2016\/05\/Geierkogelblick03-495x400.jpg' class='lightbox ' data-onclick='3' title='Geierkogelblick03'  itemprop=\"thumbnailUrl\"  ><img decoding=\"async\" fetchpriority=\"high\" class=\"wp-image-1950 avia-img-lazy-loading-not-1950\"   src=\"https:\/\/www.klippitz.at\/sommer\/wp-content\/uploads\/2016\/05\/Geierkogelblick03-495x400.jpg\" width=\"495\" height=\"400\"  title='Geierkogelblick03' alt='' \/><div class='big-prev-fake'><img decoding=\"async\" loading=\"lazy\" class=\"wp-image-1950 avia-img-lazy-loading-1950\"  width=\"495\" height=\"400\" src=\"https:\/\/www.klippitz.at\/sommer\/wp-content\/uploads\/2016\/05\/Geierkogelblick03-495x400.jpg\" title='Geierkogelblick03' alt='' \/><\/div><\/a><a href=\"https:\/\/www.klippitz.at\/sommer\/wp-content\/uploads\/2016\/05\/Geierkogelblick04.jpg\" data-srcset=\"https:\/\/www.klippitz.at\/sommer\/wp-content\/uploads\/2016\/05\/Geierkogelblick04.jpg 822w, https:\/\/www.klippitz.at\/sommer\/wp-content\/uploads\/2016\/05\/Geierkogelblick04-300x225.jpg 300w, https:\/\/www.klippitz.at\/sommer\/wp-content\/uploads\/2016\/05\/Geierkogelblick04-768x576.jpg 768w, https:\/\/www.klippitz.at\/sommer\/wp-content\/uploads\/2016\/05\/Geierkogelblick04-705x529.jpg 705w, https:\/\/www.klippitz.at\/sommer\/wp-content\/uploads\/2016\/05\/Geierkogelblick04-450x338.jpg 450w\" data-sizes=\"(max-width: 822px) 100vw, 822px\" data-rel='gallery-1' data-prev-img='https:\/\/www.klippitz.at\/sommer\/wp-content\/uploads\/2016\/05\/Geierkogelblick04-495x400.jpg' class='lightbox ' data-onclick='4' title='Geierkogelblick04'  itemprop=\"thumbnailUrl\"  ><img decoding=\"async\" fetchpriority=\"high\" class=\"wp-image-1952 avia-img-lazy-loading-not-1952\"   src=\"https:\/\/www.klippitz.at\/sommer\/wp-content\/uploads\/2016\/05\/Geierkogelblick04-495x400.jpg\" width=\"495\" height=\"400\"  title='Geierkogelblick04' alt='' \/><div class='big-prev-fake'><img decoding=\"async\" loading=\"lazy\" class=\"wp-image-1952 avia-img-lazy-loading-1952\"  width=\"495\" height=\"400\" src=\"https:\/\/www.klippitz.at\/sommer\/wp-content\/uploads\/2016\/05\/Geierkogelblick04-495x400.jpg\" title='Geierkogelblick04' alt='' \/><\/div><\/a><a href=\"https:\/\/www.klippitz.at\/sommer\/wp-content\/uploads\/2016\/05\/Geierkogelblick08.jpg\" data-srcset=\"https:\/\/www.klippitz.at\/sommer\/wp-content\/uploads\/2016\/05\/Geierkogelblick08.jpg 822w, https:\/\/www.klippitz.at\/sommer\/wp-content\/uploads\/2016\/05\/Geierkogelblick08-300x225.jpg 300w, https:\/\/www.klippitz.at\/sommer\/wp-content\/uploads\/2016\/05\/Geierkogelblick08-768x576.jpg 768w, https:\/\/www.klippitz.at\/sommer\/wp-content\/uploads\/2016\/05\/Geierkogelblick08-705x529.jpg 705w, https:\/\/www.klippitz.at\/sommer\/wp-content\/uploads\/2016\/05\/Geierkogelblick08-450x338.jpg 450w\" data-sizes=\"(max-width: 822px) 100vw, 822px\" data-rel='gallery-1' data-prev-img='https:\/\/www.klippitz.at\/sommer\/wp-content\/uploads\/2016\/05\/Geierkogelblick08-495x400.jpg' class='lightbox ' data-onclick='5' title='Geierkogelblick08'  itemprop=\"thumbnailUrl\"  ><img decoding=\"async\" fetchpriority=\"high\" class=\"wp-image-1960 avia-img-lazy-loading-not-1960\"   src=\"https:\/\/www.klippitz.at\/sommer\/wp-content\/uploads\/2016\/05\/Geierkogelblick08-495x400.jpg\" width=\"495\" height=\"400\"  title='Geierkogelblick08' alt='' \/><div class='big-prev-fake'><img decoding=\"async\" loading=\"lazy\" class=\"wp-image-1960 avia-img-lazy-loading-1960\"  width=\"495\" height=\"400\" src=\"https:\/\/www.klippitz.at\/sommer\/wp-content\/uploads\/2016\/05\/Geierkogelblick08-495x400.jpg\" title='Geierkogelblick08' alt='' \/><\/div><\/a><a href=\"https:\/\/www.klippitz.at\/sommer\/wp-content\/uploads\/2016\/05\/Geierkogelblick09.jpg\" data-srcset=\"https:\/\/www.klippitz.at\/sommer\/wp-content\/uploads\/2016\/05\/Geierkogelblick09.jpg 617w, https:\/\/www.klippitz.at\/sommer\/wp-content\/uploads\/2016\/05\/Geierkogelblick09-225x300.jpg 225w, https:\/\/www.klippitz.at\/sommer\/wp-content\/uploads\/2016\/05\/Geierkogelblick09-529x705.jpg 529w, https:\/\/www.klippitz.at\/sommer\/wp-content\/uploads\/2016\/05\/Geierkogelblick09-450x600.jpg 450w\" data-sizes=\"(max-width: 617px) 100vw, 617px\" data-rel='gallery-1' data-prev-img='https:\/\/www.klippitz.at\/sommer\/wp-content\/uploads\/2016\/05\/Geierkogelblick09-495x400.jpg' class='lightbox ' data-onclick='6' title='Geierkogelblick09'  itemprop=\"thumbnailUrl\"  ><img decoding=\"async\" fetchpriority=\"high\" class=\"wp-image-1962 avia-img-lazy-loading-not-1962\"   src=\"https:\/\/www.klippitz.at\/sommer\/wp-content\/uploads\/2016\/05\/Geierkogelblick09-495x400.jpg\" width=\"495\" height=\"400\"  title='Geierkogelblick09' alt='' \/><div class='big-prev-fake'><img decoding=\"async\" loading=\"lazy\" class=\"wp-image-1962 avia-img-lazy-loading-1962\"  width=\"495\" height=\"400\" src=\"https:\/\/www.klippitz.at\/sommer\/wp-content\/uploads\/2016\/05\/Geierkogelblick09-495x400.jpg\" title='Geierkogelblick09' alt='' \/><\/div><\/a><a href=\"https:\/\/www.klippitz.at\/sommer\/wp-content\/uploads\/2016\/05\/Geierkogelblick10.jpg\" data-srcset=\"https:\/\/www.klippitz.at\/sommer\/wp-content\/uploads\/2016\/05\/Geierkogelblick10.jpg 822w, https:\/\/www.klippitz.at\/sommer\/wp-content\/uploads\/2016\/05\/Geierkogelblick10-300x225.jpg 300w, https:\/\/www.klippitz.at\/sommer\/wp-content\/uploads\/2016\/05\/Geierkogelblick10-768x576.jpg 768w, https:\/\/www.klippitz.at\/sommer\/wp-content\/uploads\/2016\/05\/Geierkogelblick10-705x529.jpg 705w, https:\/\/www.klippitz.at\/sommer\/wp-content\/uploads\/2016\/05\/Geierkogelblick10-450x338.jpg 450w\" data-sizes=\"(max-width: 822px) 100vw, 822px\" data-rel='gallery-1' data-prev-img='https:\/\/www.klippitz.at\/sommer\/wp-content\/uploads\/2016\/05\/Geierkogelblick10-495x400.jpg' class='lightbox ' data-onclick='7' title='Geierkogelblick10'  itemprop=\"thumbnailUrl\"  ><img decoding=\"async\" fetchpriority=\"high\" class=\"wp-image-1964 avia-img-lazy-loading-not-1964\"   src=\"https:\/\/www.klippitz.at\/sommer\/wp-content\/uploads\/2016\/05\/Geierkogelblick10-495x400.jpg\" width=\"495\" height=\"400\"  title='Geierkogelblick10' alt='' \/><div class='big-prev-fake'><img decoding=\"async\" loading=\"lazy\" class=\"wp-image-1964 avia-img-lazy-loading-1964\"  width=\"495\" height=\"400\" src=\"https:\/\/www.klippitz.at\/sommer\/wp-content\/uploads\/2016\/05\/Geierkogelblick10-495x400.jpg\" title='Geierkogelblick10' alt='' \/><\/div><\/a><a href=\"https:\/\/www.klippitz.at\/sommer\/wp-content\/uploads\/2016\/05\/Geierkogelblick14.jpg\" data-srcset=\"https:\/\/www.klippitz.at\/sommer\/wp-content\/uploads\/2016\/05\/Geierkogelblick14.jpg 617w, https:\/\/www.klippitz.at\/sommer\/wp-content\/uploads\/2016\/05\/Geierkogelblick14-225x300.jpg 225w, https:\/\/www.klippitz.at\/sommer\/wp-content\/uploads\/2016\/05\/Geierkogelblick14-529x705.jpg 529w, https:\/\/www.klippitz.at\/sommer\/wp-content\/uploads\/2016\/05\/Geierkogelblick14-450x600.jpg 450w\" data-sizes=\"(max-width: 617px) 100vw, 617px\" data-rel='gallery-1' data-prev-img='https:\/\/www.klippitz.at\/sommer\/wp-content\/uploads\/2016\/05\/Geierkogelblick14-495x400.jpg' class='first_thumb lightbox ' data-onclick='8' title='Geierkogelblick14'  itemprop=\"thumbnailUrl\"  ><img decoding=\"async\" fetchpriority=\"high\" class=\"wp-image-1972 avia-img-lazy-loading-not-1972\"   src=\"https:\/\/www.klippitz.at\/sommer\/wp-content\/uploads\/2016\/05\/Geierkogelblick14-495x400.jpg\" width=\"495\" height=\"400\"  title='Geierkogelblick14' alt='' \/><div class='big-prev-fake'><img decoding=\"async\" loading=\"lazy\" class=\"wp-image-1972 avia-img-lazy-loading-1972\"  width=\"495\" height=\"400\" src=\"https:\/\/www.klippitz.at\/sommer\/wp-content\/uploads\/2016\/05\/Geierkogelblick14-495x400.jpg\" title='Geierkogelblick14' alt='' \/><\/div><\/a><a href=\"https:\/\/www.klippitz.at\/sommer\/wp-content\/uploads\/2016\/05\/Geierkogelblick16.jpg\" data-srcset=\"https:\/\/www.klippitz.at\/sommer\/wp-content\/uploads\/2016\/05\/Geierkogelblick16.jpg 617w, https:\/\/www.klippitz.at\/sommer\/wp-content\/uploads\/2016\/05\/Geierkogelblick16-225x300.jpg 225w, https:\/\/www.klippitz.at\/sommer\/wp-content\/uploads\/2016\/05\/Geierkogelblick16-529x705.jpg 529w, https:\/\/www.klippitz.at\/sommer\/wp-content\/uploads\/2016\/05\/Geierkogelblick16-450x600.jpg 450w\" data-sizes=\"(max-width: 617px) 100vw, 617px\" data-rel='gallery-1' data-prev-img='https:\/\/www.klippitz.at\/sommer\/wp-content\/uploads\/2016\/05\/Geierkogelblick16-495x400.jpg' class='lightbox ' data-onclick='9' title='Geierkogelblick16'  itemprop=\"thumbnailUrl\"  ><img decoding=\"async\" fetchpriority=\"high\" class=\"wp-image-1976 avia-img-lazy-loading-not-1976\"   src=\"https:\/\/www.klippitz.at\/sommer\/wp-content\/uploads\/2016\/05\/Geierkogelblick16-495x400.jpg\" width=\"495\" height=\"400\"  title='Geierkogelblick16' alt='' \/><div class='big-prev-fake'><img decoding=\"async\" loading=\"lazy\" class=\"wp-image-1976 avia-img-lazy-loading-1976\"  width=\"495\" height=\"400\" src=\"https:\/\/www.klippitz.at\/sommer\/wp-content\/uploads\/2016\/05\/Geierkogelblick16-495x400.jpg\" title='Geierkogelblick16' alt='' \/><\/div><\/a><\/div><\/div>\n<\/div><\/div><\/main><!-- close content main element --><\/div><\/div><div id='after_section_1'  class='main_color av_default_container_wrap container_wrap sidebar_right'  ><div class='container av-section-cont-open' ><div class='template-page content  av-content-small alpha units'><div class='post-entry post-entry-type-page post-entry-1943'><div class='entry-content-wrapper clearfix'>\n","protected":false},"excerpt":{"rendered":"","protected":false},"author":3,"featured_media":3206,"template":"","meta":{"footnotes":""},"tags":[],"portfolio_entries":[6],"class_list":["post-1943","portfolio","type-portfolio","status-publish","has-post-thumbnail","hentry","portfolio_entries-appartments-ferienhaeuser-de"],"yoast_head":"<!-- This site is optimized with the Yoast SEO plugin v26.8 - https:\/\/yoast.com\/product\/yoast-seo-wordpress\/ -->\n<title>Almh\u00fctte Geierkogelblick - Schierlebniswelt Klippitzt\u00f6rl<\/title>\n<meta name=\"robots\" content=\"index, follow, max-snippet:-1, max-image-preview:large, max-video-preview:-1\" \/>\n<link rel=\"canonical\" href=\"https:\/\/www.klippitz.at\/sommer\/unterkunft\/almhuette-geierkogelblick\/\" \/>\n<meta property=\"og:locale\" content=\"de_DE\" \/>\n<meta property=\"og:type\" content=\"article\" \/>\n<meta property=\"og:title\" content=\"Almh\u00fctte Geierkogelblick - Schierlebniswelt Klippitzt\u00f6rl\" \/>\n<meta property=\"og:url\" content=\"https:\/\/www.klippitz.at\/sommer\/unterkunft\/almhuette-geierkogelblick\/\" \/>\n<meta property=\"og:site_name\" content=\"Schierlebniswelt Klippitzt\u00f6rl\" \/>\n<meta property=\"article:modified_time\" content=\"2023-09-07T06:50:18+00:00\" \/>\n<meta property=\"og:image\" content=\"https:\/\/www.klippitz.at\/sommer\/wp-content\/uploads\/2016\/05\/geierkogelhuette.jpg\" \/>\n\t<meta property=\"og:image:width\" content=\"1632\" \/>\n\t<meta property=\"og:image:height\" content=\"1224\" \/>\n\t<meta property=\"og:image:type\" content=\"image\/jpeg\" \/>\n<meta name=\"twitter:label1\" content=\"Gesch\u00e4tzte Lesezeit\" \/>\n\t<meta name=\"twitter:data1\" content=\"2\u00a0Minuten\" \/>\n<script type=\"application\/ld+json\" class=\"yoast-schema-graph\">{\"@context\":\"https:\/\/schema.org\",\"@graph\":[{\"@type\":\"WebPage\",\"@id\":\"https:\/\/www.klippitz.at\/sommer\/unterkunft\/almhuette-geierkogelblick\/\",\"url\":\"https:\/\/www.klippitz.at\/sommer\/unterkunft\/almhuette-geierkogelblick\/\",\"name\":\"Almh\u00fctte Geierkogelblick - Schierlebniswelt Klippitzt\u00f6rl\",\"isPartOf\":{\"@id\":\"https:\/\/www.klippitz.at\/sommer\/#website\"},\"primaryImageOfPage\":{\"@id\":\"https:\/\/www.klippitz.at\/sommer\/unterkunft\/almhuette-geierkogelblick\/#primaryimage\"},\"image\":{\"@id\":\"https:\/\/www.klippitz.at\/sommer\/unterkunft\/almhuette-geierkogelblick\/#primaryimage\"},\"thumbnailUrl\":\"https:\/\/www.klippitz.at\/sommer\/wp-content\/uploads\/2016\/05\/geierkogelhuette.jpg\",\"datePublished\":\"2016-05-18T16:14:36+00:00\",\"dateModified\":\"2023-09-07T06:50:18+00:00\",\"breadcrumb\":{\"@id\":\"https:\/\/www.klippitz.at\/sommer\/unterkunft\/almhuette-geierkogelblick\/#breadcrumb\"},\"inLanguage\":\"de\",\"potentialAction\":[{\"@type\":\"ReadAction\",\"target\":[\"https:\/\/www.klippitz.at\/sommer\/unterkunft\/almhuette-geierkogelblick\/\"]}]},{\"@type\":\"ImageObject\",\"inLanguage\":\"de\",\"@id\":\"https:\/\/www.klippitz.at\/sommer\/unterkunft\/almhuette-geierkogelblick\/#primaryimage\",\"url\":\"https:\/\/www.klippitz.at\/sommer\/wp-content\/uploads\/2016\/05\/geierkogelhuette.jpg\",\"contentUrl\":\"https:\/\/www.klippitz.at\/sommer\/wp-content\/uploads\/2016\/05\/geierkogelhuette.jpg\",\"width\":1632,\"height\":1224},{\"@type\":\"BreadcrumbList\",\"@id\":\"https:\/\/www.klippitz.at\/sommer\/unterkunft\/almhuette-geierkogelblick\/#breadcrumb\",\"itemListElement\":[{\"@type\":\"ListItem\",\"position\":1,\"name\":\"Home\",\"item\":\"https:\/\/www.klippitz.at\/sommer\/home\/\"},{\"@type\":\"ListItem\",\"position\":2,\"name\":\"Almh\u00fctte Geierkogelblick\"}]},{\"@type\":\"WebSite\",\"@id\":\"https:\/\/www.klippitz.at\/sommer\/#website\",\"url\":\"https:\/\/www.klippitz.at\/sommer\/\",\"name\":\"Schierlebniswelt Klippitzt\u00f6rl\",\"description\":\"Die K\u00e4rntner Schiregion zeigt sich im Sommer von ihrer sch\u00f6nsten Seite\",\"potentialAction\":[{\"@type\":\"SearchAction\",\"target\":{\"@type\":\"EntryPoint\",\"urlTemplate\":\"https:\/\/www.klippitz.at\/sommer\/?s={search_term_string}\"},\"query-input\":{\"@type\":\"PropertyValueSpecification\",\"valueRequired\":true,\"valueName\":\"search_term_string\"}}],\"inLanguage\":\"de\"}]}<\/script>\n<!-- \/ Yoast SEO plugin. -->","yoast_head_json":{"title":"Almh\u00fctte Geierkogelblick - Schierlebniswelt Klippitzt\u00f6rl","robots":{"index":"index","follow":"follow","max-snippet":"max-snippet:-1","max-image-preview":"max-image-preview:large","max-video-preview":"max-video-preview:-1"},"canonical":"https:\/\/www.klippitz.at\/sommer\/unterkunft\/almhuette-geierkogelblick\/","og_locale":"de_DE","og_type":"article","og_title":"Almh\u00fctte Geierkogelblick - Schierlebniswelt Klippitzt\u00f6rl","og_url":"https:\/\/www.klippitz.at\/sommer\/unterkunft\/almhuette-geierkogelblick\/","og_site_name":"Schierlebniswelt Klippitzt\u00f6rl","article_modified_time":"2023-09-07T06:50:18+00:00","og_image":[{"width":1632,"height":1224,"url":"https:\/\/www.klippitz.at\/sommer\/wp-content\/uploads\/2016\/05\/geierkogelhuette.jpg","type":"image\/jpeg"}],"twitter_misc":{"Gesch\u00e4tzte Lesezeit":"2\u00a0Minuten"},"schema":{"@context":"https:\/\/schema.org","@graph":[{"@type":"WebPage","@id":"https:\/\/www.klippitz.at\/sommer\/unterkunft\/almhuette-geierkogelblick\/","url":"https:\/\/www.klippitz.at\/sommer\/unterkunft\/almhuette-geierkogelblick\/","name":"Almh\u00fctte Geierkogelblick - Schierlebniswelt Klippitzt\u00f6rl","isPartOf":{"@id":"https:\/\/www.klippitz.at\/sommer\/#website"},"primaryImageOfPage":{"@id":"https:\/\/www.klippitz.at\/sommer\/unterkunft\/almhuette-geierkogelblick\/#primaryimage"},"image":{"@id":"https:\/\/www.klippitz.at\/sommer\/unterkunft\/almhuette-geierkogelblick\/#primaryimage"},"thumbnailUrl":"https:\/\/www.klippitz.at\/sommer\/wp-content\/uploads\/2016\/05\/geierkogelhuette.jpg","datePublished":"2016-05-18T16:14:36+00:00","dateModified":"2023-09-07T06:50:18+00:00","breadcrumb":{"@id":"https:\/\/www.klippitz.at\/sommer\/unterkunft\/almhuette-geierkogelblick\/#breadcrumb"},"inLanguage":"de","potentialAction":[{"@type":"ReadAction","target":["https:\/\/www.klippitz.at\/sommer\/unterkunft\/almhuette-geierkogelblick\/"]}]},{"@type":"ImageObject","inLanguage":"de","@id":"https:\/\/www.klippitz.at\/sommer\/unterkunft\/almhuette-geierkogelblick\/#primaryimage","url":"https:\/\/www.klippitz.at\/sommer\/wp-content\/uploads\/2016\/05\/geierkogelhuette.jpg","contentUrl":"https:\/\/www.klippitz.at\/sommer\/wp-content\/uploads\/2016\/05\/geierkogelhuette.jpg","width":1632,"height":1224},{"@type":"BreadcrumbList","@id":"https:\/\/www.klippitz.at\/sommer\/unterkunft\/almhuette-geierkogelblick\/#breadcrumb","itemListElement":[{"@type":"ListItem","position":1,"name":"Home","item":"https:\/\/www.klippitz.at\/sommer\/home\/"},{"@type":"ListItem","position":2,"name":"Almh\u00fctte Geierkogelblick"}]},{"@type":"WebSite","@id":"https:\/\/www.klippitz.at\/sommer\/#website","url":"https:\/\/www.klippitz.at\/sommer\/","name":"Schierlebniswelt Klippitzt\u00f6rl","description":"Die K\u00e4rntner Schiregion zeigt sich im Sommer von ihrer sch\u00f6nsten Seite","potentialAction":[{"@type":"SearchAction","target":{"@type":"EntryPoint","urlTemplate":"https:\/\/www.klippitz.at\/sommer\/?s={search_term_string}"},"query-input":{"@type":"PropertyValueSpecification","valueRequired":true,"valueName":"search_term_string"}}],"inLanguage":"de"}]}},"_links":{"self":[{"href":"https:\/\/www.klippitz.at\/sommer\/wp-json\/wp\/v2\/portfolio\/1943","targetHints":{"allow":["GET"]}}],"collection":[{"href":"https:\/\/www.klippitz.at\/sommer\/wp-json\/wp\/v2\/portfolio"}],"about":[{"href":"https:\/\/www.klippitz.at\/sommer\/wp-json\/wp\/v2\/types\/portfolio"}],"author":[{"embeddable":true,"href":"https:\/\/www.klippitz.at\/sommer\/wp-json\/wp\/v2\/users\/3"}],"version-history":[{"count":3,"href":"https:\/\/www.klippitz.at\/sommer\/wp-json\/wp\/v2\/portfolio\/1943\/revisions"}],"predecessor-version":[{"id":3205,"href":"https:\/\/www.klippitz.at\/sommer\/wp-json\/wp\/v2\/portfolio\/1943\/revisions\/3205"}],"wp:featuredmedia":[{"embeddable":true,"href":"https:\/\/www.klippitz.at\/sommer\/wp-json\/wp\/v2\/media\/3206"}],"wp:attachment":[{"href":"https:\/\/www.klippitz.at\/sommer\/wp-json\/wp\/v2\/media?parent=1943"}],"wp:term":[{"taxonomy":"post_tag","embeddable":true,"href":"https:\/\/www.klippitz.at\/sommer\/wp-json\/wp\/v2\/tags?post=1943"},{"taxonomy":"portfolio_entries","embeddable":true,"href":"https:\/\/www.klippitz.at\/sommer\/wp-json\/wp\/v2\/portfolio_entries?post=1943"}],"curies":[{"name":"wp","href":"https:\/\/api.w.org\/{rel}","templated":true}]}}