{"id":1908,"date":"2016-05-18T17:57:17","date_gmt":"2016-05-18T15:57:17","guid":{"rendered":"http:\/\/www.klippitz.at\/sommer\/?post_type=portfolio&#038;p=1908"},"modified":"2016-05-18T18:14:56","modified_gmt":"2016-05-18T16:14:56","slug":"almhaus-lavanttalblick","status":"publish","type":"portfolio","link":"https:\/\/www.klippitz.at\/sommer\/unterkunft\/almhaus-lavanttalblick\/","title":{"rendered":"Almhaus Lavanttalblick"},"content":{"rendered":"<div id='av_section_1'  class='avia-section av-av_section-21359dd7f6cdd7c50f19a4f94b79b7ad main_color avia-section-default avia-no-shadow  avia-builder-el-0  avia-builder-el-no-sibling  avia-bg-style-scroll container_wrap sidebar_right'  ><div class='container av-section-cont-open' ><main  role=\"main\" itemprop=\"mainContentOfPage\"  class='template-page content  av-content-small alpha units'><div class='post-entry post-entry-type-page post-entry-1908'><div class='entry-content-wrapper clearfix'>\n<div  class='avia-slideshow av-av_slideshow-3178bdf840c89c7ec9fb795bf6e1db1c avia-slideshow-featured av_slideshow avia-fade-slider  avia-builder-el-1  el_before_av_two_fifth  avia-builder-el-first  av-slideshow-ui av-slideshow-manual av-loop-once av-loop-manual-endless av-default-height-applied avia-slideshow-1' data-slideshow-options=\"{&quot;animation&quot;:&quot;fade&quot;,&quot;autoplay&quot;:false,&quot;loop_autoplay&quot;:&quot;once&quot;,&quot;interval&quot;:5,&quot;loop_manual&quot;:&quot;manual-endless&quot;,&quot;autoplay_stopper&quot;:false,&quot;noNavigation&quot;:false,&quot;bg_slider&quot;:false,&quot;keep_padding&quot;:false,&quot;hoverpause&quot;:false,&quot;show_slide_delay&quot;:0}\"  itemprop=\"image\" itemscope=\"itemscope\" itemtype=\"https:\/\/schema.org\/ImageObject\" ><ul class='avia-slideshow-inner ' style='padding-bottom: 28.666666666667%;'><\/ul><\/div>\n<div  class='flex_column av-av_two_fifth-2a9015ff38129c418a3f2eafba3e9512 av_two_fifth  avia-builder-el-2  el_after_av_slideshow  el_before_av_three_fifth  first flex_column_div  '     ><section  class='av_textblock_section av-av_textblock-0366cc7376be6c9e82a3e9cc8987b64f '   itemscope=\"itemscope\" itemtype=\"https:\/\/schema.org\/CreativeWork\" ><div class='avia_textblock'  itemprop=\"text\" ><h2>Information<\/h2>\n<p>Das\u00a0Alm\u00adhaus Lavant\u00adtal\u00adblick im \u201eKlip\u00adpitz\u00addorf\u201c direkt am Klip\u00adpitz\u00adt\u00f6rl.<br \/>\nDer Pan\u00adora\u00adma\u00adblick vom Bal\u00adkon in das wun\u00adder\u00adsch\u00f6ne Lavant\u00adtal, dem \u201ePara\u00addies K\u00e4rn\u00adtens\u201c<br \/>\nbie\u00adtet den G\u00e4s\u00adten zu jeder Jah\u00adres\u00adzeit unver\u00adgess\u00adli\u00adche Eindr\u00fccke.<\/p>\n<p>Tel.: +43 0664\/75 12 18 52<br \/>\n<a href=\"mailto:info@lavanttalblick.at\">info@lavanttalblick.at<br \/>\n<\/a><a href=\"http:\/\/www.lavanttalblick.at\/\" target=\"_blank\">www.lavanttalblick.at<\/a><\/p>\n<\/div><\/section><br \/>\n<div  class='av_gmaps_sc_main_wrap av_gmaps_main_wrap '><div id='av_gmap_0' class='avia-google-map-container avia-google-map-sc av_gmaps_show_unconditionally av-no-fallback-img ' data-mapid='av_gmap_0'  style='height: 250px;'><a class=\"av_gmaps_browser_disabled av_text_confirm_link av_text_confirm_link_visible\" href=\"https:\/\/www.google.com\/maps\/search\/?api=1&#038;query=46.943805,14.703157\" target=\"_blank\">Aufgrund deiner Datenschutz-Einstellungen k\u00f6nnen wir Ihnen die Karte nicht anzeigen. Klicken Sie hier, um die Karte in einem neuen Fenster zu \u00f6ffnen.<\/a><\/div><\/div><\/p><\/div>\n<style type=\"text\/css\" data-created_by=\"avia_inline_auto\" id=\"style-css-av-av_three_fifth-9c1d454dc06f7247226bc4e8f931daae\">\n.flex_column.av-av_three_fifth-9c1d454dc06f7247226bc4e8f931daae{\nborder-radius:0px 0px 0px 0px;\npadding:0px 0px 0px 0px;\n}\n<\/style>\n<div  class='flex_column av-av_three_fifth-9c1d454dc06f7247226bc4e8f931daae av_three_fifth  avia-builder-el-5  el_after_av_two_fifth  el_before_av_gallery  flex_column_div av-zero-column-padding  '     ><section  class='av_textblock_section av-av_textblock-0366cc7376be6c9e82a3e9cc8987b64f '   itemscope=\"itemscope\" itemtype=\"https:\/\/schema.org\/CreativeWork\" ><div class='avia_textblock'  itemprop=\"text\" ><h2>Lage:<\/h2>\n<ul>\n<li>Som\u00admer und Win\u00adter Zufahrt direkt zum Haus m\u00f6g\u00adlich (1 \u00fcber\u00addach\u00adter Auto\u00adstell\u00adplatz)<\/li>\n<li>5 Geh\u00admi\u00adnu\u00adten von der Piste ent\u00adfernt<\/li>\n<li>Wan\u00adde\u00adrun\u00adgen, Ski\u00adtou\u00adren, Schnee\u00adschuh\u00adwan\u00addern direkt vom Haus m\u00f6g\u00adlich<\/li>\n<li>See\u00adh\u00f6he: 1530\u00a0m<\/li>\n<\/ul>\n<h2>Aus\u00adstat\u00adtung:<\/h2>\n<ul>\n<li>4 Schlaf\u00adzim\u00admer, K\u00fcche, Wohn-Essbereich, 2 Bade\u00adzim\u00admer, 2\u00a0<span class=\"caps\">WC<\/span>, Bal\u00adkon<\/li>\n<li>Gr\u00f6\u00dfe 146 m\u00b2<\/li>\n<li>Well\u00adness\u00adbe\u00adreich: Infra\u00adrotsauna, Whirl\u00adpool, Dusche, Lie\u00adge\u00adbe\u00adreich und Zugang ins Freie<\/li>\n<li>Lie\u00adge\u00adter\u00adasse<\/li>\n<li>Free Wlan in allen R\u00e4u\u00admen, Sat-TV<\/li>\n<li>Fu\u00df\u00adbo\u00adden\u00adhei\u00adzung \u00fcber Zentralheizung<\/li>\n<\/ul>\n<\/div><\/section><\/div>\n<style type=\"text\/css\" data-created_by=\"avia_inline_auto\" id=\"style-css-av-av_gallery-136e268e45298e700bfa5b2ebb526cdb\">\n#top .avia-gallery.av-av_gallery-136e268e45298e700bfa5b2ebb526cdb .avia-gallery-thumb a{\nwidth:14.2857%;\n}\n<\/style>\n<div  class='avia-gallery av-av_gallery-136e268e45298e700bfa5b2ebb526cdb avia_animate_when_visible  avia-builder-el-7  el_after_av_three_fifth  avia-builder-el-last  deactivate_avia_lazyload avia-gallery-animate avia-gallery-1'  itemprop=\"image\" itemscope=\"itemscope\" itemtype=\"https:\/\/schema.org\/ImageObject\" ><meta itemprop=\"contentURL\" content=\"https:\/\/www.klippitz.at\/sommer\/unterkunft\/almhaus-lavanttalblick\/\"><div class='avia-gallery-thumb'><a href=\"https:\/\/www.klippitz.at\/sommer\/wp-content\/uploads\/2016\/05\/almhaus151225-37.jpg\" data-srcset=\"https:\/\/www.klippitz.at\/sommer\/wp-content\/uploads\/2016\/05\/almhaus151225-37.jpg 1000w, https:\/\/www.klippitz.at\/sommer\/wp-content\/uploads\/2016\/05\/almhaus151225-37-300x199.jpg 300w, https:\/\/www.klippitz.at\/sommer\/wp-content\/uploads\/2016\/05\/almhaus151225-37-768x508.jpg 768w, https:\/\/www.klippitz.at\/sommer\/wp-content\/uploads\/2016\/05\/almhaus151225-37-705x467.jpg 705w, https:\/\/www.klippitz.at\/sommer\/wp-content\/uploads\/2016\/05\/almhaus151225-37-450x298.jpg 450w\" data-sizes=\"(max-width: 1000px) 100vw, 1000px\" data-rel='gallery-1' data-prev-img='https:\/\/www.klippitz.at\/sommer\/wp-content\/uploads\/2016\/05\/almhaus151225-37-495x400.jpg' class='first_thumb lightbox ' data-onclick='1' title='almhaus151225-37'  itemprop=\"thumbnailUrl\"  ><img decoding=\"async\" fetchpriority=\"high\" class=\"wp-image-1931 avia-img-lazy-loading-not-1931\"   src=\"https:\/\/www.klippitz.at\/sommer\/wp-content\/uploads\/2016\/05\/almhaus151225-37-495x400.jpg\" width=\"495\" height=\"400\"  title='almhaus151225-37' alt='' \/><div class='big-prev-fake'><img decoding=\"async\" loading=\"lazy\" class=\"wp-image-1931 avia-img-lazy-loading-1931\"  width=\"495\" height=\"400\" src=\"https:\/\/www.klippitz.at\/sommer\/wp-content\/uploads\/2016\/05\/almhaus151225-37-495x400.jpg\" title='almhaus151225-37' alt='' \/><\/div><\/a><a href=\"https:\/\/www.klippitz.at\/sommer\/wp-content\/uploads\/2016\/05\/almhaus151225-39.jpg\" data-srcset=\"https:\/\/www.klippitz.at\/sommer\/wp-content\/uploads\/2016\/05\/almhaus151225-39.jpg 1000w, https:\/\/www.klippitz.at\/sommer\/wp-content\/uploads\/2016\/05\/almhaus151225-39-300x199.jpg 300w, https:\/\/www.klippitz.at\/sommer\/wp-content\/uploads\/2016\/05\/almhaus151225-39-768x508.jpg 768w, https:\/\/www.klippitz.at\/sommer\/wp-content\/uploads\/2016\/05\/almhaus151225-39-705x467.jpg 705w, https:\/\/www.klippitz.at\/sommer\/wp-content\/uploads\/2016\/05\/almhaus151225-39-450x298.jpg 450w\" data-sizes=\"(max-width: 1000px) 100vw, 1000px\" data-rel='gallery-1' data-prev-img='https:\/\/www.klippitz.at\/sommer\/wp-content\/uploads\/2016\/05\/almhaus151225-39-495x400.jpg' class='lightbox ' data-onclick='2' title='almhaus151225-39'  itemprop=\"thumbnailUrl\"  ><img decoding=\"async\" fetchpriority=\"high\" class=\"wp-image-1933 avia-img-lazy-loading-not-1933\"   src=\"https:\/\/www.klippitz.at\/sommer\/wp-content\/uploads\/2016\/05\/almhaus151225-39-495x400.jpg\" width=\"495\" height=\"400\"  title='almhaus151225-39' alt='' \/><div class='big-prev-fake'><img decoding=\"async\" loading=\"lazy\" class=\"wp-image-1933 avia-img-lazy-loading-1933\"  width=\"495\" height=\"400\" src=\"https:\/\/www.klippitz.at\/sommer\/wp-content\/uploads\/2016\/05\/almhaus151225-39-495x400.jpg\" title='almhaus151225-39' alt='' \/><\/div><\/a><a href=\"https:\/\/www.klippitz.at\/sommer\/wp-content\/uploads\/2016\/05\/almhaus151225-42.jpg\" data-srcset=\"https:\/\/www.klippitz.at\/sommer\/wp-content\/uploads\/2016\/05\/almhaus151225-42.jpg 1000w, https:\/\/www.klippitz.at\/sommer\/wp-content\/uploads\/2016\/05\/almhaus151225-42-300x199.jpg 300w, https:\/\/www.klippitz.at\/sommer\/wp-content\/uploads\/2016\/05\/almhaus151225-42-768x508.jpg 768w, https:\/\/www.klippitz.at\/sommer\/wp-content\/uploads\/2016\/05\/almhaus151225-42-705x467.jpg 705w, https:\/\/www.klippitz.at\/sommer\/wp-content\/uploads\/2016\/05\/almhaus151225-42-450x298.jpg 450w\" data-sizes=\"(max-width: 1000px) 100vw, 1000px\" data-rel='gallery-1' data-prev-img='https:\/\/www.klippitz.at\/sommer\/wp-content\/uploads\/2016\/05\/almhaus151225-42-495x400.jpg' class='lightbox ' data-onclick='3' title='almhaus151225-42'  itemprop=\"thumbnailUrl\"  ><img decoding=\"async\" fetchpriority=\"high\" class=\"wp-image-1935 avia-img-lazy-loading-not-1935\"   src=\"https:\/\/www.klippitz.at\/sommer\/wp-content\/uploads\/2016\/05\/almhaus151225-42-495x400.jpg\" width=\"495\" height=\"400\"  title='almhaus151225-42' alt='' \/><div class='big-prev-fake'><img decoding=\"async\" loading=\"lazy\" class=\"wp-image-1935 avia-img-lazy-loading-1935\"  width=\"495\" height=\"400\" src=\"https:\/\/www.klippitz.at\/sommer\/wp-content\/uploads\/2016\/05\/almhaus151225-42-495x400.jpg\" title='almhaus151225-42' alt='' \/><\/div><\/a><a href=\"https:\/\/www.klippitz.at\/sommer\/wp-content\/uploads\/2016\/05\/almhaus151225-46.jpg\" data-srcset=\"https:\/\/www.klippitz.at\/sommer\/wp-content\/uploads\/2016\/05\/almhaus151225-46.jpg 1000w, https:\/\/www.klippitz.at\/sommer\/wp-content\/uploads\/2016\/05\/almhaus151225-46-300x199.jpg 300w, https:\/\/www.klippitz.at\/sommer\/wp-content\/uploads\/2016\/05\/almhaus151225-46-768x508.jpg 768w, https:\/\/www.klippitz.at\/sommer\/wp-content\/uploads\/2016\/05\/almhaus151225-46-705x467.jpg 705w, https:\/\/www.klippitz.at\/sommer\/wp-content\/uploads\/2016\/05\/almhaus151225-46-450x298.jpg 450w\" data-sizes=\"(max-width: 1000px) 100vw, 1000px\" data-rel='gallery-1' data-prev-img='https:\/\/www.klippitz.at\/sommer\/wp-content\/uploads\/2016\/05\/almhaus151225-46-495x400.jpg' class='lightbox ' data-onclick='4' title='almhaus151225-46'  itemprop=\"thumbnailUrl\"  ><img decoding=\"async\" fetchpriority=\"high\" class=\"wp-image-1937 avia-img-lazy-loading-not-1937\"   src=\"https:\/\/www.klippitz.at\/sommer\/wp-content\/uploads\/2016\/05\/almhaus151225-46-495x400.jpg\" width=\"495\" height=\"400\"  title='almhaus151225-46' alt='' \/><div class='big-prev-fake'><img decoding=\"async\" loading=\"lazy\" class=\"wp-image-1937 avia-img-lazy-loading-1937\"  width=\"495\" height=\"400\" src=\"https:\/\/www.klippitz.at\/sommer\/wp-content\/uploads\/2016\/05\/almhaus151225-46-495x400.jpg\" title='almhaus151225-46' alt='' \/><\/div><\/a><a href=\"https:\/\/www.klippitz.at\/sommer\/wp-content\/uploads\/2016\/05\/almhaus151225-50.jpg\" data-srcset=\"https:\/\/www.klippitz.at\/sommer\/wp-content\/uploads\/2016\/05\/almhaus151225-50.jpg 1000w, https:\/\/www.klippitz.at\/sommer\/wp-content\/uploads\/2016\/05\/almhaus151225-50-300x199.jpg 300w, https:\/\/www.klippitz.at\/sommer\/wp-content\/uploads\/2016\/05\/almhaus151225-50-768x508.jpg 768w, https:\/\/www.klippitz.at\/sommer\/wp-content\/uploads\/2016\/05\/almhaus151225-50-705x467.jpg 705w, https:\/\/www.klippitz.at\/sommer\/wp-content\/uploads\/2016\/05\/almhaus151225-50-450x298.jpg 450w\" data-sizes=\"(max-width: 1000px) 100vw, 1000px\" data-rel='gallery-1' data-prev-img='https:\/\/www.klippitz.at\/sommer\/wp-content\/uploads\/2016\/05\/almhaus151225-50-495x400.jpg' class='lightbox ' data-onclick='5' title='almhaus151225-50'  itemprop=\"thumbnailUrl\"  ><img decoding=\"async\" fetchpriority=\"high\" class=\"wp-image-1939 avia-img-lazy-loading-not-1939\"   src=\"https:\/\/www.klippitz.at\/sommer\/wp-content\/uploads\/2016\/05\/almhaus151225-50-495x400.jpg\" width=\"495\" height=\"400\"  title='almhaus151225-50' alt='' \/><div class='big-prev-fake'><img decoding=\"async\" loading=\"lazy\" class=\"wp-image-1939 avia-img-lazy-loading-1939\"  width=\"495\" height=\"400\" src=\"https:\/\/www.klippitz.at\/sommer\/wp-content\/uploads\/2016\/05\/almhaus151225-50-495x400.jpg\" title='almhaus151225-50' alt='' \/><\/div><\/a><\/div><\/div>\n<\/div><\/div><\/main><!-- close content main element --><\/div><\/div><div id='after_section_1'  class='main_color av_default_container_wrap container_wrap sidebar_right'  ><div class='container av-section-cont-open' ><div class='template-page content  av-content-small alpha units'><div class='post-entry post-entry-type-page post-entry-1908'><div class='entry-content-wrapper clearfix'>\n","protected":false},"excerpt":{"rendered":"","protected":false},"author":3,"featured_media":1941,"template":"","meta":{"footnotes":""},"tags":[],"portfolio_entries":[6],"class_list":["post-1908","portfolio","type-portfolio","status-publish","has-post-thumbnail","hentry","portfolio_entries-appartments-ferienhaeuser-de"],"yoast_head":"<!-- This site is optimized with the Yoast SEO plugin v26.8 - https:\/\/yoast.com\/product\/yoast-seo-wordpress\/ -->\n<title>Almhaus Lavanttalblick - Schierlebniswelt Klippitzt\u00f6rl<\/title>\n<meta name=\"robots\" content=\"index, follow, max-snippet:-1, max-image-preview:large, max-video-preview:-1\" \/>\n<link rel=\"canonical\" href=\"https:\/\/www.klippitz.at\/sommer\/unterkunft\/almhaus-lavanttalblick\/\" \/>\n<meta property=\"og:locale\" content=\"de_DE\" \/>\n<meta property=\"og:type\" content=\"article\" \/>\n<meta property=\"og:title\" content=\"Almhaus Lavanttalblick - Schierlebniswelt Klippitzt\u00f6rl\" \/>\n<meta property=\"og:url\" content=\"https:\/\/www.klippitz.at\/sommer\/unterkunft\/almhaus-lavanttalblick\/\" \/>\n<meta property=\"og:site_name\" content=\"Schierlebniswelt Klippitzt\u00f6rl\" \/>\n<meta property=\"article:modified_time\" content=\"2016-05-18T16:14:56+00:00\" \/>\n<meta property=\"og:image\" content=\"https:\/\/www.klippitz.at\/sommer\/wp-content\/uploads\/2016\/05\/lavanttalblick_titel-sommer.jpg\" \/>\n\t<meta property=\"og:image:width\" content=\"260\" \/>\n\t<meta property=\"og:image:height\" content=\"183\" \/>\n\t<meta property=\"og:image:type\" content=\"image\/jpeg\" \/>\n<meta name=\"twitter:label1\" content=\"Gesch\u00e4tzte Lesezeit\" \/>\n\t<meta name=\"twitter:data1\" content=\"2\u00a0Minuten\" \/>\n<script type=\"application\/ld+json\" class=\"yoast-schema-graph\">{\"@context\":\"https:\/\/schema.org\",\"@graph\":[{\"@type\":\"WebPage\",\"@id\":\"https:\/\/www.klippitz.at\/sommer\/unterkunft\/almhaus-lavanttalblick\/\",\"url\":\"https:\/\/www.klippitz.at\/sommer\/unterkunft\/almhaus-lavanttalblick\/\",\"name\":\"Almhaus Lavanttalblick - Schierlebniswelt Klippitzt\u00f6rl\",\"isPartOf\":{\"@id\":\"https:\/\/www.klippitz.at\/sommer\/#website\"},\"primaryImageOfPage\":{\"@id\":\"https:\/\/www.klippitz.at\/sommer\/unterkunft\/almhaus-lavanttalblick\/#primaryimage\"},\"image\":{\"@id\":\"https:\/\/www.klippitz.at\/sommer\/unterkunft\/almhaus-lavanttalblick\/#primaryimage\"},\"thumbnailUrl\":\"https:\/\/www.klippitz.at\/sommer\/wp-content\/uploads\/2016\/05\/lavanttalblick_titel-sommer.jpg\",\"datePublished\":\"2016-05-18T15:57:17+00:00\",\"dateModified\":\"2016-05-18T16:14:56+00:00\",\"breadcrumb\":{\"@id\":\"https:\/\/www.klippitz.at\/sommer\/unterkunft\/almhaus-lavanttalblick\/#breadcrumb\"},\"inLanguage\":\"de\",\"potentialAction\":[{\"@type\":\"ReadAction\",\"target\":[\"https:\/\/www.klippitz.at\/sommer\/unterkunft\/almhaus-lavanttalblick\/\"]}]},{\"@type\":\"ImageObject\",\"inLanguage\":\"de\",\"@id\":\"https:\/\/www.klippitz.at\/sommer\/unterkunft\/almhaus-lavanttalblick\/#primaryimage\",\"url\":\"https:\/\/www.klippitz.at\/sommer\/wp-content\/uploads\/2016\/05\/lavanttalblick_titel-sommer.jpg\",\"contentUrl\":\"https:\/\/www.klippitz.at\/sommer\/wp-content\/uploads\/2016\/05\/lavanttalblick_titel-sommer.jpg\",\"width\":260,\"height\":183},{\"@type\":\"BreadcrumbList\",\"@id\":\"https:\/\/www.klippitz.at\/sommer\/unterkunft\/almhaus-lavanttalblick\/#breadcrumb\",\"itemListElement\":[{\"@type\":\"ListItem\",\"position\":1,\"name\":\"Home\",\"item\":\"https:\/\/www.klippitz.at\/sommer\/home\/\"},{\"@type\":\"ListItem\",\"position\":2,\"name\":\"Almhaus Lavanttalblick\"}]},{\"@type\":\"WebSite\",\"@id\":\"https:\/\/www.klippitz.at\/sommer\/#website\",\"url\":\"https:\/\/www.klippitz.at\/sommer\/\",\"name\":\"Schierlebniswelt Klippitzt\u00f6rl\",\"description\":\"Die K\u00e4rntner Schiregion zeigt sich im Sommer von ihrer sch\u00f6nsten Seite\",\"potentialAction\":[{\"@type\":\"SearchAction\",\"target\":{\"@type\":\"EntryPoint\",\"urlTemplate\":\"https:\/\/www.klippitz.at\/sommer\/?s={search_term_string}\"},\"query-input\":{\"@type\":\"PropertyValueSpecification\",\"valueRequired\":true,\"valueName\":\"search_term_string\"}}],\"inLanguage\":\"de\"}]}<\/script>\n<!-- \/ Yoast SEO plugin. -->","yoast_head_json":{"title":"Almhaus Lavanttalblick - Schierlebniswelt Klippitzt\u00f6rl","robots":{"index":"index","follow":"follow","max-snippet":"max-snippet:-1","max-image-preview":"max-image-preview:large","max-video-preview":"max-video-preview:-1"},"canonical":"https:\/\/www.klippitz.at\/sommer\/unterkunft\/almhaus-lavanttalblick\/","og_locale":"de_DE","og_type":"article","og_title":"Almhaus Lavanttalblick - Schierlebniswelt Klippitzt\u00f6rl","og_url":"https:\/\/www.klippitz.at\/sommer\/unterkunft\/almhaus-lavanttalblick\/","og_site_name":"Schierlebniswelt Klippitzt\u00f6rl","article_modified_time":"2016-05-18T16:14:56+00:00","og_image":[{"width":260,"height":183,"url":"https:\/\/www.klippitz.at\/sommer\/wp-content\/uploads\/2016\/05\/lavanttalblick_titel-sommer.jpg","type":"image\/jpeg"}],"twitter_misc":{"Gesch\u00e4tzte Lesezeit":"2\u00a0Minuten"},"schema":{"@context":"https:\/\/schema.org","@graph":[{"@type":"WebPage","@id":"https:\/\/www.klippitz.at\/sommer\/unterkunft\/almhaus-lavanttalblick\/","url":"https:\/\/www.klippitz.at\/sommer\/unterkunft\/almhaus-lavanttalblick\/","name":"Almhaus Lavanttalblick - Schierlebniswelt Klippitzt\u00f6rl","isPartOf":{"@id":"https:\/\/www.klippitz.at\/sommer\/#website"},"primaryImageOfPage":{"@id":"https:\/\/www.klippitz.at\/sommer\/unterkunft\/almhaus-lavanttalblick\/#primaryimage"},"image":{"@id":"https:\/\/www.klippitz.at\/sommer\/unterkunft\/almhaus-lavanttalblick\/#primaryimage"},"thumbnailUrl":"https:\/\/www.klippitz.at\/sommer\/wp-content\/uploads\/2016\/05\/lavanttalblick_titel-sommer.jpg","datePublished":"2016-05-18T15:57:17+00:00","dateModified":"2016-05-18T16:14:56+00:00","breadcrumb":{"@id":"https:\/\/www.klippitz.at\/sommer\/unterkunft\/almhaus-lavanttalblick\/#breadcrumb"},"inLanguage":"de","potentialAction":[{"@type":"ReadAction","target":["https:\/\/www.klippitz.at\/sommer\/unterkunft\/almhaus-lavanttalblick\/"]}]},{"@type":"ImageObject","inLanguage":"de","@id":"https:\/\/www.klippitz.at\/sommer\/unterkunft\/almhaus-lavanttalblick\/#primaryimage","url":"https:\/\/www.klippitz.at\/sommer\/wp-content\/uploads\/2016\/05\/lavanttalblick_titel-sommer.jpg","contentUrl":"https:\/\/www.klippitz.at\/sommer\/wp-content\/uploads\/2016\/05\/lavanttalblick_titel-sommer.jpg","width":260,"height":183},{"@type":"BreadcrumbList","@id":"https:\/\/www.klippitz.at\/sommer\/unterkunft\/almhaus-lavanttalblick\/#breadcrumb","itemListElement":[{"@type":"ListItem","position":1,"name":"Home","item":"https:\/\/www.klippitz.at\/sommer\/home\/"},{"@type":"ListItem","position":2,"name":"Almhaus Lavanttalblick"}]},{"@type":"WebSite","@id":"https:\/\/www.klippitz.at\/sommer\/#website","url":"https:\/\/www.klippitz.at\/sommer\/","name":"Schierlebniswelt Klippitzt\u00f6rl","description":"Die K\u00e4rntner Schiregion zeigt sich im Sommer von ihrer sch\u00f6nsten Seite","potentialAction":[{"@type":"SearchAction","target":{"@type":"EntryPoint","urlTemplate":"https:\/\/www.klippitz.at\/sommer\/?s={search_term_string}"},"query-input":{"@type":"PropertyValueSpecification","valueRequired":true,"valueName":"search_term_string"}}],"inLanguage":"de"}]}},"_links":{"self":[{"href":"https:\/\/www.klippitz.at\/sommer\/wp-json\/wp\/v2\/portfolio\/1908","targetHints":{"allow":["GET"]}}],"collection":[{"href":"https:\/\/www.klippitz.at\/sommer\/wp-json\/wp\/v2\/portfolio"}],"about":[{"href":"https:\/\/www.klippitz.at\/sommer\/wp-json\/wp\/v2\/types\/portfolio"}],"author":[{"embeddable":true,"href":"https:\/\/www.klippitz.at\/sommer\/wp-json\/wp\/v2\/users\/3"}],"version-history":[{"count":0,"href":"https:\/\/www.klippitz.at\/sommer\/wp-json\/wp\/v2\/portfolio\/1908\/revisions"}],"wp:featuredmedia":[{"embeddable":true,"href":"https:\/\/www.klippitz.at\/sommer\/wp-json\/wp\/v2\/media\/1941"}],"wp:attachment":[{"href":"https:\/\/www.klippitz.at\/sommer\/wp-json\/wp\/v2\/media?parent=1908"}],"wp:term":[{"taxonomy":"post_tag","embeddable":true,"href":"https:\/\/www.klippitz.at\/sommer\/wp-json\/wp\/v2\/tags?post=1908"},{"taxonomy":"portfolio_entries","embeddable":true,"href":"https:\/\/www.klippitz.at\/sommer\/wp-json\/wp\/v2\/portfolio_entries?post=1908"}],"curies":[{"name":"wp","href":"https:\/\/api.w.org\/{rel}","templated":true}]}}