{"id":1491,"date":"2015-04-07T10:19:13","date_gmt":"2015-04-07T08:19:13","guid":{"rendered":"http:\/\/www.klippitz.at\/sommer\/?post_type=portfolio&#038;p=1491"},"modified":"2015-09-04T16:22:08","modified_gmt":"2015-09-04T14:22:08","slug":"geierkogelhuette","status":"publish","type":"portfolio","link":"https:\/\/www.klippitz.at\/sommer\/unterkunft\/geierkogelhuette\/","title":{"rendered":"Geierkogelh\u00fctte"},"content":{"rendered":"<div id='av_section_1'  class='avia-section av-av_section-21359dd7f6cdd7c50f19a4f94b79b7ad main_color avia-section-default avia-no-shadow  avia-builder-el-0  avia-builder-el-no-sibling  avia-bg-style-scroll container_wrap sidebar_right'  ><div class='container av-section-cont-open' ><main  role=\"main\" itemprop=\"mainContentOfPage\"  class='template-page content  av-content-small alpha units'><div class='post-entry post-entry-type-page post-entry-1491'><div class='entry-content-wrapper clearfix'>\n<div  class='avia-slideshow av-av_slideshow-40770cc0ed4d4e249f57a68271d0c6b1 avia-slideshow-no scaling av_slideshow avia-fade-slider  avia-builder-el-1  el_before_av_two_fifth  avia-builder-el-first  av-slideshow-ui av-slideshow-manual av-loop-once av-loop-manual-endless avia-slideshow-1' data-slideshow-options=\"{&quot;animation&quot;:&quot;fade&quot;,&quot;autoplay&quot;:false,&quot;loop_autoplay&quot;:&quot;once&quot;,&quot;interval&quot;:5,&quot;loop_manual&quot;:&quot;manual-endless&quot;,&quot;autoplay_stopper&quot;:false,&quot;noNavigation&quot;:false,&quot;bg_slider&quot;:false,&quot;keep_padding&quot;:false,&quot;hoverpause&quot;:false,&quot;show_slide_delay&quot;:0}\"  itemprop=\"image\" itemscope=\"itemscope\" itemtype=\"https:\/\/schema.org\/ImageObject\" ><ul class='avia-slideshow-inner ' ><\/ul><\/div>\n<div  class='flex_column av-av_two_fifth-2a9015ff38129c418a3f2eafba3e9512 av_two_fifth  avia-builder-el-2  el_after_av_slideshow  el_before_av_three_fifth  first flex_column_div  '     ><section  class='av_textblock_section av-av_textblock-0366cc7376be6c9e82a3e9cc8987b64f '   itemscope=\"itemscope\" itemtype=\"https:\/\/schema.org\/CreativeWork\" ><div class='avia_textblock'  itemprop=\"text\" ><h2>Information<\/h2>\n<p>Die <strong>GEIERKOGELH\u00dcTTE<\/strong> ist eine\u00a0neue Selbstversorger\u2013Almh\u00fctte. Sie liegt auf der PRIMUSALM (1.600 m Seeh\u00f6he) und ist im Sommer und Winter mit jedem Pkw erreichbar. Die H\u00fctte liegt alleine, in ruhiger Lage am Fu\u00dfe des Geierkogels, von wo aus Wanderungen und Schitouren ins Zirbitz- und Saualmgebiet (bis zu 8 Stunden) ohne Ben\u00fctzung des Autos unternommen werden k\u00f6nnen.<\/p>\n<p>Preis: ab \u20ac 800,00 pro Woche<\/p>\n<p>Handy: +43(0)664-1817666<br \/>\nHandy: +43(0)664-3765062<br \/>\n<a href=\"mailto:urlaub@primushuetten.at\">urlaub@primushuetten.at<br \/>\n<\/a><a href=\"http:\/\/www.primushuetten.at\/\" target=\"_blank\">www.primushuetten.at<\/a><\/p>\n<\/div><\/section><br \/>\n<div  class='av_gmaps_sc_main_wrap av_gmaps_main_wrap '><div id='av_gmap_0' class='avia-google-map-container avia-google-map-sc av_gmaps_show_unconditionally av-no-fallback-img ' data-mapid='av_gmap_0'  style='height: 250px;'><a class=\"av_gmaps_browser_disabled av_text_confirm_link av_text_confirm_link_visible\" href=\"https:\/\/www.google.com\/maps\/search\/?api=1&#038;query=46.933863,14.679787\" target=\"_blank\">Aufgrund deiner Datenschutz-Einstellungen k\u00f6nnen wir Ihnen die Karte nicht anzeigen. Klicken Sie hier, um die Karte in einem neuen Fenster zu \u00f6ffnen.<\/a><\/div><\/div><\/p><\/div>\n<style type=\"text\/css\" data-created_by=\"avia_inline_auto\" id=\"style-css-av-av_three_fifth-2a64de42b738552fe666ca889af77e28\">\n.flex_column.av-av_three_fifth-2a64de42b738552fe666ca889af77e28{\nborder-radius:0px 0px 0px 0px;\npadding:0px 0px 0px 0px;\n}\n<\/style>\n<div  class='flex_column av-av_three_fifth-2a64de42b738552fe666ca889af77e28 av_three_fifth  avia-builder-el-5  el_after_av_two_fifth  el_before_av_hr  flex_column_div av-zero-column-padding  '     ><section  class='av_textblock_section av-av_textblock-0366cc7376be6c9e82a3e9cc8987b64f '   itemscope=\"itemscope\" itemtype=\"https:\/\/schema.org\/CreativeWork\" ><div class='avia_textblock'  itemprop=\"text\" ><h2>Urlaub machen wo die Welt noch in Ordnung ist.<\/h2>\n<p>Die Geierkogelh\u00fctte ist eine Luxusalmh\u00fctte die sich durch ihre besondere Ausstattung und Lage auszeichnet.<\/p>\n<p>Sie k\u00f6nnen ohne Hektik wandern, Skifahren, die Natur und gutes Essen aus heimischer K\u00fcche genie\u00dfen.<\/p>\n<p>Die H\u00fctte liegt auf 1650m in Alleinlage mit Traumhaften Blick ins Tal auf der Primusalm und ist im Sommer und Winter mit jedem PKW gut zu erreichen.<\/p>\n<p>Alle Wanderungen im Saualm,- Saualm,- Zirbitz,- und Hohenwartgebiet sind von der H\u00fctte aus ohne das Auto zu benutzen m\u00f6glich.<\/p>\n<p>Im selben Gebiet kann man auch Schneeschuhwanderungen unternehmen<\/p>\n<p>(Schneeschuhe sind in der H\u00fctte vorhanden).<\/p>\n<p>Zum Skifahren fahren sie ins nahe gelegene Skigebiet Klippitzt\u00f6rl (2km).<\/p>\n<p><strong>Ausstattung:<\/strong><\/p>\n<ul>\n<ul>\n<li>Gro\u00dfer Wohnraum mit Esstisch (8 Personen), Kacheloffen, Ledercoach, SAT-TV, DVD, Stereoanlage.<\/li>\n<\/ul>\n<\/ul>\n<ul>\n<ul>\n<li>Vollausgestattete K\u00fcche mit Ceran-Kochfeld, Backrohr, Geschirrsp\u00fcler, K\u00fchl- und Gefrierger\u00e4te, Kaffeemaschinen, Handmixer, Toaster, etc\u2026<\/li>\n<\/ul>\n<\/ul>\n<ul>\n<ul>\n<li>Drei Schlafzimmer (2\/2\/4)<\/li>\n<\/ul>\n<\/ul>\n<ul>\n<ul>\n<li>Zwei Badezimmer<\/li>\n<\/ul>\n<\/ul>\n<ul>\n<ul>\n<li>Drei WCs<\/li>\n<\/ul>\n<\/ul>\n<ul>\n<ul>\n<li>Sauna<\/li>\n<\/ul>\n<\/ul>\n<ul>\n<ul>\n<li>Gro\u00dfe Sonnenterrasse 45 m<sup>2 <\/sup>mit rustikalen Gartenm\u00f6beln, Kugelgrill, Sonnenliegen und Sonnenschirm.<\/li>\n<\/ul>\n<\/ul>\n<p>Haustiere willkommen.<\/p>\n<\/div><\/section><br \/>\n\n<style type=\"text\/css\" data-created_by=\"avia_inline_auto\" id=\"style-css-av-av_gallery-355e626102cd44a9a62e97ab773eb164\">\n#top .avia-gallery.av-av_gallery-355e626102cd44a9a62e97ab773eb164 .avia-gallery-thumb a{\nwidth:20%;\n}\n<\/style>\n<div  class='avia-gallery av-av_gallery-355e626102cd44a9a62e97ab773eb164 avia_animate_when_visible  avia-builder-el-7  el_after_av_textblock  avia-builder-el-last  deactivate_avia_lazyload avia-gallery-animate avia-gallery-1'  itemprop=\"image\" itemscope=\"itemscope\" itemtype=\"https:\/\/schema.org\/ImageObject\" ><meta itemprop=\"contentURL\" content=\"https:\/\/www.klippitz.at\/sommer\/unterkunft\/geierkogelhuette\/\"><div class='avia-gallery-thumb'><a href=\"https:\/\/www.klippitz.at\/sommer\/wp-content\/uploads\/2015\/02\/primus08.jpg\" data-srcset=\"https:\/\/www.klippitz.at\/sommer\/wp-content\/uploads\/2015\/02\/primus08.jpg 600w, https:\/\/www.klippitz.at\/sommer\/wp-content\/uploads\/2015\/02\/primus08-300x225.jpg 300w, https:\/\/www.klippitz.at\/sommer\/wp-content\/uploads\/2015\/02\/primus08-450x338.jpg 450w\" data-sizes=\"(max-width: 600px) 100vw, 600px\" data-rel='gallery-1' data-prev-img='https:\/\/www.klippitz.at\/sommer\/wp-content\/uploads\/2015\/02\/primus08-495x400.jpg' class='first_thumb lightbox ' data-onclick='1' title='Die H\u00fctte von au\u00dfen'  itemprop=\"thumbnailUrl\"  ><img decoding=\"async\" fetchpriority=\"high\" class=\"wp-image-761 avia-img-lazy-loading-not-761\"  data-avia-tooltip='Die H\u00fctte von au\u00dfen' src=\"https:\/\/www.klippitz.at\/sommer\/wp-content\/uploads\/2015\/02\/primus08-495x400.jpg\" width=\"495\" height=\"400\"  title='Geierkogelh\u00fctte' alt='' \/><div class='big-prev-fake'><img decoding=\"async\" loading=\"lazy\" class=\"wp-image-761 avia-img-lazy-loading-761\"  width=\"495\" height=\"400\" src=\"https:\/\/www.klippitz.at\/sommer\/wp-content\/uploads\/2015\/02\/primus08-495x400.jpg\" title='Geierkogelh\u00fctte' alt='' \/><\/div><\/a><a href=\"https:\/\/www.klippitz.at\/sommer\/wp-content\/uploads\/2015\/02\/primus05.jpg\" data-srcset=\"https:\/\/www.klippitz.at\/sommer\/wp-content\/uploads\/2015\/02\/primus05.jpg 600w, https:\/\/www.klippitz.at\/sommer\/wp-content\/uploads\/2015\/02\/primus05-300x225.jpg 300w, https:\/\/www.klippitz.at\/sommer\/wp-content\/uploads\/2015\/02\/primus05-450x338.jpg 450w\" data-sizes=\"(max-width: 600px) 100vw, 600px\" data-rel='gallery-1' data-prev-img='https:\/\/www.klippitz.at\/sommer\/wp-content\/uploads\/2015\/02\/primus05-495x400.jpg' class='lightbox ' data-onclick='2' title='Ausblick auf den Gewehrkugel'  itemprop=\"thumbnailUrl\"  ><img decoding=\"async\" fetchpriority=\"high\" class=\"wp-image-755 avia-img-lazy-loading-not-755\"  data-avia-tooltip='Ausblick auf den Gewehrkugel' src=\"https:\/\/www.klippitz.at\/sommer\/wp-content\/uploads\/2015\/02\/primus05-495x400.jpg\" width=\"495\" height=\"400\"  title='Primush\u00fctten' alt='' \/><div class='big-prev-fake'><img decoding=\"async\" loading=\"lazy\" class=\"wp-image-755 avia-img-lazy-loading-755\"  width=\"495\" height=\"400\" src=\"https:\/\/www.klippitz.at\/sommer\/wp-content\/uploads\/2015\/02\/primus05-495x400.jpg\" title='Primush\u00fctten' alt='' \/><\/div><\/a><a href=\"https:\/\/www.klippitz.at\/sommer\/wp-content\/uploads\/2015\/02\/primus06.jpg\" data-srcset=\"https:\/\/www.klippitz.at\/sommer\/wp-content\/uploads\/2015\/02\/primus06.jpg 600w, https:\/\/www.klippitz.at\/sommer\/wp-content\/uploads\/2015\/02\/primus06-300x225.jpg 300w, https:\/\/www.klippitz.at\/sommer\/wp-content\/uploads\/2015\/02\/primus06-450x338.jpg 450w\" data-sizes=\"(max-width: 600px) 100vw, 600px\" data-rel='gallery-1' data-prev-img='https:\/\/www.klippitz.at\/sommer\/wp-content\/uploads\/2015\/02\/primus06-495x400.jpg' class='lightbox ' data-onclick='3' title='Ausblick'  itemprop=\"thumbnailUrl\"  ><img decoding=\"async\" fetchpriority=\"high\" class=\"wp-image-757 avia-img-lazy-loading-not-757\"  data-avia-tooltip='Ausblick' src=\"https:\/\/www.klippitz.at\/sommer\/wp-content\/uploads\/2015\/02\/primus06-495x400.jpg\" width=\"495\" height=\"400\"  title='Primush\u00fctten' alt='' \/><div class='big-prev-fake'><img decoding=\"async\" loading=\"lazy\" class=\"wp-image-757 avia-img-lazy-loading-757\"  width=\"495\" height=\"400\" src=\"https:\/\/www.klippitz.at\/sommer\/wp-content\/uploads\/2015\/02\/primus06-495x400.jpg\" title='Primush\u00fctten' alt='' \/><\/div><\/a><a href=\"https:\/\/www.klippitz.at\/sommer\/wp-content\/uploads\/2015\/02\/primus09.jpg\" data-srcset=\"https:\/\/www.klippitz.at\/sommer\/wp-content\/uploads\/2015\/02\/primus09.jpg 600w, https:\/\/www.klippitz.at\/sommer\/wp-content\/uploads\/2015\/02\/primus09-300x225.jpg 300w, https:\/\/www.klippitz.at\/sommer\/wp-content\/uploads\/2015\/02\/primus09-450x338.jpg 450w\" data-sizes=\"(max-width: 600px) 100vw, 600px\" data-rel='gallery-1' data-prev-img='https:\/\/www.klippitz.at\/sommer\/wp-content\/uploads\/2015\/02\/primus09-495x400.jpg' class='lightbox ' data-onclick='4' title='Umgebung'  itemprop=\"thumbnailUrl\"  ><img decoding=\"async\" fetchpriority=\"high\" class=\"wp-image-763 avia-img-lazy-loading-not-763\"  data-avia-tooltip='Umgebung' src=\"https:\/\/www.klippitz.at\/sommer\/wp-content\/uploads\/2015\/02\/primus09-495x400.jpg\" width=\"495\" height=\"400\"  title='Primush\u00fctten' alt='' \/><div class='big-prev-fake'><img decoding=\"async\" loading=\"lazy\" class=\"wp-image-763 avia-img-lazy-loading-763\"  width=\"495\" height=\"400\" src=\"https:\/\/www.klippitz.at\/sommer\/wp-content\/uploads\/2015\/02\/primus09-495x400.jpg\" title='Primush\u00fctten' alt='' \/><\/div><\/a><\/div><\/div><\/p><\/div>\n<style type=\"text\/css\" data-created_by=\"avia_inline_auto\" id=\"style-css-av-av_hr-06c0fb204801243993ae0b54ca75665d\">\n#top .hr.av-av_hr-06c0fb204801243993ae0b54ca75665d{\nmargin-top:40px;\nmargin-bottom:20px;\n}\n.hr.av-av_hr-06c0fb204801243993ae0b54ca75665d .hr-inner{\nwidth:250px;\nmax-width:45%;\n}\n.hr.av-av_hr-06c0fb204801243993ae0b54ca75665d .av-seperator-icon{\ncolor:#8db421;\n}\n.hr.av-av_hr-06c0fb204801243993ae0b54ca75665d .av-seperator-icon.avia-svg-icon svg:first-child{\nfill:#8db421;\nstroke:#8db421;\n}\n<\/style>\n<div  class='hr av-av_hr-06c0fb204801243993ae0b54ca75665d hr-custom  avia-builder-el-8  el_after_av_three_fifth  el_before_av_textblock  hr-center hr-icon-yes'><span class='hr-inner inner-border-av-border-thin'><span class=\"hr-inner-style\"><\/span><\/span><span class='av-seperator-icon avia-iconfont avia-font-entypo-fontello' data-av_icon='\ue81e' data-av_iconfont='entypo-fontello' ><\/span><span class='hr-inner inner-border-av-border-thin'><span class=\"hr-inner-style\"><\/span><\/span><\/div>\n<section  class='av_textblock_section av-av_textblock-0366cc7376be6c9e82a3e9cc8987b64f '   itemscope=\"itemscope\" itemtype=\"https:\/\/schema.org\/CreativeWork\" ><div class='avia_textblock'  itemprop=\"text\" ><h2>Unterk\u00fcnfte des selben Vermieters<\/h2>\n<\/div><\/section>\n\n<style type=\"text\/css\" data-created_by=\"avia_inline_auto\" id=\"style-css-av-av_hr-a6de236e6c183bbbd700292deacd2b52\">\n#top .hr.hr-invisible.av-av_hr-a6de236e6c183bbbd700292deacd2b52{\nheight:20px;\n}\n<\/style>\n<div  class='hr av-av_hr-a6de236e6c183bbbd700292deacd2b52 hr-invisible  avia-builder-el-10  el_after_av_textblock  el_before_av_portfolio  avia-builder-el-last '><span class='hr-inner '><span class=\"hr-inner-style\"><\/span><\/span><\/div>\n<div  id=\"av-sc-portfolio-1\"  class=' grid-sort-container isotope   no_margin-container with-title-container grid-total-odd grid-col-4 grid-links-' data-portfolio-id='1'><div data-ajax-id='1491' class=' grid-entry flex_column isotope-item all_sort no_margin post-entry post-entry-1491 grid-entry-overview grid-loop-1 grid-parity-odd  appartments-ferienhaeuser-de_sort primus_sort  av_one_fourth first default_av_fullwidth '><article class='main_color inner-entry'  itemscope=\"itemscope\" itemtype=\"https:\/\/schema.org\/CreativeWork\" ><a href=\"https:\/\/www.klippitz.at\/sommer\/unterkunft\/geierkogelhuette\/\" title='Geierkogelh\u00fctte'  data-rel='grid-1' class='grid-image avia-hover-fx'> <img decoding=\"async\" fetchpriority=\"high\" width=\"260\" height=\"185\" src=\"https:\/\/www.klippitz.at\/sommer\/wp-content\/uploads\/2015\/02\/primus07-260x185.jpg\" class=\"wp-image-759 avia-img-lazy-loading-not-759 attachment-portfolio_small size-portfolio_small wp-post-image\" alt=\"\" srcset=\"https:\/\/www.klippitz.at\/sommer\/wp-content\/uploads\/2015\/02\/primus07-260x185.jpg 260w, https:\/\/www.klippitz.at\/sommer\/wp-content\/uploads\/2015\/02\/primus07-600x430.jpg 600w\" sizes=\"(max-width: 260px) 100vw, 260px\" \/><\/a><div class='grid-content'><div class='avia-arrow'><\/div><header class=\"entry-content-header\" aria-label=\"Portfolio: Geierkogelh\u00fctte\"><h3 class='grid-entry-title entry-title '  itemprop=\"headline\" ><a href='https:\/\/www.klippitz.at\/sommer\/unterkunft\/geierkogelhuette\/' title='Geierkogelh\u00fctte'>Geierkogelh\u00fctte<\/a><\/h3><\/header><\/div><footer class=\"entry-footer\"><\/footer><\/article><\/div><div data-ajax-id='1666' class=' grid-entry flex_column isotope-item all_sort no_margin post-entry post-entry-1666 grid-entry-overview grid-loop-2 grid-parity-even  appartments-ferienhaeuser-de_sort primus_sort  av_one_fourth  default_av_fullwidth '><article class='main_color inner-entry'  itemscope=\"itemscope\" itemtype=\"https:\/\/schema.org\/CreativeWork\" ><a href=\"https:\/\/www.klippitz.at\/sommer\/unterkunft\/1666\/\" title='Bergkristallh\u00fctte'  data-rel='grid-1' class='grid-image avia-hover-fx'> <img decoding=\"async\" fetchpriority=\"high\" width=\"260\" height=\"185\" src=\"https:\/\/www.klippitz.at\/sommer\/wp-content\/uploads\/2015\/08\/bergkristall02-260x185.jpg\" class=\"wp-image-1671 avia-img-lazy-loading-not-1671 attachment-portfolio_small size-portfolio_small wp-post-image\" alt=\"\" \/><\/a><div class='grid-content'><div class='avia-arrow'><\/div><header class=\"entry-content-header\" aria-label=\"Portfolio: Bergkristallh\u00fctte\"><h3 class='grid-entry-title entry-title '  itemprop=\"headline\" ><a href='https:\/\/www.klippitz.at\/sommer\/unterkunft\/1666\/' title='Bergkristallh\u00fctte'>Bergkristallh\u00fctte<\/a><\/h3><\/header><\/div><footer class=\"entry-footer\"><\/footer><\/article><\/div><div data-ajax-id='750' class=' grid-entry flex_column isotope-item all_sort no_margin post-entry post-entry-750 grid-entry-overview grid-loop-3 grid-parity-odd  post-entry-last  appartments-ferienhaeuser-de_sort primus_sort  av_one_fourth  default_av_fullwidth '><article class='main_color inner-entry'  itemscope=\"itemscope\" itemtype=\"https:\/\/schema.org\/CreativeWork\" ><a href=\"https:\/\/www.klippitz.at\/sommer\/unterkunft\/primushuette\/\" title='Primush\u00fctte'  data-rel='grid-1' class='grid-image avia-hover-fx'> <img decoding=\"async\" fetchpriority=\"high\" width=\"260\" height=\"185\" src=\"https:\/\/www.klippitz.at\/sommer\/wp-content\/uploads\/2015\/02\/Primus01-260x185.jpg\" class=\"wp-image-767 avia-img-lazy-loading-not-767 attachment-portfolio_small size-portfolio_small wp-post-image\" alt=\"\" \/><\/a><div class='grid-content'><div class='avia-arrow'><\/div><header class=\"entry-content-header\" aria-label=\"Portfolio: Primush\u00fctte\"><h3 class='grid-entry-title entry-title '  itemprop=\"headline\" ><a href='https:\/\/www.klippitz.at\/sommer\/unterkunft\/primushuette\/' title='Primush\u00fctte'>Primush\u00fctte<\/a><\/h3><\/header><\/div><footer class=\"entry-footer\"><\/footer><\/article><\/div><\/div>\n<\/div><\/div><\/main><!-- close content main element --><\/div><\/div><div id='after_section_1'  class='main_color av_default_container_wrap container_wrap sidebar_right'  ><div class='container av-section-cont-open' ><div class='template-page content  av-content-small alpha units'><div class='post-entry post-entry-type-page post-entry-1491'><div class='entry-content-wrapper clearfix'>\n","protected":false},"excerpt":{"rendered":"","protected":false},"author":1,"featured_media":759,"template":"","meta":{"footnotes":""},"tags":[],"portfolio_entries":[6,16],"class_list":["post-1491","portfolio","type-portfolio","status-publish","has-post-thumbnail","hentry","portfolio_entries-appartments-ferienhaeuser-de","portfolio_entries-primus"],"yoast_head":"<!-- This site is optimized with the Yoast SEO plugin v26.8 - https:\/\/yoast.com\/product\/yoast-seo-wordpress\/ -->\n<title>Geierkogelh\u00fctte - Schierlebniswelt Klippitzt\u00f6rl<\/title>\n<meta name=\"robots\" content=\"index, follow, max-snippet:-1, max-image-preview:large, max-video-preview:-1\" \/>\n<link rel=\"canonical\" href=\"https:\/\/www.klippitz.at\/sommer\/unterkunft\/geierkogelhuette\/\" \/>\n<meta property=\"og:locale\" content=\"de_DE\" \/>\n<meta property=\"og:type\" content=\"article\" \/>\n<meta property=\"og:title\" content=\"Geierkogelh\u00fctte - Schierlebniswelt Klippitzt\u00f6rl\" \/>\n<meta property=\"og:url\" content=\"https:\/\/www.klippitz.at\/sommer\/unterkunft\/geierkogelhuette\/\" \/>\n<meta property=\"og:site_name\" content=\"Schierlebniswelt Klippitzt\u00f6rl\" \/>\n<meta property=\"article:modified_time\" content=\"2015-09-04T14:22:08+00:00\" \/>\n<meta property=\"og:image\" content=\"https:\/\/www.klippitz.at\/sommer\/wp-content\/uploads\/2015\/02\/primus07.jpg\" \/>\n\t<meta property=\"og:image:width\" content=\"600\" \/>\n\t<meta property=\"og:image:height\" content=\"444\" \/>\n\t<meta property=\"og:image:type\" content=\"image\/jpeg\" \/>\n<meta name=\"twitter:label1\" content=\"Gesch\u00e4tzte Lesezeit\" \/>\n\t<meta name=\"twitter:data1\" content=\"3\u00a0Minuten\" \/>\n<script type=\"application\/ld+json\" class=\"yoast-schema-graph\">{\"@context\":\"https:\/\/schema.org\",\"@graph\":[{\"@type\":\"WebPage\",\"@id\":\"https:\/\/www.klippitz.at\/sommer\/unterkunft\/geierkogelhuette\/\",\"url\":\"https:\/\/www.klippitz.at\/sommer\/unterkunft\/geierkogelhuette\/\",\"name\":\"Geierkogelh\u00fctte - Schierlebniswelt Klippitzt\u00f6rl\",\"isPartOf\":{\"@id\":\"https:\/\/www.klippitz.at\/sommer\/#website\"},\"primaryImageOfPage\":{\"@id\":\"https:\/\/www.klippitz.at\/sommer\/unterkunft\/geierkogelhuette\/#primaryimage\"},\"image\":{\"@id\":\"https:\/\/www.klippitz.at\/sommer\/unterkunft\/geierkogelhuette\/#primaryimage\"},\"thumbnailUrl\":\"https:\/\/www.klippitz.at\/sommer\/wp-content\/uploads\/2015\/02\/primus07.jpg\",\"datePublished\":\"2015-04-07T08:19:13+00:00\",\"dateModified\":\"2015-09-04T14:22:08+00:00\",\"breadcrumb\":{\"@id\":\"https:\/\/www.klippitz.at\/sommer\/unterkunft\/geierkogelhuette\/#breadcrumb\"},\"inLanguage\":\"de\",\"potentialAction\":[{\"@type\":\"ReadAction\",\"target\":[\"https:\/\/www.klippitz.at\/sommer\/unterkunft\/geierkogelhuette\/\"]}]},{\"@type\":\"ImageObject\",\"inLanguage\":\"de\",\"@id\":\"https:\/\/www.klippitz.at\/sommer\/unterkunft\/geierkogelhuette\/#primaryimage\",\"url\":\"https:\/\/www.klippitz.at\/sommer\/wp-content\/uploads\/2015\/02\/primus07.jpg\",\"contentUrl\":\"https:\/\/www.klippitz.at\/sommer\/wp-content\/uploads\/2015\/02\/primus07.jpg\",\"width\":600,\"height\":444},{\"@type\":\"BreadcrumbList\",\"@id\":\"https:\/\/www.klippitz.at\/sommer\/unterkunft\/geierkogelhuette\/#breadcrumb\",\"itemListElement\":[{\"@type\":\"ListItem\",\"position\":1,\"name\":\"Home\",\"item\":\"https:\/\/www.klippitz.at\/sommer\/home\/\"},{\"@type\":\"ListItem\",\"position\":2,\"name\":\"Geierkogelh\u00fctte\"}]},{\"@type\":\"WebSite\",\"@id\":\"https:\/\/www.klippitz.at\/sommer\/#website\",\"url\":\"https:\/\/www.klippitz.at\/sommer\/\",\"name\":\"Schierlebniswelt Klippitzt\u00f6rl\",\"description\":\"Die K\u00e4rntner Schiregion zeigt sich im Sommer von ihrer sch\u00f6nsten Seite\",\"potentialAction\":[{\"@type\":\"SearchAction\",\"target\":{\"@type\":\"EntryPoint\",\"urlTemplate\":\"https:\/\/www.klippitz.at\/sommer\/?s={search_term_string}\"},\"query-input\":{\"@type\":\"PropertyValueSpecification\",\"valueRequired\":true,\"valueName\":\"search_term_string\"}}],\"inLanguage\":\"de\"}]}<\/script>\n<!-- \/ Yoast SEO plugin. -->","yoast_head_json":{"title":"Geierkogelh\u00fctte - Schierlebniswelt Klippitzt\u00f6rl","robots":{"index":"index","follow":"follow","max-snippet":"max-snippet:-1","max-image-preview":"max-image-preview:large","max-video-preview":"max-video-preview:-1"},"canonical":"https:\/\/www.klippitz.at\/sommer\/unterkunft\/geierkogelhuette\/","og_locale":"de_DE","og_type":"article","og_title":"Geierkogelh\u00fctte - Schierlebniswelt Klippitzt\u00f6rl","og_url":"https:\/\/www.klippitz.at\/sommer\/unterkunft\/geierkogelhuette\/","og_site_name":"Schierlebniswelt Klippitzt\u00f6rl","article_modified_time":"2015-09-04T14:22:08+00:00","og_image":[{"width":600,"height":444,"url":"https:\/\/www.klippitz.at\/sommer\/wp-content\/uploads\/2015\/02\/primus07.jpg","type":"image\/jpeg"}],"twitter_misc":{"Gesch\u00e4tzte Lesezeit":"3\u00a0Minuten"},"schema":{"@context":"https:\/\/schema.org","@graph":[{"@type":"WebPage","@id":"https:\/\/www.klippitz.at\/sommer\/unterkunft\/geierkogelhuette\/","url":"https:\/\/www.klippitz.at\/sommer\/unterkunft\/geierkogelhuette\/","name":"Geierkogelh\u00fctte - Schierlebniswelt Klippitzt\u00f6rl","isPartOf":{"@id":"https:\/\/www.klippitz.at\/sommer\/#website"},"primaryImageOfPage":{"@id":"https:\/\/www.klippitz.at\/sommer\/unterkunft\/geierkogelhuette\/#primaryimage"},"image":{"@id":"https:\/\/www.klippitz.at\/sommer\/unterkunft\/geierkogelhuette\/#primaryimage"},"thumbnailUrl":"https:\/\/www.klippitz.at\/sommer\/wp-content\/uploads\/2015\/02\/primus07.jpg","datePublished":"2015-04-07T08:19:13+00:00","dateModified":"2015-09-04T14:22:08+00:00","breadcrumb":{"@id":"https:\/\/www.klippitz.at\/sommer\/unterkunft\/geierkogelhuette\/#breadcrumb"},"inLanguage":"de","potentialAction":[{"@type":"ReadAction","target":["https:\/\/www.klippitz.at\/sommer\/unterkunft\/geierkogelhuette\/"]}]},{"@type":"ImageObject","inLanguage":"de","@id":"https:\/\/www.klippitz.at\/sommer\/unterkunft\/geierkogelhuette\/#primaryimage","url":"https:\/\/www.klippitz.at\/sommer\/wp-content\/uploads\/2015\/02\/primus07.jpg","contentUrl":"https:\/\/www.klippitz.at\/sommer\/wp-content\/uploads\/2015\/02\/primus07.jpg","width":600,"height":444},{"@type":"BreadcrumbList","@id":"https:\/\/www.klippitz.at\/sommer\/unterkunft\/geierkogelhuette\/#breadcrumb","itemListElement":[{"@type":"ListItem","position":1,"name":"Home","item":"https:\/\/www.klippitz.at\/sommer\/home\/"},{"@type":"ListItem","position":2,"name":"Geierkogelh\u00fctte"}]},{"@type":"WebSite","@id":"https:\/\/www.klippitz.at\/sommer\/#website","url":"https:\/\/www.klippitz.at\/sommer\/","name":"Schierlebniswelt Klippitzt\u00f6rl","description":"Die K\u00e4rntner Schiregion zeigt sich im Sommer von ihrer sch\u00f6nsten Seite","potentialAction":[{"@type":"SearchAction","target":{"@type":"EntryPoint","urlTemplate":"https:\/\/www.klippitz.at\/sommer\/?s={search_term_string}"},"query-input":{"@type":"PropertyValueSpecification","valueRequired":true,"valueName":"search_term_string"}}],"inLanguage":"de"}]}},"_links":{"self":[{"href":"https:\/\/www.klippitz.at\/sommer\/wp-json\/wp\/v2\/portfolio\/1491","targetHints":{"allow":["GET"]}}],"collection":[{"href":"https:\/\/www.klippitz.at\/sommer\/wp-json\/wp\/v2\/portfolio"}],"about":[{"href":"https:\/\/www.klippitz.at\/sommer\/wp-json\/wp\/v2\/types\/portfolio"}],"author":[{"embeddable":true,"href":"https:\/\/www.klippitz.at\/sommer\/wp-json\/wp\/v2\/users\/1"}],"version-history":[{"count":1,"href":"https:\/\/www.klippitz.at\/sommer\/wp-json\/wp\/v2\/portfolio\/1491\/revisions"}],"predecessor-version":[{"id":1641,"href":"https:\/\/www.klippitz.at\/sommer\/wp-json\/wp\/v2\/portfolio\/1491\/revisions\/1641"}],"wp:featuredmedia":[{"embeddable":true,"href":"https:\/\/www.klippitz.at\/sommer\/wp-json\/wp\/v2\/media\/759"}],"wp:attachment":[{"href":"https:\/\/www.klippitz.at\/sommer\/wp-json\/wp\/v2\/media?parent=1491"}],"wp:term":[{"taxonomy":"post_tag","embeddable":true,"href":"https:\/\/www.klippitz.at\/sommer\/wp-json\/wp\/v2\/tags?post=1491"},{"taxonomy":"portfolio_entries","embeddable":true,"href":"https:\/\/www.klippitz.at\/sommer\/wp-json\/wp\/v2\/portfolio_entries?post=1491"}],"curies":[{"name":"wp","href":"https:\/\/api.w.org\/{rel}","templated":true}]}}