{"id":9,"date":"2015-01-23T13:53:42","date_gmt":"2015-01-23T12:53:42","guid":{"rendered":"http:\/\/www.klippitz.at\/sommer\/?page_id=9"},"modified":"2026-04-21T15:33:44","modified_gmt":"2026-04-21T13:33:44","slug":"home","status":"publish","type":"page","link":"https:\/\/www.klippitz.at\/sommer\/","title":{"rendered":"Home"},"content":{"rendered":"<div   class='avia-fullscreen-slider main_color   avia-builder-el-0  el_before_av_section  avia-builder-el-first  container_wrap sidebar_right'  >\n<style type=\"text\/css\" data-created_by=\"avia_inline_auto\" id=\"style-css-av-b79mf-e154a93386c5958df4f4170923fb3cbe\">\n#top #wrap_all .avia-slideshow .av-slideshow-caption.av-b79mf-e154a93386c5958df4f4170923fb3cbe__0 .avia-caption-title{\nfont-size:49px;\ncolor:#ffffff;\n}\n#top .avia-slideshow .av-slideshow-caption.av-b79mf-e154a93386c5958df4f4170923fb3cbe__0 .avia-caption-content{\nfont-size:20px;\n}\n#top .avia-slideshow .av-slideshow-caption.av-b79mf-e154a93386c5958df4f4170923fb3cbe__0 .avia-caption-content p{\nfont-size:20px;\n}\n\n@media only screen and (max-width: 479px){ \n#top #wrap_all .avia-slideshow .av-slideshow-caption.av-b79mf-e154a93386c5958df4f4170923fb3cbe__0 .avia-caption-title{\nfont-size:17px;\n}\n#top .avia-slideshow .av-slideshow-caption.av-b79mf-e154a93386c5958df4f4170923fb3cbe__0 .avia-caption-content{\nfont-size:15px;\n}\n#top .avia-slideshow .av-slideshow-caption.av-b79mf-e154a93386c5958df4f4170923fb3cbe__0 .avia-caption-content p{\nfont-size:15px;\n}\n}\n#top #wrap_all .avia-slideshow .av-slideshow-caption.av-b79mf-e154a93386c5958df4f4170923fb3cbe__1 .avia-caption-title{\nfont-size:49px;\ncolor:#ffffff;\n}\n#top .avia-slideshow .av-slideshow-caption.av-b79mf-e154a93386c5958df4f4170923fb3cbe__1 .avia-caption-content{\nfont-size:20px;\n}\n#top .avia-slideshow .av-slideshow-caption.av-b79mf-e154a93386c5958df4f4170923fb3cbe__1 .avia-caption-content p{\nfont-size:20px;\n}\n\n@media only screen and (max-width: 479px){ \n#top #wrap_all .avia-slideshow .av-slideshow-caption.av-b79mf-e154a93386c5958df4f4170923fb3cbe__1 .avia-caption-title{\nfont-size:20px;\n}\n#top .avia-slideshow .av-slideshow-caption.av-b79mf-e154a93386c5958df4f4170923fb3cbe__1 .avia-caption-content{\nfont-size:15px;\n}\n#top .avia-slideshow .av-slideshow-caption.av-b79mf-e154a93386c5958df4f4170923fb3cbe__1 .avia-caption-content p{\nfont-size:15px;\n}\n}\n#top #wrap_all .avia-slideshow .av-slideshow-caption.av-b79mf-e154a93386c5958df4f4170923fb3cbe__2 .avia-caption-title{\nfont-size:49px;\ncolor:#ffffff;\n}\n#top .avia-slideshow .av-slideshow-caption.av-b79mf-e154a93386c5958df4f4170923fb3cbe__2 .avia-caption-content{\nfont-size:20px;\ncolor:#ffffff;\n}\n#top .avia-slideshow .av-slideshow-caption.av-b79mf-e154a93386c5958df4f4170923fb3cbe__2 .avia-caption-content p{\nfont-size:20px;\n}\n\n@media only screen and (max-width: 479px){ \n#top #wrap_all .avia-slideshow .av-slideshow-caption.av-b79mf-e154a93386c5958df4f4170923fb3cbe__2 .avia-caption-title{\nfont-size:20px;\n}\n#top .avia-slideshow .av-slideshow-caption.av-b79mf-e154a93386c5958df4f4170923fb3cbe__2 .avia-caption-content{\nfont-size:15px;\n}\n#top .avia-slideshow .av-slideshow-caption.av-b79mf-e154a93386c5958df4f4170923fb3cbe__2 .avia-caption-content p{\nfont-size:15px;\n}\n}\n#top #wrap_all .avia-slideshow .av-slideshow-caption.av-b79mf-e154a93386c5958df4f4170923fb3cbe__3 .avia-caption-title{\nfont-size:49px;\ncolor:#ffffff;\n}\n#top .avia-slideshow .av-slideshow-caption.av-b79mf-e154a93386c5958df4f4170923fb3cbe__3 .avia-caption-content{\nfont-size:20px;\ncolor:#ffffff;\n}\n#top .avia-slideshow .av-slideshow-caption.av-b79mf-e154a93386c5958df4f4170923fb3cbe__3 .avia-caption-content p{\nfont-size:20px;\n}\n\n@media only screen and (max-width: 479px){ \n#top #wrap_all .avia-slideshow .av-slideshow-caption.av-b79mf-e154a93386c5958df4f4170923fb3cbe__3 .avia-caption-title{\nfont-size:20px;\n}\n#top .avia-slideshow .av-slideshow-caption.av-b79mf-e154a93386c5958df4f4170923fb3cbe__3 .avia-caption-content{\nfont-size:15px;\n}\n#top .avia-slideshow .av-slideshow-caption.av-b79mf-e154a93386c5958df4f4170923fb3cbe__3 .avia-caption-content p{\nfont-size:15px;\n}\n}\n<\/style>\n<a href='#next-section' title='' class='scroll-down-link av-control-default avia-svg-icon avia-font-svg_entypo-fontello' data-av_svg_icon='down-open-mini' data-av_iconset='svg_entypo-fontello'><svg version=\"1.1\" xmlns=\"http:\/\/www.w3.org\/2000\/svg\" width=\"15\" height=\"32\" viewBox=\"0 0 15 32\" preserveAspectRatio=\"xMidYMid meet\" aria-labelledby='av-svg-title-1' aria-describedby='av-svg-desc-1' role=\"graphics-symbol\" aria-hidden=\"true\">\n<title id='av-svg-title-1'>Scroll to next section<\/title>\n<desc id='av-svg-desc-1'>Scroll to next section<\/desc>\n<path d=\"M12.96 12.16q0.704-0.832 1.536 0 0.832 0.704 0 1.536l-6.272 6.144q-0.704 0.704-1.536 0l-6.272-6.144q-0.832-0.832 0-1.536 0.768-0.768 1.6 0l5.44 4.992z\"><\/path>\n<\/svg><\/a><div  class='avia-slideshow av-b79mf-e154a93386c5958df4f4170923fb3cbe avia-slideshow-no scaling av_fullscreen avia-fade-slider av-slideshow-ui av-control-default av-slideshow-autoplay av-loop-endless av-loop-manual-endless av-slider-scroll-down-active av-default-height-applied   avia-slideshow-1' data-slideshow-options=\"{&quot;animation&quot;:&quot;fade&quot;,&quot;autoplay&quot;:true,&quot;loop_autoplay&quot;:&quot;endless&quot;,&quot;interval&quot;:8,&quot;loop_manual&quot;:&quot;manual-endless&quot;,&quot;autoplay_stopper&quot;:false,&quot;noNavigation&quot;:false,&quot;bg_slider&quot;:true,&quot;keep_padding&quot;:false,&quot;hoverpause&quot;:false,&quot;show_slide_delay&quot;:0,&quot;slide_height&quot;:&quot;100&quot;,&quot;image_attachment&quot;:&quot;fixed&quot;}\"  itemprop=\"image\" itemscope=\"itemscope\" itemtype=\"https:\/\/schema.org\/ImageObject\" ><ul class='avia-slideshow-inner ' style='padding-bottom: 66.666666666667%;'><li style='background-position:center left;' data-img-url='https:\/\/www.klippitz.at\/sommer\/wp-content\/uploads\/2025\/07\/See-Start02.jpg' class='avia-slideshow-slide av-b79mf-e154a93386c5958df4f4170923fb3cbe__0  slide-1 slide-odd'><div data-rel='slideshow-1' class='avia-slide-wrap '   ><div class='av-slideshow-caption av-b79mf-e154a93386c5958df4f4170923fb3cbe__0 caption_fullwidth caption_right caption_right_framed caption_framed'><div class=\"container caption_container\"><div class=\"slideshow_caption\"><div class=\"slideshow_inner_caption\"><div class=\"slideshow_align_caption\"><h2 class='avia-caption-title '  itemprop=\"name\" >Herzlich Willkommen<\/h2><div class='avia-caption-content av_inherit_color'  itemprop=\"description\" ><p>Die Sommerrodelbahn &amp; der Klettergarten haben f\u00fcr dieses Jahr den Betrieb eingestellt!<br \/>\nWir danken f\u00fcr euren Besuch!<\/p>\n<\/div><\/div><\/div><\/div><\/div><\/div><\/div><\/li><li style='background-position:center center;' data-img-url='https:\/\/www.klippitz.at\/sommer\/wp-content\/uploads\/2023\/09\/Sommerrodelbahn.ps-5-scaled.jpg' class='avia-slideshow-slide av-b79mf-e154a93386c5958df4f4170923fb3cbe__1  slide-2 slide-even'><div data-rel='slideshow-1' class='avia-slide-wrap '   ><div class='av-slideshow-caption av-b79mf-e154a93386c5958df4f4170923fb3cbe__1 caption_fullwidth caption_left caption_left_framed caption_framed'><div class=\"container caption_container\"><div class=\"slideshow_caption\"><div class=\"slideshow_inner_caption\"><div class=\"slideshow_align_caption\"><h2 class='avia-caption-title '  itemprop=\"name\" >Sommerrodelbahn<\/h2><div class='avia-caption-content av_inherit_color'  itemprop=\"description\" ><p>1430m Speed und Action bei vollster Sicherheit.<br \/>\nDieses Jahr neu! ActionPhotoCam!!!<br \/>\nMehr beim Infocenter.<\/p>\n<\/div><a href='#sommerrodelbahn'  class='avia-slideshow-button avia-button avia-color-light ' data-duration='800' data-easing='easeInOutQuad'>mehr Details<\/a><\/div><\/div><\/div><\/div><\/div><\/div><\/li><li style='background-position:center center;' data-img-url='https:\/\/www.klippitz.at\/sommer\/wp-content\/uploads\/2025\/07\/Kletterpark-Start.jpg' class='avia-slideshow-slide av-b79mf-e154a93386c5958df4f4170923fb3cbe__2  slide-3 slide-odd'><div data-rel='slideshow-1' class='avia-slide-wrap '   ><div class='av-slideshow-caption av-b79mf-e154a93386c5958df4f4170923fb3cbe__2 caption_fullwidth caption_left caption_left_framed caption_framed'><div class=\"container caption_container\"><div class=\"slideshow_caption\"><div class=\"slideshow_inner_caption\"><div class=\"slideshow_align_caption\"><h2 class='avia-caption-title '  itemprop=\"name\" >Erlebnisklettergarten<\/h2><div class='avia-caption-content av_inherit_color'  itemprop=\"description\" ><p>Nervenkitzel mit Klettersteig, Felsen- und Baumelementen und Flying-Fox.<\/p>\n<\/div><a href='#klettergarten'  class='avia-slideshow-button avia-button avia-color-light ' data-duration='800' data-easing='easeInOutQuad'>mehr Details<\/a><\/div><\/div><\/div><\/div><\/div><\/div><\/li><li style='background-position:bottom center;' data-img-url='https:\/\/www.klippitz.at\/sommer\/wp-content\/uploads\/2015\/01\/Klippitz-See.jpg' class='avia-slideshow-slide av-b79mf-e154a93386c5958df4f4170923fb3cbe__3  slide-4 slide-even'><div data-rel='slideshow-1' class='avia-slide-wrap '   ><div class='av-slideshow-caption av-b79mf-e154a93386c5958df4f4170923fb3cbe__3 caption_fullwidth caption_left caption_left_framed caption_framed'><div class=\"container caption_container\"><div class=\"slideshow_caption\"><div class=\"slideshow_inner_caption\"><div class=\"slideshow_align_caption\"><h2 class='avia-caption-title '  itemprop=\"name\" >Wetter<\/h2><div class='avia-caption-content av_inherit_color'  itemprop=\"description\" ><p>Hier gibt es immer das aktuelle Bergwetter live f\u00fcr Sie&#8230;<\/p>\n<p><iframe loading=\"lazy\" src=\"https:\/\/wtvthmb.feratel.com\/thumbnails\/5020.jpeg?t=38&amp;design=v3\" name=\"Feratel\" width=\"496\" height=\"279\" frameborder=\"0\" marginwidth=\"0\" marginheight=\"0\" scrolling=\"no\"><\/iframe><\/p>\n<\/div><a href='http:\/\/webtv.feratel.com\/webtv\/?design=v3&amp;cam=5020'  target=\"_blank\"  rel=\"noopener noreferrer\" class='avia-slideshow-button avia-button avia-color-light ' data-duration='800' data-easing='easeInOutQuad'>mehr Details<\/a><\/div><\/div><\/div><\/div><\/div><\/div><\/li><\/ul><div class='avia-slideshow-arrows avia-slideshow-controls' ><a href='#prev' class='prev-slide  avia-svg-icon avia-font-svg_entypo-fontello' data-av_svg_icon='left-open-big' data-av_iconset='svg_entypo-fontello' tabindex='-1' title=\"Zur\u00fcck\"><svg version=\"1.1\" xmlns=\"http:\/\/www.w3.org\/2000\/svg\" width=\"15\" height=\"32\" viewBox=\"0 0 15 32\" preserveAspectRatio=\"xMidYMid meet\" aria-labelledby='av-svg-title-2' aria-describedby='av-svg-desc-2' role=\"graphics-symbol\" aria-hidden=\"true\">\n<title id='av-svg-title-2'>Zur\u00fcck<\/title>\n<desc id='av-svg-desc-2'>Zur\u00fcck<\/desc>\n<path d=\"M14.464 27.84q0.832 0.832 0 1.536-0.832 0.832-1.536 0l-12.544-12.608q-0.768-0.768 0-1.6l12.544-12.608q0.704-0.832 1.536 0 0.832 0.704 0 1.536l-11.456 11.904z\"><\/path>\n<\/svg><span class='avia_hidden_link_text'>Zur\u00fcck<\/span><\/a><a href='#next' class='next-slide  avia-svg-icon avia-font-svg_entypo-fontello' data-av_svg_icon='right-open-big' data-av_iconset='svg_entypo-fontello' tabindex='-1' title=\"Weiter\"><svg version=\"1.1\" xmlns=\"http:\/\/www.w3.org\/2000\/svg\" width=\"15\" height=\"32\" viewBox=\"0 0 15 32\" preserveAspectRatio=\"xMidYMid meet\" aria-labelledby='av-svg-title-3' aria-describedby='av-svg-desc-3' role=\"graphics-symbol\" aria-hidden=\"true\">\n<title id='av-svg-title-3'>Weiter<\/title>\n<desc id='av-svg-desc-3'>Weiter<\/desc>\n<path d=\"M0.416 27.84l11.456-11.84-11.456-11.904q-0.832-0.832 0-1.536 0.832-0.832 1.536 0l12.544 12.608q0.768 0.832 0 1.6l-12.544 12.608q-0.704 0.832-1.536 0-0.832-0.704 0-1.536z\"><\/path>\n<\/svg><span class='avia_hidden_link_text'>Weiter<\/span><\/a><\/div><div class='avia-slideshow-dots avia-slideshow-controls'><a href='#1' class='goto-slide active' >1<\/a><a href='#2' class='goto-slide ' >2<\/a><a href='#3' class='goto-slide ' >3<\/a><a href='#4' class='goto-slide ' >4<\/a><\/div><\/div><\/div>\n\n<style type=\"text\/css\" data-created_by=\"avia_inline_auto\" id=\"style-css-av-12tll-ef1a55f40780ebc881196e89ee2f5c17\">\n.avia-section.av-12tll-ef1a55f40780ebc881196e89ee2f5c17{\nbackground-repeat:no-repeat;\nbackground-image:url(https:\/\/www.klippitz.at\/sommer\/wp-content\/uploads\/2015\/01\/Klippitz-See-1500x944.jpg);\nbackground-position:50% 0%;\nbackground-attachment:scroll;\n}\n<\/style>\n<div id='wetter'  class='avia-section av-12tll-ef1a55f40780ebc881196e89ee2f5c17 main_color avia-section-no-padding avia-no-shadow  avia-builder-el-1  el_after_av_fullscreen  el_before_av_section  avia-full-stretch avia-bg-style-scroll av-minimum-height av-minimum-height-custom av-height-custom  container_wrap sidebar_right'  data-section-bg-repeat='stretch' data-av_minimum_height_px='700'><div class='container av-section-cont-open' style='height:700px'><div class='template-page content  av-content-small alpha units'><div class='post-entry post-entry-type-page post-entry-9'><div class='entry-content-wrapper clearfix'>\n\n<style type=\"text\/css\" data-created_by=\"avia_inline_auto\" id=\"style-css-av-ar34z-1a902e6b4e05194dc91ef6f51b58d7a1\">\n#top .flex_column.av-ar34z-1a902e6b4e05194dc91ef6f51b58d7a1{\nmargin-top:0px;\nmargin-bottom:0px;\n}\n.flex_column.av-ar34z-1a902e6b4e05194dc91ef6f51b58d7a1{\nborder-radius:0px 0px 0px 0px;\npadding:0px 0px 0px 0px;\n}\n.responsive #top #wrap_all .flex_column.av-ar34z-1a902e6b4e05194dc91ef6f51b58d7a1{\nmargin-top:0px;\nmargin-bottom:0px;\n}\n<\/style>\n<div  class='flex_column av-ar34z-1a902e6b4e05194dc91ef6f51b58d7a1 av_one_full  avia-builder-el-2  el_before_av_one_full  avia-builder-el-first  first flex_column_div av-zero-column-padding  '     ><style type=\"text\/css\" data-created_by=\"avia_inline_auto\" id=\"style-css-av-aofyb-95fc2471df19fbb75cb176381e9d0aec\">\n#top .av_textblock_section.av-aofyb-95fc2471df19fbb75cb176381e9d0aec .avia_textblock{\ncolor:#ffffff;\n}\n<\/style>\n<section  class='av_textblock_section av-aofyb-95fc2471df19fbb75cb176381e9d0aec '   itemscope=\"itemscope\" itemtype=\"https:\/\/schema.org\/CreativeWork\" ><div class='avia_textblock av_inherit_color'  itemprop=\"text\" ><h2 id=\"feratel\">Wetter &amp; Webcam<\/h2>\n<p>Hier gibt es immer das aktuellen Bergwetter live f\u00fcr Sie\u00a0ob LiveStream, LiveBild, detailiertes Wetter den Zustand der Pisten.\u00a0Alles auf einem Blick!<\/p>\n<\/div><\/section><\/div>\n<style type=\"text\/css\" data-created_by=\"avia_inline_auto\" id=\"style-css-av-am0cp-3d14f9293c61d8af50500cb28203375b\">\n.flex_column.av-am0cp-3d14f9293c61d8af50500cb28203375b{\nborder-radius:0px 0px 0px 0px;\npadding:0px 0px 0px 0px;\n}\n<\/style>\n<div  class='flex_column av-am0cp-3d14f9293c61d8af50500cb28203375b av_one_full  avia-builder-el-4  el_after_av_one_full  avia-builder-el-last  first flex_column_div av-zero-column-padding  column-top-margin'     ><\/div>\n\n<\/div><\/div><\/div><!-- close content main div --><\/div><\/div>\n<style type=\"text\/css\" data-created_by=\"avia_inline_auto\" id=\"style-css-av-ahur5-e9c2cac1e955dd354987f1e01de26448\">\n.avia-section.av-ahur5-e9c2cac1e955dd354987f1e01de26448{\nbackground-repeat:no-repeat;\nbackground-image:url(https:\/\/www.klippitz.at\/sommer\/wp-content\/uploads\/2025\/07\/Sommerrodelbahn-Header.jpg);\nbackground-position:50% 50%;\nbackground-attachment:scroll;\n}\n<\/style>\n<div id='sommerrodelbahn'  class='avia-section av-ahur5-e9c2cac1e955dd354987f1e01de26448 main_color avia-section-no-padding avia-no-shadow  avia-builder-el-6  el_after_av_section  el_before_av_one_half  avia-full-stretch avia-bg-style-scroll av-minimum-height av-minimum-height-custom av-height-custom  container_wrap sidebar_right'  data-section-bg-repeat='stretch' data-av_minimum_height_px='700'><div class='container av-section-cont-open' style='height:700px'><div class='template-page content  av-content-small alpha units'><div class='post-entry post-entry-type-page post-entry-9'><div class='entry-content-wrapper clearfix'>\n\n<style type=\"text\/css\" data-created_by=\"avia_inline_auto\" id=\"style-css-av-9xo7l-3ac27f864e42cf33c817d8ae0c5aa246\">\n#top .hr.hr-invisible.av-9xo7l-3ac27f864e42cf33c817d8ae0c5aa246{\nheight:15px;\n}\n<\/style>\n<div  class='hr av-9xo7l-3ac27f864e42cf33c817d8ae0c5aa246 hr-invisible  avia-builder-el-7  el_before_av_heading  avia-builder-el-first '><span class='hr-inner '><span class=\"hr-inner-style\"><\/span><\/span><\/div>\n\n<style type=\"text\/css\" data-created_by=\"avia_inline_auto\" id=\"style-css-av-3c0t-bb89bb69c69b4af53b0a4b6d58abbdcb\">\n#top .av-special-heading.av-3c0t-bb89bb69c69b4af53b0a4b6d58abbdcb{\npadding-bottom:10px;\ncolor:#ffffff;\n}\nbody .av-special-heading.av-3c0t-bb89bb69c69b4af53b0a4b6d58abbdcb .av-special-heading-tag .heading-char{\nfont-size:25px;\n}\n.av-special-heading.av-3c0t-bb89bb69c69b4af53b0a4b6d58abbdcb .special-heading-inner-border{\nborder-color:#ffffff;\n}\n.av-special-heading.av-3c0t-bb89bb69c69b4af53b0a4b6d58abbdcb .av-subheading{\nfont-size:15px;\n}\n<\/style>\n<div  class='av-special-heading av-3c0t-bb89bb69c69b4af53b0a4b6d58abbdcb av-special-heading-h1 custom-color-heading blockquote modern-quote  avia-builder-el-8  el_after_av_hr  avia-builder-el-last '><h1 class='av-special-heading-tag '  itemprop=\"headline\"  >Sommerrodelbahn<\/h1><div class=\"special-heading-border\"><div class=\"special-heading-inner-border\"><\/div><\/div><\/div>\n<\/div><\/div><\/div><!-- close content main div --><\/div><\/div><div id='after_section_2'  class='main_color av_default_container_wrap container_wrap sidebar_right'  ><div class='container av-section-cont-open' ><div class='template-page content  av-content-small alpha units'><div class='post-entry post-entry-type-page post-entry-9'><div class='entry-content-wrapper clearfix'>\n<div  class='flex_column av-adxh1-8faf48e43b61e124543bf87a77894a8f av_one_half  avia-builder-el-9  el_after_av_section  el_before_av_one_half  avia-builder-el-first  first flex_column_div  '     ><section  class='av_textblock_section av-abpq7-a77d5d5481fa0f3883559e869f9d1dd2 '   itemscope=\"itemscope\" itemtype=\"https:\/\/schema.org\/CreativeWork\" ><div class='avia_textblock'  itemprop=\"text\" ><h2 class=\"post-title\">K\u00e4rntens wohl spektakul\u00e4rste Sommerrodelbahn am Klippitzt\u00f6rl<\/h2>\n<p>Der Sessellift bringt Sie bequem auf dem Gipfel des Hohenwart auf 1818m Seeh\u00f6he. Dann geht es auch schon ab auf K\u00e4rntens spektakul\u00e4rste Sommerrodelbahn. Der Ritt geht \u00fcber eine abwechslungsreiche Strecke mit Steilkurven, Br\u00fccken, Unterf\u00fchrung\u2026. 1400 Meter L\u00e4nge und 260 H\u00f6henmeter \u00fcberwinden Sie und erreichen dabei Geschwindigkeiten von bis zu 40 KmH. Das bedeutet Nervenkitzel und High Speed bei vollster Sicherheit.<\/p>\n<h2>Hier einige Daten:<\/h2>\n<ul>\n<li>Start in 1800 Meter H\u00f6he<\/li>\n<li>Maximalgef\u00e4lle: 43,5 %<\/li>\n<li>Kurven: 18<\/li>\n<li>Topspeed: 10 m\/sec<\/li>\n<li>Sicherheit: Einschienenbahn zwangsgef\u00fchrt, 3 unabh\u00e4ngige Bremssysteme, Sicherheitsgurte<\/li>\n<li>Kinder ab 7 Jahren d\u00fcrfen alleine fahren, unter 7 Jahren nur in Begleitung eines mindestens 16 j\u00e4hrigen.<\/li>\n<li>Bei Sturm und Starkregen kein Betrieb!<\/li>\n<\/ul>\n<h2>Betriebszeiten 2026<\/h2>\n<p><strong>Kindertarife:<\/strong> Von 7 Jahren bis einschlie\u00dflich 15 Jahren<\/p>\n<p><strong>Gruppentarife:<\/strong> Ab 10 zahlenden Personen (Reiseleiter frei)<\/p>\n<p><strong>VIP-Tarife:<\/strong> F\u00fcr G\u00e4ste der Mitgliedsbetriebe bei der Klippitz Touristik<\/p>\n<p><strong>Blockkarten<\/strong>: Nur f\u00fcr 1 Person g\u00fcltig<\/p>\n<div class=\"page\" title=\"Page 2\">\n<div class=\"section\">\n<div class=\"layoutArea\">\n<div class=\"column\">\n<ul>\n<li>Mai: &#8212;<\/li>\n<li>Juni: 20., 21., 27., 28.<\/li>\n<li>4. Juli \u2013 13. September <strong>t\u00e4glich<\/strong><\/li>\n<li>September: 19., 20., 26., 27.<\/li>\n<\/ul>\n<\/div>\n<\/div>\n<\/div>\n<\/div>\n<p>Bei Sturm und Starkregen kein Betrieb m\u00f6glich.<\/p>\n<p>Betriebszeit jeweils von 10:00 Uhr bis 17:00 Uhr.<\/p>\n<p>F\u00fcr gr\u00f6\u00dfere Gruppen auch nach telefonischer Voranmeldung!<\/p>\n<\/div><\/section><\/div>\n\n<style type=\"text\/css\" data-created_by=\"avia_inline_auto\" id=\"style-css-av-aabfx-8362968c375c4aee12eed2690f252a0d\">\n.flex_column.av-aabfx-8362968c375c4aee12eed2690f252a0d{\nborder-radius:0px 0px 0px 0px;\npadding:0px 0px 0px 0px;\n}\n<\/style>\n<div  class='flex_column av-aabfx-8362968c375c4aee12eed2690f252a0d av_one_half  avia-builder-el-11  el_after_av_one_half  el_before_av_hr  flex_column_div av-zero-column-padding  '     ><p>\n<style type=\"text\/css\" data-created_by=\"avia_inline_auto\" id=\"style-css-av-a5yqt-00d2516f9cfda9bdb9b537a3cec91647\">\n#top .avia-gallery.av-a5yqt-00d2516f9cfda9bdb9b537a3cec91647 .avia-gallery-thumb a{\nwidth:25%;\n}\n<\/style>\n<div  class='avia-gallery av-a5yqt-00d2516f9cfda9bdb9b537a3cec91647 avia_animate_when_visible  avia-builder-el-12  el_before_av_textblock  avia-builder-el-first  deactivate_avia_lazyload avia-gallery-animate avia-gallery-1'  itemprop=\"image\" itemscope=\"itemscope\" itemtype=\"https:\/\/schema.org\/ImageObject\" ><meta itemprop=\"contentURL\" content=\"https:\/\/www.klippitz.at\/sommer\/\"><div class='avia-gallery-thumb'><a href=\"https:\/\/www.klippitz.at\/sommer\/wp-content\/uploads\/2025\/07\/Sommerrodelbahn_Drohne-1030x773.jpg\" data-srcset=\"https:\/\/www.klippitz.at\/sommer\/wp-content\/uploads\/2025\/07\/Sommerrodelbahn_Drohne-1030x773.jpg 1030w, https:\/\/www.klippitz.at\/sommer\/wp-content\/uploads\/2025\/07\/Sommerrodelbahn_Drohne-300x225.jpg 300w, https:\/\/www.klippitz.at\/sommer\/wp-content\/uploads\/2025\/07\/Sommerrodelbahn_Drohne-768x576.jpg 768w, https:\/\/www.klippitz.at\/sommer\/wp-content\/uploads\/2025\/07\/Sommerrodelbahn_Drohne-705x529.jpg 705w, https:\/\/www.klippitz.at\/sommer\/wp-content\/uploads\/2025\/07\/Sommerrodelbahn_Drohne.jpg 1280w\" data-sizes=\"(max-width: 1030px) 100vw, 1030px\" data-rel='gallery-1' data-prev-img='https:\/\/www.klippitz.at\/sommer\/wp-content\/uploads\/2025\/07\/Sommerrodelbahn_Drohne-495x400.jpg' class='first_thumb lightbox ' data-onclick='1' title='Sommerrodelbahn Klippitzt\u00f6rl'  itemprop=\"thumbnailUrl\"  ><img decoding=\"async\" fetchpriority=\"high\" class=\"wp-image-3558 avia-img-lazy-loading-not-3558\"   src=\"https:\/\/www.klippitz.at\/sommer\/wp-content\/uploads\/2025\/07\/Sommerrodelbahn_Drohne-495x400.jpg\" width=\"495\" height=\"400\"  title='Sommerrodelbahn Klippitzt\u00f6rl' alt='' srcset=\"https:\/\/www.klippitz.at\/sommer\/wp-content\/uploads\/2025\/07\/Sommerrodelbahn_Drohne-495x400.jpg 495w, https:\/\/www.klippitz.at\/sommer\/wp-content\/uploads\/2025\/07\/Sommerrodelbahn_Drohne-845x684.jpg 845w\" sizes=\"(max-width: 495px) 100vw, 495px\" \/><div class='big-prev-fake'><img decoding=\"async\" loading=\"lazy\" class=\"wp-image-3558 avia-img-lazy-loading-3558\"  width=\"495\" height=\"400\" src=\"https:\/\/www.klippitz.at\/sommer\/wp-content\/uploads\/2025\/07\/Sommerrodelbahn_Drohne-495x400.jpg\" title='Sommerrodelbahn Klippitzt\u00f6rl' alt='' srcset=\"https:\/\/www.klippitz.at\/sommer\/wp-content\/uploads\/2025\/07\/Sommerrodelbahn_Drohne-495x400.jpg 495w, https:\/\/www.klippitz.at\/sommer\/wp-content\/uploads\/2025\/07\/Sommerrodelbahn_Drohne-845x684.jpg 845w\" sizes=\"auto, (max-width: 495px) 100vw, 495px\" \/><\/div><\/a><a href=\"https:\/\/www.klippitz.at\/sommer\/wp-content\/uploads\/2025\/07\/Sommerrodelbahn-3-1030x717.jpg\" data-srcset=\"https:\/\/www.klippitz.at\/sommer\/wp-content\/uploads\/2025\/07\/Sommerrodelbahn-3-1030x717.jpg 1030w, https:\/\/www.klippitz.at\/sommer\/wp-content\/uploads\/2025\/07\/Sommerrodelbahn-3-300x209.jpg 300w, https:\/\/www.klippitz.at\/sommer\/wp-content\/uploads\/2025\/07\/Sommerrodelbahn-3-768x535.jpg 768w, https:\/\/www.klippitz.at\/sommer\/wp-content\/uploads\/2025\/07\/Sommerrodelbahn-3-705x491.jpg 705w, https:\/\/www.klippitz.at\/sommer\/wp-content\/uploads\/2025\/07\/Sommerrodelbahn-3.jpg 1280w\" data-sizes=\"(max-width: 1030px) 100vw, 1030px\" data-rel='gallery-1' data-prev-img='https:\/\/www.klippitz.at\/sommer\/wp-content\/uploads\/2025\/07\/Sommerrodelbahn-3-495x400.jpg' class='lightbox ' data-onclick='2' title='Sommerrodelbahn Klippitzt\u00f6rl'  itemprop=\"thumbnailUrl\"  ><img decoding=\"async\" fetchpriority=\"high\" class=\"wp-image-3559 avia-img-lazy-loading-not-3559\"   src=\"https:\/\/www.klippitz.at\/sommer\/wp-content\/uploads\/2025\/07\/Sommerrodelbahn-3-495x400.jpg\" width=\"495\" height=\"400\"  title='Sommerrodelbahn Klippitzt\u00f6rl' alt='' srcset=\"https:\/\/www.klippitz.at\/sommer\/wp-content\/uploads\/2025\/07\/Sommerrodelbahn-3-495x400.jpg 495w, https:\/\/www.klippitz.at\/sommer\/wp-content\/uploads\/2025\/07\/Sommerrodelbahn-3-845x684.jpg 845w\" sizes=\"(max-width: 495px) 100vw, 495px\" \/><div class='big-prev-fake'><img decoding=\"async\" loading=\"lazy\" class=\"wp-image-3559 avia-img-lazy-loading-3559\"  width=\"495\" height=\"400\" src=\"https:\/\/www.klippitz.at\/sommer\/wp-content\/uploads\/2025\/07\/Sommerrodelbahn-3-495x400.jpg\" title='Sommerrodelbahn Klippitzt\u00f6rl' alt='' srcset=\"https:\/\/www.klippitz.at\/sommer\/wp-content\/uploads\/2025\/07\/Sommerrodelbahn-3-495x400.jpg 495w, https:\/\/www.klippitz.at\/sommer\/wp-content\/uploads\/2025\/07\/Sommerrodelbahn-3-845x684.jpg 845w\" sizes=\"auto, (max-width: 495px) 100vw, 495px\" \/><\/div><\/a><a href=\"https:\/\/www.klippitz.at\/sommer\/wp-content\/uploads\/2025\/07\/Sommerrodelbahn-ps0001-718x1030.jpg\" data-srcset=\"https:\/\/www.klippitz.at\/sommer\/wp-content\/uploads\/2025\/07\/Sommerrodelbahn-ps0001-718x1030.jpg 718w, https:\/\/www.klippitz.at\/sommer\/wp-content\/uploads\/2025\/07\/Sommerrodelbahn-ps0001-209x300.jpg 209w, https:\/\/www.klippitz.at\/sommer\/wp-content\/uploads\/2025\/07\/Sommerrodelbahn-ps0001-492x705.jpg 492w, https:\/\/www.klippitz.at\/sommer\/wp-content\/uploads\/2025\/07\/Sommerrodelbahn-ps0001.jpg 768w\" data-sizes=\"(max-width: 718px) 100vw, 718px\" data-rel='gallery-1' data-prev-img='https:\/\/www.klippitz.at\/sommer\/wp-content\/uploads\/2025\/07\/Sommerrodelbahn-ps0001-495x400.jpg' class='lightbox ' data-onclick='3' title='Sommerrodelbahn Klippitzt\u00f6rl'  itemprop=\"thumbnailUrl\"  ><img decoding=\"async\" fetchpriority=\"high\" class=\"wp-image-3566 avia-img-lazy-loading-not-3566\"   src=\"https:\/\/www.klippitz.at\/sommer\/wp-content\/uploads\/2025\/07\/Sommerrodelbahn-ps0001-495x400.jpg\" width=\"495\" height=\"400\"  title='Sommerrodelbahn Klippitzt\u00f6rl' alt='' \/><div class='big-prev-fake'><img decoding=\"async\" loading=\"lazy\" class=\"wp-image-3566 avia-img-lazy-loading-3566\"  width=\"495\" height=\"400\" src=\"https:\/\/www.klippitz.at\/sommer\/wp-content\/uploads\/2025\/07\/Sommerrodelbahn-ps0001-495x400.jpg\" title='Sommerrodelbahn Klippitzt\u00f6rl' alt='' \/><\/div><\/a><a href=\"https:\/\/www.klippitz.at\/sommer\/wp-content\/uploads\/2025\/07\/Sommerrodelbahn-4-1030x686.jpg\" data-srcset=\"https:\/\/www.klippitz.at\/sommer\/wp-content\/uploads\/2025\/07\/Sommerrodelbahn-4-1030x686.jpg 1030w, https:\/\/www.klippitz.at\/sommer\/wp-content\/uploads\/2025\/07\/Sommerrodelbahn-4-300x200.jpg 300w, https:\/\/www.klippitz.at\/sommer\/wp-content\/uploads\/2025\/07\/Sommerrodelbahn-4-768x512.jpg 768w, https:\/\/www.klippitz.at\/sommer\/wp-content\/uploads\/2025\/07\/Sommerrodelbahn-4-705x470.jpg 705w, https:\/\/www.klippitz.at\/sommer\/wp-content\/uploads\/2025\/07\/Sommerrodelbahn-4.jpg 1280w\" data-sizes=\"(max-width: 1030px) 100vw, 1030px\" data-rel='gallery-1' data-prev-img='https:\/\/www.klippitz.at\/sommer\/wp-content\/uploads\/2025\/07\/Sommerrodelbahn-4-495x400.jpg' class='lightbox ' data-onclick='4' title='Sommerrodelbahn-Klippitzt\u00f6rl'  itemprop=\"thumbnailUrl\"  ><img decoding=\"async\" fetchpriority=\"high\" class=\"wp-image-3560 avia-img-lazy-loading-not-3560\"   src=\"https:\/\/www.klippitz.at\/sommer\/wp-content\/uploads\/2025\/07\/Sommerrodelbahn-4-495x400.jpg\" width=\"495\" height=\"400\"  title='Sommerrodelbahn-Klippitzt\u00f6rl' alt='' srcset=\"https:\/\/www.klippitz.at\/sommer\/wp-content\/uploads\/2025\/07\/Sommerrodelbahn-4-495x400.jpg 495w, https:\/\/www.klippitz.at\/sommer\/wp-content\/uploads\/2025\/07\/Sommerrodelbahn-4-845x684.jpg 845w\" sizes=\"(max-width: 495px) 100vw, 495px\" \/><div class='big-prev-fake'><img decoding=\"async\" loading=\"lazy\" class=\"wp-image-3560 avia-img-lazy-loading-3560\"  width=\"495\" height=\"400\" src=\"https:\/\/www.klippitz.at\/sommer\/wp-content\/uploads\/2025\/07\/Sommerrodelbahn-4-495x400.jpg\" title='Sommerrodelbahn-Klippitzt\u00f6rl' alt='' srcset=\"https:\/\/www.klippitz.at\/sommer\/wp-content\/uploads\/2025\/07\/Sommerrodelbahn-4-495x400.jpg 495w, https:\/\/www.klippitz.at\/sommer\/wp-content\/uploads\/2025\/07\/Sommerrodelbahn-4-845x684.jpg 845w\" sizes=\"auto, (max-width: 495px) 100vw, 495px\" \/><\/div><\/a><a href=\"https:\/\/www.klippitz.at\/sommer\/wp-content\/uploads\/2025\/07\/Sommerrodelbahn-6-687x1030.jpg\" data-srcset=\"https:\/\/www.klippitz.at\/sommer\/wp-content\/uploads\/2025\/07\/Sommerrodelbahn-6-687x1030.jpg 687w, https:\/\/www.klippitz.at\/sommer\/wp-content\/uploads\/2025\/07\/Sommerrodelbahn-6-200x300.jpg 200w, https:\/\/www.klippitz.at\/sommer\/wp-content\/uploads\/2025\/07\/Sommerrodelbahn-6-470x705.jpg 470w, https:\/\/www.klippitz.at\/sommer\/wp-content\/uploads\/2025\/07\/Sommerrodelbahn-6.jpg 768w\" data-sizes=\"(max-width: 687px) 100vw, 687px\" data-rel='gallery-1' data-prev-img='https:\/\/www.klippitz.at\/sommer\/wp-content\/uploads\/2025\/07\/Sommerrodelbahn-6-495x400.jpg' class='first_thumb lightbox ' data-onclick='5' title='Sommerrodelbahn-Klippitzt\u00f6rl'  itemprop=\"thumbnailUrl\"  ><img decoding=\"async\" fetchpriority=\"high\" class=\"wp-image-3561 avia-img-lazy-loading-not-3561\"   src=\"https:\/\/www.klippitz.at\/sommer\/wp-content\/uploads\/2025\/07\/Sommerrodelbahn-6-495x400.jpg\" width=\"495\" height=\"400\"  title='Sommerrodelbahn-Klippitzt\u00f6rl' alt='' \/><div class='big-prev-fake'><img decoding=\"async\" loading=\"lazy\" class=\"wp-image-3561 avia-img-lazy-loading-3561\"  width=\"495\" height=\"400\" src=\"https:\/\/www.klippitz.at\/sommer\/wp-content\/uploads\/2025\/07\/Sommerrodelbahn-6-495x400.jpg\" title='Sommerrodelbahn-Klippitzt\u00f6rl' alt='' \/><\/div><\/a><a href=\"https:\/\/www.klippitz.at\/sommer\/wp-content\/uploads\/2025\/07\/Sommerrodelbahn-7-652x1030.jpg\" data-srcset=\"https:\/\/www.klippitz.at\/sommer\/wp-content\/uploads\/2025\/07\/Sommerrodelbahn-7-652x1030.jpg 652w, https:\/\/www.klippitz.at\/sommer\/wp-content\/uploads\/2025\/07\/Sommerrodelbahn-7-190x300.jpg 190w, https:\/\/www.klippitz.at\/sommer\/wp-content\/uploads\/2025\/07\/Sommerrodelbahn-7-446x705.jpg 446w, https:\/\/www.klippitz.at\/sommer\/wp-content\/uploads\/2025\/07\/Sommerrodelbahn-7.jpg 768w\" data-sizes=\"(max-width: 652px) 100vw, 652px\" data-rel='gallery-1' data-prev-img='https:\/\/www.klippitz.at\/sommer\/wp-content\/uploads\/2025\/07\/Sommerrodelbahn-7-495x400.jpg' class='lightbox ' data-onclick='6' title='Sommerrodelbahn-Klippitzt\u00f6rl'  itemprop=\"thumbnailUrl\"  ><img decoding=\"async\" fetchpriority=\"high\" class=\"wp-image-3562 avia-img-lazy-loading-not-3562\"   src=\"https:\/\/www.klippitz.at\/sommer\/wp-content\/uploads\/2025\/07\/Sommerrodelbahn-7-495x400.jpg\" width=\"495\" height=\"400\"  title='Sommerrodelbahn-Klippitzt\u00f6rl' alt='' \/><div class='big-prev-fake'><img decoding=\"async\" loading=\"lazy\" class=\"wp-image-3562 avia-img-lazy-loading-3562\"  width=\"495\" height=\"400\" src=\"https:\/\/www.klippitz.at\/sommer\/wp-content\/uploads\/2025\/07\/Sommerrodelbahn-7-495x400.jpg\" title='Sommerrodelbahn-Klippitzt\u00f6rl' alt='' \/><\/div><\/a><a href=\"https:\/\/www.klippitz.at\/sommer\/wp-content\/uploads\/2025\/07\/Sommerrodelbahn-8-652x1030.jpg\" data-srcset=\"https:\/\/www.klippitz.at\/sommer\/wp-content\/uploads\/2025\/07\/Sommerrodelbahn-8-652x1030.jpg 652w, https:\/\/www.klippitz.at\/sommer\/wp-content\/uploads\/2025\/07\/Sommerrodelbahn-8-190x300.jpg 190w, https:\/\/www.klippitz.at\/sommer\/wp-content\/uploads\/2025\/07\/Sommerrodelbahn-8-446x705.jpg 446w, https:\/\/www.klippitz.at\/sommer\/wp-content\/uploads\/2025\/07\/Sommerrodelbahn-8.jpg 768w\" data-sizes=\"(max-width: 652px) 100vw, 652px\" data-rel='gallery-1' data-prev-img='https:\/\/www.klippitz.at\/sommer\/wp-content\/uploads\/2025\/07\/Sommerrodelbahn-8-495x400.jpg' class='lightbox ' data-onclick='7' title='Sommerrodelbahn Klippitzt\u00f6rl'  itemprop=\"thumbnailUrl\"  ><img decoding=\"async\" fetchpriority=\"high\" class=\"wp-image-3563 avia-img-lazy-loading-not-3563\"   src=\"https:\/\/www.klippitz.at\/sommer\/wp-content\/uploads\/2025\/07\/Sommerrodelbahn-8-495x400.jpg\" width=\"495\" height=\"400\"  title='Sommerrodelbahn Klippitzt\u00f6rl' alt='' \/><div class='big-prev-fake'><img decoding=\"async\" loading=\"lazy\" class=\"wp-image-3563 avia-img-lazy-loading-3563\"  width=\"495\" height=\"400\" src=\"https:\/\/www.klippitz.at\/sommer\/wp-content\/uploads\/2025\/07\/Sommerrodelbahn-8-495x400.jpg\" title='Sommerrodelbahn Klippitzt\u00f6rl' alt='' \/><\/div><\/a><a href=\"https:\/\/www.klippitz.at\/sommer\/wp-content\/uploads\/2025\/07\/Sommerrodelbahn-ps08-736x1030.jpg\" data-srcset=\"https:\/\/www.klippitz.at\/sommer\/wp-content\/uploads\/2025\/07\/Sommerrodelbahn-ps08-736x1030.jpg 736w, https:\/\/www.klippitz.at\/sommer\/wp-content\/uploads\/2025\/07\/Sommerrodelbahn-ps08-214x300.jpg 214w, https:\/\/www.klippitz.at\/sommer\/wp-content\/uploads\/2025\/07\/Sommerrodelbahn-ps08-504x705.jpg 504w, https:\/\/www.klippitz.at\/sommer\/wp-content\/uploads\/2025\/07\/Sommerrodelbahn-ps08.jpg 768w\" data-sizes=\"(max-width: 736px) 100vw, 736px\" data-rel='gallery-1' data-prev-img='https:\/\/www.klippitz.at\/sommer\/wp-content\/uploads\/2025\/07\/Sommerrodelbahn-ps08-495x400.jpg' class='lightbox ' data-onclick='8' title='Sommerrodelbahn Klippitzt\u00f6rl'  itemprop=\"thumbnailUrl\"  ><img decoding=\"async\" fetchpriority=\"high\" class=\"wp-image-3572 avia-img-lazy-loading-not-3572\"   src=\"https:\/\/www.klippitz.at\/sommer\/wp-content\/uploads\/2025\/07\/Sommerrodelbahn-ps08-495x400.jpg\" width=\"495\" height=\"400\"  title='Sommerrodelbahn Klippitzt\u00f6rl' alt='' \/><div class='big-prev-fake'><img decoding=\"async\" loading=\"lazy\" class=\"wp-image-3572 avia-img-lazy-loading-3572\"  width=\"495\" height=\"400\" src=\"https:\/\/www.klippitz.at\/sommer\/wp-content\/uploads\/2025\/07\/Sommerrodelbahn-ps08-495x400.jpg\" title='Sommerrodelbahn Klippitzt\u00f6rl' alt='' \/><\/div><\/a><a href=\"https:\/\/www.klippitz.at\/sommer\/wp-content\/uploads\/2025\/07\/Sommerrodelbahn-9-700x1030.jpg\" data-srcset=\"https:\/\/www.klippitz.at\/sommer\/wp-content\/uploads\/2025\/07\/Sommerrodelbahn-9-700x1030.jpg 700w, https:\/\/www.klippitz.at\/sommer\/wp-content\/uploads\/2025\/07\/Sommerrodelbahn-9-204x300.jpg 204w, https:\/\/www.klippitz.at\/sommer\/wp-content\/uploads\/2025\/07\/Sommerrodelbahn-9-479x705.jpg 479w, https:\/\/www.klippitz.at\/sommer\/wp-content\/uploads\/2025\/07\/Sommerrodelbahn-9.jpg 768w\" data-sizes=\"(max-width: 700px) 100vw, 700px\" data-rel='gallery-1' data-prev-img='https:\/\/www.klippitz.at\/sommer\/wp-content\/uploads\/2025\/07\/Sommerrodelbahn-9-495x400.jpg' class='first_thumb lightbox ' data-onclick='9' title='Sommerrodelbahn Klippitzt\u00f6rl'  itemprop=\"thumbnailUrl\"  ><img decoding=\"async\" fetchpriority=\"high\" class=\"wp-image-3564 avia-img-lazy-loading-not-3564\"   src=\"https:\/\/www.klippitz.at\/sommer\/wp-content\/uploads\/2025\/07\/Sommerrodelbahn-9-495x400.jpg\" width=\"495\" height=\"400\"  title='Sommerrodelbahn Klippitzt\u00f6rl' alt='' \/><div class='big-prev-fake'><img decoding=\"async\" loading=\"lazy\" class=\"wp-image-3564 avia-img-lazy-loading-3564\"  width=\"495\" height=\"400\" src=\"https:\/\/www.klippitz.at\/sommer\/wp-content\/uploads\/2025\/07\/Sommerrodelbahn-9-495x400.jpg\" title='Sommerrodelbahn Klippitzt\u00f6rl' alt='' \/><\/div><\/a><a href=\"https:\/\/www.klippitz.at\/sommer\/wp-content\/uploads\/2025\/07\/Sommerrodelbahn-holz-1030x686.jpg\" data-srcset=\"https:\/\/www.klippitz.at\/sommer\/wp-content\/uploads\/2025\/07\/Sommerrodelbahn-holz-1030x686.jpg 1030w, https:\/\/www.klippitz.at\/sommer\/wp-content\/uploads\/2025\/07\/Sommerrodelbahn-holz-300x200.jpg 300w, https:\/\/www.klippitz.at\/sommer\/wp-content\/uploads\/2025\/07\/Sommerrodelbahn-holz-768x512.jpg 768w, https:\/\/www.klippitz.at\/sommer\/wp-content\/uploads\/2025\/07\/Sommerrodelbahn-holz-705x470.jpg 705w, https:\/\/www.klippitz.at\/sommer\/wp-content\/uploads\/2025\/07\/Sommerrodelbahn-holz.jpg 1280w\" data-sizes=\"(max-width: 1030px) 100vw, 1030px\" data-rel='gallery-1' data-prev-img='https:\/\/www.klippitz.at\/sommer\/wp-content\/uploads\/2025\/07\/Sommerrodelbahn-holz-495x400.jpg' class='lightbox ' data-onclick='10' title='Sommerrodelbahn Klippitzt\u00f6rl'  itemprop=\"thumbnailUrl\"  ><img decoding=\"async\" fetchpriority=\"high\" class=\"wp-image-3565 avia-img-lazy-loading-not-3565\"   src=\"https:\/\/www.klippitz.at\/sommer\/wp-content\/uploads\/2025\/07\/Sommerrodelbahn-holz-495x400.jpg\" width=\"495\" height=\"400\"  title='Sommerrodelbahn Klippitzt\u00f6rl' alt='' srcset=\"https:\/\/www.klippitz.at\/sommer\/wp-content\/uploads\/2025\/07\/Sommerrodelbahn-holz-495x400.jpg 495w, https:\/\/www.klippitz.at\/sommer\/wp-content\/uploads\/2025\/07\/Sommerrodelbahn-holz-845x684.jpg 845w\" sizes=\"(max-width: 495px) 100vw, 495px\" \/><div class='big-prev-fake'><img decoding=\"async\" loading=\"lazy\" class=\"wp-image-3565 avia-img-lazy-loading-3565\"  width=\"495\" height=\"400\" src=\"https:\/\/www.klippitz.at\/sommer\/wp-content\/uploads\/2025\/07\/Sommerrodelbahn-holz-495x400.jpg\" title='Sommerrodelbahn Klippitzt\u00f6rl' alt='' srcset=\"https:\/\/www.klippitz.at\/sommer\/wp-content\/uploads\/2025\/07\/Sommerrodelbahn-holz-495x400.jpg 495w, https:\/\/www.klippitz.at\/sommer\/wp-content\/uploads\/2025\/07\/Sommerrodelbahn-holz-845x684.jpg 845w\" sizes=\"auto, (max-width: 495px) 100vw, 495px\" \/><\/div><\/a><a href=\"https:\/\/www.klippitz.at\/sommer\/wp-content\/uploads\/2025\/07\/Sommerrodelbahn-ps03-718x1030.jpg\" data-srcset=\"https:\/\/www.klippitz.at\/sommer\/wp-content\/uploads\/2025\/07\/Sommerrodelbahn-ps03-718x1030.jpg 718w, https:\/\/www.klippitz.at\/sommer\/wp-content\/uploads\/2025\/07\/Sommerrodelbahn-ps03-209x300.jpg 209w, https:\/\/www.klippitz.at\/sommer\/wp-content\/uploads\/2025\/07\/Sommerrodelbahn-ps03-492x705.jpg 492w, https:\/\/www.klippitz.at\/sommer\/wp-content\/uploads\/2025\/07\/Sommerrodelbahn-ps03.jpg 768w\" data-sizes=\"(max-width: 718px) 100vw, 718px\" data-rel='gallery-1' data-prev-img='https:\/\/www.klippitz.at\/sommer\/wp-content\/uploads\/2025\/07\/Sommerrodelbahn-ps03-495x400.jpg' class='lightbox ' data-onclick='11' title='Sommerrodelbahn Klippitzt\u00f6rl'  itemprop=\"thumbnailUrl\"  ><img decoding=\"async\" fetchpriority=\"high\" class=\"wp-image-3567 avia-img-lazy-loading-not-3567\"   src=\"https:\/\/www.klippitz.at\/sommer\/wp-content\/uploads\/2025\/07\/Sommerrodelbahn-ps03-495x400.jpg\" width=\"495\" height=\"400\"  title='Sommerrodelbahn Klippitzt\u00f6rl' alt='' \/><div class='big-prev-fake'><img decoding=\"async\" loading=\"lazy\" class=\"wp-image-3567 avia-img-lazy-loading-3567\"  width=\"495\" height=\"400\" src=\"https:\/\/www.klippitz.at\/sommer\/wp-content\/uploads\/2025\/07\/Sommerrodelbahn-ps03-495x400.jpg\" title='Sommerrodelbahn Klippitzt\u00f6rl' alt='' \/><\/div><\/a><a href=\"https:\/\/www.klippitz.at\/sommer\/wp-content\/uploads\/2025\/07\/Sommerrodelbahn-ps04-1030x650.jpg\" data-srcset=\"https:\/\/www.klippitz.at\/sommer\/wp-content\/uploads\/2025\/07\/Sommerrodelbahn-ps04-1030x650.jpg 1030w, https:\/\/www.klippitz.at\/sommer\/wp-content\/uploads\/2025\/07\/Sommerrodelbahn-ps04-300x189.jpg 300w, https:\/\/www.klippitz.at\/sommer\/wp-content\/uploads\/2025\/07\/Sommerrodelbahn-ps04-768x485.jpg 768w, https:\/\/www.klippitz.at\/sommer\/wp-content\/uploads\/2025\/07\/Sommerrodelbahn-ps04-705x445.jpg 705w, https:\/\/www.klippitz.at\/sommer\/wp-content\/uploads\/2025\/07\/Sommerrodelbahn-ps04.jpg 1280w\" data-sizes=\"(max-width: 1030px) 100vw, 1030px\" data-rel='gallery-1' data-prev-img='https:\/\/www.klippitz.at\/sommer\/wp-content\/uploads\/2025\/07\/Sommerrodelbahn-ps04-495x400.jpg' class='lightbox ' data-onclick='12' title='Sommerrodelbahn Klippitzt\u00f6rl'  itemprop=\"thumbnailUrl\"  ><img decoding=\"async\" fetchpriority=\"high\" class=\"wp-image-3568 avia-img-lazy-loading-not-3568\"   src=\"https:\/\/www.klippitz.at\/sommer\/wp-content\/uploads\/2025\/07\/Sommerrodelbahn-ps04-495x400.jpg\" width=\"495\" height=\"400\"  title='Sommerrodelbahn Klippitzt\u00f6rl' alt='' srcset=\"https:\/\/www.klippitz.at\/sommer\/wp-content\/uploads\/2025\/07\/Sommerrodelbahn-ps04-495x400.jpg 495w, https:\/\/www.klippitz.at\/sommer\/wp-content\/uploads\/2025\/07\/Sommerrodelbahn-ps04-845x684.jpg 845w\" sizes=\"(max-width: 495px) 100vw, 495px\" \/><div class='big-prev-fake'><img decoding=\"async\" loading=\"lazy\" class=\"wp-image-3568 avia-img-lazy-loading-3568\"  width=\"495\" height=\"400\" src=\"https:\/\/www.klippitz.at\/sommer\/wp-content\/uploads\/2025\/07\/Sommerrodelbahn-ps04-495x400.jpg\" title='Sommerrodelbahn Klippitzt\u00f6rl' alt='' srcset=\"https:\/\/www.klippitz.at\/sommer\/wp-content\/uploads\/2025\/07\/Sommerrodelbahn-ps04-495x400.jpg 495w, https:\/\/www.klippitz.at\/sommer\/wp-content\/uploads\/2025\/07\/Sommerrodelbahn-ps04-845x684.jpg 845w\" sizes=\"auto, (max-width: 495px) 100vw, 495px\" \/><\/div><\/a><a href=\"https:\/\/www.klippitz.at\/sommer\/wp-content\/uploads\/2025\/07\/Sommerrodelbahn-ps06-736x1030.jpg\" data-srcset=\"https:\/\/www.klippitz.at\/sommer\/wp-content\/uploads\/2025\/07\/Sommerrodelbahn-ps06-736x1030.jpg 736w, https:\/\/www.klippitz.at\/sommer\/wp-content\/uploads\/2025\/07\/Sommerrodelbahn-ps06-214x300.jpg 214w, https:\/\/www.klippitz.at\/sommer\/wp-content\/uploads\/2025\/07\/Sommerrodelbahn-ps06-504x705.jpg 504w, https:\/\/www.klippitz.at\/sommer\/wp-content\/uploads\/2025\/07\/Sommerrodelbahn-ps06.jpg 768w\" data-sizes=\"(max-width: 736px) 100vw, 736px\" data-rel='gallery-1' data-prev-img='https:\/\/www.klippitz.at\/sommer\/wp-content\/uploads\/2025\/07\/Sommerrodelbahn-ps06-495x400.jpg' class='first_thumb lightbox ' data-onclick='13' title='Sommerrodelbahn Klippitzt\u00f6rl'  itemprop=\"thumbnailUrl\"  ><img decoding=\"async\" fetchpriority=\"high\" class=\"wp-image-3570 avia-img-lazy-loading-not-3570\"   src=\"https:\/\/www.klippitz.at\/sommer\/wp-content\/uploads\/2025\/07\/Sommerrodelbahn-ps06-495x400.jpg\" width=\"495\" height=\"400\"  title='Sommerrodelbahn Klippitzt\u00f6rl' alt='' \/><div class='big-prev-fake'><img decoding=\"async\" loading=\"lazy\" class=\"wp-image-3570 avia-img-lazy-loading-3570\"  width=\"495\" height=\"400\" src=\"https:\/\/www.klippitz.at\/sommer\/wp-content\/uploads\/2025\/07\/Sommerrodelbahn-ps06-495x400.jpg\" title='Sommerrodelbahn Klippitzt\u00f6rl' alt='' \/><\/div><\/a><a href=\"https:\/\/www.klippitz.at\/sommer\/wp-content\/uploads\/2025\/07\/Sommerrodelbahn-ps07.jpg\" data-srcset=\"https:\/\/www.klippitz.at\/sommer\/wp-content\/uploads\/2025\/07\/Sommerrodelbahn-ps07.jpg 768w, https:\/\/www.klippitz.at\/sommer\/wp-content\/uploads\/2025\/07\/Sommerrodelbahn-ps07-238x300.jpg 238w, https:\/\/www.klippitz.at\/sommer\/wp-content\/uploads\/2025\/07\/Sommerrodelbahn-ps07-560x705.jpg 560w\" data-sizes=\"(max-width: 768px) 100vw, 768px\" data-rel='gallery-1' data-prev-img='https:\/\/www.klippitz.at\/sommer\/wp-content\/uploads\/2025\/07\/Sommerrodelbahn-ps07-495x400.jpg' class='lightbox ' data-onclick='14' title='Sommerrodelbahn Klippitzt\u00f6rl'  itemprop=\"thumbnailUrl\"  ><img decoding=\"async\" fetchpriority=\"high\" class=\"wp-image-3571 avia-img-lazy-loading-not-3571\"   src=\"https:\/\/www.klippitz.at\/sommer\/wp-content\/uploads\/2025\/07\/Sommerrodelbahn-ps07-495x400.jpg\" width=\"495\" height=\"400\"  title='Sommerrodelbahn Klippitzt\u00f6rl' alt='' \/><div class='big-prev-fake'><img decoding=\"async\" loading=\"lazy\" class=\"wp-image-3571 avia-img-lazy-loading-3571\"  width=\"495\" height=\"400\" src=\"https:\/\/www.klippitz.at\/sommer\/wp-content\/uploads\/2025\/07\/Sommerrodelbahn-ps07-495x400.jpg\" title='Sommerrodelbahn Klippitzt\u00f6rl' alt='' \/><\/div><\/a><a href=\"https:\/\/www.klippitz.at\/sommer\/wp-content\/uploads\/2025\/07\/Sommerrodelbahn-ps09-736x1030.jpg\" data-srcset=\"https:\/\/www.klippitz.at\/sommer\/wp-content\/uploads\/2025\/07\/Sommerrodelbahn-ps09-736x1030.jpg 736w, https:\/\/www.klippitz.at\/sommer\/wp-content\/uploads\/2025\/07\/Sommerrodelbahn-ps09-214x300.jpg 214w, https:\/\/www.klippitz.at\/sommer\/wp-content\/uploads\/2025\/07\/Sommerrodelbahn-ps09-504x705.jpg 504w, https:\/\/www.klippitz.at\/sommer\/wp-content\/uploads\/2025\/07\/Sommerrodelbahn-ps09.jpg 768w\" data-sizes=\"(max-width: 736px) 100vw, 736px\" data-rel='gallery-1' data-prev-img='https:\/\/www.klippitz.at\/sommer\/wp-content\/uploads\/2025\/07\/Sommerrodelbahn-ps09-495x400.jpg' class='lightbox ' data-onclick='15' title='Sommerrodelbahn Klippitzt\u00f6rl'  itemprop=\"thumbnailUrl\"  ><img decoding=\"async\" fetchpriority=\"high\" class=\"wp-image-3573 avia-img-lazy-loading-not-3573\"   src=\"https:\/\/www.klippitz.at\/sommer\/wp-content\/uploads\/2025\/07\/Sommerrodelbahn-ps09-495x400.jpg\" width=\"495\" height=\"400\"  title='Sommerrodelbahn Klippitzt\u00f6rl' alt='' \/><div class='big-prev-fake'><img decoding=\"async\" loading=\"lazy\" class=\"wp-image-3573 avia-img-lazy-loading-3573\"  width=\"495\" height=\"400\" src=\"https:\/\/www.klippitz.at\/sommer\/wp-content\/uploads\/2025\/07\/Sommerrodelbahn-ps09-495x400.jpg\" title='Sommerrodelbahn Klippitzt\u00f6rl' alt='' \/><\/div><\/a><a href=\"https:\/\/www.klippitz.at\/sommer\/wp-content\/uploads\/2025\/07\/Lift-008-1030x706.jpg\" data-srcset=\"https:\/\/www.klippitz.at\/sommer\/wp-content\/uploads\/2025\/07\/Lift-008-1030x706.jpg 1030w, https:\/\/www.klippitz.at\/sommer\/wp-content\/uploads\/2025\/07\/Lift-008-300x206.jpg 300w, https:\/\/www.klippitz.at\/sommer\/wp-content\/uploads\/2025\/07\/Lift-008-768x526.jpg 768w, https:\/\/www.klippitz.at\/sommer\/wp-content\/uploads\/2025\/07\/Lift-008-705x483.jpg 705w, https:\/\/www.klippitz.at\/sommer\/wp-content\/uploads\/2025\/07\/Lift-008.jpg 1280w\" data-sizes=\"(max-width: 1030px) 100vw, 1030px\" data-rel='gallery-1' data-prev-img='https:\/\/www.klippitz.at\/sommer\/wp-content\/uploads\/2025\/07\/Lift-008-495x400.jpg' class='lightbox ' data-onclick='16' title='Lift Klippitzt\u00f6rl'  itemprop=\"thumbnailUrl\"  ><img decoding=\"async\" fetchpriority=\"high\" class=\"wp-image-3575 avia-img-lazy-loading-not-3575\"   src=\"https:\/\/www.klippitz.at\/sommer\/wp-content\/uploads\/2025\/07\/Lift-008-495x400.jpg\" width=\"495\" height=\"400\"  title='Lift Klippitzt\u00f6rl' alt='' srcset=\"https:\/\/www.klippitz.at\/sommer\/wp-content\/uploads\/2025\/07\/Lift-008-495x400.jpg 495w, https:\/\/www.klippitz.at\/sommer\/wp-content\/uploads\/2025\/07\/Lift-008-845x684.jpg 845w\" sizes=\"(max-width: 495px) 100vw, 495px\" \/><div class='big-prev-fake'><img decoding=\"async\" loading=\"lazy\" class=\"wp-image-3575 avia-img-lazy-loading-3575\"  width=\"495\" height=\"400\" src=\"https:\/\/www.klippitz.at\/sommer\/wp-content\/uploads\/2025\/07\/Lift-008-495x400.jpg\" title='Lift Klippitzt\u00f6rl' alt='' srcset=\"https:\/\/www.klippitz.at\/sommer\/wp-content\/uploads\/2025\/07\/Lift-008-495x400.jpg 495w, https:\/\/www.klippitz.at\/sommer\/wp-content\/uploads\/2025\/07\/Lift-008-845x684.jpg 845w\" sizes=\"auto, (max-width: 495px) 100vw, 495px\" \/><\/div><\/a><\/div><\/div><br \/>\n<section  class='av_textblock_section av-l77rxjqo-d883c68b5411f9048b6795aff00d7353 '   itemscope=\"itemscope\" itemtype=\"https:\/\/schema.org\/CreativeWork\" ><div class='avia_textblock'  itemprop=\"text\" ><p><a href=\"https:\/\/youtu.be\/_MIwMXPIci4\" target=\"_blank\" rel=\"noopener\">zum Youtube Video<\/a><\/p>\n<\/div><\/section><br \/>\n\n<style type=\"text\/css\" data-created_by=\"avia_inline_auto\" id=\"style-css-av-a47hb-3b6d21e68665c0fb7bc646375cd71b78\">\n#top .hr.hr-invisible.av-a47hb-3b6d21e68665c0fb7bc646375cd71b78{\nheight:20px;\n}\n<\/style>\n<div  class='hr av-a47hb-3b6d21e68665c0fb7bc646375cd71b78 hr-invisible  avia-builder-el-14  el_after_av_textblock  el_before_av_button '><span class='hr-inner '><span class=\"hr-inner-style\"><\/span><\/span><\/div><br \/>\n<div  class='avia-button-wrap av-9zoq5-83dba8b6053e49c839c0525dd9f3fc78-wrap avia-button-left  avia-builder-el-15  el_after_av_hr  avia-builder-el-last '><a href='\/sommer\/#preisliste'  class='avia-button av-9zoq5-83dba8b6053e49c839c0525dd9f3fc78 av-link-btn avia-icon_select-yes-left-icon avia-size-x-large avia-position-left avia-color-theme-color'   aria-label=\"Zu den Preisen\"><span class='avia_button_icon avia_button_icon_left avia-iconfont avia-font-entypo-fontello' data-av_icon='\ue827' data-av_iconfont='entypo-fontello' ><\/span><span class='avia_iconbox_title' >Zu den Preisen<\/span><\/a><\/div><\/p><\/div>\n\n<style type=\"text\/css\" data-created_by=\"avia_inline_auto\" id=\"style-css-av-9xo7l-8-ca6a6b13a3562c7056bbc54933bd7f74\">\n#top .hr.hr-invisible.av-9xo7l-8-ca6a6b13a3562c7056bbc54933bd7f74{\nheight:15px;\n}\n<\/style>\n<div  class='hr av-9xo7l-8-ca6a6b13a3562c7056bbc54933bd7f74 hr-invisible  avia-builder-el-16  el_after_av_one_half  el_before_av_image '><span class='hr-inner '><span class=\"hr-inner-style\"><\/span><\/span><\/div>\n\n<style type=\"text\/css\" data-created_by=\"avia_inline_auto\" id=\"style-css-av-9u43n-527ef161162a6b971b67f17b55a342ab\">\n.avia-image-container.av-9u43n-527ef161162a6b971b67f17b55a342ab img.avia_image{\nbox-shadow:none;\n}\n.avia-image-container.av-9u43n-527ef161162a6b971b67f17b55a342ab .av-image-caption-overlay-center{\ncolor:#ffffff;\n}\n<\/style>\n<div  class='avia-image-container av-9u43n-527ef161162a6b971b67f17b55a342ab av-styling- av-img-linked avia_animated_image av-animated-when-visible-95 top-to-bottom avia-align-center  avia-builder-el-17  el_after_av_hr  el_before_av_section  avia-builder-el-last '   itemprop=\"image\" itemscope=\"itemscope\" itemtype=\"https:\/\/schema.org\/ImageObject\" ><div class=\"avia-image-container-inner\"><div class=\"avia-image-overlay-wrap\"><a href=\"#top\" class='avia_image '  aria-label='erlebnis-am-berg-300'><img decoding=\"async\" fetchpriority=\"high\" class='wp-image-1008 avia-img-lazy-loading-not-1008 avia_image ' src=\"https:\/\/www.klippitz.at\/sommer\/wp-content\/uploads\/2015\/02\/erlebnis-am-berg-3002.png\" alt='' title='erlebnis-am-berg-300'  height=\"72\" width=\"300\"  itemprop=\"thumbnailUrl\"  \/><\/a><\/div><\/div><\/div>\n<\/div><\/div><\/div><!-- close content main div --><\/div><\/div>\n<style type=\"text\/css\" data-created_by=\"avia_inline_auto\" id=\"style-css-av-9t23b-71bdae6f38e5400d4da93e3cc7a9f9c4\">\n.avia-section.av-9t23b-71bdae6f38e5400d4da93e3cc7a9f9c4{\nbackground-repeat:no-repeat;\nbackground-image:url(https:\/\/www.klippitz.at\/sommer\/wp-content\/uploads\/2025\/07\/Kletterpark-Header02.jpg);\nbackground-position:50% 0%;\nbackground-attachment:scroll;\n}\n<\/style>\n<div id='klettergarten'  class='avia-section av-9t23b-71bdae6f38e5400d4da93e3cc7a9f9c4 main_color avia-section-no-padding avia-no-border-styling  avia-builder-el-18  el_after_av_image  el_before_av_one_half  avia-full-stretch avia-bg-style-scroll av-minimum-height av-minimum-height-custom av-height-custom  container_wrap sidebar_right'  data-section-bg-repeat='stretch' data-av_minimum_height_px='700'><div class='container av-section-cont-open' style='height:700px'><div class='template-page content  av-content-small alpha units'><div class='post-entry post-entry-type-page post-entry-9'><div class='entry-content-wrapper clearfix'>\n\n<style type=\"text\/css\" data-created_by=\"avia_inline_auto\" id=\"style-css-av-9ps7p-c708441f73f42ee611efe3b18ca658ec\">\n#top .av-special-heading.av-9ps7p-c708441f73f42ee611efe3b18ca658ec{\npadding-bottom:10px;\ncolor:#ffffff;\n}\nbody .av-special-heading.av-9ps7p-c708441f73f42ee611efe3b18ca658ec .av-special-heading-tag .heading-char{\nfont-size:25px;\n}\n.av-special-heading.av-9ps7p-c708441f73f42ee611efe3b18ca658ec .special-heading-inner-border{\nborder-color:#ffffff;\n}\n.av-special-heading.av-9ps7p-c708441f73f42ee611efe3b18ca658ec .av-subheading{\nfont-size:15px;\n}\n<\/style>\n<div  class='av-special-heading av-9ps7p-c708441f73f42ee611efe3b18ca658ec av-special-heading-h1 custom-color-heading blockquote modern-quote  avia-builder-el-19  avia-builder-el-no-sibling '><h1 class='av-special-heading-tag '  itemprop=\"headline\"  >Erlebnisklettergarten<\/h1><div class=\"special-heading-border\"><div class=\"special-heading-inner-border\"><\/div><\/div><\/div>\n<\/div><\/div><\/div><!-- close content main div --><\/div><\/div><div id='after_section_3'  class='main_color av_default_container_wrap container_wrap sidebar_right'  ><div class='container av-section-cont-open' ><div class='template-page content  av-content-small alpha units'><div class='post-entry post-entry-type-page post-entry-9'><div class='entry-content-wrapper clearfix'><div  class='flex_column av-9ng83-1a74fbdd67e7e87c45c06ff0497426ad av_one_half  avia-builder-el-20  el_after_av_section  el_before_av_one_half  avia-builder-el-first  first flex_column_div  '     ><section  class='av_textblock_section av-9li0v-d1e7d0234cab679250bea9db7c28fb07 '   itemscope=\"itemscope\" itemtype=\"https:\/\/schema.org\/CreativeWork\" ><div class='avia_textblock av_inherit_color'  itemprop=\"text\" ><h2>H\u00e4ngebr\u00fccken, Klettersteig, Felsen- und Baumelemente, Seilrutschen, kurzum, jede Menge Spa\u00df und Nervenkitzel.<\/h2>\n<p>All das gibt es auf dem Klippitzt\u00f6rl. Gemeinsam mit Christian Gr\u00fcbler, Leiter der Kletterschule und Kletterhalle in Wolfsberg, wurde auf einem gro\u00dfz\u00fcgig angelegten und hervorragend daf\u00fcr geeigneten nat\u00fcrlichen Areal, ganz in der N\u00e4he der Sommerrodelbahn, ein Erlebnisklettergarten errichtet. Nicht Kletter-Vollprofis sondern kleine und gro\u00dfe Abenteurer sollen hier einen gesicherten \u201eSpielplatz\u201c vorfinden. Das Angebot richtet sich an Urlauberfamilien, Tagesg\u00e4ste, Schulen, Gruppen, Seminare.<\/p>\n<\/div><\/section><br \/>\n<div  class='togglecontainer av-9kdvl-40248bbe707b284d3bd6ba8ce933edf3 av-minimal-toggle  avia-builder-el-22  el_after_av_textblock  avia-builder-el-last  toggle_close_all' >\n<section class='av_toggle_section av-3k5v-bc34348ef962757f8c8da28ad09aa78a'  itemscope=\"itemscope\" itemtype=\"https:\/\/schema.org\/CreativeWork\" ><div role=\"tablist\" class=\"single_toggle\" data-tags=\"{Alle} \"  ><p id='toggle-toggle-id-1' data-fake-id='#toggle-id-1' class='toggler  activeTitle av-title-above '  itemprop=\"headline\"  role='tab' tabindex='0' aria-controls='toggle-id-1' data-slide-speed=\"200\" data-title=\"\u00d6ffnungszeiten\" data-title-open=\"\" data-aria_collapsed=\"Click to expand: \u00d6ffnungszeiten\" data-aria_expanded=\"Click to collapse: \u00d6ffnungszeiten\">\u00d6ffnungszeiten<span class=\"toggle_icon\"><span class=\"vert_icon\"><\/span><span class=\"hor_icon\"><\/span><\/span><\/p><div id='toggle-id-1' aria-labelledby='toggle-toggle-id-1' role='region' class='toggle_wrap  active_tc av-title-above' style='display:block;' ><div class='toggle_content invers-color '  itemprop=\"text\" ><h2>Betriebszeiten 2026<\/h2>\n<p><strong>VIP-Tarife:<\/strong> F\u00fcr G\u00e4ste der Mitgliedsbetriebe bei der Klippitz Touristik<br \/>\n<strong>Blockkarten:<\/strong> Sind nur f\u00fcr 1 Person g\u00fcltig.<\/p>\n<div class=\"page\" title=\"Page 2\">\n<div class=\"section\">\n<div class=\"layoutArea\">\n<div class=\"column\">\n<ul>\n<li style=\"text-align: left;\">Mai: &#8212;<\/li>\n<li>Juni: 20., 21., 27., 28.<\/li>\n<li>4. Juli &#8211; 13. September <strong>t\u00e4glich<\/strong><\/li>\n<li>September: 19., 20., 26., 27.<\/li>\n<\/ul>\n<\/div>\n<\/div>\n<\/div>\n<\/div>\n<p>Bei Regen und N\u00e4sse kein Betrieb m\u00f6glich.<\/p>\n<p>Betriebszeit jeweils von 10:00 Uhr bis 17:00 Uhr.<\/p>\n<p><strong>LETZTER EINSTIEG 15:00 UHR<\/strong><\/p>\n<p>F\u00fcr gr\u00f6\u00dfere Gruppen nach telefonischer Voranmeldung!<\/p>\n<\/div><\/div><\/div><\/section>\n<section class='av_toggle_section av-xz9r-13c78528b497d2e74145bcba7d08150d'  itemscope=\"itemscope\" itemtype=\"https:\/\/schema.org\/CreativeWork\" ><div role=\"tablist\" class=\"single_toggle\" data-tags=\"{Alle} \"  ><p id='toggle-toggle-id-2' data-fake-id='#toggle-id-2' class='toggler  av-title-above '  itemprop=\"headline\"  role='tab' tabindex='0' aria-controls='toggle-id-2' data-slide-speed=\"200\" data-title=\"Voraussetzungen\" data-title-open=\"\" data-aria_collapsed=\"Click to expand: Voraussetzungen\" data-aria_expanded=\"Click to collapse: Voraussetzungen\">Voraussetzungen<span class=\"toggle_icon\"><span class=\"vert_icon\"><\/span><span class=\"hor_icon\"><\/span><\/span><\/p><div id='toggle-id-2' aria-labelledby='toggle-toggle-id-2' role='region' class='toggle_wrap  av-title-above'  ><div class='toggle_content invers-color '  itemprop=\"text\" ><p>Keine k\u00f6rperliche oder geistige Einschr\u00e4nkung. Kinder ab einer K\u00f6rpergr\u00f6\u00dfe von 120 cm und nur in Begleitung eines Erwachsenen. Ben\u00fctzung nur nach vorheriger Einschulung und Unterzeichnung der Einverst\u00e4ndniserkl\u00e4rung. Die bereitgestellte Ausr\u00fcstung (Helm, Gurt, Seilrolle, Karabiner) muss nach Anweisung benutzt werden und ist nach Beendigung der Runde zur\u00fcckzugeben. Der Betrieb kann aus Sicherheitsgr\u00fcnden (Sturm, Gewitter) zeitweilig eingestellt werden. \u00d6ffnungszeiten analog zur Sommerrodelbahn.<\/p>\n<\/div><\/div><\/div><\/section>\n<\/div><\/p><\/div>\n<style type=\"text\/css\" data-created_by=\"avia_inline_auto\" id=\"style-css-av-9d6bf-13a020aa22c83ac0e2ef1b16f6055d73\">\n.flex_column.av-9d6bf-13a020aa22c83ac0e2ef1b16f6055d73{\nborder-radius:0px 0px 0px 0px;\npadding:0px 0px 0px 0px;\n}\n<\/style>\n<div  class='flex_column av-9d6bf-13a020aa22c83ac0e2ef1b16f6055d73 av_one_half  avia-builder-el-23  el_after_av_one_half  el_before_av_one_half  flex_column_div av-zero-column-padding  '     ><p>\n<style type=\"text\/css\" data-created_by=\"avia_inline_auto\" id=\"style-css-av-9aahx-a20c3888b28d559598d12de26797942e\">\n#top .avia-gallery.av-9aahx-a20c3888b28d559598d12de26797942e .avia-gallery-thumb a{\nwidth:25%;\n}\n<\/style>\n<div  class='avia-gallery av-9aahx-a20c3888b28d559598d12de26797942e avia_animate_when_visible  avia-builder-el-24  el_before_av_textblock  avia-builder-el-first  deactivate_avia_lazyload avia-gallery-animate avia-gallery-2'  itemprop=\"image\" itemscope=\"itemscope\" itemtype=\"https:\/\/schema.org\/ImageObject\" ><meta itemprop=\"contentURL\" content=\"https:\/\/www.klippitz.at\/sommer\/\"><div class='avia-gallery-thumb'><a href=\"https:\/\/www.klippitz.at\/sommer\/wp-content\/uploads\/2025\/07\/Kletterpark-2-1030x719.jpg\" data-srcset=\"https:\/\/www.klippitz.at\/sommer\/wp-content\/uploads\/2025\/07\/Kletterpark-2-1030x719.jpg 1030w, https:\/\/www.klippitz.at\/sommer\/wp-content\/uploads\/2025\/07\/Kletterpark-2-300x210.jpg 300w, https:\/\/www.klippitz.at\/sommer\/wp-content\/uploads\/2025\/07\/Kletterpark-2-768x536.jpg 768w, https:\/\/www.klippitz.at\/sommer\/wp-content\/uploads\/2025\/07\/Kletterpark-2-705x492.jpg 705w, https:\/\/www.klippitz.at\/sommer\/wp-content\/uploads\/2025\/07\/Kletterpark-2.jpg 1280w\" data-sizes=\"(max-width: 1030px) 100vw, 1030px\" data-rel='gallery-2' data-prev-img='https:\/\/www.klippitz.at\/sommer\/wp-content\/uploads\/2025\/07\/Kletterpark-2-495x400.jpg' class='first_thumb lightbox ' data-onclick='1' title='Kletterpark-Klippitzt\u00f6rl'  itemprop=\"thumbnailUrl\"  ><img decoding=\"async\" fetchpriority=\"high\" class=\"wp-image-3584 avia-img-lazy-loading-not-3584\"   src=\"https:\/\/www.klippitz.at\/sommer\/wp-content\/uploads\/2025\/07\/Kletterpark-2-495x400.jpg\" width=\"495\" height=\"400\"  title='Kletterpark-Klippitzt\u00f6rl' alt='' srcset=\"https:\/\/www.klippitz.at\/sommer\/wp-content\/uploads\/2025\/07\/Kletterpark-2-495x400.jpg 495w, https:\/\/www.klippitz.at\/sommer\/wp-content\/uploads\/2025\/07\/Kletterpark-2-845x684.jpg 845w\" sizes=\"(max-width: 495px) 100vw, 495px\" \/><div class='big-prev-fake'><img decoding=\"async\" loading=\"lazy\" class=\"wp-image-3584 avia-img-lazy-loading-3584\"  width=\"495\" height=\"400\" src=\"https:\/\/www.klippitz.at\/sommer\/wp-content\/uploads\/2025\/07\/Kletterpark-2-495x400.jpg\" title='Kletterpark-Klippitzt\u00f6rl' alt='' srcset=\"https:\/\/www.klippitz.at\/sommer\/wp-content\/uploads\/2025\/07\/Kletterpark-2-495x400.jpg 495w, https:\/\/www.klippitz.at\/sommer\/wp-content\/uploads\/2025\/07\/Kletterpark-2-845x684.jpg 845w\" sizes=\"auto, (max-width: 495px) 100vw, 495px\" \/><\/div><\/a><a href=\"https:\/\/www.klippitz.at\/sommer\/wp-content\/uploads\/2025\/07\/Kletterpark_Drohne-8-1030x773.jpg\" data-srcset=\"https:\/\/www.klippitz.at\/sommer\/wp-content\/uploads\/2025\/07\/Kletterpark_Drohne-8-1030x773.jpg 1030w, https:\/\/www.klippitz.at\/sommer\/wp-content\/uploads\/2025\/07\/Kletterpark_Drohne-8-300x225.jpg 300w, https:\/\/www.klippitz.at\/sommer\/wp-content\/uploads\/2025\/07\/Kletterpark_Drohne-8-768x576.jpg 768w, https:\/\/www.klippitz.at\/sommer\/wp-content\/uploads\/2025\/07\/Kletterpark_Drohne-8-705x529.jpg 705w, https:\/\/www.klippitz.at\/sommer\/wp-content\/uploads\/2025\/07\/Kletterpark_Drohne-8.jpg 1280w\" data-sizes=\"(max-width: 1030px) 100vw, 1030px\" data-rel='gallery-2' data-prev-img='https:\/\/www.klippitz.at\/sommer\/wp-content\/uploads\/2025\/07\/Kletterpark_Drohne-8-495x400.jpg' class='lightbox ' data-onclick='2' title='Kletterpark Klippitzt\u00f6rl'  itemprop=\"thumbnailUrl\"  ><img decoding=\"async\" fetchpriority=\"high\" class=\"wp-image-3578 avia-img-lazy-loading-not-3578\"   src=\"https:\/\/www.klippitz.at\/sommer\/wp-content\/uploads\/2025\/07\/Kletterpark_Drohne-8-495x400.jpg\" width=\"495\" height=\"400\"  title='Kletterpark Klippitzt\u00f6rl' alt='' srcset=\"https:\/\/www.klippitz.at\/sommer\/wp-content\/uploads\/2025\/07\/Kletterpark_Drohne-8-495x400.jpg 495w, https:\/\/www.klippitz.at\/sommer\/wp-content\/uploads\/2025\/07\/Kletterpark_Drohne-8-845x684.jpg 845w\" sizes=\"(max-width: 495px) 100vw, 495px\" \/><div class='big-prev-fake'><img decoding=\"async\" loading=\"lazy\" class=\"wp-image-3578 avia-img-lazy-loading-3578\"  width=\"495\" height=\"400\" src=\"https:\/\/www.klippitz.at\/sommer\/wp-content\/uploads\/2025\/07\/Kletterpark_Drohne-8-495x400.jpg\" title='Kletterpark Klippitzt\u00f6rl' alt='' srcset=\"https:\/\/www.klippitz.at\/sommer\/wp-content\/uploads\/2025\/07\/Kletterpark_Drohne-8-495x400.jpg 495w, https:\/\/www.klippitz.at\/sommer\/wp-content\/uploads\/2025\/07\/Kletterpark_Drohne-8-845x684.jpg 845w\" sizes=\"auto, (max-width: 495px) 100vw, 495px\" \/><\/div><\/a><a href=\"https:\/\/www.klippitz.at\/sommer\/wp-content\/uploads\/2025\/07\/Kletterpark_Drohne-10-1030x773.jpg\" data-srcset=\"https:\/\/www.klippitz.at\/sommer\/wp-content\/uploads\/2025\/07\/Kletterpark_Drohne-10-1030x773.jpg 1030w, https:\/\/www.klippitz.at\/sommer\/wp-content\/uploads\/2025\/07\/Kletterpark_Drohne-10-300x225.jpg 300w, https:\/\/www.klippitz.at\/sommer\/wp-content\/uploads\/2025\/07\/Kletterpark_Drohne-10-768x576.jpg 768w, https:\/\/www.klippitz.at\/sommer\/wp-content\/uploads\/2025\/07\/Kletterpark_Drohne-10-705x529.jpg 705w, https:\/\/www.klippitz.at\/sommer\/wp-content\/uploads\/2025\/07\/Kletterpark_Drohne-10.jpg 1280w\" data-sizes=\"(max-width: 1030px) 100vw, 1030px\" data-rel='gallery-2' data-prev-img='https:\/\/www.klippitz.at\/sommer\/wp-content\/uploads\/2025\/07\/Kletterpark_Drohne-10-495x400.jpg' class='lightbox ' data-onclick='3' title='Kletterpark Klippitzt\u00f6rl'  itemprop=\"thumbnailUrl\"  ><img decoding=\"async\" fetchpriority=\"high\" class=\"wp-image-3579 avia-img-lazy-loading-not-3579\"   src=\"https:\/\/www.klippitz.at\/sommer\/wp-content\/uploads\/2025\/07\/Kletterpark_Drohne-10-495x400.jpg\" width=\"495\" height=\"400\"  title='Kletterpark Klippitzt\u00f6rl' alt='' srcset=\"https:\/\/www.klippitz.at\/sommer\/wp-content\/uploads\/2025\/07\/Kletterpark_Drohne-10-495x400.jpg 495w, https:\/\/www.klippitz.at\/sommer\/wp-content\/uploads\/2025\/07\/Kletterpark_Drohne-10-845x684.jpg 845w\" sizes=\"(max-width: 495px) 100vw, 495px\" \/><div class='big-prev-fake'><img decoding=\"async\" loading=\"lazy\" class=\"wp-image-3579 avia-img-lazy-loading-3579\"  width=\"495\" height=\"400\" src=\"https:\/\/www.klippitz.at\/sommer\/wp-content\/uploads\/2025\/07\/Kletterpark_Drohne-10-495x400.jpg\" title='Kletterpark Klippitzt\u00f6rl' alt='' srcset=\"https:\/\/www.klippitz.at\/sommer\/wp-content\/uploads\/2025\/07\/Kletterpark_Drohne-10-495x400.jpg 495w, https:\/\/www.klippitz.at\/sommer\/wp-content\/uploads\/2025\/07\/Kletterpark_Drohne-10-845x684.jpg 845w\" sizes=\"auto, (max-width: 495px) 100vw, 495px\" \/><\/div><\/a><a href=\"https:\/\/www.klippitz.at\/sommer\/wp-content\/uploads\/2025\/07\/Kletterpark_Drohnen-2-1030x773.jpg\" data-srcset=\"https:\/\/www.klippitz.at\/sommer\/wp-content\/uploads\/2025\/07\/Kletterpark_Drohnen-2-1030x773.jpg 1030w, https:\/\/www.klippitz.at\/sommer\/wp-content\/uploads\/2025\/07\/Kletterpark_Drohnen-2-300x225.jpg 300w, https:\/\/www.klippitz.at\/sommer\/wp-content\/uploads\/2025\/07\/Kletterpark_Drohnen-2-768x576.jpg 768w, https:\/\/www.klippitz.at\/sommer\/wp-content\/uploads\/2025\/07\/Kletterpark_Drohnen-2-705x529.jpg 705w, https:\/\/www.klippitz.at\/sommer\/wp-content\/uploads\/2025\/07\/Kletterpark_Drohnen-2.jpg 1280w\" data-sizes=\"(max-width: 1030px) 100vw, 1030px\" data-rel='gallery-2' data-prev-img='https:\/\/www.klippitz.at\/sommer\/wp-content\/uploads\/2025\/07\/Kletterpark_Drohnen-2-495x400.jpg' class='lightbox ' data-onclick='4' title='Kletterpark Klippitzt\u00f6rl'  itemprop=\"thumbnailUrl\"  ><img decoding=\"async\" fetchpriority=\"high\" class=\"wp-image-3580 avia-img-lazy-loading-not-3580\"   src=\"https:\/\/www.klippitz.at\/sommer\/wp-content\/uploads\/2025\/07\/Kletterpark_Drohnen-2-495x400.jpg\" width=\"495\" height=\"400\"  title='Kletterpark Klippitzt\u00f6rl' alt='' srcset=\"https:\/\/www.klippitz.at\/sommer\/wp-content\/uploads\/2025\/07\/Kletterpark_Drohnen-2-495x400.jpg 495w, https:\/\/www.klippitz.at\/sommer\/wp-content\/uploads\/2025\/07\/Kletterpark_Drohnen-2-845x684.jpg 845w\" sizes=\"(max-width: 495px) 100vw, 495px\" \/><div class='big-prev-fake'><img decoding=\"async\" loading=\"lazy\" class=\"wp-image-3580 avia-img-lazy-loading-3580\"  width=\"495\" height=\"400\" src=\"https:\/\/www.klippitz.at\/sommer\/wp-content\/uploads\/2025\/07\/Kletterpark_Drohnen-2-495x400.jpg\" title='Kletterpark Klippitzt\u00f6rl' alt='' srcset=\"https:\/\/www.klippitz.at\/sommer\/wp-content\/uploads\/2025\/07\/Kletterpark_Drohnen-2-495x400.jpg 495w, https:\/\/www.klippitz.at\/sommer\/wp-content\/uploads\/2025\/07\/Kletterpark_Drohnen-2-845x684.jpg 845w\" sizes=\"auto, (max-width: 495px) 100vw, 495px\" \/><\/div><\/a><a href=\"https:\/\/www.klippitz.at\/sommer\/wp-content\/uploads\/2025\/07\/Kletterpark_Drohnen-4-1030x773.jpg\" data-srcset=\"https:\/\/www.klippitz.at\/sommer\/wp-content\/uploads\/2025\/07\/Kletterpark_Drohnen-4-1030x773.jpg 1030w, https:\/\/www.klippitz.at\/sommer\/wp-content\/uploads\/2025\/07\/Kletterpark_Drohnen-4-300x225.jpg 300w, https:\/\/www.klippitz.at\/sommer\/wp-content\/uploads\/2025\/07\/Kletterpark_Drohnen-4-768x576.jpg 768w, https:\/\/www.klippitz.at\/sommer\/wp-content\/uploads\/2025\/07\/Kletterpark_Drohnen-4-705x529.jpg 705w, https:\/\/www.klippitz.at\/sommer\/wp-content\/uploads\/2025\/07\/Kletterpark_Drohnen-4.jpg 1280w\" data-sizes=\"(max-width: 1030px) 100vw, 1030px\" data-rel='gallery-2' data-prev-img='https:\/\/www.klippitz.at\/sommer\/wp-content\/uploads\/2025\/07\/Kletterpark_Drohnen-4-495x400.jpg' class='first_thumb lightbox ' data-onclick='5' title='Kletterpark Klippitzt\u00f6rl'  itemprop=\"thumbnailUrl\"  ><img decoding=\"async\" fetchpriority=\"high\" class=\"wp-image-3581 avia-img-lazy-loading-not-3581\"   src=\"https:\/\/www.klippitz.at\/sommer\/wp-content\/uploads\/2025\/07\/Kletterpark_Drohnen-4-495x400.jpg\" width=\"495\" height=\"400\"  title='Kletterpark Klippitzt\u00f6rl' alt='' srcset=\"https:\/\/www.klippitz.at\/sommer\/wp-content\/uploads\/2025\/07\/Kletterpark_Drohnen-4-495x400.jpg 495w, https:\/\/www.klippitz.at\/sommer\/wp-content\/uploads\/2025\/07\/Kletterpark_Drohnen-4-845x684.jpg 845w\" sizes=\"(max-width: 495px) 100vw, 495px\" \/><div class='big-prev-fake'><img decoding=\"async\" loading=\"lazy\" class=\"wp-image-3581 avia-img-lazy-loading-3581\"  width=\"495\" height=\"400\" src=\"https:\/\/www.klippitz.at\/sommer\/wp-content\/uploads\/2025\/07\/Kletterpark_Drohnen-4-495x400.jpg\" title='Kletterpark Klippitzt\u00f6rl' alt='' srcset=\"https:\/\/www.klippitz.at\/sommer\/wp-content\/uploads\/2025\/07\/Kletterpark_Drohnen-4-495x400.jpg 495w, https:\/\/www.klippitz.at\/sommer\/wp-content\/uploads\/2025\/07\/Kletterpark_Drohnen-4-845x684.jpg 845w\" sizes=\"auto, (max-width: 495px) 100vw, 495px\" \/><\/div><\/a><a href=\"https:\/\/www.klippitz.at\/sommer\/wp-content\/uploads\/2025\/07\/Kletterpark_Drohnen-5-1030x773.jpg\" data-srcset=\"https:\/\/www.klippitz.at\/sommer\/wp-content\/uploads\/2025\/07\/Kletterpark_Drohnen-5-1030x773.jpg 1030w, https:\/\/www.klippitz.at\/sommer\/wp-content\/uploads\/2025\/07\/Kletterpark_Drohnen-5-300x225.jpg 300w, https:\/\/www.klippitz.at\/sommer\/wp-content\/uploads\/2025\/07\/Kletterpark_Drohnen-5-768x576.jpg 768w, https:\/\/www.klippitz.at\/sommer\/wp-content\/uploads\/2025\/07\/Kletterpark_Drohnen-5-705x529.jpg 705w, https:\/\/www.klippitz.at\/sommer\/wp-content\/uploads\/2025\/07\/Kletterpark_Drohnen-5.jpg 1280w\" data-sizes=\"(max-width: 1030px) 100vw, 1030px\" data-rel='gallery-2' data-prev-img='https:\/\/www.klippitz.at\/sommer\/wp-content\/uploads\/2025\/07\/Kletterpark_Drohnen-5-495x400.jpg' class='lightbox ' data-onclick='6' title='Kletterpark Klippitzt\u00f6rl'  itemprop=\"thumbnailUrl\"  ><img decoding=\"async\" fetchpriority=\"high\" class=\"wp-image-3582 avia-img-lazy-loading-not-3582\"   src=\"https:\/\/www.klippitz.at\/sommer\/wp-content\/uploads\/2025\/07\/Kletterpark_Drohnen-5-495x400.jpg\" width=\"495\" height=\"400\"  title='Kletterpark Klippitzt\u00f6rl' alt='' srcset=\"https:\/\/www.klippitz.at\/sommer\/wp-content\/uploads\/2025\/07\/Kletterpark_Drohnen-5-495x400.jpg 495w, https:\/\/www.klippitz.at\/sommer\/wp-content\/uploads\/2025\/07\/Kletterpark_Drohnen-5-845x684.jpg 845w\" sizes=\"(max-width: 495px) 100vw, 495px\" \/><div class='big-prev-fake'><img decoding=\"async\" loading=\"lazy\" class=\"wp-image-3582 avia-img-lazy-loading-3582\"  width=\"495\" height=\"400\" src=\"https:\/\/www.klippitz.at\/sommer\/wp-content\/uploads\/2025\/07\/Kletterpark_Drohnen-5-495x400.jpg\" title='Kletterpark Klippitzt\u00f6rl' alt='' srcset=\"https:\/\/www.klippitz.at\/sommer\/wp-content\/uploads\/2025\/07\/Kletterpark_Drohnen-5-495x400.jpg 495w, https:\/\/www.klippitz.at\/sommer\/wp-content\/uploads\/2025\/07\/Kletterpark_Drohnen-5-845x684.jpg 845w\" sizes=\"auto, (max-width: 495px) 100vw, 495px\" \/><\/div><\/a><a href=\"https:\/\/www.klippitz.at\/sommer\/wp-content\/uploads\/2025\/07\/Kletterpark_Drohnen-7-1030x773.jpg\" data-srcset=\"https:\/\/www.klippitz.at\/sommer\/wp-content\/uploads\/2025\/07\/Kletterpark_Drohnen-7-1030x773.jpg 1030w, https:\/\/www.klippitz.at\/sommer\/wp-content\/uploads\/2025\/07\/Kletterpark_Drohnen-7-300x225.jpg 300w, https:\/\/www.klippitz.at\/sommer\/wp-content\/uploads\/2025\/07\/Kletterpark_Drohnen-7-768x576.jpg 768w, https:\/\/www.klippitz.at\/sommer\/wp-content\/uploads\/2025\/07\/Kletterpark_Drohnen-7-705x529.jpg 705w, https:\/\/www.klippitz.at\/sommer\/wp-content\/uploads\/2025\/07\/Kletterpark_Drohnen-7.jpg 1280w\" data-sizes=\"(max-width: 1030px) 100vw, 1030px\" data-rel='gallery-2' data-prev-img='https:\/\/www.klippitz.at\/sommer\/wp-content\/uploads\/2025\/07\/Kletterpark_Drohnen-7-495x400.jpg' class='lightbox ' data-onclick='7' title='Kletterpark Klippitzt\u00f6rl'  itemprop=\"thumbnailUrl\"  ><img decoding=\"async\" fetchpriority=\"high\" class=\"wp-image-3583 avia-img-lazy-loading-not-3583\"   src=\"https:\/\/www.klippitz.at\/sommer\/wp-content\/uploads\/2025\/07\/Kletterpark_Drohnen-7-495x400.jpg\" width=\"495\" height=\"400\"  title='Kletterpark Klippitzt\u00f6rl' alt='' srcset=\"https:\/\/www.klippitz.at\/sommer\/wp-content\/uploads\/2025\/07\/Kletterpark_Drohnen-7-495x400.jpg 495w, https:\/\/www.klippitz.at\/sommer\/wp-content\/uploads\/2025\/07\/Kletterpark_Drohnen-7-845x684.jpg 845w\" sizes=\"(max-width: 495px) 100vw, 495px\" \/><div class='big-prev-fake'><img decoding=\"async\" loading=\"lazy\" class=\"wp-image-3583 avia-img-lazy-loading-3583\"  width=\"495\" height=\"400\" src=\"https:\/\/www.klippitz.at\/sommer\/wp-content\/uploads\/2025\/07\/Kletterpark_Drohnen-7-495x400.jpg\" title='Kletterpark Klippitzt\u00f6rl' alt='' srcset=\"https:\/\/www.klippitz.at\/sommer\/wp-content\/uploads\/2025\/07\/Kletterpark_Drohnen-7-495x400.jpg 495w, https:\/\/www.klippitz.at\/sommer\/wp-content\/uploads\/2025\/07\/Kletterpark_Drohnen-7-845x684.jpg 845w\" sizes=\"auto, (max-width: 495px) 100vw, 495px\" \/><\/div><\/a><a href=\"https:\/\/www.klippitz.at\/sommer\/wp-content\/uploads\/2025\/07\/Kletterpark-4-1030x709.jpg\" data-srcset=\"https:\/\/www.klippitz.at\/sommer\/wp-content\/uploads\/2025\/07\/Kletterpark-4-1030x709.jpg 1030w, https:\/\/www.klippitz.at\/sommer\/wp-content\/uploads\/2025\/07\/Kletterpark-4-300x206.jpg 300w, https:\/\/www.klippitz.at\/sommer\/wp-content\/uploads\/2025\/07\/Kletterpark-4-768x529.jpg 768w, https:\/\/www.klippitz.at\/sommer\/wp-content\/uploads\/2025\/07\/Kletterpark-4-705x485.jpg 705w, https:\/\/www.klippitz.at\/sommer\/wp-content\/uploads\/2025\/07\/Kletterpark-4.jpg 1280w\" data-sizes=\"(max-width: 1030px) 100vw, 1030px\" data-rel='gallery-2' data-prev-img='https:\/\/www.klippitz.at\/sommer\/wp-content\/uploads\/2025\/07\/Kletterpark-4-495x400.jpg' class='lightbox ' data-onclick='8' title='Kletterpark-Klippitzt\u00f6rl'  itemprop=\"thumbnailUrl\"  ><img decoding=\"async\" fetchpriority=\"high\" class=\"wp-image-3585 avia-img-lazy-loading-not-3585\"   src=\"https:\/\/www.klippitz.at\/sommer\/wp-content\/uploads\/2025\/07\/Kletterpark-4-495x400.jpg\" width=\"495\" height=\"400\"  title='Kletterpark-Klippitzt\u00f6rl' alt='' srcset=\"https:\/\/www.klippitz.at\/sommer\/wp-content\/uploads\/2025\/07\/Kletterpark-4-495x400.jpg 495w, https:\/\/www.klippitz.at\/sommer\/wp-content\/uploads\/2025\/07\/Kletterpark-4-845x684.jpg 845w\" sizes=\"(max-width: 495px) 100vw, 495px\" \/><div class='big-prev-fake'><img decoding=\"async\" loading=\"lazy\" class=\"wp-image-3585 avia-img-lazy-loading-3585\"  width=\"495\" height=\"400\" src=\"https:\/\/www.klippitz.at\/sommer\/wp-content\/uploads\/2025\/07\/Kletterpark-4-495x400.jpg\" title='Kletterpark-Klippitzt\u00f6rl' alt='' srcset=\"https:\/\/www.klippitz.at\/sommer\/wp-content\/uploads\/2025\/07\/Kletterpark-4-495x400.jpg 495w, https:\/\/www.klippitz.at\/sommer\/wp-content\/uploads\/2025\/07\/Kletterpark-4-845x684.jpg 845w\" sizes=\"auto, (max-width: 495px) 100vw, 495px\" \/><\/div><\/a><a href=\"https:\/\/www.klippitz.at\/sommer\/wp-content\/uploads\/2025\/07\/Kletterpark-7-1030x754.jpg\" data-srcset=\"https:\/\/www.klippitz.at\/sommer\/wp-content\/uploads\/2025\/07\/Kletterpark-7-1030x754.jpg 1030w, https:\/\/www.klippitz.at\/sommer\/wp-content\/uploads\/2025\/07\/Kletterpark-7-300x220.jpg 300w, https:\/\/www.klippitz.at\/sommer\/wp-content\/uploads\/2025\/07\/Kletterpark-7-768x562.jpg 768w, https:\/\/www.klippitz.at\/sommer\/wp-content\/uploads\/2025\/07\/Kletterpark-7-705x516.jpg 705w, https:\/\/www.klippitz.at\/sommer\/wp-content\/uploads\/2025\/07\/Kletterpark-7.jpg 1280w\" data-sizes=\"(max-width: 1030px) 100vw, 1030px\" data-rel='gallery-2' data-prev-img='https:\/\/www.klippitz.at\/sommer\/wp-content\/uploads\/2025\/07\/Kletterpark-7-495x400.jpg' class='first_thumb lightbox ' data-onclick='9' title='Kletterpark-Klippitzt\u00f6rl'  itemprop=\"thumbnailUrl\"  ><img decoding=\"async\" fetchpriority=\"high\" class=\"wp-image-3586 avia-img-lazy-loading-not-3586\"   src=\"https:\/\/www.klippitz.at\/sommer\/wp-content\/uploads\/2025\/07\/Kletterpark-7-495x400.jpg\" width=\"495\" height=\"400\"  title='Kletterpark-Klippitzt\u00f6rl' alt='' srcset=\"https:\/\/www.klippitz.at\/sommer\/wp-content\/uploads\/2025\/07\/Kletterpark-7-495x400.jpg 495w, https:\/\/www.klippitz.at\/sommer\/wp-content\/uploads\/2025\/07\/Kletterpark-7-845x684.jpg 845w\" sizes=\"(max-width: 495px) 100vw, 495px\" \/><div class='big-prev-fake'><img decoding=\"async\" loading=\"lazy\" class=\"wp-image-3586 avia-img-lazy-loading-3586\"  width=\"495\" height=\"400\" src=\"https:\/\/www.klippitz.at\/sommer\/wp-content\/uploads\/2025\/07\/Kletterpark-7-495x400.jpg\" title='Kletterpark-Klippitzt\u00f6rl' alt='' srcset=\"https:\/\/www.klippitz.at\/sommer\/wp-content\/uploads\/2025\/07\/Kletterpark-7-495x400.jpg 495w, https:\/\/www.klippitz.at\/sommer\/wp-content\/uploads\/2025\/07\/Kletterpark-7-845x684.jpg 845w\" sizes=\"auto, (max-width: 495px) 100vw, 495px\" \/><\/div><\/a><a href=\"https:\/\/www.klippitz.at\/sommer\/wp-content\/uploads\/2025\/07\/Kletterpark-10-1030x686.jpg\" data-srcset=\"https:\/\/www.klippitz.at\/sommer\/wp-content\/uploads\/2025\/07\/Kletterpark-10-1030x686.jpg 1030w, https:\/\/www.klippitz.at\/sommer\/wp-content\/uploads\/2025\/07\/Kletterpark-10-300x200.jpg 300w, https:\/\/www.klippitz.at\/sommer\/wp-content\/uploads\/2025\/07\/Kletterpark-10-768x512.jpg 768w, https:\/\/www.klippitz.at\/sommer\/wp-content\/uploads\/2025\/07\/Kletterpark-10-705x470.jpg 705w, https:\/\/www.klippitz.at\/sommer\/wp-content\/uploads\/2025\/07\/Kletterpark-10.jpg 1280w\" data-sizes=\"(max-width: 1030px) 100vw, 1030px\" data-rel='gallery-2' data-prev-img='https:\/\/www.klippitz.at\/sommer\/wp-content\/uploads\/2025\/07\/Kletterpark-10-495x400.jpg' class='lightbox ' data-onclick='10' title='Kletterpark-Klippitzt\u00f6rl'  itemprop=\"thumbnailUrl\"  ><img decoding=\"async\" fetchpriority=\"high\" class=\"wp-image-3587 avia-img-lazy-loading-not-3587\"   src=\"https:\/\/www.klippitz.at\/sommer\/wp-content\/uploads\/2025\/07\/Kletterpark-10-495x400.jpg\" width=\"495\" height=\"400\"  title='Kletterpark-Klippitzt\u00f6rl' alt='' srcset=\"https:\/\/www.klippitz.at\/sommer\/wp-content\/uploads\/2025\/07\/Kletterpark-10-495x400.jpg 495w, https:\/\/www.klippitz.at\/sommer\/wp-content\/uploads\/2025\/07\/Kletterpark-10-845x684.jpg 845w\" sizes=\"(max-width: 495px) 100vw, 495px\" \/><div class='big-prev-fake'><img decoding=\"async\" loading=\"lazy\" class=\"wp-image-3587 avia-img-lazy-loading-3587\"  width=\"495\" height=\"400\" src=\"https:\/\/www.klippitz.at\/sommer\/wp-content\/uploads\/2025\/07\/Kletterpark-10-495x400.jpg\" title='Kletterpark-Klippitzt\u00f6rl' alt='' srcset=\"https:\/\/www.klippitz.at\/sommer\/wp-content\/uploads\/2025\/07\/Kletterpark-10-495x400.jpg 495w, https:\/\/www.klippitz.at\/sommer\/wp-content\/uploads\/2025\/07\/Kletterpark-10-845x684.jpg 845w\" sizes=\"auto, (max-width: 495px) 100vw, 495px\" \/><\/div><\/a><a href=\"https:\/\/www.klippitz.at\/sommer\/wp-content\/uploads\/2025\/07\/Kletterpark-12-687x1030.jpg\" data-srcset=\"https:\/\/www.klippitz.at\/sommer\/wp-content\/uploads\/2025\/07\/Kletterpark-12-687x1030.jpg 687w, https:\/\/www.klippitz.at\/sommer\/wp-content\/uploads\/2025\/07\/Kletterpark-12-200x300.jpg 200w, https:\/\/www.klippitz.at\/sommer\/wp-content\/uploads\/2025\/07\/Kletterpark-12-470x705.jpg 470w, https:\/\/www.klippitz.at\/sommer\/wp-content\/uploads\/2025\/07\/Kletterpark-12.jpg 768w\" data-sizes=\"(max-width: 687px) 100vw, 687px\" data-rel='gallery-2' data-prev-img='https:\/\/www.klippitz.at\/sommer\/wp-content\/uploads\/2025\/07\/Kletterpark-12-495x400.jpg' class='lightbox ' data-onclick='11' title='Kletterpark-Klippitzt\u00f6rl'  itemprop=\"thumbnailUrl\"  ><img decoding=\"async\" fetchpriority=\"high\" class=\"wp-image-3588 avia-img-lazy-loading-not-3588\"   src=\"https:\/\/www.klippitz.at\/sommer\/wp-content\/uploads\/2025\/07\/Kletterpark-12-495x400.jpg\" width=\"495\" height=\"400\"  title='Kletterpark-Klippitzt\u00f6rl' alt='' \/><div class='big-prev-fake'><img decoding=\"async\" loading=\"lazy\" class=\"wp-image-3588 avia-img-lazy-loading-3588\"  width=\"495\" height=\"400\" src=\"https:\/\/www.klippitz.at\/sommer\/wp-content\/uploads\/2025\/07\/Kletterpark-12-495x400.jpg\" title='Kletterpark-Klippitzt\u00f6rl' alt='' \/><\/div><\/a><a href=\"https:\/\/www.klippitz.at\/sommer\/wp-content\/uploads\/2025\/07\/Kletterpark-13-653x1030.jpg\" data-srcset=\"https:\/\/www.klippitz.at\/sommer\/wp-content\/uploads\/2025\/07\/Kletterpark-13-653x1030.jpg 653w, https:\/\/www.klippitz.at\/sommer\/wp-content\/uploads\/2025\/07\/Kletterpark-13-190x300.jpg 190w, https:\/\/www.klippitz.at\/sommer\/wp-content\/uploads\/2025\/07\/Kletterpark-13-447x705.jpg 447w, https:\/\/www.klippitz.at\/sommer\/wp-content\/uploads\/2025\/07\/Kletterpark-13.jpg 768w\" data-sizes=\"(max-width: 653px) 100vw, 653px\" data-rel='gallery-2' data-prev-img='https:\/\/www.klippitz.at\/sommer\/wp-content\/uploads\/2025\/07\/Kletterpark-13-495x400.jpg' class='lightbox ' data-onclick='12' title='Kletterpark-Klippitzt\u00f6rl'  itemprop=\"thumbnailUrl\"  ><img decoding=\"async\" fetchpriority=\"high\" class=\"wp-image-3589 avia-img-lazy-loading-not-3589\"   src=\"https:\/\/www.klippitz.at\/sommer\/wp-content\/uploads\/2025\/07\/Kletterpark-13-495x400.jpg\" width=\"495\" height=\"400\"  title='Kletterpark-Klippitzt\u00f6rl' alt='' \/><div class='big-prev-fake'><img decoding=\"async\" loading=\"lazy\" class=\"wp-image-3589 avia-img-lazy-loading-3589\"  width=\"495\" height=\"400\" src=\"https:\/\/www.klippitz.at\/sommer\/wp-content\/uploads\/2025\/07\/Kletterpark-13-495x400.jpg\" title='Kletterpark-Klippitzt\u00f6rl' alt='' \/><\/div><\/a><a href=\"https:\/\/www.klippitz.at\/sommer\/wp-content\/uploads\/2025\/07\/Kletterpark-19-691x1030.jpg\" data-srcset=\"https:\/\/www.klippitz.at\/sommer\/wp-content\/uploads\/2025\/07\/Kletterpark-19-691x1030.jpg 691w, https:\/\/www.klippitz.at\/sommer\/wp-content\/uploads\/2025\/07\/Kletterpark-19-201x300.jpg 201w, https:\/\/www.klippitz.at\/sommer\/wp-content\/uploads\/2025\/07\/Kletterpark-19-473x705.jpg 473w, https:\/\/www.klippitz.at\/sommer\/wp-content\/uploads\/2025\/07\/Kletterpark-19.jpg 768w\" data-sizes=\"(max-width: 691px) 100vw, 691px\" data-rel='gallery-2' data-prev-img='https:\/\/www.klippitz.at\/sommer\/wp-content\/uploads\/2025\/07\/Kletterpark-19-495x400.jpg' class='first_thumb lightbox ' data-onclick='13' title='Kletterpark-Klippitzt\u00f6rl'  itemprop=\"thumbnailUrl\"  ><img decoding=\"async\" fetchpriority=\"high\" class=\"wp-image-3590 avia-img-lazy-loading-not-3590\"   src=\"https:\/\/www.klippitz.at\/sommer\/wp-content\/uploads\/2025\/07\/Kletterpark-19-495x400.jpg\" width=\"495\" height=\"400\"  title='Kletterpark-Klippitzt\u00f6rl' alt='' \/><div class='big-prev-fake'><img decoding=\"async\" loading=\"lazy\" class=\"wp-image-3590 avia-img-lazy-loading-3590\"  width=\"495\" height=\"400\" src=\"https:\/\/www.klippitz.at\/sommer\/wp-content\/uploads\/2025\/07\/Kletterpark-19-495x400.jpg\" title='Kletterpark-Klippitzt\u00f6rl' alt='' \/><\/div><\/a><a href=\"https:\/\/www.klippitz.at\/sommer\/wp-content\/uploads\/2025\/07\/Kletterpark-20-661x1030.jpg\" data-srcset=\"https:\/\/www.klippitz.at\/sommer\/wp-content\/uploads\/2025\/07\/Kletterpark-20-661x1030.jpg 661w, https:\/\/www.klippitz.at\/sommer\/wp-content\/uploads\/2025\/07\/Kletterpark-20-192x300.jpg 192w, https:\/\/www.klippitz.at\/sommer\/wp-content\/uploads\/2025\/07\/Kletterpark-20-452x705.jpg 452w, https:\/\/www.klippitz.at\/sommer\/wp-content\/uploads\/2025\/07\/Kletterpark-20.jpg 768w\" data-sizes=\"(max-width: 661px) 100vw, 661px\" data-rel='gallery-2' data-prev-img='https:\/\/www.klippitz.at\/sommer\/wp-content\/uploads\/2025\/07\/Kletterpark-20-495x400.jpg' class='lightbox ' data-onclick='14' title='Kletterpark-Klippitzt\u00f6rl'  itemprop=\"thumbnailUrl\"  ><img decoding=\"async\" fetchpriority=\"high\" class=\"wp-image-3591 avia-img-lazy-loading-not-3591\"   src=\"https:\/\/www.klippitz.at\/sommer\/wp-content\/uploads\/2025\/07\/Kletterpark-20-495x400.jpg\" width=\"495\" height=\"400\"  title='Kletterpark-Klippitzt\u00f6rl' alt='' \/><div class='big-prev-fake'><img decoding=\"async\" loading=\"lazy\" class=\"wp-image-3591 avia-img-lazy-loading-3591\"  width=\"495\" height=\"400\" src=\"https:\/\/www.klippitz.at\/sommer\/wp-content\/uploads\/2025\/07\/Kletterpark-20-495x400.jpg\" title='Kletterpark-Klippitzt\u00f6rl' alt='' \/><\/div><\/a><a href=\"https:\/\/www.klippitz.at\/sommer\/wp-content\/uploads\/2025\/07\/Kletterpark-21-1030x686.jpg\" data-srcset=\"https:\/\/www.klippitz.at\/sommer\/wp-content\/uploads\/2025\/07\/Kletterpark-21-1030x686.jpg 1030w, https:\/\/www.klippitz.at\/sommer\/wp-content\/uploads\/2025\/07\/Kletterpark-21-300x200.jpg 300w, https:\/\/www.klippitz.at\/sommer\/wp-content\/uploads\/2025\/07\/Kletterpark-21-768x512.jpg 768w, https:\/\/www.klippitz.at\/sommer\/wp-content\/uploads\/2025\/07\/Kletterpark-21-705x470.jpg 705w, https:\/\/www.klippitz.at\/sommer\/wp-content\/uploads\/2025\/07\/Kletterpark-21.jpg 1280w\" data-sizes=\"(max-width: 1030px) 100vw, 1030px\" data-rel='gallery-2' data-prev-img='https:\/\/www.klippitz.at\/sommer\/wp-content\/uploads\/2025\/07\/Kletterpark-21-495x400.jpg' class='lightbox ' data-onclick='15' title='Kletterpark-Klippitzt\u00f6rl'  itemprop=\"thumbnailUrl\"  ><img decoding=\"async\" fetchpriority=\"high\" class=\"wp-image-3592 avia-img-lazy-loading-not-3592\"   src=\"https:\/\/www.klippitz.at\/sommer\/wp-content\/uploads\/2025\/07\/Kletterpark-21-495x400.jpg\" width=\"495\" height=\"400\"  title='Kletterpark-Klippitzt\u00f6rl' alt='' srcset=\"https:\/\/www.klippitz.at\/sommer\/wp-content\/uploads\/2025\/07\/Kletterpark-21-495x400.jpg 495w, https:\/\/www.klippitz.at\/sommer\/wp-content\/uploads\/2025\/07\/Kletterpark-21-845x684.jpg 845w\" sizes=\"(max-width: 495px) 100vw, 495px\" \/><div class='big-prev-fake'><img decoding=\"async\" loading=\"lazy\" class=\"wp-image-3592 avia-img-lazy-loading-3592\"  width=\"495\" height=\"400\" src=\"https:\/\/www.klippitz.at\/sommer\/wp-content\/uploads\/2025\/07\/Kletterpark-21-495x400.jpg\" title='Kletterpark-Klippitzt\u00f6rl' alt='' srcset=\"https:\/\/www.klippitz.at\/sommer\/wp-content\/uploads\/2025\/07\/Kletterpark-21-495x400.jpg 495w, https:\/\/www.klippitz.at\/sommer\/wp-content\/uploads\/2025\/07\/Kletterpark-21-845x684.jpg 845w\" sizes=\"auto, (max-width: 495px) 100vw, 495px\" \/><\/div><\/a><a href=\"https:\/\/www.klippitz.at\/sommer\/wp-content\/uploads\/2025\/07\/Kletterpark-22-703x1030.jpg\" data-srcset=\"https:\/\/www.klippitz.at\/sommer\/wp-content\/uploads\/2025\/07\/Kletterpark-22-703x1030.jpg 703w, https:\/\/www.klippitz.at\/sommer\/wp-content\/uploads\/2025\/07\/Kletterpark-22-205x300.jpg 205w, https:\/\/www.klippitz.at\/sommer\/wp-content\/uploads\/2025\/07\/Kletterpark-22-481x705.jpg 481w, https:\/\/www.klippitz.at\/sommer\/wp-content\/uploads\/2025\/07\/Kletterpark-22.jpg 768w\" data-sizes=\"(max-width: 703px) 100vw, 703px\" data-rel='gallery-2' data-prev-img='https:\/\/www.klippitz.at\/sommer\/wp-content\/uploads\/2025\/07\/Kletterpark-22-495x400.jpg' class='lightbox ' data-onclick='16' title='Kletterpark-Klippitzt\u00f6rl'  itemprop=\"thumbnailUrl\"  ><img decoding=\"async\" fetchpriority=\"high\" class=\"wp-image-3593 avia-img-lazy-loading-not-3593\"   src=\"https:\/\/www.klippitz.at\/sommer\/wp-content\/uploads\/2025\/07\/Kletterpark-22-495x400.jpg\" width=\"495\" height=\"400\"  title='Kletterpark-Klippitzt\u00f6rl' alt='' \/><div class='big-prev-fake'><img decoding=\"async\" loading=\"lazy\" class=\"wp-image-3593 avia-img-lazy-loading-3593\"  width=\"495\" height=\"400\" src=\"https:\/\/www.klippitz.at\/sommer\/wp-content\/uploads\/2025\/07\/Kletterpark-22-495x400.jpg\" title='Kletterpark-Klippitzt\u00f6rl' alt='' \/><\/div><\/a><a href=\"https:\/\/www.klippitz.at\/sommer\/wp-content\/uploads\/2025\/07\/Kletterpark-23-1030x703.jpg\" data-srcset=\"https:\/\/www.klippitz.at\/sommer\/wp-content\/uploads\/2025\/07\/Kletterpark-23-1030x703.jpg 1030w, https:\/\/www.klippitz.at\/sommer\/wp-content\/uploads\/2025\/07\/Kletterpark-23-300x205.jpg 300w, https:\/\/www.klippitz.at\/sommer\/wp-content\/uploads\/2025\/07\/Kletterpark-23-768x524.jpg 768w, https:\/\/www.klippitz.at\/sommer\/wp-content\/uploads\/2025\/07\/Kletterpark-23-705x481.jpg 705w, https:\/\/www.klippitz.at\/sommer\/wp-content\/uploads\/2025\/07\/Kletterpark-23.jpg 1280w\" data-sizes=\"(max-width: 1030px) 100vw, 1030px\" data-rel='gallery-2' data-prev-img='https:\/\/www.klippitz.at\/sommer\/wp-content\/uploads\/2025\/07\/Kletterpark-23-495x400.jpg' class='first_thumb lightbox ' data-onclick='17' title='Kletterpark-Klippitzt\u00f6rl'  itemprop=\"thumbnailUrl\"  ><img decoding=\"async\" fetchpriority=\"high\" class=\"wp-image-3594 avia-img-lazy-loading-not-3594\"   src=\"https:\/\/www.klippitz.at\/sommer\/wp-content\/uploads\/2025\/07\/Kletterpark-23-495x400.jpg\" width=\"495\" height=\"400\"  title='Kletterpark-Klippitzt\u00f6rl' alt='' srcset=\"https:\/\/www.klippitz.at\/sommer\/wp-content\/uploads\/2025\/07\/Kletterpark-23-495x400.jpg 495w, https:\/\/www.klippitz.at\/sommer\/wp-content\/uploads\/2025\/07\/Kletterpark-23-845x684.jpg 845w\" sizes=\"(max-width: 495px) 100vw, 495px\" \/><div class='big-prev-fake'><img decoding=\"async\" loading=\"lazy\" class=\"wp-image-3594 avia-img-lazy-loading-3594\"  width=\"495\" height=\"400\" src=\"https:\/\/www.klippitz.at\/sommer\/wp-content\/uploads\/2025\/07\/Kletterpark-23-495x400.jpg\" title='Kletterpark-Klippitzt\u00f6rl' alt='' srcset=\"https:\/\/www.klippitz.at\/sommer\/wp-content\/uploads\/2025\/07\/Kletterpark-23-495x400.jpg 495w, https:\/\/www.klippitz.at\/sommer\/wp-content\/uploads\/2025\/07\/Kletterpark-23-845x684.jpg 845w\" sizes=\"auto, (max-width: 495px) 100vw, 495px\" \/><\/div><\/a><a href=\"https:\/\/www.klippitz.at\/sommer\/wp-content\/uploads\/2025\/07\/Kletterpark-26-699x1030.jpg\" data-srcset=\"https:\/\/www.klippitz.at\/sommer\/wp-content\/uploads\/2025\/07\/Kletterpark-26-699x1030.jpg 699w, https:\/\/www.klippitz.at\/sommer\/wp-content\/uploads\/2025\/07\/Kletterpark-26-204x300.jpg 204w, https:\/\/www.klippitz.at\/sommer\/wp-content\/uploads\/2025\/07\/Kletterpark-26-478x705.jpg 478w, https:\/\/www.klippitz.at\/sommer\/wp-content\/uploads\/2025\/07\/Kletterpark-26.jpg 768w\" data-sizes=\"(max-width: 699px) 100vw, 699px\" data-rel='gallery-2' data-prev-img='https:\/\/www.klippitz.at\/sommer\/wp-content\/uploads\/2025\/07\/Kletterpark-26-495x400.jpg' class='lightbox ' data-onclick='18' title='Kletterpark-Klippitzt\u00f6rl'  itemprop=\"thumbnailUrl\"  ><img decoding=\"async\" fetchpriority=\"high\" class=\"wp-image-3595 avia-img-lazy-loading-not-3595\"   src=\"https:\/\/www.klippitz.at\/sommer\/wp-content\/uploads\/2025\/07\/Kletterpark-26-495x400.jpg\" width=\"495\" height=\"400\"  title='Kletterpark-Klippitzt\u00f6rl' alt='' \/><div class='big-prev-fake'><img decoding=\"async\" loading=\"lazy\" class=\"wp-image-3595 avia-img-lazy-loading-3595\"  width=\"495\" height=\"400\" src=\"https:\/\/www.klippitz.at\/sommer\/wp-content\/uploads\/2025\/07\/Kletterpark-26-495x400.jpg\" title='Kletterpark-Klippitzt\u00f6rl' alt='' \/><\/div><\/a><a href=\"https:\/\/www.klippitz.at\/sommer\/wp-content\/uploads\/2025\/07\/Kletterpark-29-687x1030.jpg\" data-srcset=\"https:\/\/www.klippitz.at\/sommer\/wp-content\/uploads\/2025\/07\/Kletterpark-29-687x1030.jpg 687w, https:\/\/www.klippitz.at\/sommer\/wp-content\/uploads\/2025\/07\/Kletterpark-29-200x300.jpg 200w, https:\/\/www.klippitz.at\/sommer\/wp-content\/uploads\/2025\/07\/Kletterpark-29-470x705.jpg 470w, https:\/\/www.klippitz.at\/sommer\/wp-content\/uploads\/2025\/07\/Kletterpark-29.jpg 768w\" data-sizes=\"(max-width: 687px) 100vw, 687px\" data-rel='gallery-2' data-prev-img='https:\/\/www.klippitz.at\/sommer\/wp-content\/uploads\/2025\/07\/Kletterpark-29-495x400.jpg' class='lightbox ' data-onclick='19' title='Kletterpark-Klippitzt\u00f6rl'  itemprop=\"thumbnailUrl\"  ><img decoding=\"async\" fetchpriority=\"high\" class=\"wp-image-3596 avia-img-lazy-loading-not-3596\"   src=\"https:\/\/www.klippitz.at\/sommer\/wp-content\/uploads\/2025\/07\/Kletterpark-29-495x400.jpg\" width=\"495\" height=\"400\"  title='Kletterpark-Klippitzt\u00f6rl' alt='' \/><div class='big-prev-fake'><img decoding=\"async\" loading=\"lazy\" class=\"wp-image-3596 avia-img-lazy-loading-3596\"  width=\"495\" height=\"400\" src=\"https:\/\/www.klippitz.at\/sommer\/wp-content\/uploads\/2025\/07\/Kletterpark-29-495x400.jpg\" title='Kletterpark-Klippitzt\u00f6rl' alt='' \/><\/div><\/a><a href=\"https:\/\/www.klippitz.at\/sommer\/wp-content\/uploads\/2025\/07\/Kletterpark-31-1030x686.jpg\" data-srcset=\"https:\/\/www.klippitz.at\/sommer\/wp-content\/uploads\/2025\/07\/Kletterpark-31-1030x686.jpg 1030w, https:\/\/www.klippitz.at\/sommer\/wp-content\/uploads\/2025\/07\/Kletterpark-31-300x200.jpg 300w, https:\/\/www.klippitz.at\/sommer\/wp-content\/uploads\/2025\/07\/Kletterpark-31-768x512.jpg 768w, https:\/\/www.klippitz.at\/sommer\/wp-content\/uploads\/2025\/07\/Kletterpark-31-705x470.jpg 705w, https:\/\/www.klippitz.at\/sommer\/wp-content\/uploads\/2025\/07\/Kletterpark-31.jpg 1280w\" data-sizes=\"(max-width: 1030px) 100vw, 1030px\" data-rel='gallery-2' data-prev-img='https:\/\/www.klippitz.at\/sommer\/wp-content\/uploads\/2025\/07\/Kletterpark-31-495x400.jpg' class='lightbox ' data-onclick='20' title='Kletterpark-Klippitzt\u00f6rl'  itemprop=\"thumbnailUrl\"  ><img decoding=\"async\" fetchpriority=\"high\" class=\"wp-image-3597 avia-img-lazy-loading-not-3597\"   src=\"https:\/\/www.klippitz.at\/sommer\/wp-content\/uploads\/2025\/07\/Kletterpark-31-495x400.jpg\" width=\"495\" height=\"400\"  title='Kletterpark-Klippitzt\u00f6rl' alt='' srcset=\"https:\/\/www.klippitz.at\/sommer\/wp-content\/uploads\/2025\/07\/Kletterpark-31-495x400.jpg 495w, https:\/\/www.klippitz.at\/sommer\/wp-content\/uploads\/2025\/07\/Kletterpark-31-845x684.jpg 845w\" sizes=\"(max-width: 495px) 100vw, 495px\" \/><div class='big-prev-fake'><img decoding=\"async\" loading=\"lazy\" class=\"wp-image-3597 avia-img-lazy-loading-3597\"  width=\"495\" height=\"400\" src=\"https:\/\/www.klippitz.at\/sommer\/wp-content\/uploads\/2025\/07\/Kletterpark-31-495x400.jpg\" title='Kletterpark-Klippitzt\u00f6rl' alt='' srcset=\"https:\/\/www.klippitz.at\/sommer\/wp-content\/uploads\/2025\/07\/Kletterpark-31-495x400.jpg 495w, https:\/\/www.klippitz.at\/sommer\/wp-content\/uploads\/2025\/07\/Kletterpark-31-845x684.jpg 845w\" sizes=\"auto, (max-width: 495px) 100vw, 495px\" \/><\/div><\/a><a href=\"https:\/\/www.klippitz.at\/sommer\/wp-content\/uploads\/2025\/07\/Kletterpark-32-687x1030.jpg\" data-srcset=\"https:\/\/www.klippitz.at\/sommer\/wp-content\/uploads\/2025\/07\/Kletterpark-32-687x1030.jpg 687w, https:\/\/www.klippitz.at\/sommer\/wp-content\/uploads\/2025\/07\/Kletterpark-32-200x300.jpg 200w, https:\/\/www.klippitz.at\/sommer\/wp-content\/uploads\/2025\/07\/Kletterpark-32-470x705.jpg 470w, https:\/\/www.klippitz.at\/sommer\/wp-content\/uploads\/2025\/07\/Kletterpark-32.jpg 768w\" data-sizes=\"(max-width: 687px) 100vw, 687px\" data-rel='gallery-2' data-prev-img='https:\/\/www.klippitz.at\/sommer\/wp-content\/uploads\/2025\/07\/Kletterpark-32-495x400.jpg' class='first_thumb lightbox ' data-onclick='21' title='Kletterpark-Klippitzt\u00f6rl'  itemprop=\"thumbnailUrl\"  ><img decoding=\"async\" fetchpriority=\"high\" class=\"wp-image-3598 avia-img-lazy-loading-not-3598\"   src=\"https:\/\/www.klippitz.at\/sommer\/wp-content\/uploads\/2025\/07\/Kletterpark-32-495x400.jpg\" width=\"495\" height=\"400\"  title='Kletterpark-Klippitzt\u00f6rl' alt='' \/><div class='big-prev-fake'><img decoding=\"async\" loading=\"lazy\" class=\"wp-image-3598 avia-img-lazy-loading-3598\"  width=\"495\" height=\"400\" src=\"https:\/\/www.klippitz.at\/sommer\/wp-content\/uploads\/2025\/07\/Kletterpark-32-495x400.jpg\" title='Kletterpark-Klippitzt\u00f6rl' alt='' \/><\/div><\/a><a href=\"https:\/\/www.klippitz.at\/sommer\/wp-content\/uploads\/2025\/07\/Kletterpark-33-687x1030.jpg\" data-srcset=\"https:\/\/www.klippitz.at\/sommer\/wp-content\/uploads\/2025\/07\/Kletterpark-33-687x1030.jpg 687w, https:\/\/www.klippitz.at\/sommer\/wp-content\/uploads\/2025\/07\/Kletterpark-33-200x300.jpg 200w, https:\/\/www.klippitz.at\/sommer\/wp-content\/uploads\/2025\/07\/Kletterpark-33-470x705.jpg 470w, https:\/\/www.klippitz.at\/sommer\/wp-content\/uploads\/2025\/07\/Kletterpark-33.jpg 768w\" data-sizes=\"(max-width: 687px) 100vw, 687px\" data-rel='gallery-2' data-prev-img='https:\/\/www.klippitz.at\/sommer\/wp-content\/uploads\/2025\/07\/Kletterpark-33-495x400.jpg' class='lightbox ' data-onclick='22' title='Kletterpark-Klippitzt\u00f6rl'  itemprop=\"thumbnailUrl\"  ><img decoding=\"async\" fetchpriority=\"high\" class=\"wp-image-3599 avia-img-lazy-loading-not-3599\"   src=\"https:\/\/www.klippitz.at\/sommer\/wp-content\/uploads\/2025\/07\/Kletterpark-33-495x400.jpg\" width=\"495\" height=\"400\"  title='Kletterpark-Klippitzt\u00f6rl' alt='' \/><div class='big-prev-fake'><img decoding=\"async\" loading=\"lazy\" class=\"wp-image-3599 avia-img-lazy-loading-3599\"  width=\"495\" height=\"400\" src=\"https:\/\/www.klippitz.at\/sommer\/wp-content\/uploads\/2025\/07\/Kletterpark-33-495x400.jpg\" title='Kletterpark-Klippitzt\u00f6rl' alt='' \/><\/div><\/a><a href=\"https:\/\/www.klippitz.at\/sommer\/wp-content\/uploads\/2025\/07\/Kletterpark-34-687x1030.jpg\" data-srcset=\"https:\/\/www.klippitz.at\/sommer\/wp-content\/uploads\/2025\/07\/Kletterpark-34-687x1030.jpg 687w, https:\/\/www.klippitz.at\/sommer\/wp-content\/uploads\/2025\/07\/Kletterpark-34-200x300.jpg 200w, https:\/\/www.klippitz.at\/sommer\/wp-content\/uploads\/2025\/07\/Kletterpark-34-470x705.jpg 470w, https:\/\/www.klippitz.at\/sommer\/wp-content\/uploads\/2025\/07\/Kletterpark-34.jpg 768w\" data-sizes=\"(max-width: 687px) 100vw, 687px\" data-rel='gallery-2' data-prev-img='https:\/\/www.klippitz.at\/sommer\/wp-content\/uploads\/2025\/07\/Kletterpark-34-495x400.jpg' class='lightbox ' data-onclick='23' title='Kletterpark-Klippitzt\u00f6rl'  itemprop=\"thumbnailUrl\"  ><img decoding=\"async\" fetchpriority=\"high\" class=\"wp-image-3600 avia-img-lazy-loading-not-3600\"   src=\"https:\/\/www.klippitz.at\/sommer\/wp-content\/uploads\/2025\/07\/Kletterpark-34-495x400.jpg\" width=\"495\" height=\"400\"  title='Kletterpark-Klippitzt\u00f6rl' alt='' \/><div class='big-prev-fake'><img decoding=\"async\" loading=\"lazy\" class=\"wp-image-3600 avia-img-lazy-loading-3600\"  width=\"495\" height=\"400\" src=\"https:\/\/www.klippitz.at\/sommer\/wp-content\/uploads\/2025\/07\/Kletterpark-34-495x400.jpg\" title='Kletterpark-Klippitzt\u00f6rl' alt='' \/><\/div><\/a><a href=\"https:\/\/www.klippitz.at\/sommer\/wp-content\/uploads\/2025\/07\/Kletterpark-35-1030x686.jpg\" data-srcset=\"https:\/\/www.klippitz.at\/sommer\/wp-content\/uploads\/2025\/07\/Kletterpark-35-1030x686.jpg 1030w, https:\/\/www.klippitz.at\/sommer\/wp-content\/uploads\/2025\/07\/Kletterpark-35-300x200.jpg 300w, https:\/\/www.klippitz.at\/sommer\/wp-content\/uploads\/2025\/07\/Kletterpark-35-768x512.jpg 768w, https:\/\/www.klippitz.at\/sommer\/wp-content\/uploads\/2025\/07\/Kletterpark-35-705x470.jpg 705w, https:\/\/www.klippitz.at\/sommer\/wp-content\/uploads\/2025\/07\/Kletterpark-35.jpg 1280w\" data-sizes=\"(max-width: 1030px) 100vw, 1030px\" data-rel='gallery-2' data-prev-img='https:\/\/www.klippitz.at\/sommer\/wp-content\/uploads\/2025\/07\/Kletterpark-35-495x400.jpg' class='lightbox ' data-onclick='24' title='Kletterpark-Klippitzt\u00f6rl'  itemprop=\"thumbnailUrl\"  ><img decoding=\"async\" fetchpriority=\"high\" class=\"wp-image-3601 avia-img-lazy-loading-not-3601\"   src=\"https:\/\/www.klippitz.at\/sommer\/wp-content\/uploads\/2025\/07\/Kletterpark-35-495x400.jpg\" width=\"495\" height=\"400\"  title='Kletterpark-Klippitzt\u00f6rl' alt='' srcset=\"https:\/\/www.klippitz.at\/sommer\/wp-content\/uploads\/2025\/07\/Kletterpark-35-495x400.jpg 495w, https:\/\/www.klippitz.at\/sommer\/wp-content\/uploads\/2025\/07\/Kletterpark-35-845x684.jpg 845w\" sizes=\"(max-width: 495px) 100vw, 495px\" \/><div class='big-prev-fake'><img decoding=\"async\" loading=\"lazy\" class=\"wp-image-3601 avia-img-lazy-loading-3601\"  width=\"495\" height=\"400\" src=\"https:\/\/www.klippitz.at\/sommer\/wp-content\/uploads\/2025\/07\/Kletterpark-35-495x400.jpg\" title='Kletterpark-Klippitzt\u00f6rl' alt='' srcset=\"https:\/\/www.klippitz.at\/sommer\/wp-content\/uploads\/2025\/07\/Kletterpark-35-495x400.jpg 495w, https:\/\/www.klippitz.at\/sommer\/wp-content\/uploads\/2025\/07\/Kletterpark-35-845x684.jpg 845w\" sizes=\"auto, (max-width: 495px) 100vw, 495px\" \/><\/div><\/a><a href=\"https:\/\/www.klippitz.at\/sommer\/wp-content\/uploads\/2025\/07\/Kletterpark-36-687x1030.jpg\" data-srcset=\"https:\/\/www.klippitz.at\/sommer\/wp-content\/uploads\/2025\/07\/Kletterpark-36-687x1030.jpg 687w, https:\/\/www.klippitz.at\/sommer\/wp-content\/uploads\/2025\/07\/Kletterpark-36-200x300.jpg 200w, https:\/\/www.klippitz.at\/sommer\/wp-content\/uploads\/2025\/07\/Kletterpark-36-470x705.jpg 470w, https:\/\/www.klippitz.at\/sommer\/wp-content\/uploads\/2025\/07\/Kletterpark-36.jpg 768w\" data-sizes=\"(max-width: 687px) 100vw, 687px\" data-rel='gallery-2' data-prev-img='https:\/\/www.klippitz.at\/sommer\/wp-content\/uploads\/2025\/07\/Kletterpark-36-495x400.jpg' class='first_thumb lightbox ' data-onclick='25' title='Kletterpark-Klippitzt\u00f6rl'  itemprop=\"thumbnailUrl\"  ><img decoding=\"async\" fetchpriority=\"high\" class=\"wp-image-3602 avia-img-lazy-loading-not-3602\"   src=\"https:\/\/www.klippitz.at\/sommer\/wp-content\/uploads\/2025\/07\/Kletterpark-36-495x400.jpg\" width=\"495\" height=\"400\"  title='Kletterpark-Klippitzt\u00f6rl' alt='' \/><div class='big-prev-fake'><img decoding=\"async\" loading=\"lazy\" class=\"wp-image-3602 avia-img-lazy-loading-3602\"  width=\"495\" height=\"400\" src=\"https:\/\/www.klippitz.at\/sommer\/wp-content\/uploads\/2025\/07\/Kletterpark-36-495x400.jpg\" title='Kletterpark-Klippitzt\u00f6rl' alt='' \/><\/div><\/a><a href=\"https:\/\/www.klippitz.at\/sommer\/wp-content\/uploads\/2025\/07\/Kletterpark-37-687x1030.jpg\" data-srcset=\"https:\/\/www.klippitz.at\/sommer\/wp-content\/uploads\/2025\/07\/Kletterpark-37-687x1030.jpg 687w, https:\/\/www.klippitz.at\/sommer\/wp-content\/uploads\/2025\/07\/Kletterpark-37-200x300.jpg 200w, https:\/\/www.klippitz.at\/sommer\/wp-content\/uploads\/2025\/07\/Kletterpark-37-470x705.jpg 470w, https:\/\/www.klippitz.at\/sommer\/wp-content\/uploads\/2025\/07\/Kletterpark-37.jpg 768w\" data-sizes=\"(max-width: 687px) 100vw, 687px\" data-rel='gallery-2' data-prev-img='https:\/\/www.klippitz.at\/sommer\/wp-content\/uploads\/2025\/07\/Kletterpark-37-495x400.jpg' class='lightbox ' data-onclick='26' title='Kletterpark-Klippitzt\u00f6rl'  itemprop=\"thumbnailUrl\"  ><img decoding=\"async\" fetchpriority=\"high\" class=\"wp-image-3603 avia-img-lazy-loading-not-3603\"   src=\"https:\/\/www.klippitz.at\/sommer\/wp-content\/uploads\/2025\/07\/Kletterpark-37-495x400.jpg\" width=\"495\" height=\"400\"  title='Kletterpark-Klippitzt\u00f6rl' alt='' \/><div class='big-prev-fake'><img decoding=\"async\" loading=\"lazy\" class=\"wp-image-3603 avia-img-lazy-loading-3603\"  width=\"495\" height=\"400\" src=\"https:\/\/www.klippitz.at\/sommer\/wp-content\/uploads\/2025\/07\/Kletterpark-37-495x400.jpg\" title='Kletterpark-Klippitzt\u00f6rl' alt='' \/><\/div><\/a><a href=\"https:\/\/www.klippitz.at\/sommer\/wp-content\/uploads\/2025\/07\/Kletterpark-38-687x1030.jpg\" data-srcset=\"https:\/\/www.klippitz.at\/sommer\/wp-content\/uploads\/2025\/07\/Kletterpark-38-687x1030.jpg 687w, https:\/\/www.klippitz.at\/sommer\/wp-content\/uploads\/2025\/07\/Kletterpark-38-200x300.jpg 200w, https:\/\/www.klippitz.at\/sommer\/wp-content\/uploads\/2025\/07\/Kletterpark-38-470x705.jpg 470w, https:\/\/www.klippitz.at\/sommer\/wp-content\/uploads\/2025\/07\/Kletterpark-38.jpg 768w\" data-sizes=\"(max-width: 687px) 100vw, 687px\" data-rel='gallery-2' data-prev-img='https:\/\/www.klippitz.at\/sommer\/wp-content\/uploads\/2025\/07\/Kletterpark-38-495x400.jpg' class='lightbox ' data-onclick='27' title='Kletterpark-Klippitzt\u00f6rl'  itemprop=\"thumbnailUrl\"  ><img decoding=\"async\" fetchpriority=\"high\" class=\"wp-image-3604 avia-img-lazy-loading-not-3604\"   src=\"https:\/\/www.klippitz.at\/sommer\/wp-content\/uploads\/2025\/07\/Kletterpark-38-495x400.jpg\" width=\"495\" height=\"400\"  title='Kletterpark-Klippitzt\u00f6rl' alt='' \/><div class='big-prev-fake'><img decoding=\"async\" loading=\"lazy\" class=\"wp-image-3604 avia-img-lazy-loading-3604\"  width=\"495\" height=\"400\" src=\"https:\/\/www.klippitz.at\/sommer\/wp-content\/uploads\/2025\/07\/Kletterpark-38-495x400.jpg\" title='Kletterpark-Klippitzt\u00f6rl' alt='' \/><\/div><\/a><a href=\"https:\/\/www.klippitz.at\/sommer\/wp-content\/uploads\/2025\/07\/Kletterpark-40-682x1030.jpg\" data-srcset=\"https:\/\/www.klippitz.at\/sommer\/wp-content\/uploads\/2025\/07\/Kletterpark-40-682x1030.jpg 682w, https:\/\/www.klippitz.at\/sommer\/wp-content\/uploads\/2025\/07\/Kletterpark-40-199x300.jpg 199w, https:\/\/www.klippitz.at\/sommer\/wp-content\/uploads\/2025\/07\/Kletterpark-40-467x705.jpg 467w, https:\/\/www.klippitz.at\/sommer\/wp-content\/uploads\/2025\/07\/Kletterpark-40.jpg 768w\" data-sizes=\"(max-width: 682px) 100vw, 682px\" data-rel='gallery-2' data-prev-img='https:\/\/www.klippitz.at\/sommer\/wp-content\/uploads\/2025\/07\/Kletterpark-40-495x400.jpg' class='lightbox ' data-onclick='28' title='Kletterpark-Klippitzt\u00f6rl'  itemprop=\"thumbnailUrl\"  ><img decoding=\"async\" fetchpriority=\"high\" class=\"wp-image-3605 avia-img-lazy-loading-not-3605\"   src=\"https:\/\/www.klippitz.at\/sommer\/wp-content\/uploads\/2025\/07\/Kletterpark-40-495x400.jpg\" width=\"495\" height=\"400\"  title='Kletterpark-Klippitzt\u00f6rl' alt='' \/><div class='big-prev-fake'><img decoding=\"async\" loading=\"lazy\" class=\"wp-image-3605 avia-img-lazy-loading-3605\"  width=\"495\" height=\"400\" src=\"https:\/\/www.klippitz.at\/sommer\/wp-content\/uploads\/2025\/07\/Kletterpark-40-495x400.jpg\" title='Kletterpark-Klippitzt\u00f6rl' alt='' \/><\/div><\/a><a href=\"https:\/\/www.klippitz.at\/sommer\/wp-content\/uploads\/2025\/07\/Kletterpark-41-1030x682.jpg\" data-srcset=\"https:\/\/www.klippitz.at\/sommer\/wp-content\/uploads\/2025\/07\/Kletterpark-41-1030x682.jpg 1030w, https:\/\/www.klippitz.at\/sommer\/wp-content\/uploads\/2025\/07\/Kletterpark-41-300x199.jpg 300w, https:\/\/www.klippitz.at\/sommer\/wp-content\/uploads\/2025\/07\/Kletterpark-41-768x508.jpg 768w, https:\/\/www.klippitz.at\/sommer\/wp-content\/uploads\/2025\/07\/Kletterpark-41-705x467.jpg 705w, https:\/\/www.klippitz.at\/sommer\/wp-content\/uploads\/2025\/07\/Kletterpark-41.jpg 1280w\" data-sizes=\"(max-width: 1030px) 100vw, 1030px\" data-rel='gallery-2' data-prev-img='https:\/\/www.klippitz.at\/sommer\/wp-content\/uploads\/2025\/07\/Kletterpark-41-495x400.jpg' class='first_thumb lightbox ' data-onclick='29' title='Kletterpark-Klippitzt\u00f6rl'  itemprop=\"thumbnailUrl\"  ><img decoding=\"async\" fetchpriority=\"high\" class=\"wp-image-3606 avia-img-lazy-loading-not-3606\"   src=\"https:\/\/www.klippitz.at\/sommer\/wp-content\/uploads\/2025\/07\/Kletterpark-41-495x400.jpg\" width=\"495\" height=\"400\"  title='Kletterpark-Klippitzt\u00f6rl' alt='' srcset=\"https:\/\/www.klippitz.at\/sommer\/wp-content\/uploads\/2025\/07\/Kletterpark-41-495x400.jpg 495w, https:\/\/www.klippitz.at\/sommer\/wp-content\/uploads\/2025\/07\/Kletterpark-41-845x684.jpg 845w\" sizes=\"(max-width: 495px) 100vw, 495px\" \/><div class='big-prev-fake'><img decoding=\"async\" loading=\"lazy\" class=\"wp-image-3606 avia-img-lazy-loading-3606\"  width=\"495\" height=\"400\" src=\"https:\/\/www.klippitz.at\/sommer\/wp-content\/uploads\/2025\/07\/Kletterpark-41-495x400.jpg\" title='Kletterpark-Klippitzt\u00f6rl' alt='' srcset=\"https:\/\/www.klippitz.at\/sommer\/wp-content\/uploads\/2025\/07\/Kletterpark-41-495x400.jpg 495w, https:\/\/www.klippitz.at\/sommer\/wp-content\/uploads\/2025\/07\/Kletterpark-41-845x684.jpg 845w\" sizes=\"auto, (max-width: 495px) 100vw, 495px\" \/><\/div><\/a><a href=\"https:\/\/www.klippitz.at\/sommer\/wp-content\/uploads\/2025\/07\/Kletterpark-42-695x1030.jpg\" data-srcset=\"https:\/\/www.klippitz.at\/sommer\/wp-content\/uploads\/2025\/07\/Kletterpark-42-695x1030.jpg 695w, https:\/\/www.klippitz.at\/sommer\/wp-content\/uploads\/2025\/07\/Kletterpark-42-202x300.jpg 202w, https:\/\/www.klippitz.at\/sommer\/wp-content\/uploads\/2025\/07\/Kletterpark-42-475x705.jpg 475w, https:\/\/www.klippitz.at\/sommer\/wp-content\/uploads\/2025\/07\/Kletterpark-42.jpg 768w\" data-sizes=\"(max-width: 695px) 100vw, 695px\" data-rel='gallery-2' data-prev-img='https:\/\/www.klippitz.at\/sommer\/wp-content\/uploads\/2025\/07\/Kletterpark-42-495x400.jpg' class='lightbox ' data-onclick='30' title='Kletterpark-Klippitzt\u00f6rl'  itemprop=\"thumbnailUrl\"  ><img decoding=\"async\" fetchpriority=\"high\" class=\"wp-image-3607 avia-img-lazy-loading-not-3607\"   src=\"https:\/\/www.klippitz.at\/sommer\/wp-content\/uploads\/2025\/07\/Kletterpark-42-495x400.jpg\" width=\"495\" height=\"400\"  title='Kletterpark-Klippitzt\u00f6rl' alt='' \/><div class='big-prev-fake'><img decoding=\"async\" loading=\"lazy\" class=\"wp-image-3607 avia-img-lazy-loading-3607\"  width=\"495\" height=\"400\" src=\"https:\/\/www.klippitz.at\/sommer\/wp-content\/uploads\/2025\/07\/Kletterpark-42-495x400.jpg\" title='Kletterpark-Klippitzt\u00f6rl' alt='' \/><\/div><\/a><a href=\"https:\/\/www.klippitz.at\/sommer\/wp-content\/uploads\/2025\/07\/Kletterpark-43-695x1030.jpg\" data-srcset=\"https:\/\/www.klippitz.at\/sommer\/wp-content\/uploads\/2025\/07\/Kletterpark-43-695x1030.jpg 695w, https:\/\/www.klippitz.at\/sommer\/wp-content\/uploads\/2025\/07\/Kletterpark-43-202x300.jpg 202w, https:\/\/www.klippitz.at\/sommer\/wp-content\/uploads\/2025\/07\/Kletterpark-43-476x705.jpg 476w, https:\/\/www.klippitz.at\/sommer\/wp-content\/uploads\/2025\/07\/Kletterpark-43.jpg 768w\" data-sizes=\"(max-width: 695px) 100vw, 695px\" data-rel='gallery-2' data-prev-img='https:\/\/www.klippitz.at\/sommer\/wp-content\/uploads\/2025\/07\/Kletterpark-43-495x400.jpg' class='lightbox ' data-onclick='31' title='Kletterpark-Klippitzt\u00f6rl'  itemprop=\"thumbnailUrl\"  ><img decoding=\"async\" fetchpriority=\"high\" class=\"wp-image-3608 avia-img-lazy-loading-not-3608\"   src=\"https:\/\/www.klippitz.at\/sommer\/wp-content\/uploads\/2025\/07\/Kletterpark-43-495x400.jpg\" width=\"495\" height=\"400\"  title='Kletterpark-Klippitzt\u00f6rl' alt='' \/><div class='big-prev-fake'><img decoding=\"async\" loading=\"lazy\" class=\"wp-image-3608 avia-img-lazy-loading-3608\"  width=\"495\" height=\"400\" src=\"https:\/\/www.klippitz.at\/sommer\/wp-content\/uploads\/2025\/07\/Kletterpark-43-495x400.jpg\" title='Kletterpark-Klippitzt\u00f6rl' alt='' \/><\/div><\/a><a href=\"https:\/\/www.klippitz.at\/sommer\/wp-content\/uploads\/2025\/07\/Kletterpark-44-661x1030.jpg\" data-srcset=\"https:\/\/www.klippitz.at\/sommer\/wp-content\/uploads\/2025\/07\/Kletterpark-44-661x1030.jpg 661w, https:\/\/www.klippitz.at\/sommer\/wp-content\/uploads\/2025\/07\/Kletterpark-44-192x300.jpg 192w, https:\/\/www.klippitz.at\/sommer\/wp-content\/uploads\/2025\/07\/Kletterpark-44-452x705.jpg 452w, https:\/\/www.klippitz.at\/sommer\/wp-content\/uploads\/2025\/07\/Kletterpark-44.jpg 768w\" data-sizes=\"(max-width: 661px) 100vw, 661px\" data-rel='gallery-2' data-prev-img='https:\/\/www.klippitz.at\/sommer\/wp-content\/uploads\/2025\/07\/Kletterpark-44-495x400.jpg' class='lightbox ' data-onclick='32' title='Kletterpark-Klippitzt\u00f6rl'  itemprop=\"thumbnailUrl\"  ><img decoding=\"async\" fetchpriority=\"high\" class=\"wp-image-3609 avia-img-lazy-loading-not-3609\"   src=\"https:\/\/www.klippitz.at\/sommer\/wp-content\/uploads\/2025\/07\/Kletterpark-44-495x400.jpg\" width=\"495\" height=\"400\"  title='Kletterpark-Klippitzt\u00f6rl' alt='' \/><div class='big-prev-fake'><img decoding=\"async\" loading=\"lazy\" class=\"wp-image-3609 avia-img-lazy-loading-3609\"  width=\"495\" height=\"400\" src=\"https:\/\/www.klippitz.at\/sommer\/wp-content\/uploads\/2025\/07\/Kletterpark-44-495x400.jpg\" title='Kletterpark-Klippitzt\u00f6rl' alt='' \/><\/div><\/a><a href=\"https:\/\/www.klippitz.at\/sommer\/wp-content\/uploads\/2025\/07\/Kletterpark-45-739x1030.jpg\" data-srcset=\"https:\/\/www.klippitz.at\/sommer\/wp-content\/uploads\/2025\/07\/Kletterpark-45-739x1030.jpg 739w, https:\/\/www.klippitz.at\/sommer\/wp-content\/uploads\/2025\/07\/Kletterpark-45-215x300.jpg 215w, https:\/\/www.klippitz.at\/sommer\/wp-content\/uploads\/2025\/07\/Kletterpark-45-506x705.jpg 506w, https:\/\/www.klippitz.at\/sommer\/wp-content\/uploads\/2025\/07\/Kletterpark-45.jpg 768w\" data-sizes=\"(max-width: 739px) 100vw, 739px\" data-rel='gallery-2' data-prev-img='https:\/\/www.klippitz.at\/sommer\/wp-content\/uploads\/2025\/07\/Kletterpark-45-495x400.jpg' class='first_thumb lightbox ' data-onclick='33' title='Kletterpark-Klippitzt\u00f6rl'  itemprop=\"thumbnailUrl\"  ><img decoding=\"async\" fetchpriority=\"high\" class=\"wp-image-3610 avia-img-lazy-loading-not-3610\"   src=\"https:\/\/www.klippitz.at\/sommer\/wp-content\/uploads\/2025\/07\/Kletterpark-45-495x400.jpg\" width=\"495\" height=\"400\"  title='Kletterpark-Klippitzt\u00f6rl' alt='' \/><div class='big-prev-fake'><img decoding=\"async\" loading=\"lazy\" class=\"wp-image-3610 avia-img-lazy-loading-3610\"  width=\"495\" height=\"400\" src=\"https:\/\/www.klippitz.at\/sommer\/wp-content\/uploads\/2025\/07\/Kletterpark-45-495x400.jpg\" title='Kletterpark-Klippitzt\u00f6rl' alt='' \/><\/div><\/a><a href=\"https:\/\/www.klippitz.at\/sommer\/wp-content\/uploads\/2025\/07\/Kletterpark-46-695x1030.jpg\" data-srcset=\"https:\/\/www.klippitz.at\/sommer\/wp-content\/uploads\/2025\/07\/Kletterpark-46-695x1030.jpg 695w, https:\/\/www.klippitz.at\/sommer\/wp-content\/uploads\/2025\/07\/Kletterpark-46-202x300.jpg 202w, https:\/\/www.klippitz.at\/sommer\/wp-content\/uploads\/2025\/07\/Kletterpark-46-476x705.jpg 476w, https:\/\/www.klippitz.at\/sommer\/wp-content\/uploads\/2025\/07\/Kletterpark-46.jpg 768w\" data-sizes=\"(max-width: 695px) 100vw, 695px\" data-rel='gallery-2' data-prev-img='https:\/\/www.klippitz.at\/sommer\/wp-content\/uploads\/2025\/07\/Kletterpark-46-495x400.jpg' class='lightbox ' data-onclick='34' title='Kletterpark-Klippitzt\u00f6rl'  itemprop=\"thumbnailUrl\"  ><img decoding=\"async\" fetchpriority=\"high\" class=\"wp-image-3611 avia-img-lazy-loading-not-3611\"   src=\"https:\/\/www.klippitz.at\/sommer\/wp-content\/uploads\/2025\/07\/Kletterpark-46-495x400.jpg\" width=\"495\" height=\"400\"  title='Kletterpark-Klippitzt\u00f6rl' alt='' \/><div class='big-prev-fake'><img decoding=\"async\" loading=\"lazy\" class=\"wp-image-3611 avia-img-lazy-loading-3611\"  width=\"495\" height=\"400\" src=\"https:\/\/www.klippitz.at\/sommer\/wp-content\/uploads\/2025\/07\/Kletterpark-46-495x400.jpg\" title='Kletterpark-Klippitzt\u00f6rl' alt='' \/><\/div><\/a><a href=\"https:\/\/www.klippitz.at\/sommer\/wp-content\/uploads\/2025\/07\/Kletterpark-48-680x1030.jpg\" data-srcset=\"https:\/\/www.klippitz.at\/sommer\/wp-content\/uploads\/2025\/07\/Kletterpark-48-680x1030.jpg 680w, https:\/\/www.klippitz.at\/sommer\/wp-content\/uploads\/2025\/07\/Kletterpark-48-198x300.jpg 198w, https:\/\/www.klippitz.at\/sommer\/wp-content\/uploads\/2025\/07\/Kletterpark-48-466x705.jpg 466w, https:\/\/www.klippitz.at\/sommer\/wp-content\/uploads\/2025\/07\/Kletterpark-48.jpg 768w\" data-sizes=\"(max-width: 680px) 100vw, 680px\" data-rel='gallery-2' data-prev-img='https:\/\/www.klippitz.at\/sommer\/wp-content\/uploads\/2025\/07\/Kletterpark-48-495x400.jpg' class='lightbox ' data-onclick='35' title='Kletterpark-Klippitzt\u00f6rl'  itemprop=\"thumbnailUrl\"  ><img decoding=\"async\" fetchpriority=\"high\" class=\"wp-image-3612 avia-img-lazy-loading-not-3612\"   src=\"https:\/\/www.klippitz.at\/sommer\/wp-content\/uploads\/2025\/07\/Kletterpark-48-495x400.jpg\" width=\"495\" height=\"400\"  title='Kletterpark-Klippitzt\u00f6rl' alt='' \/><div class='big-prev-fake'><img decoding=\"async\" loading=\"lazy\" class=\"wp-image-3612 avia-img-lazy-loading-3612\"  width=\"495\" height=\"400\" src=\"https:\/\/www.klippitz.at\/sommer\/wp-content\/uploads\/2025\/07\/Kletterpark-48-495x400.jpg\" title='Kletterpark-Klippitzt\u00f6rl' alt='' \/><\/div><\/a><a href=\"https:\/\/www.klippitz.at\/sommer\/wp-content\/uploads\/2025\/07\/Kletterpark-50-1030x716.jpg\" data-srcset=\"https:\/\/www.klippitz.at\/sommer\/wp-content\/uploads\/2025\/07\/Kletterpark-50-1030x716.jpg 1030w, https:\/\/www.klippitz.at\/sommer\/wp-content\/uploads\/2025\/07\/Kletterpark-50-300x209.jpg 300w, https:\/\/www.klippitz.at\/sommer\/wp-content\/uploads\/2025\/07\/Kletterpark-50-768x534.jpg 768w, https:\/\/www.klippitz.at\/sommer\/wp-content\/uploads\/2025\/07\/Kletterpark-50-705x490.jpg 705w, https:\/\/www.klippitz.at\/sommer\/wp-content\/uploads\/2025\/07\/Kletterpark-50.jpg 1280w\" data-sizes=\"(max-width: 1030px) 100vw, 1030px\" data-rel='gallery-2' data-prev-img='https:\/\/www.klippitz.at\/sommer\/wp-content\/uploads\/2025\/07\/Kletterpark-50-495x400.jpg' class='lightbox ' data-onclick='36' title='Kletterpark-Klippitzt\u00f6rl'  itemprop=\"thumbnailUrl\"  ><img decoding=\"async\" fetchpriority=\"high\" class=\"wp-image-3613 avia-img-lazy-loading-not-3613\"   src=\"https:\/\/www.klippitz.at\/sommer\/wp-content\/uploads\/2025\/07\/Kletterpark-50-495x400.jpg\" width=\"495\" height=\"400\"  title='Kletterpark-Klippitzt\u00f6rl' alt='' srcset=\"https:\/\/www.klippitz.at\/sommer\/wp-content\/uploads\/2025\/07\/Kletterpark-50-495x400.jpg 495w, https:\/\/www.klippitz.at\/sommer\/wp-content\/uploads\/2025\/07\/Kletterpark-50-845x684.jpg 845w\" sizes=\"(max-width: 495px) 100vw, 495px\" \/><div class='big-prev-fake'><img decoding=\"async\" loading=\"lazy\" class=\"wp-image-3613 avia-img-lazy-loading-3613\"  width=\"495\" height=\"400\" src=\"https:\/\/www.klippitz.at\/sommer\/wp-content\/uploads\/2025\/07\/Kletterpark-50-495x400.jpg\" title='Kletterpark-Klippitzt\u00f6rl' alt='' srcset=\"https:\/\/www.klippitz.at\/sommer\/wp-content\/uploads\/2025\/07\/Kletterpark-50-495x400.jpg 495w, https:\/\/www.klippitz.at\/sommer\/wp-content\/uploads\/2025\/07\/Kletterpark-50-845x684.jpg 845w\" sizes=\"auto, (max-width: 495px) 100vw, 495px\" \/><\/div><\/a><\/div><\/div><br \/>\n<section  class='av_textblock_section av-l77ryx1l-1bb5dec73368fb753efe248893d5b341 '   itemscope=\"itemscope\" itemtype=\"https:\/\/schema.org\/CreativeWork\" ><div class='avia_textblock'  itemprop=\"text\" ><p><a href=\"https:\/\/youtu.be\/DbLZ2qvRk4o\" target=\"_blank\" rel=\"noopener\">zum Youtube Video<\/a><\/p>\n<\/div><\/section><\/p><\/div><\/p>\n\n<style type=\"text\/css\" data-created_by=\"avia_inline_auto\" id=\"style-css-av-95q7h-3d583ac294f8d77ae653d18145fd409a\">\n.flex_column.av-95q7h-3d583ac294f8d77ae653d18145fd409a{\nborder-radius:0px 0px 0px 0px;\npadding:0px 0px 0px 0px;\n}\n<\/style>\n<div  class='flex_column av-95q7h-3d583ac294f8d77ae653d18145fd409a av_one_half  avia-builder-el-26  el_after_av_one_half  el_before_av_one_half  first flex_column_div av-zero-column-padding  column-top-margin'     ><section  class='av_textblock_section av-93fcf-0e5789009ec53c8218d11c81df4c96b9 '   itemscope=\"itemscope\" itemtype=\"https:\/\/schema.org\/CreativeWork\" ><div class='avia_textblock av_inherit_color'  itemprop=\"text\" ><h2>Kiddy-Park f\u00fcr Kinder ab einer Mindestgr\u00f6\u00dfe von 120 cm und nur in Begleitung eines Erwachsenen.<\/h2>\n<p>Es gelten die Kinderpreise des Klettergartens, es kann pro Kind mit einer Karte bis zu 3x direkt aufeinanderfolgend geklettert werden. Im Park gibt es Baumelemente, H\u00e4ngebr\u00fccken und Flying Foxes &#8211;<\/p>\n<h3>also ein Abenteuer f\u00fcr die Kleinen &#8211; altersgerechter Nervenkitzel.<\/h3>\n<\/div><\/section><br \/>\n\n<style type=\"text\/css\" data-created_by=\"avia_inline_auto\" id=\"style-css-av-90sjx-d65b91a155b5ca0ec6344ef6ba43898a\">\n#top .hr.hr-invisible.av-90sjx-d65b91a155b5ca0ec6344ef6ba43898a{\nheight:20px;\n}\n<\/style>\n<div  class='hr av-90sjx-d65b91a155b5ca0ec6344ef6ba43898a hr-invisible  avia-builder-el-28  el_after_av_textblock  el_before_av_button '><span class='hr-inner '><span class=\"hr-inner-style\"><\/span><\/span><\/div><br \/>\n<div  class='avia-button-wrap av-8xtkt-f502f2833d06aa502ef4b41034a4fdbd-wrap avia-button-left  avia-builder-el-29  el_after_av_hr  el_before_av_hr '><a href='\/sommer\/#preisliste'  class='avia-button av-8xtkt-f502f2833d06aa502ef4b41034a4fdbd av-link-btn avia-icon_select-yes-left-icon avia-size-x-large avia-position-left avia-color-theme-color'   aria-label=\"Zu den Preisen\"><span class='avia_button_icon avia_button_icon_left avia-iconfont avia-font-entypo-fontello' data-av_icon='\ue827' data-av_iconfont='entypo-fontello' ><\/span><span class='avia_iconbox_title' >Zu den Preisen<\/span><\/a><\/div><br \/>\n\n<style type=\"text\/css\" data-created_by=\"avia_inline_auto\" id=\"style-css-av-8w90f-6dd665b5039229999fa87202cf6f0c2b\">\n#top .hr.hr-invisible.av-8w90f-6dd665b5039229999fa87202cf6f0c2b{\nheight:20px;\n}\n<\/style>\n<div  class='hr av-8w90f-6dd665b5039229999fa87202cf6f0c2b hr-invisible  avia-builder-el-30  el_after_av_button  avia-builder-el-last '><span class='hr-inner '><span class=\"hr-inner-style\"><\/span><\/span><\/div><\/p><\/div>\n<style type=\"text\/css\" data-created_by=\"avia_inline_auto\" id=\"style-css-av-vvn9-6d9ebadcb9fef7221c2e346503c4393f\">\n.flex_column.av-vvn9-6d9ebadcb9fef7221c2e346503c4393f{\nborder-radius:0px 0px 0px 0px;\npadding:0px 0px 0px 0px;\n}\n<\/style>\n<div  class='flex_column av-vvn9-6d9ebadcb9fef7221c2e346503c4393f av_one_half  avia-builder-el-31  el_after_av_one_half  el_before_av_image  flex_column_div av-zero-column-padding  column-top-margin'     ><style type=\"text\/css\" data-created_by=\"avia_inline_auto\" id=\"style-css-av-8rrwz-ea23a571daf5ea190ac79c51daae1728\">\n#top .avia-gallery.av-8rrwz-ea23a571daf5ea190ac79c51daae1728 .avia-gallery-thumb a{\nwidth:25%;\n}\n<\/style>\n<div  class='avia-gallery av-8rrwz-ea23a571daf5ea190ac79c51daae1728 avia_animate_when_visible  avia-builder-el-32  avia-builder-el-no-sibling  deactivate_avia_lazyload avia-gallery-animate avia-gallery-3'  itemprop=\"image\" itemscope=\"itemscope\" itemtype=\"https:\/\/schema.org\/ImageObject\" ><meta itemprop=\"contentURL\" content=\"https:\/\/www.klippitz.at\/sommer\/\"><div class='avia-gallery-thumb'><a href=\"https:\/\/www.klippitz.at\/sommer\/wp-content\/uploads\/2025\/07\/Kletterpark-4-1-1030x709.jpg\" data-srcset=\"https:\/\/www.klippitz.at\/sommer\/wp-content\/uploads\/2025\/07\/Kletterpark-4-1-1030x709.jpg 1030w, https:\/\/www.klippitz.at\/sommer\/wp-content\/uploads\/2025\/07\/Kletterpark-4-1-300x206.jpg 300w, https:\/\/www.klippitz.at\/sommer\/wp-content\/uploads\/2025\/07\/Kletterpark-4-1-768x529.jpg 768w, https:\/\/www.klippitz.at\/sommer\/wp-content\/uploads\/2025\/07\/Kletterpark-4-1-705x485.jpg 705w, https:\/\/www.klippitz.at\/sommer\/wp-content\/uploads\/2025\/07\/Kletterpark-4-1.jpg 1280w\" data-sizes=\"(max-width: 1030px) 100vw, 1030px\" data-rel='gallery-3' data-prev-img='https:\/\/www.klippitz.at\/sommer\/wp-content\/uploads\/2025\/07\/Kletterpark-4-1-495x400.jpg' class='first_thumb lightbox ' data-onclick='1' title='Kletterpark-Klippitzt\u00f6rl'  itemprop=\"thumbnailUrl\"  ><img decoding=\"async\" fetchpriority=\"high\" class=\"wp-image-3689 avia-img-lazy-loading-not-3689\"   src=\"https:\/\/www.klippitz.at\/sommer\/wp-content\/uploads\/2025\/07\/Kletterpark-4-1-495x400.jpg\" width=\"495\" height=\"400\"  title='Kletterpark-Klippitzt\u00f6rl' alt='' srcset=\"https:\/\/www.klippitz.at\/sommer\/wp-content\/uploads\/2025\/07\/Kletterpark-4-1-495x400.jpg 495w, https:\/\/www.klippitz.at\/sommer\/wp-content\/uploads\/2025\/07\/Kletterpark-4-1-845x684.jpg 845w\" sizes=\"(max-width: 495px) 100vw, 495px\" \/><div class='big-prev-fake'><img decoding=\"async\" loading=\"lazy\" class=\"wp-image-3689 avia-img-lazy-loading-3689\"  width=\"495\" height=\"400\" src=\"https:\/\/www.klippitz.at\/sommer\/wp-content\/uploads\/2025\/07\/Kletterpark-4-1-495x400.jpg\" title='Kletterpark-Klippitzt\u00f6rl' alt='' srcset=\"https:\/\/www.klippitz.at\/sommer\/wp-content\/uploads\/2025\/07\/Kletterpark-4-1-495x400.jpg 495w, https:\/\/www.klippitz.at\/sommer\/wp-content\/uploads\/2025\/07\/Kletterpark-4-1-845x684.jpg 845w\" sizes=\"auto, (max-width: 495px) 100vw, 495px\" \/><\/div><\/a><a href=\"https:\/\/www.klippitz.at\/sommer\/wp-content\/uploads\/2025\/07\/Kletterpark-7-1-1030x754.jpg\" data-srcset=\"https:\/\/www.klippitz.at\/sommer\/wp-content\/uploads\/2025\/07\/Kletterpark-7-1-1030x754.jpg 1030w, https:\/\/www.klippitz.at\/sommer\/wp-content\/uploads\/2025\/07\/Kletterpark-7-1-300x220.jpg 300w, https:\/\/www.klippitz.at\/sommer\/wp-content\/uploads\/2025\/07\/Kletterpark-7-1-768x562.jpg 768w, https:\/\/www.klippitz.at\/sommer\/wp-content\/uploads\/2025\/07\/Kletterpark-7-1-705x516.jpg 705w, https:\/\/www.klippitz.at\/sommer\/wp-content\/uploads\/2025\/07\/Kletterpark-7-1.jpg 1280w\" data-sizes=\"(max-width: 1030px) 100vw, 1030px\" data-rel='gallery-3' data-prev-img='https:\/\/www.klippitz.at\/sommer\/wp-content\/uploads\/2025\/07\/Kletterpark-7-1-495x400.jpg' class='lightbox ' data-onclick='2' title='Kletterpark-Klippitzt\u00f6rl'  itemprop=\"thumbnailUrl\"  ><img decoding=\"async\" fetchpriority=\"high\" class=\"wp-image-3690 avia-img-lazy-loading-not-3690\"   src=\"https:\/\/www.klippitz.at\/sommer\/wp-content\/uploads\/2025\/07\/Kletterpark-7-1-495x400.jpg\" width=\"495\" height=\"400\"  title='Kletterpark-Klippitzt\u00f6rl' alt='' srcset=\"https:\/\/www.klippitz.at\/sommer\/wp-content\/uploads\/2025\/07\/Kletterpark-7-1-495x400.jpg 495w, https:\/\/www.klippitz.at\/sommer\/wp-content\/uploads\/2025\/07\/Kletterpark-7-1-845x684.jpg 845w\" sizes=\"(max-width: 495px) 100vw, 495px\" \/><div class='big-prev-fake'><img decoding=\"async\" loading=\"lazy\" class=\"wp-image-3690 avia-img-lazy-loading-3690\"  width=\"495\" height=\"400\" src=\"https:\/\/www.klippitz.at\/sommer\/wp-content\/uploads\/2025\/07\/Kletterpark-7-1-495x400.jpg\" title='Kletterpark-Klippitzt\u00f6rl' alt='' srcset=\"https:\/\/www.klippitz.at\/sommer\/wp-content\/uploads\/2025\/07\/Kletterpark-7-1-495x400.jpg 495w, https:\/\/www.klippitz.at\/sommer\/wp-content\/uploads\/2025\/07\/Kletterpark-7-1-845x684.jpg 845w\" sizes=\"auto, (max-width: 495px) 100vw, 495px\" \/><\/div><\/a><a href=\"https:\/\/www.klippitz.at\/sommer\/wp-content\/uploads\/2025\/07\/Kletterpark-48-1-680x1030.jpg\" data-srcset=\"https:\/\/www.klippitz.at\/sommer\/wp-content\/uploads\/2025\/07\/Kletterpark-48-1-680x1030.jpg 680w, https:\/\/www.klippitz.at\/sommer\/wp-content\/uploads\/2025\/07\/Kletterpark-48-1-198x300.jpg 198w, https:\/\/www.klippitz.at\/sommer\/wp-content\/uploads\/2025\/07\/Kletterpark-48-1-466x705.jpg 466w, https:\/\/www.klippitz.at\/sommer\/wp-content\/uploads\/2025\/07\/Kletterpark-48-1.jpg 768w\" data-sizes=\"(max-width: 680px) 100vw, 680px\" data-rel='gallery-3' data-prev-img='https:\/\/www.klippitz.at\/sommer\/wp-content\/uploads\/2025\/07\/Kletterpark-48-1-495x400.jpg' class='lightbox ' data-onclick='3' title='Kletterpark-Klippitzt\u00f6rl'  itemprop=\"thumbnailUrl\"  ><img decoding=\"async\" fetchpriority=\"high\" class=\"wp-image-3691 avia-img-lazy-loading-not-3691\"   src=\"https:\/\/www.klippitz.at\/sommer\/wp-content\/uploads\/2025\/07\/Kletterpark-48-1-495x400.jpg\" width=\"495\" height=\"400\"  title='Kletterpark-Klippitzt\u00f6rl' alt='' \/><div class='big-prev-fake'><img decoding=\"async\" loading=\"lazy\" class=\"wp-image-3691 avia-img-lazy-loading-3691\"  width=\"495\" height=\"400\" src=\"https:\/\/www.klippitz.at\/sommer\/wp-content\/uploads\/2025\/07\/Kletterpark-48-1-495x400.jpg\" title='Kletterpark-Klippitzt\u00f6rl' alt='' \/><\/div><\/a><a href=\"https:\/\/www.klippitz.at\/sommer\/wp-content\/uploads\/2025\/07\/Kletterpark-50-1-1030x716.jpg\" data-srcset=\"https:\/\/www.klippitz.at\/sommer\/wp-content\/uploads\/2025\/07\/Kletterpark-50-1-1030x716.jpg 1030w, https:\/\/www.klippitz.at\/sommer\/wp-content\/uploads\/2025\/07\/Kletterpark-50-1-300x209.jpg 300w, https:\/\/www.klippitz.at\/sommer\/wp-content\/uploads\/2025\/07\/Kletterpark-50-1-768x534.jpg 768w, https:\/\/www.klippitz.at\/sommer\/wp-content\/uploads\/2025\/07\/Kletterpark-50-1-705x490.jpg 705w, https:\/\/www.klippitz.at\/sommer\/wp-content\/uploads\/2025\/07\/Kletterpark-50-1.jpg 1280w\" data-sizes=\"(max-width: 1030px) 100vw, 1030px\" data-rel='gallery-3' data-prev-img='https:\/\/www.klippitz.at\/sommer\/wp-content\/uploads\/2025\/07\/Kletterpark-50-1-495x400.jpg' class='lightbox ' data-onclick='4' title='Kletterpark-Klippitzt\u00f6rl'  itemprop=\"thumbnailUrl\"  ><img decoding=\"async\" fetchpriority=\"high\" class=\"wp-image-3692 avia-img-lazy-loading-not-3692\"   src=\"https:\/\/www.klippitz.at\/sommer\/wp-content\/uploads\/2025\/07\/Kletterpark-50-1-495x400.jpg\" width=\"495\" height=\"400\"  title='Kletterpark-Klippitzt\u00f6rl' alt='' srcset=\"https:\/\/www.klippitz.at\/sommer\/wp-content\/uploads\/2025\/07\/Kletterpark-50-1-495x400.jpg 495w, https:\/\/www.klippitz.at\/sommer\/wp-content\/uploads\/2025\/07\/Kletterpark-50-1-845x684.jpg 845w\" sizes=\"(max-width: 495px) 100vw, 495px\" \/><div class='big-prev-fake'><img decoding=\"async\" loading=\"lazy\" class=\"wp-image-3692 avia-img-lazy-loading-3692\"  width=\"495\" height=\"400\" src=\"https:\/\/www.klippitz.at\/sommer\/wp-content\/uploads\/2025\/07\/Kletterpark-50-1-495x400.jpg\" title='Kletterpark-Klippitzt\u00f6rl' alt='' srcset=\"https:\/\/www.klippitz.at\/sommer\/wp-content\/uploads\/2025\/07\/Kletterpark-50-1-495x400.jpg 495w, https:\/\/www.klippitz.at\/sommer\/wp-content\/uploads\/2025\/07\/Kletterpark-50-1-845x684.jpg 845w\" sizes=\"auto, (max-width: 495px) 100vw, 495px\" \/><\/div><\/a><\/div><\/div><\/div>\n<style type=\"text\/css\" data-created_by=\"avia_inline_auto\" id=\"style-css-av-me6sy4ns-e45afa2a754802e13940e316cd4a1bf6\">\n.avia-image-container.av-me6sy4ns-e45afa2a754802e13940e316cd4a1bf6 img.avia_image{\nbox-shadow:none;\n}\n.avia-image-container.av-me6sy4ns-e45afa2a754802e13940e316cd4a1bf6 .av-image-caption-overlay-center{\ncolor:#ffffff;\n}\n<\/style>\n<div  class='avia-image-container av-me6sy4ns-e45afa2a754802e13940e316cd4a1bf6 av-styling- avia-align-center  avia-builder-el-33  el_after_av_one_half  el_before_av_hr '   itemprop=\"image\" itemscope=\"itemscope\" itemtype=\"https:\/\/schema.org\/ImageObject\" ><div class=\"avia-image-container-inner\"><div class=\"avia-image-overlay-wrap\"><img decoding=\"async\" fetchpriority=\"high\" class='wp-image-3740 avia-img-lazy-loading-not-3740 avia_image ' src=\"https:\/\/www.klippitz.at\/sommer\/wp-content\/uploads\/2025\/08\/Logoleiste-BMLUK.gif\" alt='' title='Land K\u00e4rnten'  height=\"219\" width=\"1280\"  itemprop=\"thumbnailUrl\"  \/><\/div><\/div><\/div><\/p>\n\n<style type=\"text\/css\" data-created_by=\"avia_inline_auto\" id=\"style-css-av-8n32x-e3860cc454d74b21e006b0835ad46621\">\n#top .hr.hr-invisible.av-8n32x-e3860cc454d74b21e006b0835ad46621{\nheight:15px;\n}\n<\/style>\n<div  class='hr av-8n32x-e3860cc454d74b21e006b0835ad46621 hr-invisible  avia-builder-el-34  el_after_av_image  el_before_av_image '><span class='hr-inner '><span class=\"hr-inner-style\"><\/span><\/span><\/div>\n\n<style type=\"text\/css\" data-created_by=\"avia_inline_auto\" id=\"style-css-av-8mftf-c598eee863616804c0d71d7a78992c10\">\n.avia-image-container.av-8mftf-c598eee863616804c0d71d7a78992c10 img.avia_image{\nbox-shadow:none;\n}\n.avia-image-container.av-8mftf-c598eee863616804c0d71d7a78992c10 .av-image-caption-overlay-center{\ncolor:#ffffff;\n}\n<\/style>\n<div  class='avia-image-container av-8mftf-c598eee863616804c0d71d7a78992c10 av-styling- av-img-linked avia_animated_image av-animated-when-visible-95 top-to-bottom avia-align-center  avia-builder-el-35  el_after_av_hr  el_before_av_section  avia-builder-el-last '   itemprop=\"image\" itemscope=\"itemscope\" itemtype=\"https:\/\/schema.org\/ImageObject\" ><div class=\"avia-image-container-inner\"><div class=\"avia-image-overlay-wrap\"><a href=\"#top\" class='avia_image '  aria-label='erlebnis-am-berg-300'><img decoding=\"async\" fetchpriority=\"high\" class='wp-image-1008 avia-img-lazy-loading-not-1008 avia_image ' src=\"https:\/\/www.klippitz.at\/sommer\/wp-content\/uploads\/2015\/02\/erlebnis-am-berg-3002.png\" alt='' title='erlebnis-am-berg-300'  height=\"72\" width=\"300\"  itemprop=\"thumbnailUrl\"  \/><\/a><\/div><\/div><\/div>\n<\/div><\/div><\/div><!-- close content main div --><\/div><\/div>\n<style type=\"text\/css\" data-created_by=\"avia_inline_auto\" id=\"style-css-av-8jjvr-658665685fcaed78e2272d325cc8250c\">\n.avia-section.av-8jjvr-658665685fcaed78e2272d325cc8250c{\nbackground-repeat:no-repeat;\nbackground-image:url(https:\/\/www.klippitz.at\/sommer\/wp-content\/uploads\/2025\/07\/Gipfelkreuz-Header.jpg);\nbackground-position:50% 50%;\nbackground-attachment:scroll;\n}\n<\/style>\n<div id='familienalm'  class='avia-section av-8jjvr-658665685fcaed78e2272d325cc8250c main_color avia-section-default avia-no-shadow  avia-builder-el-36  el_after_av_image  el_before_av_one_half  avia-full-stretch avia-bg-style-scroll av-minimum-height av-minimum-height-custom av-height-custom  container_wrap sidebar_right'  data-section-bg-repeat='stretch' data-av_minimum_height_px='700'><div class='container av-section-cont-open' style='height:700px'><div class='template-page content  av-content-small alpha units'><div class='post-entry post-entry-type-page post-entry-9'><div class='entry-content-wrapper clearfix'>\n\n<style type=\"text\/css\" data-created_by=\"avia_inline_auto\" id=\"style-css-av-8gysd-8929a973bdc77de54fc871b20c0f7594\">\n#top .av-special-heading.av-8gysd-8929a973bdc77de54fc871b20c0f7594{\npadding-bottom:10px;\ncolor:#ffffff;\n}\nbody .av-special-heading.av-8gysd-8929a973bdc77de54fc871b20c0f7594 .av-special-heading-tag .heading-char{\nfont-size:25px;\n}\n.av-special-heading.av-8gysd-8929a973bdc77de54fc871b20c0f7594 .special-heading-inner-border{\nborder-color:#ffffff;\n}\n.av-special-heading.av-8gysd-8929a973bdc77de54fc871b20c0f7594 .av-subheading{\nfont-size:15px;\n}\n<\/style>\n<div  class='av-special-heading av-8gysd-8929a973bdc77de54fc871b20c0f7594 av-special-heading-h1 custom-color-heading blockquote modern-quote  avia-builder-el-37  avia-builder-el-no-sibling '><h1 class='av-special-heading-tag '  itemprop=\"headline\"  >Familienalmsommer<\/h1><div class=\"special-heading-border\"><div class=\"special-heading-inner-border\"><\/div><\/div><\/div>\n<\/div><\/div><\/div><!-- close content main div --><\/div><\/div><div id='after_section_4'  class='main_color av_default_container_wrap container_wrap sidebar_right'  ><div class='container av-section-cont-open' ><div class='template-page content  av-content-small alpha units'><div class='post-entry post-entry-type-page post-entry-9'><div class='entry-content-wrapper clearfix'>\n<div  class='flex_column av-uc1l-fd7c8df289e5e9f93bf1d6851a3830f4 av_one_half  avia-builder-el-38  el_after_av_section  el_before_av_one_half  avia-builder-el-first  first flex_column_div  '     ><section  class='av_textblock_section av-8d3n7-a2dd2fef7cdf65e298e0d4e36563738a '   itemscope=\"itemscope\" itemtype=\"https:\/\/schema.org\/CreativeWork\" ><div class='avia_textblock'  itemprop=\"text\" ><h2 class=\"post-title\">Gratis Kindererlebnisprogramm<\/h2>\n<p>Immer wieder neue Abenteuer bietet unser liebevoll zusammengestelltes Kindererlebnisprogramm im Familienalmsommer (Juli \/ August). Die Teilnahme am Kindererlebnisprogramm ist f\u00fcr G\u00e4ste der Mitgliedsbetriebe der Klippitzt\u00f6rl Touristik gratis. Alle Betriebe, die Sie im Unterkunftsverzeichnis finden sind Mitglieder der Klippitzt\u00f6rl Touristik.<\/p>\n<h2>Programm<\/h2>\n<ul>\n<li>Fahrt mit dem Klippitz-Express<\/li>\n<li>Kreativ mit Holz<\/li>\n<li>Marshmallow grillen<\/li>\n<li>Fischen<\/li>\n<li>Bogen schie\u00dfen<\/li>\n<li>Pony reiten<\/li>\n<li>W\u00fcrstelgrillen am Lagerfeuer<\/li>\n<li>Felsenklettern mit gepr\u00fcftem Kletterlehrwart<\/li>\n<\/ul>\n<\/div><\/section><\/div>\n\n<style type=\"text\/css\" data-created_by=\"avia_inline_auto\" id=\"style-css-av-8c199-b11ac80509608dc640fb295667dfe4de\">\n.flex_column.av-8c199-b11ac80509608dc640fb295667dfe4de{\nborder-radius:0px 0px 0px 0px;\npadding:0px 0px 0px 0px;\n}\n<\/style>\n<div  class='flex_column av-8c199-b11ac80509608dc640fb295667dfe4de av_one_half  avia-builder-el-40  el_after_av_one_half  el_before_av_hr  flex_column_div av-zero-column-padding  '     ><p>\n<style type=\"text\/css\" data-created_by=\"avia_inline_auto\" id=\"style-css-av-89rrx-dd5d08510235d0b266a2696b2a89614c\">\n#top .avia-gallery.av-89rrx-dd5d08510235d0b266a2696b2a89614c .avia-gallery-thumb a{\nwidth:25%;\n}\n<\/style>\n<div  class='avia-gallery av-89rrx-dd5d08510235d0b266a2696b2a89614c avia_animate_when_visible  avia-builder-el-41  el_before_av_hr  avia-builder-el-first  deactivate_avia_lazyload avia-gallery-animate avia-gallery-4'  itemprop=\"image\" itemscope=\"itemscope\" itemtype=\"https:\/\/schema.org\/ImageObject\" ><meta itemprop=\"contentURL\" content=\"https:\/\/www.klippitz.at\/sommer\/\"><div class='avia-gallery-thumb'><a href=\"https:\/\/www.klippitz.at\/sommer\/wp-content\/uploads\/2025\/07\/Gipfelkreuz-13-1030x686.jpg\" data-srcset=\"https:\/\/www.klippitz.at\/sommer\/wp-content\/uploads\/2025\/07\/Gipfelkreuz-13-1030x686.jpg 1030w, https:\/\/www.klippitz.at\/sommer\/wp-content\/uploads\/2025\/07\/Gipfelkreuz-13-300x200.jpg 300w, https:\/\/www.klippitz.at\/sommer\/wp-content\/uploads\/2025\/07\/Gipfelkreuz-13-768x512.jpg 768w, https:\/\/www.klippitz.at\/sommer\/wp-content\/uploads\/2025\/07\/Gipfelkreuz-13-705x470.jpg 705w, https:\/\/www.klippitz.at\/sommer\/wp-content\/uploads\/2025\/07\/Gipfelkreuz-13.jpg 1280w\" data-sizes=\"(max-width: 1030px) 100vw, 1030px\" data-rel='gallery-4' data-prev-img='https:\/\/www.klippitz.at\/sommer\/wp-content\/uploads\/2025\/07\/Gipfelkreuz-13-495x400.jpg' class='first_thumb lightbox ' data-onclick='1' title='Gipfelkreuz-Klippitzt\u00f6rl'  itemprop=\"thumbnailUrl\"  ><img decoding=\"async\" fetchpriority=\"high\" class=\"wp-image-3618 avia-img-lazy-loading-not-3618\"   src=\"https:\/\/www.klippitz.at\/sommer\/wp-content\/uploads\/2025\/07\/Gipfelkreuz-13-495x400.jpg\" width=\"495\" height=\"400\"  title='Gipfelkreuz-Klippitzt\u00f6rl' alt='' srcset=\"https:\/\/www.klippitz.at\/sommer\/wp-content\/uploads\/2025\/07\/Gipfelkreuz-13-495x400.jpg 495w, https:\/\/www.klippitz.at\/sommer\/wp-content\/uploads\/2025\/07\/Gipfelkreuz-13-845x684.jpg 845w\" sizes=\"(max-width: 495px) 100vw, 495px\" \/><div class='big-prev-fake'><img decoding=\"async\" loading=\"lazy\" class=\"wp-image-3618 avia-img-lazy-loading-3618\"  width=\"495\" height=\"400\" src=\"https:\/\/www.klippitz.at\/sommer\/wp-content\/uploads\/2025\/07\/Gipfelkreuz-13-495x400.jpg\" title='Gipfelkreuz-Klippitzt\u00f6rl' alt='' srcset=\"https:\/\/www.klippitz.at\/sommer\/wp-content\/uploads\/2025\/07\/Gipfelkreuz-13-495x400.jpg 495w, https:\/\/www.klippitz.at\/sommer\/wp-content\/uploads\/2025\/07\/Gipfelkreuz-13-845x684.jpg 845w\" sizes=\"auto, (max-width: 495px) 100vw, 495px\" \/><\/div><\/a><a href=\"https:\/\/www.klippitz.at\/sommer\/wp-content\/uploads\/2025\/07\/See-ps10-1030x686.jpg\" data-srcset=\"https:\/\/www.klippitz.at\/sommer\/wp-content\/uploads\/2025\/07\/See-ps10-1030x686.jpg 1030w, https:\/\/www.klippitz.at\/sommer\/wp-content\/uploads\/2025\/07\/See-ps10-300x200.jpg 300w, https:\/\/www.klippitz.at\/sommer\/wp-content\/uploads\/2025\/07\/See-ps10-768x512.jpg 768w, https:\/\/www.klippitz.at\/sommer\/wp-content\/uploads\/2025\/07\/See-ps10-705x470.jpg 705w, https:\/\/www.klippitz.at\/sommer\/wp-content\/uploads\/2025\/07\/See-ps10.jpg 1280w\" data-sizes=\"(max-width: 1030px) 100vw, 1030px\" data-rel='gallery-4' data-prev-img='https:\/\/www.klippitz.at\/sommer\/wp-content\/uploads\/2025\/07\/See-ps10-495x400.jpg' class='lightbox ' data-onclick='2' title='See-Klippitzt\u00f6rl'  itemprop=\"thumbnailUrl\"  ><img decoding=\"async\" fetchpriority=\"high\" class=\"wp-image-3712 avia-img-lazy-loading-not-3712\"   src=\"https:\/\/www.klippitz.at\/sommer\/wp-content\/uploads\/2025\/07\/See-ps10-495x400.jpg\" width=\"495\" height=\"400\"  title='See-Klippitzt\u00f6rl' alt='' srcset=\"https:\/\/www.klippitz.at\/sommer\/wp-content\/uploads\/2025\/07\/See-ps10-495x400.jpg 495w, https:\/\/www.klippitz.at\/sommer\/wp-content\/uploads\/2025\/07\/See-ps10-845x684.jpg 845w\" sizes=\"(max-width: 495px) 100vw, 495px\" \/><div class='big-prev-fake'><img decoding=\"async\" loading=\"lazy\" class=\"wp-image-3712 avia-img-lazy-loading-3712\"  width=\"495\" height=\"400\" src=\"https:\/\/www.klippitz.at\/sommer\/wp-content\/uploads\/2025\/07\/See-ps10-495x400.jpg\" title='See-Klippitzt\u00f6rl' alt='' srcset=\"https:\/\/www.klippitz.at\/sommer\/wp-content\/uploads\/2025\/07\/See-ps10-495x400.jpg 495w, https:\/\/www.klippitz.at\/sommer\/wp-content\/uploads\/2025\/07\/See-ps10-845x684.jpg 845w\" sizes=\"auto, (max-width: 495px) 100vw, 495px\" \/><\/div><\/a><a href=\"https:\/\/www.klippitz.at\/sommer\/wp-content\/uploads\/2025\/07\/Fischen-Butter-7-681x1030.jpg\" data-srcset=\"https:\/\/www.klippitz.at\/sommer\/wp-content\/uploads\/2025\/07\/Fischen-Butter-7-681x1030.jpg 681w, https:\/\/www.klippitz.at\/sommer\/wp-content\/uploads\/2025\/07\/Fischen-Butter-7-198x300.jpg 198w, https:\/\/www.klippitz.at\/sommer\/wp-content\/uploads\/2025\/07\/Fischen-Butter-7-466x705.jpg 466w, https:\/\/www.klippitz.at\/sommer\/wp-content\/uploads\/2025\/07\/Fischen-Butter-7.jpg 768w\" data-sizes=\"(max-width: 681px) 100vw, 681px\" data-rel='gallery-4' data-prev-img='https:\/\/www.klippitz.at\/sommer\/wp-content\/uploads\/2025\/07\/Fischen-Butter-7-495x400.jpg' class='lightbox ' data-onclick='3' title='Fischen-Klippitzt\u00f6rl'  itemprop=\"thumbnailUrl\"  ><img decoding=\"async\" fetchpriority=\"high\" class=\"wp-image-3621 avia-img-lazy-loading-not-3621\"   src=\"https:\/\/www.klippitz.at\/sommer\/wp-content\/uploads\/2025\/07\/Fischen-Butter-7-495x400.jpg\" width=\"495\" height=\"400\"  title='Fischen-Klippitzt\u00f6rl' alt='' \/><div class='big-prev-fake'><img decoding=\"async\" loading=\"lazy\" class=\"wp-image-3621 avia-img-lazy-loading-3621\"  width=\"495\" height=\"400\" src=\"https:\/\/www.klippitz.at\/sommer\/wp-content\/uploads\/2025\/07\/Fischen-Butter-7-495x400.jpg\" title='Fischen-Klippitzt\u00f6rl' alt='' \/><\/div><\/a><a href=\"https:\/\/www.klippitz.at\/sommer\/wp-content\/uploads\/2025\/07\/Fischen-Butter-2-1030x672.jpg\" data-srcset=\"https:\/\/www.klippitz.at\/sommer\/wp-content\/uploads\/2025\/07\/Fischen-Butter-2-1030x672.jpg 1030w, https:\/\/www.klippitz.at\/sommer\/wp-content\/uploads\/2025\/07\/Fischen-Butter-2-300x196.jpg 300w, https:\/\/www.klippitz.at\/sommer\/wp-content\/uploads\/2025\/07\/Fischen-Butter-2-768x501.jpg 768w, https:\/\/www.klippitz.at\/sommer\/wp-content\/uploads\/2025\/07\/Fischen-Butter-2-705x460.jpg 705w, https:\/\/www.klippitz.at\/sommer\/wp-content\/uploads\/2025\/07\/Fischen-Butter-2.jpg 1280w\" data-sizes=\"(max-width: 1030px) 100vw, 1030px\" data-rel='gallery-4' data-prev-img='https:\/\/www.klippitz.at\/sommer\/wp-content\/uploads\/2025\/07\/Fischen-Butter-2-495x400.jpg' class='lightbox ' data-onclick='4' title='Fischen-Klippitzt\u00f6rl'  itemprop=\"thumbnailUrl\"  ><img decoding=\"async\" fetchpriority=\"high\" class=\"wp-image-3619 avia-img-lazy-loading-not-3619\"   src=\"https:\/\/www.klippitz.at\/sommer\/wp-content\/uploads\/2025\/07\/Fischen-Butter-2-495x400.jpg\" width=\"495\" height=\"400\"  title='Fischen-Klippitzt\u00f6rl' alt='' srcset=\"https:\/\/www.klippitz.at\/sommer\/wp-content\/uploads\/2025\/07\/Fischen-Butter-2-495x400.jpg 495w, https:\/\/www.klippitz.at\/sommer\/wp-content\/uploads\/2025\/07\/Fischen-Butter-2-845x684.jpg 845w\" sizes=\"(max-width: 495px) 100vw, 495px\" \/><div class='big-prev-fake'><img decoding=\"async\" loading=\"lazy\" class=\"wp-image-3619 avia-img-lazy-loading-3619\"  width=\"495\" height=\"400\" src=\"https:\/\/www.klippitz.at\/sommer\/wp-content\/uploads\/2025\/07\/Fischen-Butter-2-495x400.jpg\" title='Fischen-Klippitzt\u00f6rl' alt='' srcset=\"https:\/\/www.klippitz.at\/sommer\/wp-content\/uploads\/2025\/07\/Fischen-Butter-2-495x400.jpg 495w, https:\/\/www.klippitz.at\/sommer\/wp-content\/uploads\/2025\/07\/Fischen-Butter-2-845x684.jpg 845w\" sizes=\"auto, (max-width: 495px) 100vw, 495px\" \/><\/div><\/a><a href=\"https:\/\/www.klippitz.at\/sommer\/wp-content\/uploads\/2025\/07\/Fischen-Butter-4-714x1030.jpg\" data-srcset=\"https:\/\/www.klippitz.at\/sommer\/wp-content\/uploads\/2025\/07\/Fischen-Butter-4-714x1030.jpg 714w, https:\/\/www.klippitz.at\/sommer\/wp-content\/uploads\/2025\/07\/Fischen-Butter-4-208x300.jpg 208w, https:\/\/www.klippitz.at\/sommer\/wp-content\/uploads\/2025\/07\/Fischen-Butter-4-489x705.jpg 489w, https:\/\/www.klippitz.at\/sommer\/wp-content\/uploads\/2025\/07\/Fischen-Butter-4.jpg 768w\" data-sizes=\"(max-width: 714px) 100vw, 714px\" data-rel='gallery-4' data-prev-img='https:\/\/www.klippitz.at\/sommer\/wp-content\/uploads\/2025\/07\/Fischen-Butter-4-495x400.jpg' class='first_thumb lightbox ' data-onclick='5' title='Fischen-Klippitzt\u00f6rl'  itemprop=\"thumbnailUrl\"  ><img decoding=\"async\" fetchpriority=\"high\" class=\"wp-image-3620 avia-img-lazy-loading-not-3620\"   src=\"https:\/\/www.klippitz.at\/sommer\/wp-content\/uploads\/2025\/07\/Fischen-Butter-4-495x400.jpg\" width=\"495\" height=\"400\"  title='Fischen-Klippitzt\u00f6rl' alt='' \/><div class='big-prev-fake'><img decoding=\"async\" loading=\"lazy\" class=\"wp-image-3620 avia-img-lazy-loading-3620\"  width=\"495\" height=\"400\" src=\"https:\/\/www.klippitz.at\/sommer\/wp-content\/uploads\/2025\/07\/Fischen-Butter-4-495x400.jpg\" title='Fischen-Klippitzt\u00f6rl' alt='' \/><\/div><\/a><a href=\"https:\/\/www.klippitz.at\/sommer\/wp-content\/uploads\/2025\/07\/Fischen-Butter-22-1030x698.jpg\" data-srcset=\"https:\/\/www.klippitz.at\/sommer\/wp-content\/uploads\/2025\/07\/Fischen-Butter-22-1030x698.jpg 1030w, https:\/\/www.klippitz.at\/sommer\/wp-content\/uploads\/2025\/07\/Fischen-Butter-22-300x203.jpg 300w, https:\/\/www.klippitz.at\/sommer\/wp-content\/uploads\/2025\/07\/Fischen-Butter-22-768x520.jpg 768w, https:\/\/www.klippitz.at\/sommer\/wp-content\/uploads\/2025\/07\/Fischen-Butter-22-705x478.jpg 705w, https:\/\/www.klippitz.at\/sommer\/wp-content\/uploads\/2025\/07\/Fischen-Butter-22.jpg 1280w\" data-sizes=\"(max-width: 1030px) 100vw, 1030px\" data-rel='gallery-4' data-prev-img='https:\/\/www.klippitz.at\/sommer\/wp-content\/uploads\/2025\/07\/Fischen-Butter-22-495x400.jpg' class='lightbox ' data-onclick='6' title='Fischen-Klippitzt\u00f6rl'  itemprop=\"thumbnailUrl\"  ><img decoding=\"async\" fetchpriority=\"high\" class=\"wp-image-3623 avia-img-lazy-loading-not-3623\"   src=\"https:\/\/www.klippitz.at\/sommer\/wp-content\/uploads\/2025\/07\/Fischen-Butter-22-495x400.jpg\" width=\"495\" height=\"400\"  title='Fischen-Klippitzt\u00f6rl' alt='' srcset=\"https:\/\/www.klippitz.at\/sommer\/wp-content\/uploads\/2025\/07\/Fischen-Butter-22-495x400.jpg 495w, https:\/\/www.klippitz.at\/sommer\/wp-content\/uploads\/2025\/07\/Fischen-Butter-22-845x684.jpg 845w\" sizes=\"(max-width: 495px) 100vw, 495px\" \/><div class='big-prev-fake'><img decoding=\"async\" loading=\"lazy\" class=\"wp-image-3623 avia-img-lazy-loading-3623\"  width=\"495\" height=\"400\" src=\"https:\/\/www.klippitz.at\/sommer\/wp-content\/uploads\/2025\/07\/Fischen-Butter-22-495x400.jpg\" title='Fischen-Klippitzt\u00f6rl' alt='' srcset=\"https:\/\/www.klippitz.at\/sommer\/wp-content\/uploads\/2025\/07\/Fischen-Butter-22-495x400.jpg 495w, https:\/\/www.klippitz.at\/sommer\/wp-content\/uploads\/2025\/07\/Fischen-Butter-22-845x684.jpg 845w\" sizes=\"auto, (max-width: 495px) 100vw, 495px\" \/><\/div><\/a><a href=\"https:\/\/www.klippitz.at\/sommer\/wp-content\/uploads\/2025\/07\/Pferde-1030x698.jpg\" data-srcset=\"https:\/\/www.klippitz.at\/sommer\/wp-content\/uploads\/2025\/07\/Pferde-1030x698.jpg 1030w, https:\/\/www.klippitz.at\/sommer\/wp-content\/uploads\/2025\/07\/Pferde-300x203.jpg 300w, https:\/\/www.klippitz.at\/sommer\/wp-content\/uploads\/2025\/07\/Pferde-768x520.jpg 768w, https:\/\/www.klippitz.at\/sommer\/wp-content\/uploads\/2025\/07\/Pferde-705x478.jpg 705w, https:\/\/www.klippitz.at\/sommer\/wp-content\/uploads\/2025\/07\/Pferde.jpg 1280w\" data-sizes=\"(max-width: 1030px) 100vw, 1030px\" data-rel='gallery-4' data-prev-img='https:\/\/www.klippitz.at\/sommer\/wp-content\/uploads\/2025\/07\/Pferde-495x400.jpg' class='lightbox ' data-onclick='7' title='Klippitzt\u00f6rl'  itemprop=\"thumbnailUrl\"  ><img decoding=\"async\" fetchpriority=\"high\" class=\"wp-image-3624 avia-img-lazy-loading-not-3624\"   src=\"https:\/\/www.klippitz.at\/sommer\/wp-content\/uploads\/2025\/07\/Pferde-495x400.jpg\" width=\"495\" height=\"400\"  title='Klippitzt\u00f6rl' alt='' srcset=\"https:\/\/www.klippitz.at\/sommer\/wp-content\/uploads\/2025\/07\/Pferde-495x400.jpg 495w, https:\/\/www.klippitz.at\/sommer\/wp-content\/uploads\/2025\/07\/Pferde-845x684.jpg 845w\" sizes=\"(max-width: 495px) 100vw, 495px\" \/><div class='big-prev-fake'><img decoding=\"async\" loading=\"lazy\" class=\"wp-image-3624 avia-img-lazy-loading-3624\"  width=\"495\" height=\"400\" src=\"https:\/\/www.klippitz.at\/sommer\/wp-content\/uploads\/2025\/07\/Pferde-495x400.jpg\" title='Klippitzt\u00f6rl' alt='' srcset=\"https:\/\/www.klippitz.at\/sommer\/wp-content\/uploads\/2025\/07\/Pferde-495x400.jpg 495w, https:\/\/www.klippitz.at\/sommer\/wp-content\/uploads\/2025\/07\/Pferde-845x684.jpg 845w\" sizes=\"auto, (max-width: 495px) 100vw, 495px\" \/><\/div><\/a><a href=\"https:\/\/www.klippitz.at\/sommer\/wp-content\/uploads\/2025\/07\/Pferde-5-1030x676.jpg\" data-srcset=\"https:\/\/www.klippitz.at\/sommer\/wp-content\/uploads\/2025\/07\/Pferde-5-1030x676.jpg 1030w, https:\/\/www.klippitz.at\/sommer\/wp-content\/uploads\/2025\/07\/Pferde-5-300x197.jpg 300w, https:\/\/www.klippitz.at\/sommer\/wp-content\/uploads\/2025\/07\/Pferde-5-768x504.jpg 768w, https:\/\/www.klippitz.at\/sommer\/wp-content\/uploads\/2025\/07\/Pferde-5-705x463.jpg 705w, https:\/\/www.klippitz.at\/sommer\/wp-content\/uploads\/2025\/07\/Pferde-5.jpg 1280w\" data-sizes=\"(max-width: 1030px) 100vw, 1030px\" data-rel='gallery-4' data-prev-img='https:\/\/www.klippitz.at\/sommer\/wp-content\/uploads\/2025\/07\/Pferde-5-495x400.jpg' class='lightbox ' data-onclick='8' title='Klippitzt\u00f6rl'  itemprop=\"thumbnailUrl\"  ><img decoding=\"async\" fetchpriority=\"high\" class=\"wp-image-3625 avia-img-lazy-loading-not-3625\"   src=\"https:\/\/www.klippitz.at\/sommer\/wp-content\/uploads\/2025\/07\/Pferde-5-495x400.jpg\" width=\"495\" height=\"400\"  title='Klippitzt\u00f6rl' alt='' srcset=\"https:\/\/www.klippitz.at\/sommer\/wp-content\/uploads\/2025\/07\/Pferde-5-495x400.jpg 495w, https:\/\/www.klippitz.at\/sommer\/wp-content\/uploads\/2025\/07\/Pferde-5-845x684.jpg 845w\" sizes=\"(max-width: 495px) 100vw, 495px\" \/><div class='big-prev-fake'><img decoding=\"async\" loading=\"lazy\" class=\"wp-image-3625 avia-img-lazy-loading-3625\"  width=\"495\" height=\"400\" src=\"https:\/\/www.klippitz.at\/sommer\/wp-content\/uploads\/2025\/07\/Pferde-5-495x400.jpg\" title='Klippitzt\u00f6rl' alt='' srcset=\"https:\/\/www.klippitz.at\/sommer\/wp-content\/uploads\/2025\/07\/Pferde-5-495x400.jpg 495w, https:\/\/www.klippitz.at\/sommer\/wp-content\/uploads\/2025\/07\/Pferde-5-845x684.jpg 845w\" sizes=\"auto, (max-width: 495px) 100vw, 495px\" \/><\/div><\/a><a href=\"https:\/\/www.klippitz.at\/sommer\/wp-content\/uploads\/2025\/07\/Pferde-32-1030x686.jpg\" data-srcset=\"https:\/\/www.klippitz.at\/sommer\/wp-content\/uploads\/2025\/07\/Pferde-32-1030x686.jpg 1030w, https:\/\/www.klippitz.at\/sommer\/wp-content\/uploads\/2025\/07\/Pferde-32-300x200.jpg 300w, https:\/\/www.klippitz.at\/sommer\/wp-content\/uploads\/2025\/07\/Pferde-32-768x512.jpg 768w, https:\/\/www.klippitz.at\/sommer\/wp-content\/uploads\/2025\/07\/Pferde-32-705x470.jpg 705w, https:\/\/www.klippitz.at\/sommer\/wp-content\/uploads\/2025\/07\/Pferde-32.jpg 1280w\" data-sizes=\"(max-width: 1030px) 100vw, 1030px\" data-rel='gallery-4' data-prev-img='https:\/\/www.klippitz.at\/sommer\/wp-content\/uploads\/2025\/07\/Pferde-32-495x400.jpg' class='first_thumb lightbox ' data-onclick='9' title='Pferde-Klippitzt\u00f6rl'  itemprop=\"thumbnailUrl\"  ><img decoding=\"async\" fetchpriority=\"high\" class=\"wp-image-3626 avia-img-lazy-loading-not-3626\"   src=\"https:\/\/www.klippitz.at\/sommer\/wp-content\/uploads\/2025\/07\/Pferde-32-495x400.jpg\" width=\"495\" height=\"400\"  title='Pferde-Klippitzt\u00f6rl' alt='' srcset=\"https:\/\/www.klippitz.at\/sommer\/wp-content\/uploads\/2025\/07\/Pferde-32-495x400.jpg 495w, https:\/\/www.klippitz.at\/sommer\/wp-content\/uploads\/2025\/07\/Pferde-32-845x684.jpg 845w\" sizes=\"(max-width: 495px) 100vw, 495px\" \/><div class='big-prev-fake'><img decoding=\"async\" loading=\"lazy\" class=\"wp-image-3626 avia-img-lazy-loading-3626\"  width=\"495\" height=\"400\" src=\"https:\/\/www.klippitz.at\/sommer\/wp-content\/uploads\/2025\/07\/Pferde-32-495x400.jpg\" title='Pferde-Klippitzt\u00f6rl' alt='' srcset=\"https:\/\/www.klippitz.at\/sommer\/wp-content\/uploads\/2025\/07\/Pferde-32-495x400.jpg 495w, https:\/\/www.klippitz.at\/sommer\/wp-content\/uploads\/2025\/07\/Pferde-32-845x684.jpg 845w\" sizes=\"auto, (max-width: 495px) 100vw, 495px\" \/><\/div><\/a><a href=\"https:\/\/www.klippitz.at\/sommer\/wp-content\/uploads\/2025\/07\/Ameisenpfad-2-1030x716.jpg\" data-srcset=\"https:\/\/www.klippitz.at\/sommer\/wp-content\/uploads\/2025\/07\/Ameisenpfad-2-1030x716.jpg 1030w, https:\/\/www.klippitz.at\/sommer\/wp-content\/uploads\/2025\/07\/Ameisenpfad-2-300x209.jpg 300w, https:\/\/www.klippitz.at\/sommer\/wp-content\/uploads\/2025\/07\/Ameisenpfad-2-768x534.jpg 768w, https:\/\/www.klippitz.at\/sommer\/wp-content\/uploads\/2025\/07\/Ameisenpfad-2-705x490.jpg 705w, https:\/\/www.klippitz.at\/sommer\/wp-content\/uploads\/2025\/07\/Ameisenpfad-2.jpg 1280w\" data-sizes=\"(max-width: 1030px) 100vw, 1030px\" data-rel='gallery-4' data-prev-img='https:\/\/www.klippitz.at\/sommer\/wp-content\/uploads\/2025\/07\/Ameisenpfad-2-495x400.jpg' class='lightbox ' data-onclick='10' title='Ameisenpfad-Klippitzt\u00f6rl'  itemprop=\"thumbnailUrl\"  ><img decoding=\"async\" fetchpriority=\"high\" class=\"wp-image-3630 avia-img-lazy-loading-not-3630\"   src=\"https:\/\/www.klippitz.at\/sommer\/wp-content\/uploads\/2025\/07\/Ameisenpfad-2-495x400.jpg\" width=\"495\" height=\"400\"  title='Ameisenpfad-Klippitzt\u00f6rl' alt='' srcset=\"https:\/\/www.klippitz.at\/sommer\/wp-content\/uploads\/2025\/07\/Ameisenpfad-2-495x400.jpg 495w, https:\/\/www.klippitz.at\/sommer\/wp-content\/uploads\/2025\/07\/Ameisenpfad-2-845x684.jpg 845w\" sizes=\"(max-width: 495px) 100vw, 495px\" \/><div class='big-prev-fake'><img decoding=\"async\" loading=\"lazy\" class=\"wp-image-3630 avia-img-lazy-loading-3630\"  width=\"495\" height=\"400\" src=\"https:\/\/www.klippitz.at\/sommer\/wp-content\/uploads\/2025\/07\/Ameisenpfad-2-495x400.jpg\" title='Ameisenpfad-Klippitzt\u00f6rl' alt='' srcset=\"https:\/\/www.klippitz.at\/sommer\/wp-content\/uploads\/2025\/07\/Ameisenpfad-2-495x400.jpg 495w, https:\/\/www.klippitz.at\/sommer\/wp-content\/uploads\/2025\/07\/Ameisenpfad-2-845x684.jpg 845w\" sizes=\"auto, (max-width: 495px) 100vw, 495px\" \/><\/div><\/a><a href=\"https:\/\/www.klippitz.at\/sommer\/wp-content\/uploads\/2025\/07\/Klippitzexpress-1030x678.jpg\" data-srcset=\"https:\/\/www.klippitz.at\/sommer\/wp-content\/uploads\/2025\/07\/Klippitzexpress-1030x678.jpg 1030w, https:\/\/www.klippitz.at\/sommer\/wp-content\/uploads\/2025\/07\/Klippitzexpress-300x197.jpg 300w, https:\/\/www.klippitz.at\/sommer\/wp-content\/uploads\/2025\/07\/Klippitzexpress-768x505.jpg 768w, https:\/\/www.klippitz.at\/sommer\/wp-content\/uploads\/2025\/07\/Klippitzexpress-705x464.jpg 705w, https:\/\/www.klippitz.at\/sommer\/wp-content\/uploads\/2025\/07\/Klippitzexpress.jpg 1280w\" data-sizes=\"(max-width: 1030px) 100vw, 1030px\" data-rel='gallery-4' data-prev-img='https:\/\/www.klippitz.at\/sommer\/wp-content\/uploads\/2025\/07\/Klippitzexpress-495x400.jpg' class='lightbox ' data-onclick='11' title='Klippitzexpress Klippitzt\u00f6rl'  itemprop=\"thumbnailUrl\"  ><img decoding=\"async\" fetchpriority=\"high\" class=\"wp-image-3627 avia-img-lazy-loading-not-3627\"   src=\"https:\/\/www.klippitz.at\/sommer\/wp-content\/uploads\/2025\/07\/Klippitzexpress-495x400.jpg\" width=\"495\" height=\"400\"  title='Klippitzexpress Klippitzt\u00f6rl' alt='' srcset=\"https:\/\/www.klippitz.at\/sommer\/wp-content\/uploads\/2025\/07\/Klippitzexpress-495x400.jpg 495w, https:\/\/www.klippitz.at\/sommer\/wp-content\/uploads\/2025\/07\/Klippitzexpress-845x684.jpg 845w\" sizes=\"(max-width: 495px) 100vw, 495px\" \/><div class='big-prev-fake'><img decoding=\"async\" loading=\"lazy\" class=\"wp-image-3627 avia-img-lazy-loading-3627\"  width=\"495\" height=\"400\" src=\"https:\/\/www.klippitz.at\/sommer\/wp-content\/uploads\/2025\/07\/Klippitzexpress-495x400.jpg\" title='Klippitzexpress Klippitzt\u00f6rl' alt='' srcset=\"https:\/\/www.klippitz.at\/sommer\/wp-content\/uploads\/2025\/07\/Klippitzexpress-495x400.jpg 495w, https:\/\/www.klippitz.at\/sommer\/wp-content\/uploads\/2025\/07\/Klippitzexpress-845x684.jpg 845w\" sizes=\"auto, (max-width: 495px) 100vw, 495px\" \/><\/div><\/a><a href=\"https:\/\/www.klippitz.at\/sommer\/wp-content\/uploads\/2025\/07\/See-ps03-1030x678.jpg\" data-srcset=\"https:\/\/www.klippitz.at\/sommer\/wp-content\/uploads\/2025\/07\/See-ps03-1030x678.jpg 1030w, https:\/\/www.klippitz.at\/sommer\/wp-content\/uploads\/2025\/07\/See-ps03-300x197.jpg 300w, https:\/\/www.klippitz.at\/sommer\/wp-content\/uploads\/2025\/07\/See-ps03-768x505.jpg 768w, https:\/\/www.klippitz.at\/sommer\/wp-content\/uploads\/2025\/07\/See-ps03-705x464.jpg 705w, https:\/\/www.klippitz.at\/sommer\/wp-content\/uploads\/2025\/07\/See-ps03.jpg 1280w\" data-sizes=\"(max-width: 1030px) 100vw, 1030px\" data-rel='gallery-4' data-prev-img='https:\/\/www.klippitz.at\/sommer\/wp-content\/uploads\/2025\/07\/See-ps03-495x400.jpg' class='lightbox ' data-onclick='12' title='See-Klippitzt\u00f6rl'  itemprop=\"thumbnailUrl\"  ><img decoding=\"async\" fetchpriority=\"high\" class=\"wp-image-3710 avia-img-lazy-loading-not-3710\"   src=\"https:\/\/www.klippitz.at\/sommer\/wp-content\/uploads\/2025\/07\/See-ps03-495x400.jpg\" width=\"495\" height=\"400\"  title='See-Klippitzt\u00f6rl' alt='' srcset=\"https:\/\/www.klippitz.at\/sommer\/wp-content\/uploads\/2025\/07\/See-ps03-495x400.jpg 495w, https:\/\/www.klippitz.at\/sommer\/wp-content\/uploads\/2025\/07\/See-ps03-845x684.jpg 845w\" sizes=\"(max-width: 495px) 100vw, 495px\" \/><div class='big-prev-fake'><img decoding=\"async\" loading=\"lazy\" class=\"wp-image-3710 avia-img-lazy-loading-3710\"  width=\"495\" height=\"400\" src=\"https:\/\/www.klippitz.at\/sommer\/wp-content\/uploads\/2025\/07\/See-ps03-495x400.jpg\" title='See-Klippitzt\u00f6rl' alt='' srcset=\"https:\/\/www.klippitz.at\/sommer\/wp-content\/uploads\/2025\/07\/See-ps03-495x400.jpg 495w, https:\/\/www.klippitz.at\/sommer\/wp-content\/uploads\/2025\/07\/See-ps03-845x684.jpg 845w\" sizes=\"auto, (max-width: 495px) 100vw, 495px\" \/><\/div><\/a><a href=\"https:\/\/www.klippitz.at\/sommer\/wp-content\/uploads\/2025\/07\/See-7-1030x686.jpg\" data-srcset=\"https:\/\/www.klippitz.at\/sommer\/wp-content\/uploads\/2025\/07\/See-7-1030x686.jpg 1030w, https:\/\/www.klippitz.at\/sommer\/wp-content\/uploads\/2025\/07\/See-7-300x200.jpg 300w, https:\/\/www.klippitz.at\/sommer\/wp-content\/uploads\/2025\/07\/See-7-768x512.jpg 768w, https:\/\/www.klippitz.at\/sommer\/wp-content\/uploads\/2025\/07\/See-7-705x470.jpg 705w, https:\/\/www.klippitz.at\/sommer\/wp-content\/uploads\/2025\/07\/See-7.jpg 1280w\" data-sizes=\"(max-width: 1030px) 100vw, 1030px\" data-rel='gallery-4' data-prev-img='https:\/\/www.klippitz.at\/sommer\/wp-content\/uploads\/2025\/07\/See-7-495x400.jpg' class='first_thumb lightbox ' data-onclick='13' title='See-Klippitzt\u00f6rl'  itemprop=\"thumbnailUrl\"  ><img decoding=\"async\" fetchpriority=\"high\" class=\"wp-image-3702 avia-img-lazy-loading-not-3702\"   src=\"https:\/\/www.klippitz.at\/sommer\/wp-content\/uploads\/2025\/07\/See-7-495x400.jpg\" width=\"495\" height=\"400\"  title='See-Klippitzt\u00f6rl' alt='' srcset=\"https:\/\/www.klippitz.at\/sommer\/wp-content\/uploads\/2025\/07\/See-7-495x400.jpg 495w, https:\/\/www.klippitz.at\/sommer\/wp-content\/uploads\/2025\/07\/See-7-845x684.jpg 845w\" sizes=\"(max-width: 495px) 100vw, 495px\" \/><div class='big-prev-fake'><img decoding=\"async\" loading=\"lazy\" class=\"wp-image-3702 avia-img-lazy-loading-3702\"  width=\"495\" height=\"400\" src=\"https:\/\/www.klippitz.at\/sommer\/wp-content\/uploads\/2025\/07\/See-7-495x400.jpg\" title='See-Klippitzt\u00f6rl' alt='' srcset=\"https:\/\/www.klippitz.at\/sommer\/wp-content\/uploads\/2025\/07\/See-7-495x400.jpg 495w, https:\/\/www.klippitz.at\/sommer\/wp-content\/uploads\/2025\/07\/See-7-845x684.jpg 845w\" sizes=\"auto, (max-width: 495px) 100vw, 495px\" \/><\/div><\/a><a href=\"https:\/\/www.klippitz.at\/sommer\/wp-content\/uploads\/2025\/07\/See-6-1-1030x686.jpg\" data-srcset=\"https:\/\/www.klippitz.at\/sommer\/wp-content\/uploads\/2025\/07\/See-6-1-1030x686.jpg 1030w, https:\/\/www.klippitz.at\/sommer\/wp-content\/uploads\/2025\/07\/See-6-1-300x200.jpg 300w, https:\/\/www.klippitz.at\/sommer\/wp-content\/uploads\/2025\/07\/See-6-1-768x512.jpg 768w, https:\/\/www.klippitz.at\/sommer\/wp-content\/uploads\/2025\/07\/See-6-1-705x470.jpg 705w, https:\/\/www.klippitz.at\/sommer\/wp-content\/uploads\/2025\/07\/See-6-1.jpg 1280w\" data-sizes=\"(max-width: 1030px) 100vw, 1030px\" data-rel='gallery-4' data-prev-img='https:\/\/www.klippitz.at\/sommer\/wp-content\/uploads\/2025\/07\/See-6-1-495x400.jpg' class='lightbox ' data-onclick='14' title='See-Klippitzt\u00f6rl'  itemprop=\"thumbnailUrl\"  ><img decoding=\"async\" fetchpriority=\"high\" class=\"wp-image-3701 avia-img-lazy-loading-not-3701\"   src=\"https:\/\/www.klippitz.at\/sommer\/wp-content\/uploads\/2025\/07\/See-6-1-495x400.jpg\" width=\"495\" height=\"400\"  title='See-Klippitzt\u00f6rl' alt='' srcset=\"https:\/\/www.klippitz.at\/sommer\/wp-content\/uploads\/2025\/07\/See-6-1-495x400.jpg 495w, https:\/\/www.klippitz.at\/sommer\/wp-content\/uploads\/2025\/07\/See-6-1-845x684.jpg 845w\" sizes=\"(max-width: 495px) 100vw, 495px\" \/><div class='big-prev-fake'><img decoding=\"async\" loading=\"lazy\" class=\"wp-image-3701 avia-img-lazy-loading-3701\"  width=\"495\" height=\"400\" src=\"https:\/\/www.klippitz.at\/sommer\/wp-content\/uploads\/2025\/07\/See-6-1-495x400.jpg\" title='See-Klippitzt\u00f6rl' alt='' srcset=\"https:\/\/www.klippitz.at\/sommer\/wp-content\/uploads\/2025\/07\/See-6-1-495x400.jpg 495w, https:\/\/www.klippitz.at\/sommer\/wp-content\/uploads\/2025\/07\/See-6-1-845x684.jpg 845w\" sizes=\"auto, (max-width: 495px) 100vw, 495px\" \/><\/div><\/a><a href=\"https:\/\/www.klippitz.at\/sommer\/wp-content\/uploads\/2025\/07\/See-ps13-1030x686.jpg\" data-srcset=\"https:\/\/www.klippitz.at\/sommer\/wp-content\/uploads\/2025\/07\/See-ps13-1030x686.jpg 1030w, https:\/\/www.klippitz.at\/sommer\/wp-content\/uploads\/2025\/07\/See-ps13-300x200.jpg 300w, https:\/\/www.klippitz.at\/sommer\/wp-content\/uploads\/2025\/07\/See-ps13-768x512.jpg 768w, https:\/\/www.klippitz.at\/sommer\/wp-content\/uploads\/2025\/07\/See-ps13-705x470.jpg 705w, https:\/\/www.klippitz.at\/sommer\/wp-content\/uploads\/2025\/07\/See-ps13.jpg 1280w\" data-sizes=\"(max-width: 1030px) 100vw, 1030px\" data-rel='gallery-4' data-prev-img='https:\/\/www.klippitz.at\/sommer\/wp-content\/uploads\/2025\/07\/See-ps13-495x400.jpg' class='lightbox ' data-onclick='15' title='See-Klippitzt\u00f6rl'  itemprop=\"thumbnailUrl\"  ><img decoding=\"async\" fetchpriority=\"high\" class=\"wp-image-3713 avia-img-lazy-loading-not-3713\"   src=\"https:\/\/www.klippitz.at\/sommer\/wp-content\/uploads\/2025\/07\/See-ps13-495x400.jpg\" width=\"495\" height=\"400\"  title='See-Klippitzt\u00f6rl' alt='' srcset=\"https:\/\/www.klippitz.at\/sommer\/wp-content\/uploads\/2025\/07\/See-ps13-495x400.jpg 495w, https:\/\/www.klippitz.at\/sommer\/wp-content\/uploads\/2025\/07\/See-ps13-845x684.jpg 845w\" sizes=\"(max-width: 495px) 100vw, 495px\" \/><div class='big-prev-fake'><img decoding=\"async\" loading=\"lazy\" class=\"wp-image-3713 avia-img-lazy-loading-3713\"  width=\"495\" height=\"400\" src=\"https:\/\/www.klippitz.at\/sommer\/wp-content\/uploads\/2025\/07\/See-ps13-495x400.jpg\" title='See-Klippitzt\u00f6rl' alt='' srcset=\"https:\/\/www.klippitz.at\/sommer\/wp-content\/uploads\/2025\/07\/See-ps13-495x400.jpg 495w, https:\/\/www.klippitz.at\/sommer\/wp-content\/uploads\/2025\/07\/See-ps13-845x684.jpg 845w\" sizes=\"auto, (max-width: 495px) 100vw, 495px\" \/><\/div><\/a><a href=\"https:\/\/www.klippitz.at\/sommer\/wp-content\/uploads\/2025\/07\/See-8-1030x691.jpg\" data-srcset=\"https:\/\/www.klippitz.at\/sommer\/wp-content\/uploads\/2025\/07\/See-8-1030x691.jpg 1030w, https:\/\/www.klippitz.at\/sommer\/wp-content\/uploads\/2025\/07\/See-8-300x201.jpg 300w, https:\/\/www.klippitz.at\/sommer\/wp-content\/uploads\/2025\/07\/See-8-768x515.jpg 768w, https:\/\/www.klippitz.at\/sommer\/wp-content\/uploads\/2025\/07\/See-8-705x473.jpg 705w, https:\/\/www.klippitz.at\/sommer\/wp-content\/uploads\/2025\/07\/See-8.jpg 1280w\" data-sizes=\"(max-width: 1030px) 100vw, 1030px\" data-rel='gallery-4' data-prev-img='https:\/\/www.klippitz.at\/sommer\/wp-content\/uploads\/2025\/07\/See-8-495x400.jpg' class='lightbox ' data-onclick='16' title='See-Klippitzt\u00f6rl'  itemprop=\"thumbnailUrl\"  ><img decoding=\"async\" fetchpriority=\"high\" class=\"wp-image-3703 avia-img-lazy-loading-not-3703\"   src=\"https:\/\/www.klippitz.at\/sommer\/wp-content\/uploads\/2025\/07\/See-8-495x400.jpg\" width=\"495\" height=\"400\"  title='See-Klippitzt\u00f6rl' alt='' srcset=\"https:\/\/www.klippitz.at\/sommer\/wp-content\/uploads\/2025\/07\/See-8-495x400.jpg 495w, https:\/\/www.klippitz.at\/sommer\/wp-content\/uploads\/2025\/07\/See-8-845x684.jpg 845w\" sizes=\"(max-width: 495px) 100vw, 495px\" \/><div class='big-prev-fake'><img decoding=\"async\" loading=\"lazy\" class=\"wp-image-3703 avia-img-lazy-loading-3703\"  width=\"495\" height=\"400\" src=\"https:\/\/www.klippitz.at\/sommer\/wp-content\/uploads\/2025\/07\/See-8-495x400.jpg\" title='See-Klippitzt\u00f6rl' alt='' srcset=\"https:\/\/www.klippitz.at\/sommer\/wp-content\/uploads\/2025\/07\/See-8-495x400.jpg 495w, https:\/\/www.klippitz.at\/sommer\/wp-content\/uploads\/2025\/07\/See-8-845x684.jpg 845w\" sizes=\"auto, (max-width: 495px) 100vw, 495px\" \/><\/div><\/a><a href=\"https:\/\/www.klippitz.at\/sommer\/wp-content\/uploads\/2025\/07\/See-19-687x1030.jpg\" data-srcset=\"https:\/\/www.klippitz.at\/sommer\/wp-content\/uploads\/2025\/07\/See-19-687x1030.jpg 687w, https:\/\/www.klippitz.at\/sommer\/wp-content\/uploads\/2025\/07\/See-19-200x300.jpg 200w, https:\/\/www.klippitz.at\/sommer\/wp-content\/uploads\/2025\/07\/See-19-470x705.jpg 470w, https:\/\/www.klippitz.at\/sommer\/wp-content\/uploads\/2025\/07\/See-19.jpg 768w\" data-sizes=\"(max-width: 687px) 100vw, 687px\" data-rel='gallery-4' data-prev-img='https:\/\/www.klippitz.at\/sommer\/wp-content\/uploads\/2025\/07\/See-19-495x400.jpg' class='first_thumb lightbox ' data-onclick='17' title='See-Klippitzt\u00f6rl'  itemprop=\"thumbnailUrl\"  ><img decoding=\"async\" fetchpriority=\"high\" class=\"wp-image-3706 avia-img-lazy-loading-not-3706\"   src=\"https:\/\/www.klippitz.at\/sommer\/wp-content\/uploads\/2025\/07\/See-19-495x400.jpg\" width=\"495\" height=\"400\"  title='See-Klippitzt\u00f6rl' alt='' \/><div class='big-prev-fake'><img decoding=\"async\" loading=\"lazy\" class=\"wp-image-3706 avia-img-lazy-loading-3706\"  width=\"495\" height=\"400\" src=\"https:\/\/www.klippitz.at\/sommer\/wp-content\/uploads\/2025\/07\/See-19-495x400.jpg\" title='See-Klippitzt\u00f6rl' alt='' \/><\/div><\/a><a href=\"https:\/\/www.klippitz.at\/sommer\/wp-content\/uploads\/2025\/07\/See-23-1030x686.jpg\" data-srcset=\"https:\/\/www.klippitz.at\/sommer\/wp-content\/uploads\/2025\/07\/See-23-1030x686.jpg 1030w, https:\/\/www.klippitz.at\/sommer\/wp-content\/uploads\/2025\/07\/See-23-300x200.jpg 300w, https:\/\/www.klippitz.at\/sommer\/wp-content\/uploads\/2025\/07\/See-23-768x512.jpg 768w, https:\/\/www.klippitz.at\/sommer\/wp-content\/uploads\/2025\/07\/See-23-705x470.jpg 705w, https:\/\/www.klippitz.at\/sommer\/wp-content\/uploads\/2025\/07\/See-23.jpg 1280w\" data-sizes=\"(max-width: 1030px) 100vw, 1030px\" data-rel='gallery-4' data-prev-img='https:\/\/www.klippitz.at\/sommer\/wp-content\/uploads\/2025\/07\/See-23-495x400.jpg' class='lightbox ' data-onclick='18' title='See-Klippitzt\u00f6rl'  itemprop=\"thumbnailUrl\"  ><img decoding=\"async\" fetchpriority=\"high\" class=\"wp-image-3707 avia-img-lazy-loading-not-3707\"   src=\"https:\/\/www.klippitz.at\/sommer\/wp-content\/uploads\/2025\/07\/See-23-495x400.jpg\" width=\"495\" height=\"400\"  title='See-Klippitzt\u00f6rl' alt='' srcset=\"https:\/\/www.klippitz.at\/sommer\/wp-content\/uploads\/2025\/07\/See-23-495x400.jpg 495w, https:\/\/www.klippitz.at\/sommer\/wp-content\/uploads\/2025\/07\/See-23-845x684.jpg 845w\" sizes=\"(max-width: 495px) 100vw, 495px\" \/><div class='big-prev-fake'><img decoding=\"async\" loading=\"lazy\" class=\"wp-image-3707 avia-img-lazy-loading-3707\"  width=\"495\" height=\"400\" src=\"https:\/\/www.klippitz.at\/sommer\/wp-content\/uploads\/2025\/07\/See-23-495x400.jpg\" title='See-Klippitzt\u00f6rl' alt='' srcset=\"https:\/\/www.klippitz.at\/sommer\/wp-content\/uploads\/2025\/07\/See-23-495x400.jpg 495w, https:\/\/www.klippitz.at\/sommer\/wp-content\/uploads\/2025\/07\/See-23-845x684.jpg 845w\" sizes=\"auto, (max-width: 495px) 100vw, 495px\" \/><\/div><\/a><a href=\"https:\/\/www.klippitz.at\/sommer\/wp-content\/uploads\/2025\/07\/See-25-730x1030.jpg\" data-srcset=\"https:\/\/www.klippitz.at\/sommer\/wp-content\/uploads\/2025\/07\/See-25-730x1030.jpg 730w, https:\/\/www.klippitz.at\/sommer\/wp-content\/uploads\/2025\/07\/See-25-213x300.jpg 213w, https:\/\/www.klippitz.at\/sommer\/wp-content\/uploads\/2025\/07\/See-25-500x705.jpg 500w, https:\/\/www.klippitz.at\/sommer\/wp-content\/uploads\/2025\/07\/See-25.jpg 768w\" data-sizes=\"(max-width: 730px) 100vw, 730px\" data-rel='gallery-4' data-prev-img='https:\/\/www.klippitz.at\/sommer\/wp-content\/uploads\/2025\/07\/See-25-495x400.jpg' class='lightbox ' data-onclick='19' title='See-Klippitzt\u00f6rl'  itemprop=\"thumbnailUrl\"  ><img decoding=\"async\" fetchpriority=\"high\" class=\"wp-image-3708 avia-img-lazy-loading-not-3708\"   src=\"https:\/\/www.klippitz.at\/sommer\/wp-content\/uploads\/2025\/07\/See-25-495x400.jpg\" width=\"495\" height=\"400\"  title='See-Klippitzt\u00f6rl' alt='' \/><div class='big-prev-fake'><img decoding=\"async\" loading=\"lazy\" class=\"wp-image-3708 avia-img-lazy-loading-3708\"  width=\"495\" height=\"400\" src=\"https:\/\/www.klippitz.at\/sommer\/wp-content\/uploads\/2025\/07\/See-25-495x400.jpg\" title='See-Klippitzt\u00f6rl' alt='' \/><\/div><\/a><a href=\"https:\/\/www.klippitz.at\/sommer\/wp-content\/uploads\/2025\/07\/See-27-1030x686.jpg\" data-srcset=\"https:\/\/www.klippitz.at\/sommer\/wp-content\/uploads\/2025\/07\/See-27-1030x686.jpg 1030w, https:\/\/www.klippitz.at\/sommer\/wp-content\/uploads\/2025\/07\/See-27-300x200.jpg 300w, https:\/\/www.klippitz.at\/sommer\/wp-content\/uploads\/2025\/07\/See-27-768x512.jpg 768w, https:\/\/www.klippitz.at\/sommer\/wp-content\/uploads\/2025\/07\/See-27-705x470.jpg 705w, https:\/\/www.klippitz.at\/sommer\/wp-content\/uploads\/2025\/07\/See-27.jpg 1280w\" data-sizes=\"(max-width: 1030px) 100vw, 1030px\" data-rel='gallery-4' data-prev-img='https:\/\/www.klippitz.at\/sommer\/wp-content\/uploads\/2025\/07\/See-27-495x400.jpg' class='lightbox ' data-onclick='20' title='See-Klippitzt\u00f6rl'  itemprop=\"thumbnailUrl\"  ><img decoding=\"async\" fetchpriority=\"high\" class=\"wp-image-3709 avia-img-lazy-loading-not-3709\"   src=\"https:\/\/www.klippitz.at\/sommer\/wp-content\/uploads\/2025\/07\/See-27-495x400.jpg\" width=\"495\" height=\"400\"  title='See-Klippitzt\u00f6rl' alt='' srcset=\"https:\/\/www.klippitz.at\/sommer\/wp-content\/uploads\/2025\/07\/See-27-495x400.jpg 495w, https:\/\/www.klippitz.at\/sommer\/wp-content\/uploads\/2025\/07\/See-27-845x684.jpg 845w\" sizes=\"(max-width: 495px) 100vw, 495px\" \/><div class='big-prev-fake'><img decoding=\"async\" loading=\"lazy\" class=\"wp-image-3709 avia-img-lazy-loading-3709\"  width=\"495\" height=\"400\" src=\"https:\/\/www.klippitz.at\/sommer\/wp-content\/uploads\/2025\/07\/See-27-495x400.jpg\" title='See-Klippitzt\u00f6rl' alt='' srcset=\"https:\/\/www.klippitz.at\/sommer\/wp-content\/uploads\/2025\/07\/See-27-495x400.jpg 495w, https:\/\/www.klippitz.at\/sommer\/wp-content\/uploads\/2025\/07\/See-27-845x684.jpg 845w\" sizes=\"auto, (max-width: 495px) 100vw, 495px\" \/><\/div><\/a><a href=\"https:\/\/www.klippitz.at\/sommer\/wp-content\/uploads\/2025\/07\/See-ps07-753x1030.jpg\" data-srcset=\"https:\/\/www.klippitz.at\/sommer\/wp-content\/uploads\/2025\/07\/See-ps07-753x1030.jpg 753w, https:\/\/www.klippitz.at\/sommer\/wp-content\/uploads\/2025\/07\/See-ps07-219x300.jpg 219w, https:\/\/www.klippitz.at\/sommer\/wp-content\/uploads\/2025\/07\/See-ps07-515x705.jpg 515w, https:\/\/www.klippitz.at\/sommer\/wp-content\/uploads\/2025\/07\/See-ps07.jpg 768w\" data-sizes=\"(max-width: 753px) 100vw, 753px\" data-rel='gallery-4' data-prev-img='https:\/\/www.klippitz.at\/sommer\/wp-content\/uploads\/2025\/07\/See-ps07-495x400.jpg' class='first_thumb lightbox ' data-onclick='21' title='See-Klippitzt\u00f6rl'  itemprop=\"thumbnailUrl\"  ><img decoding=\"async\" fetchpriority=\"high\" class=\"wp-image-3711 avia-img-lazy-loading-not-3711\"   src=\"https:\/\/www.klippitz.at\/sommer\/wp-content\/uploads\/2025\/07\/See-ps07-495x400.jpg\" width=\"495\" height=\"400\"  title='See-Klippitzt\u00f6rl' alt='' \/><div class='big-prev-fake'><img decoding=\"async\" loading=\"lazy\" class=\"wp-image-3711 avia-img-lazy-loading-3711\"  width=\"495\" height=\"400\" src=\"https:\/\/www.klippitz.at\/sommer\/wp-content\/uploads\/2025\/07\/See-ps07-495x400.jpg\" title='See-Klippitzt\u00f6rl' alt='' \/><\/div><\/a><a href=\"https:\/\/www.klippitz.at\/sommer\/wp-content\/uploads\/2025\/07\/See-13-1030x686.jpg\" data-srcset=\"https:\/\/www.klippitz.at\/sommer\/wp-content\/uploads\/2025\/07\/See-13-1030x686.jpg 1030w, https:\/\/www.klippitz.at\/sommer\/wp-content\/uploads\/2025\/07\/See-13-300x200.jpg 300w, https:\/\/www.klippitz.at\/sommer\/wp-content\/uploads\/2025\/07\/See-13-768x512.jpg 768w, https:\/\/www.klippitz.at\/sommer\/wp-content\/uploads\/2025\/07\/See-13-705x470.jpg 705w, https:\/\/www.klippitz.at\/sommer\/wp-content\/uploads\/2025\/07\/See-13.jpg 1280w\" data-sizes=\"(max-width: 1030px) 100vw, 1030px\" data-rel='gallery-4' data-prev-img='https:\/\/www.klippitz.at\/sommer\/wp-content\/uploads\/2025\/07\/See-13-495x400.jpg' class='lightbox ' data-onclick='22' title='See-Klippitzt\u00f6rl'  itemprop=\"thumbnailUrl\"  ><img decoding=\"async\" fetchpriority=\"high\" class=\"wp-image-3704 avia-img-lazy-loading-not-3704\"   src=\"https:\/\/www.klippitz.at\/sommer\/wp-content\/uploads\/2025\/07\/See-13-495x400.jpg\" width=\"495\" height=\"400\"  title='See-Klippitzt\u00f6rl' alt='' srcset=\"https:\/\/www.klippitz.at\/sommer\/wp-content\/uploads\/2025\/07\/See-13-495x400.jpg 495w, https:\/\/www.klippitz.at\/sommer\/wp-content\/uploads\/2025\/07\/See-13-845x684.jpg 845w\" sizes=\"(max-width: 495px) 100vw, 495px\" \/><div class='big-prev-fake'><img decoding=\"async\" loading=\"lazy\" class=\"wp-image-3704 avia-img-lazy-loading-3704\"  width=\"495\" height=\"400\" src=\"https:\/\/www.klippitz.at\/sommer\/wp-content\/uploads\/2025\/07\/See-13-495x400.jpg\" title='See-Klippitzt\u00f6rl' alt='' srcset=\"https:\/\/www.klippitz.at\/sommer\/wp-content\/uploads\/2025\/07\/See-13-495x400.jpg 495w, https:\/\/www.klippitz.at\/sommer\/wp-content\/uploads\/2025\/07\/See-13-845x684.jpg 845w\" sizes=\"auto, (max-width: 495px) 100vw, 495px\" \/><\/div><\/a><\/div><\/div><br \/>\n\n<style type=\"text\/css\" data-created_by=\"avia_inline_auto\" id=\"style-css-av-85v2x-edc37e8451661c548e335505e48c908e\">\n#top .hr.hr-invisible.av-85v2x-edc37e8451661c548e335505e48c908e{\nheight:20px;\n}\n<\/style>\n<div  class='hr av-85v2x-edc37e8451661c548e335505e48c908e hr-invisible  avia-builder-el-42  el_after_av_gallery  el_before_av_button '><span class='hr-inner '><span class=\"hr-inner-style\"><\/span><\/span><\/div><br \/>\n<div  class='avia-button-wrap av-82m1b-4dd2defae0dbda0680f556b03a933b6c-wrap avia-button-left  avia-builder-el-43  el_after_av_hr  avia-builder-el-last '><a href='\/sommer\/#preisliste'  class='avia-button av-82m1b-4dd2defae0dbda0680f556b03a933b6c av-link-btn avia-icon_select-yes-left-icon avia-size-x-large avia-position-left avia-color-theme-color'   aria-label=\"Zu den Preisen\"><span class='avia_button_icon avia_button_icon_left avia-iconfont avia-font-entypo-fontello' data-av_icon='\ue827' data-av_iconfont='entypo-fontello' ><\/span><span class='avia_iconbox_title' >Zu den Preisen<\/span><\/a><\/div><\/p><\/div>\n\n<style type=\"text\/css\" data-created_by=\"avia_inline_auto\" id=\"style-css-av-80lr3-e01626db72252c8da9052a43cc2a4234\">\n#top .hr.hr-invisible.av-80lr3-e01626db72252c8da9052a43cc2a4234{\nheight:25px;\n}\n<\/style>\n<div  class='hr av-80lr3-e01626db72252c8da9052a43cc2a4234 hr-invisible  avia-builder-el-44  el_after_av_one_half  el_before_av_image '><span class='hr-inner '><span class=\"hr-inner-style\"><\/span><\/span><\/div>\n\n<style type=\"text\/css\" data-created_by=\"avia_inline_auto\" id=\"style-css-av-7xkzj-1ca7ae24be23fdaa7524f8931d100086\">\n.avia-image-container.av-7xkzj-1ca7ae24be23fdaa7524f8931d100086 img.avia_image{\nbox-shadow:none;\n}\n.avia-image-container.av-7xkzj-1ca7ae24be23fdaa7524f8931d100086 .av-image-caption-overlay-center{\ncolor:#ffffff;\n}\n<\/style>\n<div  class='avia-image-container av-7xkzj-1ca7ae24be23fdaa7524f8931d100086 av-styling- av-img-linked avia_animated_image av-animated-when-visible-95 top-to-bottom avia-align-center  avia-builder-el-45  el_after_av_hr  el_before_av_section  avia-builder-el-last '   itemprop=\"image\" itemscope=\"itemscope\" itemtype=\"https:\/\/schema.org\/ImageObject\" ><div class=\"avia-image-container-inner\"><div class=\"avia-image-overlay-wrap\"><a href=\"#top\" class='avia_image '  ><img decoding=\"async\" fetchpriority=\"high\" class='wp-image- avia-img-lazy-loading-not- avia_image ' src=\"http:\/\/www.klippitz.at\/sommer\/wp-content\/uploads\/2015\/02\/erlebnis-am-berg-3002.png\" alt='' title=''   itemprop=\"thumbnailUrl\"  \/><\/a><\/div><\/div><\/div>\n<\/div><\/div><\/div><!-- close content main div --><\/div><\/div>\n<style type=\"text\/css\" data-created_by=\"avia_inline_auto\" id=\"style-css-av-7vc45-2f510b067a54778c256b1d1dfbf6e168\">\n.avia-section.av-7vc45-2f510b067a54778c256b1d1dfbf6e168{\nbackground-repeat:no-repeat;\nbackground-image:url(https:\/\/www.klippitz.at\/sommer\/wp-content\/uploads\/2025\/07\/Gipfelkreuz-header-Wandern.jpg);\nbackground-position:50% 0%;\nbackground-attachment:scroll;\n}\n<\/style>\n<div id='wanderparadies'  class='avia-section av-7vc45-2f510b067a54778c256b1d1dfbf6e168 main_color avia-section-small avia-no-shadow  avia-builder-el-46  el_after_av_image  el_before_av_one_half  avia-full-stretch avia-bg-style-scroll av-minimum-height av-minimum-height-custom av-height-custom  container_wrap sidebar_right'  data-section-bg-repeat='stretch' data-av_minimum_height_px='700'><div class='container av-section-cont-open' style='height:700px'><div class='template-page content  av-content-small alpha units'><div class='post-entry post-entry-type-page post-entry-9'><div class='entry-content-wrapper clearfix'>\n\n<style type=\"text\/css\" data-created_by=\"avia_inline_auto\" id=\"style-css-av-7tts1-481dc77cf766bd34dda7c17118b2db9c\">\n#top .av-special-heading.av-7tts1-481dc77cf766bd34dda7c17118b2db9c{\npadding-bottom:10px;\ncolor:#ffffff;\n}\nbody .av-special-heading.av-7tts1-481dc77cf766bd34dda7c17118b2db9c .av-special-heading-tag .heading-char{\nfont-size:25px;\n}\n.av-special-heading.av-7tts1-481dc77cf766bd34dda7c17118b2db9c .special-heading-inner-border{\nborder-color:#ffffff;\n}\n.av-special-heading.av-7tts1-481dc77cf766bd34dda7c17118b2db9c .av-subheading{\nfont-size:15px;\n}\n<\/style>\n<div  class='av-special-heading av-7tts1-481dc77cf766bd34dda7c17118b2db9c av-special-heading-h1 custom-color-heading blockquote modern-quote  avia-builder-el-47  avia-builder-el-no-sibling '><h1 class='av-special-heading-tag '  itemprop=\"headline\"  >Genusswanderparadies<\/h1><div class=\"special-heading-border\"><div class=\"special-heading-inner-border\"><\/div><\/div><\/div>\n<\/div><\/div><\/div><!-- close content main div --><\/div><\/div><div id='after_section_5'  class='main_color av_default_container_wrap container_wrap sidebar_right'  ><div class='container av-section-cont-open' ><div class='template-page content  av-content-small alpha units'><div class='post-entry post-entry-type-page post-entry-9'><div class='entry-content-wrapper clearfix'>\n<div  class='flex_column av-7snsn-163444cc89a28c7a59884fbdfcff1204 av_one_half  avia-builder-el-48  el_after_av_section  el_before_av_one_half  avia-builder-el-first  first flex_column_div  '     ><section  class='av_textblock_section av-7q8vh-7e951297536eca26b4f501d00464f77d '   itemscope=\"itemscope\" itemtype=\"https:\/\/schema.org\/CreativeWork\" ><div class='avia_textblock'  itemprop=\"text\" ><h2 class=\"post-title\">Wandern \u00fcber den Wolken\u2026<\/h2>\n<p>Schn\u00fcren Sie Ihre Wanderschuhe, packen Sie Ihren Rucksack und nehmen Sie Ihr Fernglas mit. Es gibt viel zu sehen, zu erforschen, zu erleben. Auf den zahlreichen Genusswanderungen im und um das Wanderparadies Klippitzt\u00f6rl wandern Sie \u00fcber den Wolken.<br \/>\nEin weit verzweigtes, gut beschildertes Wanderwegenetz bietet jede Menge Abwechslung.<br \/>\nWandern Sie auf den weichen saftigen Almb\u00f6den, atmen Sie kr\u00e4ftig die klarw\u00fcrzige Bergluft ein und lassen Sie sich von der Sonne des Lavanttales w\u00e4rmen. Aber halten Sie immer die Augen offen, sonst k\u00f6nnten Sie die G\u00e4msen auf der Forstalpe, die Murmeltiere am Geierkogel oder die zahlreichen V\u00f6gel \u00fcbersehen.<br \/>\nNaturerlebnisse machen Ihren Wanderurlaub auf dem Klippitzt\u00f6rl unvergesslich.<\/p>\n<\/div><\/section><br \/>\n<section  class='av_textblock_section av-7na2r-d35102c7f288c8ce87d86d1ba9b1cfad '   itemscope=\"itemscope\" itemtype=\"https:\/\/schema.org\/CreativeWork\" ><div class='avia_textblock'  itemprop=\"text\" ><h2>Wandertouren online<\/h2>\n<p>Planen Sie Ihre Touren schon vorab mit dem AlpRegio Tourenprogramm. Alle Touren am Klippitzt\u00f6rl sind GPS erfasst, ausf\u00fchrlich beschrieben und k\u00f6nnen inkl. Tourenkarte ausgedruckt werden.<\/p>\n<\/div><\/section><br \/>\n<div  class='avia-button-wrap av-7kt03-b02402473bfe9ac563fbd79c1a793eb5-wrap avia-button-left  avia-builder-el-51  el_after_av_textblock  avia-builder-el-last '><a href='http:\/\/alpregio.outdooractive.com\/ar-wolfsberg\/de\/alpregio.jsp#i=1361385&amp;tab=TourTab'  class='avia-button av-7kt03-b02402473bfe9ac563fbd79c1a793eb5 av-link-btn avia-icon_select-yes-left-icon avia-size-large avia-position-left avia-color-theme-color'  target=\"_blank\"  rel=\"noopener noreferrer\"  aria-label=\"mehr...\"><span class='avia_button_icon avia_button_icon_left avia-iconfont avia-font-entypo-fontello' data-av_icon='\ue841' data-av_iconfont='entypo-fontello' ><\/span><span class='avia_iconbox_title' >mehr...<\/span><\/a><\/div><\/p><\/div>\n\n<style type=\"text\/css\" data-created_by=\"avia_inline_auto\" id=\"style-css-av-7jk71-2547ef8bc5bd21b23286cb0da0a30106\">\n.flex_column.av-7jk71-2547ef8bc5bd21b23286cb0da0a30106{\nborder-radius:0px 0px 0px 0px;\npadding:0px 0px 0px 0px;\n}\n<\/style>\n<div  class='flex_column av-7jk71-2547ef8bc5bd21b23286cb0da0a30106 av_one_half  avia-builder-el-52  el_after_av_one_half  el_before_av_hr  flex_column_div av-zero-column-padding  '     ><section  class='av_textblock_section av-7hjvf-4092399daeac7252c5a19ddb14571732 '   itemscope=\"itemscope\" itemtype=\"https:\/\/schema.org\/CreativeWork\" ><div class='avia_textblock'  itemprop=\"text\" ><h2>Wander-App<\/h2>\n<p>Hier k\u00f6nnen Sie das neue Wanderapp mit einer Vielzahl von Wandertouren am Klippitzt\u00f6rl in Wolfsberg \u2013 1. Wanderstadt \u00d6sterreichs, f\u00fcr IPhone und Android downloaden:<\/p>\n<\/div><\/section><br \/>\n<div  class='avia-button-wrap av-7fwy1-9849e98bbb9c7c138a9d8f3c2c3f5bd5-wrap avia-button-left  avia-builder-el-54  el_after_av_textblock  el_before_av_button '><a href='http:\/\/itunes.apple.com\/de\/app\/wolfsberg-1.-wanderstadt-osterreichs\/id506640525?mt=8'  class='avia-button av-7fwy1-9849e98bbb9c7c138a9d8f3c2c3f5bd5 av-link-btn avia-icon_select-yes-left-icon avia-size-x-large avia-position-left avia-color-theme-color'  target=\"_blank\"  rel=\"noopener noreferrer\"  aria-label=\"Wanderapp f\u00fcr iOS\"><span class='avia_button_icon avia_button_icon_left avia-iconfont avia-font-entypo-fontello' data-av_icon='\ue920' data-av_iconfont='entypo-fontello' ><\/span><span class='avia_iconbox_title' >Wanderapp f\u00fcr iOS<\/span><\/a><\/div><br \/>\n<div  class='avia-button-wrap av-7cspr-09b29dc3af278fbd1fef93e07a28e247-wrap avia-button-left  avia-builder-el-55  el_after_av_button  el_before_av_hr '><a href='http:\/\/play.google.com\/store\/apps\/details?id=de.alpstein.alpregio.Wolfsberg&amp;feature=search_result#?t=W251bGwsMSwxLDEsImRlLmFscHN0ZWluLmFscHJlZ2lvLldvbGZzYmVyZyJd'  class='avia-button av-7cspr-09b29dc3af278fbd1fef93e07a28e247 av-link-btn avia-icon_select-yes-left-icon avia-size-x-large avia-position-left avia-color-theme-color'  target=\"_blank\"  rel=\"noopener noreferrer\"  aria-label=\"Wanderapp f\u00fcr Android\"><span class='avia_button_icon avia_button_icon_left avia-iconfont avia-font-entypo-fontello' data-av_icon='\ue91c' data-av_iconfont='entypo-fontello' ><\/span><span class='avia_iconbox_title' >Wanderapp f\u00fcr Android<\/span><\/a><\/div><br \/>\n\n<style type=\"text\/css\" data-created_by=\"avia_inline_auto\" id=\"style-css-av-7b6w3-83862657a42ec0d68beee3a2adcade7d\">\n#top .hr.hr-invisible.av-7b6w3-83862657a42ec0d68beee3a2adcade7d{\nheight:10px;\n}\n<\/style>\n<div  class='hr av-7b6w3-83862657a42ec0d68beee3a2adcade7d hr-invisible  avia-builder-el-56  el_after_av_button  el_before_av_gallery '><span class='hr-inner '><span class=\"hr-inner-style\"><\/span><\/span><\/div><br \/>\n\n<style type=\"text\/css\" data-created_by=\"avia_inline_auto\" id=\"style-css-av-78byj-9521643f6f4527f48acd960ed6569afe\">\n#top .avia-gallery.av-78byj-9521643f6f4527f48acd960ed6569afe .avia-gallery-thumb a{\nwidth:25%;\n}\n<\/style>\n<div  class='avia-gallery av-78byj-9521643f6f4527f48acd960ed6569afe avia_animate_when_visible  avia-builder-el-57  el_after_av_hr  avia-builder-el-last  deactivate_avia_lazyload avia-gallery-animate avia-gallery-5'  itemprop=\"image\" itemscope=\"itemscope\" itemtype=\"https:\/\/schema.org\/ImageObject\" ><meta itemprop=\"contentURL\" content=\"https:\/\/www.klippitz.at\/sommer\/\"><div class='avia-gallery-thumb'><a href=\"https:\/\/www.klippitz.at\/sommer\/wp-content\/uploads\/2025\/07\/Drohne-1030x773.jpg\" data-srcset=\"https:\/\/www.klippitz.at\/sommer\/wp-content\/uploads\/2025\/07\/Drohne-1030x773.jpg 1030w, https:\/\/www.klippitz.at\/sommer\/wp-content\/uploads\/2025\/07\/Drohne-300x225.jpg 300w, https:\/\/www.klippitz.at\/sommer\/wp-content\/uploads\/2025\/07\/Drohne-768x576.jpg 768w, https:\/\/www.klippitz.at\/sommer\/wp-content\/uploads\/2025\/07\/Drohne-705x529.jpg 705w, https:\/\/www.klippitz.at\/sommer\/wp-content\/uploads\/2025\/07\/Drohne.jpg 1280w\" data-sizes=\"(max-width: 1030px) 100vw, 1030px\" data-rel='gallery-5' data-prev-img='https:\/\/www.klippitz.at\/sommer\/wp-content\/uploads\/2025\/07\/Drohne-495x400.jpg' class='first_thumb lightbox ' data-onclick='1' title='Klippitzt\u00f6rl'  itemprop=\"thumbnailUrl\"  ><img decoding=\"async\" fetchpriority=\"high\" class=\"wp-image-3635 avia-img-lazy-loading-not-3635\"   src=\"https:\/\/www.klippitz.at\/sommer\/wp-content\/uploads\/2025\/07\/Drohne-495x400.jpg\" width=\"495\" height=\"400\"  title='Klippitzt\u00f6rl' alt='' srcset=\"https:\/\/www.klippitz.at\/sommer\/wp-content\/uploads\/2025\/07\/Drohne-495x400.jpg 495w, https:\/\/www.klippitz.at\/sommer\/wp-content\/uploads\/2025\/07\/Drohne-845x684.jpg 845w\" sizes=\"(max-width: 495px) 100vw, 495px\" \/><div class='big-prev-fake'><img decoding=\"async\" loading=\"lazy\" class=\"wp-image-3635 avia-img-lazy-loading-3635\"  width=\"495\" height=\"400\" src=\"https:\/\/www.klippitz.at\/sommer\/wp-content\/uploads\/2025\/07\/Drohne-495x400.jpg\" title='Klippitzt\u00f6rl' alt='' srcset=\"https:\/\/www.klippitz.at\/sommer\/wp-content\/uploads\/2025\/07\/Drohne-495x400.jpg 495w, https:\/\/www.klippitz.at\/sommer\/wp-content\/uploads\/2025\/07\/Drohne-845x684.jpg 845w\" sizes=\"auto, (max-width: 495px) 100vw, 495px\" \/><\/div><\/a><a href=\"https:\/\/www.klippitz.at\/sommer\/wp-content\/uploads\/2025\/07\/Drohne-ps-05-1030x773.jpg\" data-srcset=\"https:\/\/www.klippitz.at\/sommer\/wp-content\/uploads\/2025\/07\/Drohne-ps-05-1030x773.jpg 1030w, https:\/\/www.klippitz.at\/sommer\/wp-content\/uploads\/2025\/07\/Drohne-ps-05-300x225.jpg 300w, https:\/\/www.klippitz.at\/sommer\/wp-content\/uploads\/2025\/07\/Drohne-ps-05-768x576.jpg 768w, https:\/\/www.klippitz.at\/sommer\/wp-content\/uploads\/2025\/07\/Drohne-ps-05-705x529.jpg 705w, https:\/\/www.klippitz.at\/sommer\/wp-content\/uploads\/2025\/07\/Drohne-ps-05.jpg 1280w\" data-sizes=\"(max-width: 1030px) 100vw, 1030px\" data-rel='gallery-5' data-prev-img='https:\/\/www.klippitz.at\/sommer\/wp-content\/uploads\/2025\/07\/Drohne-ps-05-495x400.jpg' class='lightbox ' data-onclick='2' title='Klippitzt\u00f6rl'  itemprop=\"thumbnailUrl\"  ><img decoding=\"async\" fetchpriority=\"high\" class=\"wp-image-3636 avia-img-lazy-loading-not-3636\"   src=\"https:\/\/www.klippitz.at\/sommer\/wp-content\/uploads\/2025\/07\/Drohne-ps-05-495x400.jpg\" width=\"495\" height=\"400\"  title='Klippitzt\u00f6rl' alt='' srcset=\"https:\/\/www.klippitz.at\/sommer\/wp-content\/uploads\/2025\/07\/Drohne-ps-05-495x400.jpg 495w, https:\/\/www.klippitz.at\/sommer\/wp-content\/uploads\/2025\/07\/Drohne-ps-05-845x684.jpg 845w\" sizes=\"(max-width: 495px) 100vw, 495px\" \/><div class='big-prev-fake'><img decoding=\"async\" loading=\"lazy\" class=\"wp-image-3636 avia-img-lazy-loading-3636\"  width=\"495\" height=\"400\" src=\"https:\/\/www.klippitz.at\/sommer\/wp-content\/uploads\/2025\/07\/Drohne-ps-05-495x400.jpg\" title='Klippitzt\u00f6rl' alt='' srcset=\"https:\/\/www.klippitz.at\/sommer\/wp-content\/uploads\/2025\/07\/Drohne-ps-05-495x400.jpg 495w, https:\/\/www.klippitz.at\/sommer\/wp-content\/uploads\/2025\/07\/Drohne-ps-05-845x684.jpg 845w\" sizes=\"auto, (max-width: 495px) 100vw, 495px\" \/><\/div><\/a><a href=\"https:\/\/www.klippitz.at\/sommer\/wp-content\/uploads\/2025\/07\/Gipfelkreuz-7-1030x686.jpg\" data-srcset=\"https:\/\/www.klippitz.at\/sommer\/wp-content\/uploads\/2025\/07\/Gipfelkreuz-7-1030x686.jpg 1030w, https:\/\/www.klippitz.at\/sommer\/wp-content\/uploads\/2025\/07\/Gipfelkreuz-7-300x200.jpg 300w, https:\/\/www.klippitz.at\/sommer\/wp-content\/uploads\/2025\/07\/Gipfelkreuz-7-768x512.jpg 768w, https:\/\/www.klippitz.at\/sommer\/wp-content\/uploads\/2025\/07\/Gipfelkreuz-7-705x470.jpg 705w, https:\/\/www.klippitz.at\/sommer\/wp-content\/uploads\/2025\/07\/Gipfelkreuz-7.jpg 1280w\" data-sizes=\"(max-width: 1030px) 100vw, 1030px\" data-rel='gallery-5' data-prev-img='https:\/\/www.klippitz.at\/sommer\/wp-content\/uploads\/2025\/07\/Gipfelkreuz-7-495x400.jpg' class='lightbox ' data-onclick='3' title='Gipfelkreuz-Klippitzt\u00f6rl'  itemprop=\"thumbnailUrl\"  ><img decoding=\"async\" fetchpriority=\"high\" class=\"wp-image-3633 avia-img-lazy-loading-not-3633\"   src=\"https:\/\/www.klippitz.at\/sommer\/wp-content\/uploads\/2025\/07\/Gipfelkreuz-7-495x400.jpg\" width=\"495\" height=\"400\"  title='Gipfelkreuz-Klippitzt\u00f6rl' alt='' srcset=\"https:\/\/www.klippitz.at\/sommer\/wp-content\/uploads\/2025\/07\/Gipfelkreuz-7-495x400.jpg 495w, https:\/\/www.klippitz.at\/sommer\/wp-content\/uploads\/2025\/07\/Gipfelkreuz-7-845x684.jpg 845w\" sizes=\"(max-width: 495px) 100vw, 495px\" \/><div class='big-prev-fake'><img decoding=\"async\" loading=\"lazy\" class=\"wp-image-3633 avia-img-lazy-loading-3633\"  width=\"495\" height=\"400\" src=\"https:\/\/www.klippitz.at\/sommer\/wp-content\/uploads\/2025\/07\/Gipfelkreuz-7-495x400.jpg\" title='Gipfelkreuz-Klippitzt\u00f6rl' alt='' srcset=\"https:\/\/www.klippitz.at\/sommer\/wp-content\/uploads\/2025\/07\/Gipfelkreuz-7-495x400.jpg 495w, https:\/\/www.klippitz.at\/sommer\/wp-content\/uploads\/2025\/07\/Gipfelkreuz-7-845x684.jpg 845w\" sizes=\"auto, (max-width: 495px) 100vw, 495px\" \/><\/div><\/a><a href=\"https:\/\/www.klippitz.at\/sommer\/wp-content\/uploads\/2025\/07\/Drohne-ps-08-1030x773.jpg\" data-srcset=\"https:\/\/www.klippitz.at\/sommer\/wp-content\/uploads\/2025\/07\/Drohne-ps-08-1030x773.jpg 1030w, https:\/\/www.klippitz.at\/sommer\/wp-content\/uploads\/2025\/07\/Drohne-ps-08-300x225.jpg 300w, https:\/\/www.klippitz.at\/sommer\/wp-content\/uploads\/2025\/07\/Drohne-ps-08-768x576.jpg 768w, https:\/\/www.klippitz.at\/sommer\/wp-content\/uploads\/2025\/07\/Drohne-ps-08-705x529.jpg 705w, https:\/\/www.klippitz.at\/sommer\/wp-content\/uploads\/2025\/07\/Drohne-ps-08.jpg 1280w\" data-sizes=\"(max-width: 1030px) 100vw, 1030px\" data-rel='gallery-5' data-prev-img='https:\/\/www.klippitz.at\/sommer\/wp-content\/uploads\/2025\/07\/Drohne-ps-08-495x400.jpg' class='lightbox ' data-onclick='4' title='Klippitzt\u00f6rl'  itemprop=\"thumbnailUrl\"  ><img decoding=\"async\" fetchpriority=\"high\" class=\"wp-image-3637 avia-img-lazy-loading-not-3637\"   src=\"https:\/\/www.klippitz.at\/sommer\/wp-content\/uploads\/2025\/07\/Drohne-ps-08-495x400.jpg\" width=\"495\" height=\"400\"  title='Klippitzt\u00f6rl' alt='' srcset=\"https:\/\/www.klippitz.at\/sommer\/wp-content\/uploads\/2025\/07\/Drohne-ps-08-495x400.jpg 495w, https:\/\/www.klippitz.at\/sommer\/wp-content\/uploads\/2025\/07\/Drohne-ps-08-845x684.jpg 845w\" sizes=\"(max-width: 495px) 100vw, 495px\" \/><div class='big-prev-fake'><img decoding=\"async\" loading=\"lazy\" class=\"wp-image-3637 avia-img-lazy-loading-3637\"  width=\"495\" height=\"400\" src=\"https:\/\/www.klippitz.at\/sommer\/wp-content\/uploads\/2025\/07\/Drohne-ps-08-495x400.jpg\" title='Klippitzt\u00f6rl' alt='' srcset=\"https:\/\/www.klippitz.at\/sommer\/wp-content\/uploads\/2025\/07\/Drohne-ps-08-495x400.jpg 495w, https:\/\/www.klippitz.at\/sommer\/wp-content\/uploads\/2025\/07\/Drohne-ps-08-845x684.jpg 845w\" sizes=\"auto, (max-width: 495px) 100vw, 495px\" \/><\/div><\/a><a href=\"https:\/\/www.klippitz.at\/sommer\/wp-content\/uploads\/2025\/07\/Drohne-ps-14-1030x773.jpg\" data-srcset=\"https:\/\/www.klippitz.at\/sommer\/wp-content\/uploads\/2025\/07\/Drohne-ps-14-1030x773.jpg 1030w, https:\/\/www.klippitz.at\/sommer\/wp-content\/uploads\/2025\/07\/Drohne-ps-14-300x225.jpg 300w, https:\/\/www.klippitz.at\/sommer\/wp-content\/uploads\/2025\/07\/Drohne-ps-14-768x576.jpg 768w, https:\/\/www.klippitz.at\/sommer\/wp-content\/uploads\/2025\/07\/Drohne-ps-14-705x529.jpg 705w, https:\/\/www.klippitz.at\/sommer\/wp-content\/uploads\/2025\/07\/Drohne-ps-14.jpg 1280w\" data-sizes=\"(max-width: 1030px) 100vw, 1030px\" data-rel='gallery-5' data-prev-img='https:\/\/www.klippitz.at\/sommer\/wp-content\/uploads\/2025\/07\/Drohne-ps-14-495x400.jpg' class='first_thumb lightbox ' data-onclick='5' title='Klippitzt\u00f6rl'  itemprop=\"thumbnailUrl\"  ><img decoding=\"async\" fetchpriority=\"high\" class=\"wp-image-3639 avia-img-lazy-loading-not-3639\"   src=\"https:\/\/www.klippitz.at\/sommer\/wp-content\/uploads\/2025\/07\/Drohne-ps-14-495x400.jpg\" width=\"495\" height=\"400\"  title='Klippitzt\u00f6rl' alt='' srcset=\"https:\/\/www.klippitz.at\/sommer\/wp-content\/uploads\/2025\/07\/Drohne-ps-14-495x400.jpg 495w, https:\/\/www.klippitz.at\/sommer\/wp-content\/uploads\/2025\/07\/Drohne-ps-14-845x684.jpg 845w\" sizes=\"(max-width: 495px) 100vw, 495px\" \/><div class='big-prev-fake'><img decoding=\"async\" loading=\"lazy\" class=\"wp-image-3639 avia-img-lazy-loading-3639\"  width=\"495\" height=\"400\" src=\"https:\/\/www.klippitz.at\/sommer\/wp-content\/uploads\/2025\/07\/Drohne-ps-14-495x400.jpg\" title='Klippitzt\u00f6rl' alt='' srcset=\"https:\/\/www.klippitz.at\/sommer\/wp-content\/uploads\/2025\/07\/Drohne-ps-14-495x400.jpg 495w, https:\/\/www.klippitz.at\/sommer\/wp-content\/uploads\/2025\/07\/Drohne-ps-14-845x684.jpg 845w\" sizes=\"auto, (max-width: 495px) 100vw, 495px\" \/><\/div><\/a><a href=\"https:\/\/www.klippitz.at\/sommer\/wp-content\/uploads\/2025\/07\/Drohne-ps-13.jpg\" data-srcset=\"https:\/\/www.klippitz.at\/sommer\/wp-content\/uploads\/2025\/07\/Drohne-ps-13.jpg 768w, https:\/\/www.klippitz.at\/sommer\/wp-content\/uploads\/2025\/07\/Drohne-ps-13-225x300.jpg 225w, https:\/\/www.klippitz.at\/sommer\/wp-content\/uploads\/2025\/07\/Drohne-ps-13-529x705.jpg 529w\" data-sizes=\"(max-width: 768px) 100vw, 768px\" data-rel='gallery-5' data-prev-img='https:\/\/www.klippitz.at\/sommer\/wp-content\/uploads\/2025\/07\/Drohne-ps-13-495x400.jpg' class='lightbox ' data-onclick='6' title='Klippitzt\u00f6rl'  itemprop=\"thumbnailUrl\"  ><img decoding=\"async\" fetchpriority=\"high\" class=\"wp-image-3638 avia-img-lazy-loading-not-3638\"   src=\"https:\/\/www.klippitz.at\/sommer\/wp-content\/uploads\/2025\/07\/Drohne-ps-13-495x400.jpg\" width=\"495\" height=\"400\"  title='Klippitzt\u00f6rl' alt='' \/><div class='big-prev-fake'><img decoding=\"async\" loading=\"lazy\" class=\"wp-image-3638 avia-img-lazy-loading-3638\"  width=\"495\" height=\"400\" src=\"https:\/\/www.klippitz.at\/sommer\/wp-content\/uploads\/2025\/07\/Drohne-ps-13-495x400.jpg\" title='Klippitzt\u00f6rl' alt='' \/><\/div><\/a><a href=\"https:\/\/www.klippitz.at\/sommer\/wp-content\/uploads\/2025\/07\/Gipfelkreuz-12-1030x686.jpg\" data-srcset=\"https:\/\/www.klippitz.at\/sommer\/wp-content\/uploads\/2025\/07\/Gipfelkreuz-12-1030x686.jpg 1030w, https:\/\/www.klippitz.at\/sommer\/wp-content\/uploads\/2025\/07\/Gipfelkreuz-12-300x200.jpg 300w, https:\/\/www.klippitz.at\/sommer\/wp-content\/uploads\/2025\/07\/Gipfelkreuz-12-768x512.jpg 768w, https:\/\/www.klippitz.at\/sommer\/wp-content\/uploads\/2025\/07\/Gipfelkreuz-12-705x470.jpg 705w, https:\/\/www.klippitz.at\/sommer\/wp-content\/uploads\/2025\/07\/Gipfelkreuz-12.jpg 1280w\" data-sizes=\"(max-width: 1030px) 100vw, 1030px\" data-rel='gallery-5' data-prev-img='https:\/\/www.klippitz.at\/sommer\/wp-content\/uploads\/2025\/07\/Gipfelkreuz-12-495x400.jpg' class='lightbox ' data-onclick='7' title='Gipfelkreuz-Klippitzt\u00f6rl'  itemprop=\"thumbnailUrl\"  ><img decoding=\"async\" fetchpriority=\"high\" class=\"wp-image-3634 avia-img-lazy-loading-not-3634\"   src=\"https:\/\/www.klippitz.at\/sommer\/wp-content\/uploads\/2025\/07\/Gipfelkreuz-12-495x400.jpg\" width=\"495\" height=\"400\"  title='Gipfelkreuz-Klippitzt\u00f6rl' alt='' srcset=\"https:\/\/www.klippitz.at\/sommer\/wp-content\/uploads\/2025\/07\/Gipfelkreuz-12-495x400.jpg 495w, https:\/\/www.klippitz.at\/sommer\/wp-content\/uploads\/2025\/07\/Gipfelkreuz-12-845x684.jpg 845w\" sizes=\"(max-width: 495px) 100vw, 495px\" \/><div class='big-prev-fake'><img decoding=\"async\" loading=\"lazy\" class=\"wp-image-3634 avia-img-lazy-loading-3634\"  width=\"495\" height=\"400\" src=\"https:\/\/www.klippitz.at\/sommer\/wp-content\/uploads\/2025\/07\/Gipfelkreuz-12-495x400.jpg\" title='Gipfelkreuz-Klippitzt\u00f6rl' alt='' srcset=\"https:\/\/www.klippitz.at\/sommer\/wp-content\/uploads\/2025\/07\/Gipfelkreuz-12-495x400.jpg 495w, https:\/\/www.klippitz.at\/sommer\/wp-content\/uploads\/2025\/07\/Gipfelkreuz-12-845x684.jpg 845w\" sizes=\"auto, (max-width: 495px) 100vw, 495px\" \/><\/div><\/a><\/div><\/div><\/p><\/div>\n\n<style type=\"text\/css\" data-created_by=\"avia_inline_auto\" id=\"style-css-av-74b7z-710e710479a0562aa436f9d598edc70d\">\n#top .hr.hr-invisible.av-74b7z-710e710479a0562aa436f9d598edc70d{\nheight:15px;\n}\n<\/style>\n<div  class='hr av-74b7z-710e710479a0562aa436f9d598edc70d hr-invisible  avia-builder-el-58  el_after_av_one_half  el_before_av_image '><span class='hr-inner '><span class=\"hr-inner-style\"><\/span><\/span><\/div>\n\n<style type=\"text\/css\" data-created_by=\"avia_inline_auto\" id=\"style-css-av-71u8n-848b1d074db55c2c995d9b27f5214085\">\n.avia-image-container.av-71u8n-848b1d074db55c2c995d9b27f5214085 img.avia_image{\nbox-shadow:none;\n}\n.avia-image-container.av-71u8n-848b1d074db55c2c995d9b27f5214085 .av-image-caption-overlay-center{\ncolor:#ffffff;\n}\n<\/style>\n<div  class='avia-image-container av-71u8n-848b1d074db55c2c995d9b27f5214085 av-styling- av-img-linked avia_animated_image av-animated-when-visible-95 top-to-bottom avia-align-center  avia-builder-el-59  el_after_av_hr  el_before_av_section  avia-builder-el-last '   itemprop=\"image\" itemscope=\"itemscope\" itemtype=\"https:\/\/schema.org\/ImageObject\" ><div class=\"avia-image-container-inner\"><div class=\"avia-image-overlay-wrap\"><a href=\"#top\" class='avia_image '  aria-label='erlebnis-am-berg-300'><img decoding=\"async\" fetchpriority=\"high\" class='wp-image-1008 avia-img-lazy-loading-not-1008 avia_image ' src=\"https:\/\/www.klippitz.at\/sommer\/wp-content\/uploads\/2015\/02\/erlebnis-am-berg-3002.png\" alt='' title='erlebnis-am-berg-300'  height=\"72\" width=\"300\"  itemprop=\"thumbnailUrl\"  \/><\/a><\/div><\/div><\/div>\n<\/div><\/div><\/div><!-- close content main div --><\/div><\/div>\n<style type=\"text\/css\" data-created_by=\"avia_inline_auto\" id=\"style-css-av-6zzzd-08aa69e26c03f7eff061a2407102ed36\">\n.avia-section.av-6zzzd-08aa69e26c03f7eff061a2407102ed36{\nbackground-repeat:no-repeat;\nbackground-image:url(https:\/\/www.klippitz.at\/sommer\/wp-content\/uploads\/2025\/07\/Drohne-Header.jpg);\nbackground-position:50% 50%;\nbackground-attachment:scroll;\n}\n<\/style>\n<div id='preisliste'  class='avia-section av-6zzzd-08aa69e26c03f7eff061a2407102ed36 main_color avia-section-no-padding avia-no-shadow  avia-builder-el-60  el_after_av_image  el_before_av_one_full  avia-full-stretch avia-bg-style-scroll av-minimum-height av-minimum-height-custom av-height-custom  container_wrap sidebar_right'  data-section-bg-repeat='stretch' data-av_minimum_height_px='700'><div class='container av-section-cont-open' style='height:700px'><div class='template-page content  av-content-small alpha units'><div class='post-entry post-entry-type-page post-entry-9'><div class='entry-content-wrapper clearfix'>\n\n<style type=\"text\/css\" data-created_by=\"avia_inline_auto\" id=\"style-css-av-oztl-7d0bbb0dbf5b64ac5a8dcf21fce9409a\">\n#top .av-special-heading.av-oztl-7d0bbb0dbf5b64ac5a8dcf21fce9409a{\npadding-bottom:10px;\ncolor:#ffffff;\n}\nbody .av-special-heading.av-oztl-7d0bbb0dbf5b64ac5a8dcf21fce9409a .av-special-heading-tag .heading-char{\nfont-size:25px;\n}\n.av-special-heading.av-oztl-7d0bbb0dbf5b64ac5a8dcf21fce9409a .special-heading-inner-border{\nborder-color:#ffffff;\n}\n.av-special-heading.av-oztl-7d0bbb0dbf5b64ac5a8dcf21fce9409a .av-subheading{\nfont-size:15px;\n}\n<\/style>\n<div  class='av-special-heading av-oztl-7d0bbb0dbf5b64ac5a8dcf21fce9409a av-special-heading-h1 custom-color-heading blockquote modern-quote  avia-builder-el-61  avia-builder-el-no-sibling '><h1 class='av-special-heading-tag '  itemprop=\"headline\"  >Preise 2026<\/h1><div class=\"special-heading-border\"><div class=\"special-heading-inner-border\"><\/div><\/div><\/div>\n<\/div><\/div><\/div><!-- close content main div --><\/div><\/div><div id='after_section_6'  class='main_color av_default_container_wrap container_wrap sidebar_right'  ><div class='container av-section-cont-open' ><div class='template-page content  av-content-small alpha units'><div class='post-entry post-entry-type-page post-entry-9'><div class='entry-content-wrapper clearfix'>\n<div  class='flex_column av-oqkj-c1d03df46053c06ef45a9c75cf1a787c av_one_full  avia-builder-el-62  el_after_av_section  el_before_av_one_half  avia-builder-el-first  first flex_column_div  '     ><div class='avia-data-table-wrap av-6suh3-8d6ce0d8143b8560fb441f6f5ba1e7fe avia_scrollable_table avia-table-1'><table  class='avia-table avia-data-table avia_pricing_default  avia-builder-el-63  avia-builder-el-no-sibling '  itemscope=\"itemscope\" itemtype=\"https:\/\/schema.org\/Table\" ><caption>Alle Preise in \u20ac.<\/caption><tbody><tr class=''><td class='avia-highlight-col'><\/td><td class='avia-center-col'>Erwachsen<\/td><td class='avia-center-col'>Kind 7-15 Jahre<\/td><td class='avia-center-col'>VIP Erwachsen<\/td><td class='avia-center-col'>VIP Kind 7-15 Jahre<\/td><\/tr><tr class='avia-heading-row'><th class='avia-highlight-col'>1x Lift &amp; Rodelspa\u00df<\/th><th class='avia-center-col'>16,00<\/th><th class='avia-center-col'>11,50<\/th><th class='avia-center-col'>14,00<\/th><th class='avia-center-col'>10,50<\/th><\/tr><tr class='avia-heading-row'><th class='avia-highlight-col'>Aussichtsfahrt Sessellift Berg &amp; Tal<\/th><th class='avia-center-col'>11,00<\/th><th class='avia-center-col'>8,50<\/th><th class='avia-center-col'>10,00<\/th><th class='avia-center-col'>7,50<\/th><\/tr><tr class='avia-heading-row'><th class='avia-highlight-col'>Sessellift Bergfahrt<\/th><th class='avia-center-col'>9,00<\/th><th class='avia-center-col'>7,50<\/th><th class='avia-center-col'>8,00<\/th><th class='avia-center-col'>6,50<\/th><\/tr><tr class='avia-heading-row'><th class='avia-highlight-col'>Sessellift Talfahrt<\/th><th class='avia-center-col'>6,50<\/th><th class='avia-center-col'>5,50<\/th><th class='avia-center-col'>5,50<\/th><th class='avia-center-col'>3,00<\/th><\/tr><tr class='avia-heading-row'><th class='avia-highlight-col'>1x Rodelspa\u00df Tal<\/th><th class='avia-center-col'>10,00<\/th><th class='avia-center-col'>8,50<\/th><th class='avia-center-col'>9,00<\/th><th class='avia-center-col'>7,50<\/th><\/tr><tr class='avia-heading-row'><th class='avia-highlight-col'>3er-Block Lift\/Rodelspa\u00df<\/th><th class='avia-center-col'>40,00<\/th><th class='avia-center-col'>28,00<\/th><th class='avia-center-col'>36,00<\/th><th class='avia-center-col'>25,00<\/th><\/tr><tr class='avia-heading-row'><th class='avia-highlight-col'>1x Lift &amp; Rodelspa\u00df &#8211; K\u00e4rnten Card + Active Card<\/th><th class='avia-center-col'>13,00<\/th><th class='avia-center-col'>9,50<\/th><th class='avia-center-col'><\/th><th class='avia-center-col'><\/th><\/tr><tr class='avia-heading-row'><th class='avia-highlight-col'>3x Lift\/Rodelspa\u00df &#8211; K\u00e4rnten Card + Active Card<\/th><th class='avia-center-col'>32,00<\/th><th class='avia-center-col'>22,0<\/th><th class='avia-center-col'><\/th><th class='avia-center-col'><\/th><\/tr><tr class='avia-heading-row'><th class='avia-highlight-col'>Klettergarten (max 3.Std) oder 3 Runden Kiddy-Park<\/th><th class='avia-center-col'>24,00<\/th><th class='avia-center-col'>15,00<\/th><th class='avia-center-col'>20,00<\/th><th class='avia-center-col'>12,00<\/th><\/tr><tr class='avia-heading-row'><th class='avia-highlight-col'>Klettern &amp; 1x Lift &amp; Rodelspa\u00df<\/th><th class='avia-center-col'>37,50<\/th><th class='avia-center-col'>25,50<\/th><th class='avia-center-col'>32,00<\/th><th class='avia-center-col'>20,00<\/th><\/tr><tr class='avia-heading-row'><th class='avia-highlight-col'>Klettern &amp; 3x Lift \/ Rodelspa\u00df<\/th><th class='avia-center-col'>60,50<\/th><th class='avia-center-col'>37,50<\/th><th class='avia-center-col'>54,00<\/th><th class='avia-center-col'>32,00<\/th><\/tr><tr class='avia-heading-row'><th class='avia-highlight-col'>Klettern &amp; 1x Lift &amp; Rodelspa\u00df Schule<\/th><th class='avia-center-col'>26,50<\/th><th class='avia-center-col'>20,00<\/th><th class='avia-center-col'><\/th><th class='avia-center-col'><\/th><\/tr><\/tbody><\/table><\/div><\/div>\n<div  class='flex_column av-4rl7-de1ead1dca7e05160a6b8cfc094e24af av_one_half  avia-builder-el-64  el_after_av_one_full  el_before_av_one_half  first flex_column_div  column-top-margin'     ><section  class='av_textblock_section av-1an7x-0b58681a4e81c314ddd46e830e701d67 '   itemscope=\"itemscope\" itemtype=\"https:\/\/schema.org\/CreativeWork\" ><div class='avia_textblock'  itemprop=\"text\" ><h2>Legende<\/h2>\n<p><strong>Sommerrodelbahn:<\/strong> Kindertarife f\u00fcr 7 bis 15j\u00e4hrige. Kinder ab 7 Jahren d\u00fcrfen alleine fahren, unter 7 Jahren nur in Begleitung eines mindestens 16 j\u00e4hrigen.<br \/>\nGruppentarife ab 10 Personen. VIP-Tarife f\u00fcr G\u00e4ste der Mitgliedsbetriebe bei der Klippitz Touristik. Blockkarten jeweils nur f\u00fcr 1 Person g\u00fcltig. Betriebszeiten jeweils 10.00 Uhr bis 17.00 Uhr. Kein Betrieb bei Sturm und Starkregen m\u00f6glich. Keine R\u00fcckverg\u00fctung bei Schlechtwetter.<\/p>\n<\/div><\/section><\/div>\n<style type=\"text\/css\" data-created_by=\"avia_inline_auto\" id=\"style-css-av-17a6z-a54610bf2bc97b6b3016d0f6780a0fff\">\n.flex_column.av-17a6z-a54610bf2bc97b6b3016d0f6780a0fff{\nborder-radius:0px 0px 0px 0px;\npadding:0px 0px 0px 0px;\n}\n<\/style>\n<div  class='flex_column av-17a6z-a54610bf2bc97b6b3016d0f6780a0fff av_one_half  avia-builder-el-66  el_after_av_one_half  el_before_av_hr  flex_column_div av-zero-column-padding  column-top-margin'     ><section  class='av_textblock_section av-1523x-f50318c3daac9f74c777e540f27f6ea7 '   itemscope=\"itemscope\" itemtype=\"https:\/\/schema.org\/CreativeWork\" ><div class='avia_textblock'  itemprop=\"text\" ><p><strong>Klettergarten:<\/strong> Voraussetzung keine k\u00f6rperliche oder geistige Einschr\u00e4nkung, Kinder unter 14 Jahren nur in Begleitung Erwachsener. Ben\u00fctzung nur nach vorheriger Einschulung und Unterzeichnung der Einverst\u00e4ndniserkl\u00e4rung. Kinder ab K\u00f6rpergr\u00f6\u00dfe 120cm. Die bereitgestellte Ausr\u00fcstung (Helm, Gurt, Seilrolle, Karabiner) muss nach Anweisung benutzt werden und ist nach Beendigung der Runde zur\u00fcckzugeben. Der Betrieb kann aus Sicherheitsgr\u00fcnden wetterbedingt zeitweilig eingestellt werden. Bei Regen und N\u00e4sse kein Betrieb m\u00f6glich. \u00d6ffnungszeiten analog zur Sommerrodelbahn. 15.00 Uhr letzter Klettereinstieg!<\/p>\n<\/div><\/section><\/div>\n<style type=\"text\/css\" data-created_by=\"avia_inline_auto\" id=\"style-css-av-11ri7-a4fc9b66833c93688d3a552e436fd691\">\n#top .hr.hr-invisible.av-11ri7-a4fc9b66833c93688d3a552e436fd691{\nheight:15px;\n}\n<\/style>\n<div  class='hr av-11ri7-a4fc9b66833c93688d3a552e436fd691 hr-invisible  avia-builder-el-68  el_after_av_one_half  el_before_av_image '><span class='hr-inner '><span class=\"hr-inner-style\"><\/span><\/span><\/div><\/p>\n\n<style type=\"text\/css\" data-created_by=\"avia_inline_auto\" id=\"style-css-av-z4z5-d2f313a495ecdf05579129767765bb18\">\n.avia-image-container.av-z4z5-d2f313a495ecdf05579129767765bb18 img.avia_image{\nbox-shadow:none;\n}\n.avia-image-container.av-z4z5-d2f313a495ecdf05579129767765bb18 .av-image-caption-overlay-center{\ncolor:#ffffff;\n}\n<\/style>\n<div  class='avia-image-container av-z4z5-d2f313a495ecdf05579129767765bb18 av-styling- av-img-linked avia_animated_image av-animated-when-visible-95 top-to-bottom avia-align-center  avia-builder-el-69  el_after_av_hr  el_before_av_section  avia-builder-el-last '   itemprop=\"image\" itemscope=\"itemscope\" itemtype=\"https:\/\/schema.org\/ImageObject\" ><div class=\"avia-image-container-inner\"><div class=\"avia-image-overlay-wrap\"><a href=\"#top\" class='avia_image '  aria-label='erlebnis-am-berg-300'><img decoding=\"async\" fetchpriority=\"high\" class='wp-image-1008 avia-img-lazy-loading-not-1008 avia_image ' src=\"https:\/\/www.klippitz.at\/sommer\/wp-content\/uploads\/2015\/02\/erlebnis-am-berg-3002.png\" alt='' title='erlebnis-am-berg-300'  height=\"72\" width=\"300\"  itemprop=\"thumbnailUrl\"  \/><\/a><\/div><\/div><\/div>\n<\/div><\/div><\/div><!-- close content main div --><\/div><\/div>\n<style type=\"text\/css\" data-created_by=\"avia_inline_auto\" id=\"style-css-av-wnld-51e1a4de2ddce05c3f58d6d3c9b9a666\">\n.avia-section.av-wnld-51e1a4de2ddce05c3f58d6d3c9b9a666{\nbackground-repeat:no-repeat;\nbackground-image:url(https:\/\/www.klippitz.at\/sommer\/wp-content\/uploads\/2025\/07\/Drohn-Header02e.jpg);\nbackground-position:50% 0%;\nbackground-attachment:scroll;\n}\n<\/style>\n<div id='kontakt'  class='avia-section av-wnld-51e1a4de2ddce05c3f58d6d3c9b9a666 main_color avia-section-default avia-no-shadow  avia-builder-el-70  el_after_av_image  el_before_av_one_half  avia-full-stretch avia-bg-style-scroll av-minimum-height av-minimum-height-custom av-height-custom  container_wrap sidebar_right'  data-section-bg-repeat='stretch' data-av_minimum_height_px='700'><div class='container av-section-cont-open' style='height:700px'><div class='template-page content  av-content-small alpha units'><div class='post-entry post-entry-type-page post-entry-9'><div class='entry-content-wrapper clearfix'>\n\n<style type=\"text\/css\" data-created_by=\"avia_inline_auto\" id=\"style-css-av-ul99-a5b496127865620f052213d10af3c7cf\">\n#top .av-special-heading.av-ul99-a5b496127865620f052213d10af3c7cf{\npadding-bottom:10px;\ncolor:#ffffff;\n}\nbody .av-special-heading.av-ul99-a5b496127865620f052213d10af3c7cf .av-special-heading-tag .heading-char{\nfont-size:25px;\n}\n.av-special-heading.av-ul99-a5b496127865620f052213d10af3c7cf .special-heading-inner-border{\nborder-color:#ffffff;\n}\n.av-special-heading.av-ul99-a5b496127865620f052213d10af3c7cf .av-subheading{\nfont-size:15px;\n}\n<\/style>\n<div  class='av-special-heading av-ul99-a5b496127865620f052213d10af3c7cf av-special-heading-h1 custom-color-heading blockquote modern-quote  avia-builder-el-71  avia-builder-el-no-sibling '><h1 class='av-special-heading-tag '  itemprop=\"headline\"  >Kontakt<\/h1><div class=\"special-heading-border\"><div class=\"special-heading-inner-border\"><\/div><\/div><\/div>\n<\/div><\/div><\/div><!-- close content main div --><\/div><\/div><div id='after_section_7'  class='main_color av_default_container_wrap container_wrap sidebar_right'  ><div class='container av-section-cont-open' ><div class='template-page content  av-content-small alpha units'><div class='post-entry post-entry-type-page post-entry-9'><div class='entry-content-wrapper clearfix'>\n<div  class='flex_column av-tysd-8e9b0db84029decfe1764d047429ccad av_one_half  avia-builder-el-72  el_after_av_section  el_before_av_one_half  avia-builder-el-first  first flex_column_div  '     ><section  class='av_textblock_section av-rtip-c9310565fda818342b69e6ed7be72860 '   itemscope=\"itemscope\" itemtype=\"https:\/\/schema.org\/CreativeWork\" ><div class='avia_textblock'  itemprop=\"text\" ><h2>Klippitzt\u00f6rl Touristik GesnbR<\/h2>\n<p style=\"text-align: left;\">A-9462 Klippitzt\u00f6rl 26<\/p>\n<p style=\"text-align: left;\">Telefon: <a href=\"tel:004343508166\">+43 4350 8166<\/a><br \/>\nMobil: <a href=\"tel:00436641293945\">+43 664 1293945<\/a><\/p>\n<p style=\"text-align: left;\"><a href=\"mailto:office@klippitz.at\">office@klippitz.at<\/a><\/p>\n<\/div><\/section><\/div>\n\n<style type=\"text\/css\" data-created_by=\"avia_inline_auto\" id=\"style-css-av-o7cv-e99e19c3658740d8c66b11c103970985\">\n.flex_column.av-o7cv-e99e19c3658740d8c66b11c103970985{\nborder-radius:0px 0px 0px 0px;\npadding:0px 0px 0px 0px;\n}\n<\/style>\n<div  class='flex_column av-o7cv-e99e19c3658740d8c66b11c103970985 av_one_half  avia-builder-el-74  el_after_av_one_half  el_before_av_one_full  flex_column_div av-zero-column-padding  '     ><div  class='avia-button-wrap avia-button-center  avia-builder-el-75  avia-builder-el-no-sibling '>\n<style type=\"text\/css\" data-created_by=\"avia_inline_auto\" id=\"style-css-av-lw8d-2b0b2c462ebd11cfa0a9298b38f9509d\">\n#top #wrap_all .avia-button.av-lw8d-2b0b2c462ebd11cfa0a9298b38f9509d{\ncolor:#ffffff;\ntransition:all 0.4s ease-in-out;\n}\n#top #wrap_all .avia-button.av-lw8d-2b0b2c462ebd11cfa0a9298b38f9509d:hover{\nbackground-color:#444444;\ncolor:#ffffff;\ntransition:all 0.4s ease-in-out;\n}\n#top #wrap_all .avia-button.av-lw8d-2b0b2c462ebd11cfa0a9298b38f9509d .avia-svg-icon svg:first-child{\nfill:#ffffff;\nstroke:#ffffff;\n}\n#top #wrap_all .avia-button.av-lw8d-2b0b2c462ebd11cfa0a9298b38f9509d:hover .avia-svg-icon svg:first-child{\nfill:#ffffff;\nstroke:#ffffff;\n}\n<\/style>\n<a href='\/sommer\/anfrage-verfuegbarkeit\/' class='avia-color-theme-color avia-button avia-button-fullwidth av-lw8d-2b0b2c462ebd11cfa0a9298b38f9509d avia-icon_select-yes-left-icon avia-color-theme-color'   aria-label=\"Anfrage \"><span class='avia_button_icon avia_button_icon_left avia-iconfont avia-font-entypo-fontello' data-av_icon='\ue8bc' data-av_iconfont='entypo-fontello' ><\/span><span class='avia_iconbox_title' >Anfrage <\/span><\/a><\/div><\/div>\n<div  class='flex_column av-8wtf-09459e858f9e9a222b83bc111fb033a5 av_one_full  avia-builder-el-76  el_after_av_one_half  el_before_av_hr  first flex_column_div  column-top-margin'     ><section  class='av_textblock_section av-7bwj-4ac689c393fcbb5099989b6e1b28b073 '   itemscope=\"itemscope\" itemtype=\"https:\/\/schema.org\/CreativeWork\" ><div class='avia_textblock'  itemprop=\"text\" ><h2>Das Klippitzt\u00f6rl ganz Nahe<\/h2>\n<p>Das Klippitzt\u00f6rl liegt nur eine knappe Autostunde von Graz oder Klagenfurt (A2-S\u00fcdautobahn &#8211; Autobahnabfahrt Bad St.Leonhard) entfernt.<\/p>\n<\/div><\/section><br \/>\n<div  class='av_gmaps_sc_main_wrap av_gmaps_main_wrap '><div id='av_gmap_0' class='avia-google-map-container avia-google-map-sc av_gmaps_show_delayed ' data-mapid='av_gmap_0'  style='height: 430px; background-image:url(https:\/\/www.klippitz.at\/sommer\/wp-content\/uploads\/2019\/01\/Fallback-Google-Map-Sommer.jpg);'><a class=\"av_gmaps_browser_disabled av_text_confirm_link av_text_confirm_link_visible\" href=\"https:\/\/www.google.com\/maps\/search\/?api=1&#038;query=Klippitzt\u00f6rl%2026%20%20%20%20\u00d6sterreich%20-%20A\" target=\"_blank\">Aufgrund deiner Datenschutz-Einstellungen k\u00f6nnen wir Ihnen die Karte nicht anzeigen. Klicken Sie hier, um die Karte in einem neuen Fenster zu \u00f6ffnen.<\/a><a href=\"#\" class=\"av_gmaps_confirm_link av_text_confirm_link\"><span>Klicken Sie, um Google Maps zu laden<\/span><\/a><\/div><\/div><\/p><\/div>\n\n<style type=\"text\/css\" data-created_by=\"avia_inline_auto\" id=\"style-css-av-hlv5-8b245f9df7bf24e5705c635374be0473\">\n#top .hr.hr-invisible.av-hlv5-8b245f9df7bf24e5705c635374be0473{\nheight:15px;\n}\n<\/style>\n<div  class='hr av-hlv5-8b245f9df7bf24e5705c635374be0473 hr-invisible  avia-builder-el-79  el_after_av_one_full  el_before_av_hr '><span class='hr-inner '><span class=\"hr-inner-style\"><\/span><\/span><\/div>\n\n<style type=\"text\/css\" data-created_by=\"avia_inline_auto\" id=\"style-css-av-378v-f640069a48d4190711fffb3d9c9e2446\">\n#top .hr.hr-invisible.av-378v-f640069a48d4190711fffb3d9c9e2446{\nheight:15px;\n}\n<\/style>\n<div  class='hr av-378v-f640069a48d4190711fffb3d9c9e2446 hr-invisible  avia-builder-el-80  el_after_av_hr  el_before_av_image '><span class='hr-inner '><span class=\"hr-inner-style\"><\/span><\/span><\/div>\n\n<style type=\"text\/css\" data-created_by=\"avia_inline_auto\" id=\"style-css-av-gapx-d3753a11ea63fabdf6e176ecd227af4b\">\n.avia-image-container.av-gapx-d3753a11ea63fabdf6e176ecd227af4b img.avia_image{\nbox-shadow:none;\n}\n.avia-image-container.av-gapx-d3753a11ea63fabdf6e176ecd227af4b .av-image-caption-overlay-center{\ncolor:#ffffff;\n}\n<\/style>\n<div  class='avia-image-container av-gapx-d3753a11ea63fabdf6e176ecd227af4b av-styling- av-img-linked avia_animated_image av-animated-when-visible-95 top-to-bottom avia-align-center  avia-builder-el-81  el_after_av_hr  avia-builder-el-last '   itemprop=\"image\" itemscope=\"itemscope\" itemtype=\"https:\/\/schema.org\/ImageObject\" ><div class=\"avia-image-container-inner\"><div class=\"avia-image-overlay-wrap\"><a href=\"#top\" class='avia_image '  aria-label='erlebnis-am-berg-300'><img decoding=\"async\" fetchpriority=\"high\" class='wp-image-1008 avia-img-lazy-loading-not-1008 avia_image ' src=\"https:\/\/www.klippitz.at\/sommer\/wp-content\/uploads\/2015\/02\/erlebnis-am-berg-3002.png\" alt='' title='erlebnis-am-berg-300'  height=\"72\" width=\"300\"  itemprop=\"thumbnailUrl\"  \/><\/a><\/div><\/div><\/div>\n","protected":false},"excerpt":{"rendered":"","protected":false},"author":1,"featured_media":0,"parent":0,"menu_order":0,"comment_status":"closed","ping_status":"closed","template":"","meta":{"footnotes":""},"class_list":["post-9","page","type-page","status-publish","hentry"],"yoast_head":"<!-- This site is optimized with the Yoast SEO plugin v27.5 - https:\/\/yoast.com\/product\/yoast-seo-wordpress\/ -->\n<title>Schierlebniswelt Klippitzt\u00f6rl - Erlebnis am Berg<\/title>\n<meta name=\"robots\" content=\"index, follow, max-snippet:-1, max-image-preview:large, max-video-preview:-1\" \/>\n<link rel=\"canonical\" href=\"https:\/\/www.klippitz.at\/sommer\/home\/\" \/>\n<meta property=\"og:locale\" content=\"de_DE\" \/>\n<meta property=\"og:type\" content=\"article\" \/>\n<meta property=\"og:title\" content=\"Schierlebniswelt Klippitzt\u00f6rl - Erlebnis am Berg\" \/>\n<meta property=\"og:url\" content=\"https:\/\/www.klippitz.at\/sommer\/home\/\" \/>\n<meta property=\"og:site_name\" content=\"Schierlebniswelt Klippitzt\u00f6rl\" \/>\n<meta property=\"article:modified_time\" content=\"2026-04-21T13:33:44+00:00\" \/>\n<meta property=\"og:image\" content=\"https:\/\/wtvthmb.feratel.com\/thumbnails\/5020.jpeg?t=38&amp;design=v3\" \/>\n<meta name=\"twitter:label1\" content=\"Gesch\u00e4tzte Lesezeit\" \/>\n\t<meta name=\"twitter:data1\" content=\"42\u00a0Minuten\" \/>\n<script type=\"application\/ld+json\" class=\"yoast-schema-graph\">{\"@context\":\"https:\\\/\\\/schema.org\",\"@graph\":[{\"@type\":\"WebPage\",\"@id\":\"https:\\\/\\\/www.klippitz.at\\\/sommer\\\/home\\\/\",\"url\":\"https:\\\/\\\/www.klippitz.at\\\/sommer\\\/home\\\/\",\"name\":\"Schierlebniswelt Klippitzt\u00f6rl - Erlebnis am Berg\",\"isPartOf\":{\"@id\":\"https:\\\/\\\/www.klippitz.at\\\/sommer\\\/#website\"},\"primaryImageOfPage\":{\"@id\":\"https:\\\/\\\/www.klippitz.at\\\/sommer\\\/home\\\/#primaryimage\"},\"image\":{\"@id\":\"https:\\\/\\\/www.klippitz.at\\\/sommer\\\/home\\\/#primaryimage\"},\"thumbnailUrl\":\"https:\\\/\\\/wtvthmb.feratel.com\\\/thumbnails\\\/5020.jpeg?t=38&amp;design=v3\",\"datePublished\":\"2015-01-23T12:53:42+00:00\",\"dateModified\":\"2026-04-21T13:33:44+00:00\",\"breadcrumb\":{\"@id\":\"https:\\\/\\\/www.klippitz.at\\\/sommer\\\/home\\\/#breadcrumb\"},\"inLanguage\":\"de\",\"potentialAction\":[{\"@type\":\"ReadAction\",\"target\":[\"https:\\\/\\\/www.klippitz.at\\\/sommer\\\/home\\\/\"]}]},{\"@type\":\"ImageObject\",\"inLanguage\":\"de\",\"@id\":\"https:\\\/\\\/www.klippitz.at\\\/sommer\\\/home\\\/#primaryimage\",\"url\":\"https:\\\/\\\/wtvthmb.feratel.com\\\/thumbnails\\\/5020.jpeg?t=38&amp;design=v3\",\"contentUrl\":\"https:\\\/\\\/wtvthmb.feratel.com\\\/thumbnails\\\/5020.jpeg?t=38&amp;design=v3\"},{\"@type\":\"BreadcrumbList\",\"@id\":\"https:\\\/\\\/www.klippitz.at\\\/sommer\\\/home\\\/#breadcrumb\",\"itemListElement\":[{\"@type\":\"ListItem\",\"position\":1,\"name\":\"Home\",\"item\":\"https:\\\/\\\/www.klippitz.at\\\/sommer\\\/home\\\/\"},{\"@type\":\"ListItem\",\"position\":2,\"name\":\"Home\"}]},{\"@type\":\"WebSite\",\"@id\":\"https:\\\/\\\/www.klippitz.at\\\/sommer\\\/#website\",\"url\":\"https:\\\/\\\/www.klippitz.at\\\/sommer\\\/\",\"name\":\"Schierlebniswelt Klippitzt\u00f6rl\",\"description\":\"Die K\u00e4rntner Schiregion zeigt sich im Sommer von ihrer sch\u00f6nsten Seite\",\"potentialAction\":[{\"@type\":\"SearchAction\",\"target\":{\"@type\":\"EntryPoint\",\"urlTemplate\":\"https:\\\/\\\/www.klippitz.at\\\/sommer\\\/?s={search_term_string}\"},\"query-input\":{\"@type\":\"PropertyValueSpecification\",\"valueRequired\":true,\"valueName\":\"search_term_string\"}}],\"inLanguage\":\"de\"}]}<\/script>\n<!-- \/ Yoast SEO plugin. -->","yoast_head_json":{"title":"Schierlebniswelt Klippitzt\u00f6rl - Erlebnis am Berg","robots":{"index":"index","follow":"follow","max-snippet":"max-snippet:-1","max-image-preview":"max-image-preview:large","max-video-preview":"max-video-preview:-1"},"canonical":"https:\/\/www.klippitz.at\/sommer\/home\/","og_locale":"de_DE","og_type":"article","og_title":"Schierlebniswelt Klippitzt\u00f6rl - Erlebnis am Berg","og_url":"https:\/\/www.klippitz.at\/sommer\/home\/","og_site_name":"Schierlebniswelt Klippitzt\u00f6rl","article_modified_time":"2026-04-21T13:33:44+00:00","og_image":[{"url":"https:\/\/wtvthmb.feratel.com\/thumbnails\/5020.jpeg?t=38&amp;design=v3","type":"","width":"","height":""}],"twitter_misc":{"Gesch\u00e4tzte Lesezeit":"42\u00a0Minuten"},"schema":{"@context":"https:\/\/schema.org","@graph":[{"@type":"WebPage","@id":"https:\/\/www.klippitz.at\/sommer\/home\/","url":"https:\/\/www.klippitz.at\/sommer\/home\/","name":"Schierlebniswelt Klippitzt\u00f6rl - Erlebnis am Berg","isPartOf":{"@id":"https:\/\/www.klippitz.at\/sommer\/#website"},"primaryImageOfPage":{"@id":"https:\/\/www.klippitz.at\/sommer\/home\/#primaryimage"},"image":{"@id":"https:\/\/www.klippitz.at\/sommer\/home\/#primaryimage"},"thumbnailUrl":"https:\/\/wtvthmb.feratel.com\/thumbnails\/5020.jpeg?t=38&amp;design=v3","datePublished":"2015-01-23T12:53:42+00:00","dateModified":"2026-04-21T13:33:44+00:00","breadcrumb":{"@id":"https:\/\/www.klippitz.at\/sommer\/home\/#breadcrumb"},"inLanguage":"de","potentialAction":[{"@type":"ReadAction","target":["https:\/\/www.klippitz.at\/sommer\/home\/"]}]},{"@type":"ImageObject","inLanguage":"de","@id":"https:\/\/www.klippitz.at\/sommer\/home\/#primaryimage","url":"https:\/\/wtvthmb.feratel.com\/thumbnails\/5020.jpeg?t=38&amp;design=v3","contentUrl":"https:\/\/wtvthmb.feratel.com\/thumbnails\/5020.jpeg?t=38&amp;design=v3"},{"@type":"BreadcrumbList","@id":"https:\/\/www.klippitz.at\/sommer\/home\/#breadcrumb","itemListElement":[{"@type":"ListItem","position":1,"name":"Home","item":"https:\/\/www.klippitz.at\/sommer\/home\/"},{"@type":"ListItem","position":2,"name":"Home"}]},{"@type":"WebSite","@id":"https:\/\/www.klippitz.at\/sommer\/#website","url":"https:\/\/www.klippitz.at\/sommer\/","name":"Schierlebniswelt Klippitzt\u00f6rl","description":"Die K\u00e4rntner Schiregion zeigt sich im Sommer von ihrer sch\u00f6nsten Seite","potentialAction":[{"@type":"SearchAction","target":{"@type":"EntryPoint","urlTemplate":"https:\/\/www.klippitz.at\/sommer\/?s={search_term_string}"},"query-input":{"@type":"PropertyValueSpecification","valueRequired":true,"valueName":"search_term_string"}}],"inLanguage":"de"}]}},"_links":{"self":[{"href":"https:\/\/www.klippitz.at\/sommer\/wp-json\/wp\/v2\/pages\/9","targetHints":{"allow":["GET"]}}],"collection":[{"href":"https:\/\/www.klippitz.at\/sommer\/wp-json\/wp\/v2\/pages"}],"about":[{"href":"https:\/\/www.klippitz.at\/sommer\/wp-json\/wp\/v2\/types\/page"}],"author":[{"embeddable":true,"href":"https:\/\/www.klippitz.at\/sommer\/wp-json\/wp\/v2\/users\/1"}],"replies":[{"embeddable":true,"href":"https:\/\/www.klippitz.at\/sommer\/wp-json\/wp\/v2\/comments?post=9"}],"version-history":[{"count":899,"href":"https:\/\/www.klippitz.at\/sommer\/wp-json\/wp\/v2\/pages\/9\/revisions"}],"predecessor-version":[{"id":3790,"href":"https:\/\/www.klippitz.at\/sommer\/wp-json\/wp\/v2\/pages\/9\/revisions\/3790"}],"wp:attachment":[{"href":"https:\/\/www.klippitz.at\/sommer\/wp-json\/wp\/v2\/media?parent=9"}],"curies":[{"name":"wp","href":"https:\/\/api.w.org\/{rel}","templated":true}]}}