{"id":221,"date":"2015-01-27T08:39:32","date_gmt":"2015-01-27T07:39:32","guid":{"rendered":"http:\/\/www.klippitz.at\/sommer\/?page_id=221"},"modified":"2025-07-19T10:51:45","modified_gmt":"2025-07-19T08:51:45","slug":"unterkuenfte","status":"publish","type":"page","link":"https:\/\/www.klippitz.at\/sommer\/unterkuenfte\/","title":{"rendered":"Unterk\u00fcnfte"},"content":{"rendered":"<div id='av_section_1'  class='avia-section av-cidwl-71a8126f787e3d712e9ae74e2f23619c main_color avia-section-default avia-no-shadow  avia-builder-el-0  avia-builder-el-no-sibling  avia-bg-style-scroll container_wrap sidebar_right'  ><div class='container av-section-cont-open' ><main  role=\"main\" itemprop=\"mainContentOfPage\"  class='template-page content  av-content-small alpha units'><div class='post-entry post-entry-type-page post-entry-221'><div class='entry-content-wrapper clearfix'>\n<div  id=\"av-sc-portfolio-1\"  class=\"av-portfolio-grid-sorting-container\"><div class='sort_width_container  av-sort-yes' data-portfolio-id='1' ><div id='js_sort_items' ><div class='sort_by_cat '><a href=\"#\" data-filter=\"all_sort\" class=\"all_sort_button active_sort\"><span class=\"inner_sort_button\"><span>Alle<\/span><small class=\"av-cat-count\"> 31 <\/small><\/span><\/a><span class=\"text-sep appartments-ferienhaeuser-de_sort_sep\">\/<\/span><a href=\"#\" data-filter=\"appartments-ferienhaeuser-de_sort\" class=\"appartments-ferienhaeuser-de_sort_button\" ><span class=\"inner_sort_button\"><span>Appartments - Ferienh\u00e4user<\/span><small class=\"av-cat-count\"> 27 <\/small><\/span><\/a><span class=\"text-sep hotels-gasthoefe-de_sort_sep\">\/<\/span><a href=\"#\" data-filter=\"hotels-gasthoefe-de_sort\" class=\"hotels-gasthoefe-de_sort_button\" ><span class=\"inner_sort_button\"><span>Hotels - Gasth\u00f6fe<\/span><small class=\"av-cat-count\"> 4 <\/small><\/span><\/a><\/div><\/div><\/div><div  class=' grid-sort-container isotope   no_margin-container with-title-container grid-total-odd grid-col-4 grid-links-' data-portfolio-id='1'><div data-ajax-id='223' class=' grid-entry flex_column isotope-item all_sort no_margin post-entry post-entry-223 grid-entry-overview grid-loop-1 grid-parity-odd  hochegger_sort hotels-gasthoefe-de_sort restaurants-einkehrschritt-de_sort  av_one_fourth first default_av_fullwidth '><article class='main_color inner-entry'  itemscope=\"itemscope\" itemtype=\"https:\/\/schema.org\/CreativeWork\" ><a href=\"https:\/\/www.klippitz.at\/sommer\/unterkunft\/hotel-alpengasthof-hochegger\/\" title='Hotel Alpengasthof Hochegger'  data-rel='grid-1' class='grid-image avia-hover-fx'> <img decoding=\"async\" fetchpriority=\"high\" width=\"260\" height=\"185\" src=\"https:\/\/www.klippitz.at\/sommer\/wp-content\/uploads\/2015\/01\/hochegger14-260x185.jpg\" class=\"wp-image-393 avia-img-lazy-loading-not-393 attachment-portfolio_small size-portfolio_small wp-post-image\" alt=\"\" srcset=\"https:\/\/www.klippitz.at\/sommer\/wp-content\/uploads\/2015\/01\/hochegger14-260x185.jpg 260w, https:\/\/www.klippitz.at\/sommer\/wp-content\/uploads\/2015\/01\/hochegger14-300x212.jpg 300w, https:\/\/www.klippitz.at\/sommer\/wp-content\/uploads\/2015\/01\/hochegger14-1030x729.jpg 1030w, https:\/\/www.klippitz.at\/sommer\/wp-content\/uploads\/2015\/01\/hochegger14-705x499.jpg 705w, https:\/\/www.klippitz.at\/sommer\/wp-content\/uploads\/2015\/01\/hochegger14-450x319.jpg 450w, https:\/\/www.klippitz.at\/sommer\/wp-content\/uploads\/2015\/01\/hochegger14.jpg 1280w\" sizes=\"(max-width: 260px) 100vw, 260px\" \/><\/a><div class='grid-content'><div class='avia-arrow'><\/div><header class=\"entry-content-header\" aria-label=\"Portfolio: Hotel Alpengasthof Hochegger\"><h3 class='grid-entry-title entry-title '  itemprop=\"headline\" ><a href='https:\/\/www.klippitz.at\/sommer\/unterkunft\/hotel-alpengasthof-hochegger\/' title='Hotel Alpengasthof Hochegger'>Hotel Alpengasthof Hochegger<\/a><\/h3><\/header><\/div><footer class=\"entry-footer\"><\/footer><\/article><\/div><div data-ajax-id='267' class=' grid-entry flex_column isotope-item all_sort no_margin post-entry post-entry-267 grid-entry-overview grid-loop-2 grid-parity-even  appartments-ferienhaeuser-de_sort  av_one_fourth  default_av_fullwidth '><article class='main_color inner-entry'  itemscope=\"itemscope\" itemtype=\"https:\/\/schema.org\/CreativeWork\" ><a href=\"https:\/\/www.klippitz.at\/sommer\/unterkunft\/almhuetten-moselebauer\/\" title='Almh\u00fctten Moselebauer'  data-rel='grid-1' class='grid-image avia-hover-fx'> <img decoding=\"async\" fetchpriority=\"high\" width=\"260\" height=\"185\" src=\"https:\/\/www.klippitz.at\/sommer\/wp-content\/uploads\/2015\/01\/almhuettenmosele07-260x185.jpg\" class=\"wp-image-282 avia-img-lazy-loading-not-282 attachment-portfolio_small size-portfolio_small wp-post-image\" alt=\"\" \/><\/a><div class='grid-content'><div class='avia-arrow'><\/div><header class=\"entry-content-header\" aria-label=\"Portfolio: Almh\u00fctten Moselebauer\"><h3 class='grid-entry-title entry-title '  itemprop=\"headline\" ><a href='https:\/\/www.klippitz.at\/sommer\/unterkunft\/almhuetten-moselebauer\/' title='Almh\u00fctten Moselebauer'>Almh\u00fctten Moselebauer<\/a><\/h3><\/header><\/div><footer class=\"entry-footer\"><\/footer><\/article><\/div><div data-ajax-id='291' class=' grid-entry flex_column isotope-item all_sort no_margin post-entry post-entry-291 grid-entry-overview grid-loop-3 grid-parity-odd  hotels-gasthoefe-de_sort  av_one_fourth  default_av_fullwidth '><article class='main_color inner-entry'  itemscope=\"itemscope\" itemtype=\"https:\/\/schema.org\/CreativeWork\" ><a href=\"https:\/\/www.klippitz.at\/sommer\/unterkunft\/hotel-moselebauer\/\" title='Hotel Moselebauer'  data-rel='grid-1' class='grid-image avia-hover-fx'> <img decoding=\"async\" fetchpriority=\"high\" width=\"260\" height=\"185\" src=\"https:\/\/www.klippitz.at\/sommer\/wp-content\/uploads\/2015\/01\/mosele09-260x185.jpg\" class=\"wp-image-308 avia-img-lazy-loading-not-308 attachment-portfolio_small size-portfolio_small wp-post-image\" alt=\"\" \/><\/a><div class='grid-content'><div class='avia-arrow'><\/div><header class=\"entry-content-header\" aria-label=\"Portfolio: Hotel Moselebauer\"><h3 class='grid-entry-title entry-title '  itemprop=\"headline\" ><a href='https:\/\/www.klippitz.at\/sommer\/unterkunft\/hotel-moselebauer\/' title='Hotel Moselebauer'>Hotel Moselebauer<\/a><\/h3><\/header><\/div><footer class=\"entry-footer\"><\/footer><\/article><\/div><div data-ajax-id='556' class=' grid-entry flex_column isotope-item all_sort no_margin post-entry post-entry-556 grid-entry-overview grid-loop-4 grid-parity-even  hotels-gasthoefe-de_sort restaurants-einkehrschritt-de_sort  av_one_fourth  default_av_fullwidth '><article class='main_color inner-entry'  itemscope=\"itemscope\" itemtype=\"https:\/\/schema.org\/CreativeWork\" ><a href=\"https:\/\/www.klippitz.at\/sommer\/unterkunft\/hotel-gasthof-buchbauer\/\" title='Hotel Gasthof Buchbauer'  data-rel='grid-1' class='grid-image avia-hover-fx'> <img decoding=\"async\" fetchpriority=\"high\" width=\"260\" height=\"185\" src=\"https:\/\/www.klippitz.at\/sommer\/wp-content\/uploads\/2015\/02\/buchbauer-260x185.jpg\" class=\"wp-image-586 avia-img-lazy-loading-not-586 attachment-portfolio_small size-portfolio_small wp-post-image\" alt=\"\" \/><\/a><div class='grid-content'><div class='avia-arrow'><\/div><header class=\"entry-content-header\" aria-label=\"Portfolio: Hotel Gasthof Buchbauer\"><h3 class='grid-entry-title entry-title '  itemprop=\"headline\" ><a href='https:\/\/www.klippitz.at\/sommer\/unterkunft\/hotel-gasthof-buchbauer\/' title='Hotel Gasthof Buchbauer'>Hotel Gasthof Buchbauer<\/a><\/h3><\/header><\/div><footer class=\"entry-footer\"><\/footer><\/article><\/div><div data-ajax-id='552' class=' grid-entry flex_column isotope-item all_sort no_margin post-entry post-entry-552 grid-entry-overview grid-loop-5 grid-parity-odd  hotels-gasthoefe-de_sort restaurants-einkehrschritt-de_sort  av_one_fourth first default_av_fullwidth '><article class='main_color inner-entry'  itemscope=\"itemscope\" itemtype=\"https:\/\/schema.org\/CreativeWork\" ><a href=\"https:\/\/www.klippitz.at\/sommer\/unterkunft\/landgasthof-neugebauer\/\" title='Landgasthof Neugebauer'  data-rel='grid-1' class='grid-image avia-hover-fx'> <img decoding=\"async\" fetchpriority=\"high\" width=\"260\" height=\"185\" src=\"https:\/\/www.klippitz.at\/sommer\/wp-content\/uploads\/2015\/02\/Neugebauer_Aussenansicht-opti-260x185.jpg\" class=\"wp-image-554 avia-img-lazy-loading-not-554 attachment-portfolio_small size-portfolio_small wp-post-image\" alt=\"\" \/><\/a><div class='grid-content'><div class='avia-arrow'><\/div><header class=\"entry-content-header\" aria-label=\"Portfolio: Landgasthof Neugebauer\"><h3 class='grid-entry-title entry-title '  itemprop=\"headline\" ><a href='https:\/\/www.klippitz.at\/sommer\/unterkunft\/landgasthof-neugebauer\/' title='Landgasthof Neugebauer'>Landgasthof Neugebauer<\/a><\/h3><\/header><\/div><footer class=\"entry-footer\"><\/footer><\/article><\/div><div data-ajax-id='2655' class=' grid-entry flex_column isotope-item all_sort no_margin post-entry post-entry-2655 grid-entry-overview grid-loop-6 grid-parity-even  appartments-ferienhaeuser-de_sort  av_one_fourth  default_av_fullwidth '><article class='main_color inner-entry'  itemscope=\"itemscope\" itemtype=\"https:\/\/schema.org\/CreativeWork\" ><a href=\"https:\/\/www.klippitz.at\/sommer\/unterkunft\/traumchalet-klippitzrose\/\" title='Traumchalet Klippitzrose'  data-rel='grid-1' class='grid-image avia-hover-fx'> <img decoding=\"async\" fetchpriority=\"high\" width=\"260\" height=\"185\" src=\"https:\/\/www.klippitz.at\/sommer\/wp-content\/uploads\/2020\/06\/Klippitzrose01-260x185.jpg\" class=\"wp-image-2657 avia-img-lazy-loading-not-2657 attachment-portfolio_small size-portfolio_small wp-post-image\" alt=\"\" \/><\/a><div class='grid-content'><div class='avia-arrow'><\/div><header class=\"entry-content-header\" aria-label=\"Portfolio: Traumchalet Klippitzrose\"><h3 class='grid-entry-title entry-title '  itemprop=\"headline\" ><a href='https:\/\/www.klippitz.at\/sommer\/unterkunft\/traumchalet-klippitzrose\/' title='Traumchalet Klippitzrose'>Traumchalet Klippitzrose<\/a><\/h3><\/header><\/div><footer class=\"entry-footer\"><\/footer><\/article><\/div><div data-ajax-id='588' class=' grid-entry flex_column isotope-item all_sort no_margin post-entry post-entry-588 grid-entry-overview grid-loop-7 grid-parity-odd  appartments-ferienhaeuser-de_sort hochegger_sort  av_one_fourth  default_av_fullwidth '><article class='main_color inner-entry'  itemscope=\"itemscope\" itemtype=\"https:\/\/schema.org\/CreativeWork\" ><a href=\"https:\/\/www.klippitz.at\/sommer\/unterkunft\/almhuettendorf-klippitztoerl\/\" title='Almh\u00fcttendorf Klippitzt\u00f6rl'  data-rel='grid-1' class='grid-image avia-hover-fx'> <img decoding=\"async\" fetchpriority=\"high\" width=\"260\" height=\"185\" src=\"https:\/\/www.klippitz.at\/sommer\/wp-content\/uploads\/2015\/02\/almhuettendorfklippitztoerl-260x185.jpg\" class=\"wp-image-608 avia-img-lazy-loading-not-608 attachment-portfolio_small size-portfolio_small wp-post-image\" alt=\"\" \/><\/a><div class='grid-content'><div class='avia-arrow'><\/div><header class=\"entry-content-header\" aria-label=\"Portfolio: Almh\u00fcttendorf Klippitzt\u00f6rl\"><h3 class='grid-entry-title entry-title '  itemprop=\"headline\" ><a href='https:\/\/www.klippitz.at\/sommer\/unterkunft\/almhuettendorf-klippitztoerl\/' title='Almh\u00fcttendorf Klippitzt\u00f6rl'>Almh\u00fcttendorf Klippitzt\u00f6rl<\/a><\/h3><\/header><\/div><footer class=\"entry-footer\"><\/footer><\/article><\/div><div data-ajax-id='726' class=' grid-entry flex_column isotope-item all_sort no_margin post-entry post-entry-726 grid-entry-overview grid-loop-8 grid-parity-even  appartments-ferienhaeuser-de_sort  av_one_fourth  default_av_fullwidth '><article class='main_color inner-entry'  itemscope=\"itemscope\" itemtype=\"https:\/\/schema.org\/CreativeWork\" ><a href=\"https:\/\/www.klippitz.at\/sommer\/unterkunft\/dornerhuetten\/\" title='Dornerh\u00fctten'  data-rel='grid-1' class='grid-image avia-hover-fx'> <img decoding=\"async\" fetchpriority=\"high\" width=\"260\" height=\"185\" src=\"https:\/\/www.klippitz.at\/sommer\/wp-content\/uploads\/2015\/02\/Dorner-Huetten2-260x185.jpg\" class=\"wp-image-735 avia-img-lazy-loading-not-735 attachment-portfolio_small size-portfolio_small wp-post-image\" alt=\"\" \/><\/a><div class='grid-content'><div class='avia-arrow'><\/div><header class=\"entry-content-header\" aria-label=\"Portfolio: Dornerh\u00fctten\"><h3 class='grid-entry-title entry-title '  itemprop=\"headline\" ><a href='https:\/\/www.klippitz.at\/sommer\/unterkunft\/dornerhuetten\/' title='Dornerh\u00fctten'>Dornerh\u00fctten<\/a><\/h3><\/header><\/div><footer class=\"entry-footer\"><\/footer><\/article><\/div><div data-ajax-id='737' class=' grid-entry flex_column isotope-item all_sort no_margin post-entry post-entry-737 grid-entry-overview grid-loop-9 grid-parity-odd  appartments-ferienhaeuser-de_sort  av_one_fourth first default_av_fullwidth '><article class='main_color inner-entry'  itemscope=\"itemscope\" itemtype=\"https:\/\/schema.org\/CreativeWork\" ><a href=\"https:\/\/www.klippitz.at\/sommer\/unterkunft\/weberhuette\/\" title='Weberh\u00fctte'  data-rel='grid-1' class='grid-image avia-hover-fx'> <img decoding=\"async\" fetchpriority=\"high\" width=\"260\" height=\"185\" src=\"https:\/\/www.klippitz.at\/sommer\/wp-content\/uploads\/2015\/02\/weberhuette-260x185.jpg\" class=\"wp-image-748 avia-img-lazy-loading-not-748 attachment-portfolio_small size-portfolio_small wp-post-image\" alt=\"\" \/><\/a><div class='grid-content'><div class='avia-arrow'><\/div><header class=\"entry-content-header\" aria-label=\"Portfolio: Weberh\u00fctte\"><h3 class='grid-entry-title entry-title '  itemprop=\"headline\" ><a href='https:\/\/www.klippitz.at\/sommer\/unterkunft\/weberhuette\/' title='Weberh\u00fctte'>Weberh\u00fctte<\/a><\/h3><\/header><\/div><footer class=\"entry-footer\"><\/footer><\/article><\/div><div data-ajax-id='750' class=' grid-entry flex_column isotope-item all_sort no_margin post-entry post-entry-750 grid-entry-overview grid-loop-10 grid-parity-even  appartments-ferienhaeuser-de_sort primus_sort  av_one_fourth  default_av_fullwidth '><article class='main_color inner-entry'  itemscope=\"itemscope\" itemtype=\"https:\/\/schema.org\/CreativeWork\" ><a href=\"https:\/\/www.klippitz.at\/sommer\/unterkunft\/primushuette\/\" title='Primush\u00fctte'  data-rel='grid-1' class='grid-image avia-hover-fx'> <img decoding=\"async\" fetchpriority=\"high\" width=\"260\" height=\"185\" src=\"https:\/\/www.klippitz.at\/sommer\/wp-content\/uploads\/2015\/02\/Primus01-260x185.jpg\" class=\"wp-image-767 avia-img-lazy-loading-not-767 attachment-portfolio_small size-portfolio_small wp-post-image\" alt=\"\" \/><\/a><div class='grid-content'><div class='avia-arrow'><\/div><header class=\"entry-content-header\" aria-label=\"Portfolio: Primush\u00fctte\"><h3 class='grid-entry-title entry-title '  itemprop=\"headline\" ><a href='https:\/\/www.klippitz.at\/sommer\/unterkunft\/primushuette\/' title='Primush\u00fctte'>Primush\u00fctte<\/a><\/h3><\/header><\/div><footer class=\"entry-footer\"><\/footer><\/article><\/div><div data-ajax-id='777' class=' grid-entry flex_column isotope-item all_sort no_margin post-entry post-entry-777 grid-entry-overview grid-loop-11 grid-parity-odd  appartments-ferienhaeuser-de_sort  av_one_fourth  default_av_fullwidth '><article class='main_color inner-entry'  itemscope=\"itemscope\" itemtype=\"https:\/\/schema.org\/CreativeWork\" ><a href=\"https:\/\/www.klippitz.at\/sommer\/unterkunft\/almhaus-am-hohenwart\/\" title='Almhaus am Hohenwart'  data-rel='grid-1' class='grid-image avia-hover-fx'> <img decoding=\"async\" fetchpriority=\"high\" width=\"260\" height=\"185\" src=\"https:\/\/www.klippitz.at\/sommer\/wp-content\/uploads\/2015\/02\/almhaus-hohenwart01-260x185.jpg\" class=\"wp-image-778 avia-img-lazy-loading-not-778 attachment-portfolio_small size-portfolio_small wp-post-image\" alt=\"\" \/><\/a><div class='grid-content'><div class='avia-arrow'><\/div><header class=\"entry-content-header\" aria-label=\"Portfolio: Almhaus am Hohenwart\"><h3 class='grid-entry-title entry-title '  itemprop=\"headline\" ><a href='https:\/\/www.klippitz.at\/sommer\/unterkunft\/almhaus-am-hohenwart\/' title='Almhaus am Hohenwart'>Almhaus am Hohenwart<\/a><\/h3><\/header><\/div><footer class=\"entry-footer\"><\/footer><\/article><\/div><div data-ajax-id='788' class=' grid-entry flex_column isotope-item all_sort no_margin post-entry post-entry-788 grid-entry-overview grid-loop-12 grid-parity-even  appartments-ferienhaeuser-de_sort  av_one_fourth  default_av_fullwidth '><article class='main_color inner-entry'  itemscope=\"itemscope\" itemtype=\"https:\/\/schema.org\/CreativeWork\" ><a href=\"https:\/\/www.klippitz.at\/sommer\/unterkunft\/bischofhuetten\/\" title='Bischofh\u00fctten'  data-rel='grid-1' class='grid-image avia-hover-fx'> <img decoding=\"async\" fetchpriority=\"high\" width=\"260\" height=\"185\" src=\"https:\/\/www.klippitz.at\/sommer\/wp-content\/uploads\/2015\/02\/Bischofshuetten02-260x185.jpg\" class=\"wp-image-789 avia-img-lazy-loading-not-789 attachment-portfolio_small size-portfolio_small wp-post-image\" alt=\"\" \/><\/a><div class='grid-content'><div class='avia-arrow'><\/div><header class=\"entry-content-header\" aria-label=\"Portfolio: Bischofh\u00fctten\"><h3 class='grid-entry-title entry-title '  itemprop=\"headline\" ><a href='https:\/\/www.klippitz.at\/sommer\/unterkunft\/bischofhuetten\/' title='Bischofh\u00fctten'>Bischofh\u00fctten<\/a><\/h3><\/header><\/div><footer class=\"entry-footer\"><\/footer><\/article><\/div><div data-ajax-id='858' class=' grid-entry flex_column isotope-item all_sort no_margin post-entry post-entry-858 grid-entry-overview grid-loop-13 grid-parity-odd  appartments-ferienhaeuser-de_sort klippitzstern_sort  av_one_fourth first default_av_fullwidth '><article class='main_color inner-entry'  itemscope=\"itemscope\" itemtype=\"https:\/\/schema.org\/CreativeWork\" ><a href=\"https:\/\/www.klippitz.at\/sommer\/unterkunft\/chalet-klippitzstern\/\" title='Chalet Klippitzstern Haus 1'  data-rel='grid-1' class='grid-image avia-hover-fx'> <img decoding=\"async\" fetchpriority=\"high\" width=\"260\" height=\"185\" src=\"https:\/\/www.klippitz.at\/sommer\/wp-content\/uploads\/2015\/02\/Chalet-Klippitzstern-Haus-1_6-940x450-sommer-260x185.jpg\" class=\"wp-image-2544 avia-img-lazy-loading-not-2544 attachment-portfolio_small size-portfolio_small wp-post-image\" alt=\"\" \/><\/a><div class='grid-content'><div class='avia-arrow'><\/div><header class=\"entry-content-header\" aria-label=\"Portfolio: Chalet Klippitzstern Haus 1\"><h3 class='grid-entry-title entry-title '  itemprop=\"headline\" ><a href='https:\/\/www.klippitz.at\/sommer\/unterkunft\/chalet-klippitzstern\/' title='Chalet Klippitzstern Haus 1'>Chalet Klippitzstern Haus 1<\/a><\/h3><\/header><\/div><footer class=\"entry-footer\"><\/footer><\/article><\/div><div data-ajax-id='2564' class=' grid-entry flex_column isotope-item all_sort no_margin post-entry post-entry-2564 grid-entry-overview grid-loop-14 grid-parity-even  appartments-ferienhaeuser-de_sort klippitzstern_sort  av_one_fourth  default_av_fullwidth '><article class='main_color inner-entry'  itemscope=\"itemscope\" itemtype=\"https:\/\/schema.org\/CreativeWork\" ><a href=\"https:\/\/www.klippitz.at\/sommer\/unterkunft\/chalet-klippitzstern-haus-2\/\" title='Chalet Klippitzstern Haus 2'  data-rel='grid-1' class='grid-image avia-hover-fx'> <img decoding=\"async\" fetchpriority=\"high\" width=\"260\" height=\"185\" src=\"https:\/\/www.klippitz.at\/sommer\/wp-content\/uploads\/2019\/11\/Chalet-Klippitzstern-Haus-2-Titel940x450-260x185.jpg\" class=\"wp-image-2566 avia-img-lazy-loading-not-2566 attachment-portfolio_small size-portfolio_small wp-post-image\" alt=\"\" \/><\/a><div class='grid-content'><div class='avia-arrow'><\/div><header class=\"entry-content-header\" aria-label=\"Portfolio: Chalet Klippitzstern Haus 2\"><h3 class='grid-entry-title entry-title '  itemprop=\"headline\" ><a href='https:\/\/www.klippitz.at\/sommer\/unterkunft\/chalet-klippitzstern-haus-2\/' title='Chalet Klippitzstern Haus 2'>Chalet Klippitzstern Haus 2<\/a><\/h3><\/header><\/div><footer class=\"entry-footer\"><\/footer><\/article><\/div><div data-ajax-id='899' class=' grid-entry flex_column isotope-item all_sort no_margin post-entry post-entry-899 grid-entry-overview grid-loop-15 grid-parity-odd  appartments-ferienhaeuser-de_sort hochegger_sort  av_one_fourth  default_av_fullwidth '><article class='main_color inner-entry'  itemscope=\"itemscope\" itemtype=\"https:\/\/schema.org\/CreativeWork\" ><a href=\"https:\/\/www.klippitz.at\/sommer\/unterkunft\/klippitzhuette\/\" title='Klippitzh\u00fctte'  data-rel='grid-1' class='grid-image avia-hover-fx'> <img decoding=\"async\" fetchpriority=\"high\" width=\"260\" height=\"185\" src=\"https:\/\/www.klippitz.at\/sommer\/wp-content\/uploads\/2015\/02\/klippitzhuettetitel940x345-260x185.jpg\" class=\"wp-image-917 avia-img-lazy-loading-not-917 attachment-portfolio_small size-portfolio_small wp-post-image\" alt=\"\" \/><\/a><div class='grid-content'><div class='avia-arrow'><\/div><header class=\"entry-content-header\" aria-label=\"Portfolio: Klippitzh\u00fctte\"><h3 class='grid-entry-title entry-title '  itemprop=\"headline\" ><a href='https:\/\/www.klippitz.at\/sommer\/unterkunft\/klippitzhuette\/' title='Klippitzh\u00fctte'>Klippitzh\u00fctte<\/a><\/h3><\/header><\/div><footer class=\"entry-footer\"><\/footer><\/article><\/div><div data-ajax-id='918' class=' grid-entry flex_column isotope-item all_sort no_margin post-entry post-entry-918 grid-entry-overview grid-loop-16 grid-parity-even  appartments-ferienhaeuser-de_sort  av_one_fourth  default_av_fullwidth '><article class='main_color inner-entry'  itemscope=\"itemscope\" itemtype=\"https:\/\/schema.org\/CreativeWork\" ><a href=\"https:\/\/www.klippitz.at\/sommer\/unterkunft\/chalet-klippitzsonne\/\" title='Chalet Klippitzsonne'  data-rel='grid-1' class='grid-image avia-hover-fx'> <img decoding=\"async\" fetchpriority=\"high\" width=\"260\" height=\"185\" src=\"https:\/\/www.klippitz.at\/sommer\/wp-content\/uploads\/2015\/02\/klippitzsonne-aussen-260x185.jpg\" class=\"wp-image-920 avia-img-lazy-loading-not-920 attachment-portfolio_small size-portfolio_small wp-post-image\" alt=\"\" \/><\/a><div class='grid-content'><div class='avia-arrow'><\/div><header class=\"entry-content-header\" aria-label=\"Portfolio: Chalet Klippitzsonne\"><h3 class='grid-entry-title entry-title '  itemprop=\"headline\" ><a href='https:\/\/www.klippitz.at\/sommer\/unterkunft\/chalet-klippitzsonne\/' title='Chalet Klippitzsonne'>Chalet Klippitzsonne<\/a><\/h3><\/header><\/div><footer class=\"entry-footer\"><\/footer><\/article><\/div><div data-ajax-id='966' class=' grid-entry flex_column isotope-item all_sort no_margin post-entry post-entry-966 grid-entry-overview grid-loop-17 grid-parity-odd  appartments-ferienhaeuser-de_sort  av_one_fourth first default_av_fullwidth '><article class='main_color inner-entry'  itemscope=\"itemscope\" itemtype=\"https:\/\/schema.org\/CreativeWork\" ><a href=\"https:\/\/www.klippitz.at\/sommer\/unterkunft\/klippitzhimmel\/\" title='Klippitzhimmel'  data-rel='grid-1' class='grid-image avia-hover-fx'> <img decoding=\"async\" fetchpriority=\"high\" width=\"260\" height=\"185\" src=\"https:\/\/www.klippitz.at\/sommer\/wp-content\/uploads\/2015\/02\/klippitzhimmel01-260x185.jpg\" class=\"wp-image-991 avia-img-lazy-loading-not-991 attachment-portfolio_small size-portfolio_small wp-post-image\" alt=\"\" srcset=\"https:\/\/www.klippitz.at\/sommer\/wp-content\/uploads\/2015\/02\/klippitzhimmel01-260x185.jpg 260w, https:\/\/www.klippitz.at\/sommer\/wp-content\/uploads\/2015\/02\/klippitzhimmel01-845x600.jpg 845w\" sizes=\"(max-width: 260px) 100vw, 260px\" \/><\/a><div class='grid-content'><div class='avia-arrow'><\/div><header class=\"entry-content-header\" aria-label=\"Portfolio: Klippitzhimmel\"><h3 class='grid-entry-title entry-title '  itemprop=\"headline\" ><a href='https:\/\/www.klippitz.at\/sommer\/unterkunft\/klippitzhimmel\/' title='Klippitzhimmel'>Klippitzhimmel<\/a><\/h3><\/header><\/div><footer class=\"entry-footer\"><\/footer><\/article><\/div><div data-ajax-id='1491' class=' grid-entry flex_column isotope-item all_sort no_margin post-entry post-entry-1491 grid-entry-overview grid-loop-18 grid-parity-even  appartments-ferienhaeuser-de_sort primus_sort  av_one_fourth  default_av_fullwidth '><article class='main_color inner-entry'  itemscope=\"itemscope\" itemtype=\"https:\/\/schema.org\/CreativeWork\" ><a href=\"https:\/\/www.klippitz.at\/sommer\/unterkunft\/geierkogelhuette\/\" title='Geierkogelh\u00fctte'  data-rel='grid-1' class='grid-image avia-hover-fx'> <img decoding=\"async\" fetchpriority=\"high\" width=\"260\" height=\"185\" src=\"https:\/\/www.klippitz.at\/sommer\/wp-content\/uploads\/2015\/02\/primus07-260x185.jpg\" class=\"wp-image-759 avia-img-lazy-loading-not-759 attachment-portfolio_small size-portfolio_small wp-post-image\" alt=\"\" srcset=\"https:\/\/www.klippitz.at\/sommer\/wp-content\/uploads\/2015\/02\/primus07-260x185.jpg 260w, https:\/\/www.klippitz.at\/sommer\/wp-content\/uploads\/2015\/02\/primus07-600x430.jpg 600w\" sizes=\"(max-width: 260px) 100vw, 260px\" \/><\/a><div class='grid-content'><div class='avia-arrow'><\/div><header class=\"entry-content-header\" aria-label=\"Portfolio: Geierkogelh\u00fctte\"><h3 class='grid-entry-title entry-title '  itemprop=\"headline\" ><a href='https:\/\/www.klippitz.at\/sommer\/unterkunft\/geierkogelhuette\/' title='Geierkogelh\u00fctte'>Geierkogelh\u00fctte<\/a><\/h3><\/header><\/div><footer class=\"entry-footer\"><\/footer><\/article><\/div><div data-ajax-id='1666' class=' grid-entry flex_column isotope-item all_sort no_margin post-entry post-entry-1666 grid-entry-overview grid-loop-19 grid-parity-odd  appartments-ferienhaeuser-de_sort primus_sort  av_one_fourth  default_av_fullwidth '><article class='main_color inner-entry'  itemscope=\"itemscope\" itemtype=\"https:\/\/schema.org\/CreativeWork\" ><a href=\"https:\/\/www.klippitz.at\/sommer\/unterkunft\/1666\/\" title='Bergkristallh\u00fctte'  data-rel='grid-1' class='grid-image avia-hover-fx'> <img decoding=\"async\" fetchpriority=\"high\" width=\"260\" height=\"185\" src=\"https:\/\/www.klippitz.at\/sommer\/wp-content\/uploads\/2015\/08\/bergkristall02-260x185.jpg\" class=\"wp-image-1671 avia-img-lazy-loading-not-1671 attachment-portfolio_small size-portfolio_small wp-post-image\" alt=\"\" \/><\/a><div class='grid-content'><div class='avia-arrow'><\/div><header class=\"entry-content-header\" aria-label=\"Portfolio: Bergkristallh\u00fctte\"><h3 class='grid-entry-title entry-title '  itemprop=\"headline\" ><a href='https:\/\/www.klippitz.at\/sommer\/unterkunft\/1666\/' title='Bergkristallh\u00fctte'>Bergkristallh\u00fctte<\/a><\/h3><\/header><\/div><footer class=\"entry-footer\"><\/footer><\/article><\/div><div data-ajax-id='1908' class=' grid-entry flex_column isotope-item all_sort no_margin post-entry post-entry-1908 grid-entry-overview grid-loop-20 grid-parity-even  appartments-ferienhaeuser-de_sort  av_one_fourth  default_av_fullwidth '><article class='main_color inner-entry'  itemscope=\"itemscope\" itemtype=\"https:\/\/schema.org\/CreativeWork\" ><a href=\"https:\/\/www.klippitz.at\/sommer\/unterkunft\/almhaus-lavanttalblick\/\" title='Almhaus Lavanttalblick'  data-rel='grid-1' class='grid-image avia-hover-fx'> <img decoding=\"async\" fetchpriority=\"high\" width=\"260\" height=\"183\" src=\"https:\/\/www.klippitz.at\/sommer\/wp-content\/uploads\/2016\/05\/lavanttalblick_titel-sommer-260x183.jpg\" class=\"wp-image-1941 avia-img-lazy-loading-not-1941 attachment-portfolio_small size-portfolio_small wp-post-image\" alt=\"\" \/><\/a><div class='grid-content'><div class='avia-arrow'><\/div><header class=\"entry-content-header\" aria-label=\"Portfolio: Almhaus Lavanttalblick\"><h3 class='grid-entry-title entry-title '  itemprop=\"headline\" ><a href='https:\/\/www.klippitz.at\/sommer\/unterkunft\/almhaus-lavanttalblick\/' title='Almhaus Lavanttalblick'>Almhaus Lavanttalblick<\/a><\/h3><\/header><\/div><footer class=\"entry-footer\"><\/footer><\/article><\/div><div data-ajax-id='1943' class=' grid-entry flex_column isotope-item all_sort no_margin post-entry post-entry-1943 grid-entry-overview grid-loop-21 grid-parity-odd  appartments-ferienhaeuser-de_sort  av_one_fourth first default_av_fullwidth '><article class='main_color inner-entry'  itemscope=\"itemscope\" itemtype=\"https:\/\/schema.org\/CreativeWork\" ><a href=\"https:\/\/www.klippitz.at\/sommer\/unterkunft\/almhuette-geierkogelblick\/\" title='Almh\u00fctte Geierkogelblick'  data-rel='grid-1' class='grid-image avia-hover-fx'> <img decoding=\"async\" fetchpriority=\"high\" width=\"260\" height=\"185\" src=\"https:\/\/www.klippitz.at\/sommer\/wp-content\/uploads\/2016\/05\/geierkogelhuette-260x185.jpg\" class=\"wp-image-3206 avia-img-lazy-loading-not-3206 attachment-portfolio_small size-portfolio_small wp-post-image\" alt=\"\" \/><\/a><div class='grid-content'><div class='avia-arrow'><\/div><header class=\"entry-content-header\" aria-label=\"Portfolio: Almh\u00fctte Geierkogelblick\"><h3 class='grid-entry-title entry-title '  itemprop=\"headline\" ><a href='https:\/\/www.klippitz.at\/sommer\/unterkunft\/almhuette-geierkogelblick\/' title='Almh\u00fctte Geierkogelblick'>Almh\u00fctte Geierkogelblick<\/a><\/h3><\/header><\/div><footer class=\"entry-footer\"><\/footer><\/article><\/div><div data-ajax-id='2448' class=' grid-entry flex_column isotope-item all_sort no_margin post-entry post-entry-2448 grid-entry-overview grid-loop-22 grid-parity-even  appartments-ferienhaeuser-de_sort  av_one_fourth  default_av_fullwidth '><article class='main_color inner-entry'  itemscope=\"itemscope\" itemtype=\"https:\/\/schema.org\/CreativeWork\" ><a href=\"https:\/\/www.klippitz.at\/sommer\/unterkunft\/bergfee\/\" title='Ferienhaus Bergfee'  data-rel='grid-1' class='grid-image avia-hover-fx'> <img decoding=\"async\" fetchpriority=\"high\" width=\"260\" height=\"185\" src=\"https:\/\/www.klippitz.at\/sommer\/wp-content\/uploads\/2019\/07\/DSC_0720-260x185.jpg\" class=\"wp-image-2455 avia-img-lazy-loading-not-2455 attachment-portfolio_small size-portfolio_small wp-post-image\" alt=\"\" \/><\/a><div class='grid-content'><div class='avia-arrow'><\/div><header class=\"entry-content-header\" aria-label=\"Portfolio: Ferienhaus Bergfee\"><h3 class='grid-entry-title entry-title '  itemprop=\"headline\" ><a href='https:\/\/www.klippitz.at\/sommer\/unterkunft\/bergfee\/' title='Ferienhaus Bergfee'>Ferienhaus Bergfee<\/a><\/h3><\/header><\/div><footer class=\"entry-footer\"><\/footer><\/article><\/div><div data-ajax-id='2525' class=' grid-entry flex_column isotope-item all_sort no_margin post-entry post-entry-2525 grid-entry-overview grid-loop-23 grid-parity-odd  appartments-ferienhaeuser-de_sort  av_one_fourth  default_av_fullwidth '><article class='main_color inner-entry'  itemscope=\"itemscope\" itemtype=\"https:\/\/schema.org\/CreativeWork\" ><a href=\"https:\/\/www.klippitz.at\/sommer\/unterkunft\/2525\/\" title='Zirbenchalet Klippitz'  data-rel='grid-1' class='grid-image avia-hover-fx'> <img decoding=\"async\" fetchpriority=\"high\" width=\"260\" height=\"185\" src=\"https:\/\/www.klippitz.at\/sommer\/wp-content\/uploads\/2019\/10\/Zirbenchalt940x480-260x185.jpg\" class=\"wp-image-2535 avia-img-lazy-loading-not-2535 attachment-portfolio_small size-portfolio_small wp-post-image\" alt=\"\" \/><\/a><div class='grid-content'><div class='avia-arrow'><\/div><header class=\"entry-content-header\" aria-label=\"Portfolio: Zirbenchalet Klippitz\"><h3 class='grid-entry-title entry-title '  itemprop=\"headline\" ><a href='https:\/\/www.klippitz.at\/sommer\/unterkunft\/2525\/' title='Zirbenchalet Klippitz'>Zirbenchalet Klippitz<\/a><\/h3><\/header><\/div><footer class=\"entry-footer\"><\/footer><\/article><\/div><div data-ajax-id='2580' class=' grid-entry flex_column isotope-item all_sort no_margin post-entry post-entry-2580 grid-entry-overview grid-loop-24 grid-parity-even  appartments-ferienhaeuser-de_sort  av_one_fourth  default_av_fullwidth '><article class='main_color inner-entry'  itemscope=\"itemscope\" itemtype=\"https:\/\/schema.org\/CreativeWork\" ><a href=\"https:\/\/www.klippitz.at\/sommer\/unterkunft\/klippitztoerler-hirschenhuetten\/\" title='Klippitzt\u00f6rler Hirschenh\u00fctten'  data-rel='grid-1' class='grid-image avia-hover-fx'> <img decoding=\"async\" fetchpriority=\"high\" width=\"260\" height=\"185\" src=\"https:\/\/www.klippitz.at\/sommer\/wp-content\/uploads\/2019\/12\/EVAA3594-260x185.jpg\" class=\"wp-image-2583 avia-img-lazy-loading-not-2583 attachment-portfolio_small size-portfolio_small wp-post-image\" alt=\"\" \/><\/a><div class='grid-content'><div class='avia-arrow'><\/div><header class=\"entry-content-header\" aria-label=\"Portfolio: Klippitzt\u00f6rler Hirschenh\u00fctten\"><h3 class='grid-entry-title entry-title '  itemprop=\"headline\" ><a href='https:\/\/www.klippitz.at\/sommer\/unterkunft\/klippitztoerler-hirschenhuetten\/' title='Klippitzt\u00f6rler Hirschenh\u00fctten'>Klippitzt\u00f6rler Hirschenh\u00fctten<\/a><\/h3><\/header><\/div><footer class=\"entry-footer\"><\/footer><\/article><\/div><div data-ajax-id='2799' class=' grid-entry flex_column isotope-item all_sort no_margin post-entry post-entry-2799 grid-entry-overview grid-loop-25 grid-parity-odd  appartments-ferienhaeuser-de_sort hochegger_sort  av_one_fourth first default_av_fullwidth '><article class='main_color inner-entry'  itemscope=\"itemscope\" itemtype=\"https:\/\/schema.org\/CreativeWork\" ><a href=\"https:\/\/www.klippitz.at\/sommer\/unterkunft\/wildbachhuette-david\/\" title='Wildbachh\u00fctte David'  data-rel='grid-1' class='grid-image avia-hover-fx'> <img decoding=\"async\" fetchpriority=\"high\" width=\"260\" height=\"185\" src=\"https:\/\/www.klippitz.at\/sommer\/wp-content\/uploads\/2021\/03\/PHOTO-2021-02-18-15-06-03-260x185.jpg\" class=\"wp-image-2804 avia-img-lazy-loading-not-2804 attachment-portfolio_small size-portfolio_small wp-post-image\" alt=\"\" \/><\/a><div class='grid-content'><div class='avia-arrow'><\/div><header class=\"entry-content-header\" aria-label=\"Portfolio: Wildbachh\u00fctte David\"><h3 class='grid-entry-title entry-title '  itemprop=\"headline\" ><a href='https:\/\/www.klippitz.at\/sommer\/unterkunft\/wildbachhuette-david\/' title='Wildbachh\u00fctte David'>Wildbachh\u00fctte David<\/a><\/h3><\/header><\/div><footer class=\"entry-footer\"><\/footer><\/article><\/div><div data-ajax-id='2841' class=' grid-entry flex_column isotope-item all_sort no_margin post-entry post-entry-2841 grid-entry-overview grid-loop-26 grid-parity-even  appartments-ferienhaeuser-de_sort  av_one_fourth  default_av_fullwidth '><article class='main_color inner-entry'  itemscope=\"itemscope\" itemtype=\"https:\/\/schema.org\/CreativeWork\" ><a href=\"https:\/\/www.klippitz.at\/sommer\/unterkunft\/almhaus-klippitz\/\" title='Almhaus Klippitz'  data-rel='grid-1' class='grid-image avia-hover-fx'> <img decoding=\"async\" fetchpriority=\"high\" width=\"260\" height=\"185\" src=\"https:\/\/www.klippitz.at\/sommer\/wp-content\/uploads\/2021\/06\/almhausklippitz04-260x185.jpg\" class=\"wp-image-2846 avia-img-lazy-loading-not-2846 attachment-portfolio_small size-portfolio_small wp-post-image\" alt=\"\" \/><\/a><div class='grid-content'><div class='avia-arrow'><\/div><header class=\"entry-content-header\" aria-label=\"Portfolio: Almhaus Klippitz\"><h3 class='grid-entry-title entry-title '  itemprop=\"headline\" ><a href='https:\/\/www.klippitz.at\/sommer\/unterkunft\/almhaus-klippitz\/' title='Almhaus Klippitz'>Almhaus Klippitz<\/a><\/h3><\/header><\/div><footer class=\"entry-footer\"><\/footer><\/article><\/div><div data-ajax-id='3425' class=' grid-entry flex_column isotope-item all_sort no_margin post-entry post-entry-3425 grid-entry-overview grid-loop-27 grid-parity-odd  appartments-ferienhaeuser-de_sort  av_one_fourth  default_av_fullwidth '><article class='main_color inner-entry'  itemscope=\"itemscope\" itemtype=\"https:\/\/schema.org\/CreativeWork\" ><a href=\"https:\/\/www.klippitz.at\/sommer\/unterkunft\/klippitzperle\/\" title='Klippitzperle'  data-rel='grid-1' class='grid-image avia-hover-fx'> <img decoding=\"async\" fetchpriority=\"high\" width=\"260\" height=\"185\" src=\"https:\/\/www.klippitz.at\/sommer\/wp-content\/uploads\/2025\/06\/KUBIZAPHOTO_ALPs_KLIPITZTHOERL_CHALET_344_WEB-3404-260x185.jpg\" class=\"wp-image-3431 avia-img-lazy-loading-not-3431 attachment-portfolio_small size-portfolio_small wp-post-image\" alt=\"\" \/><\/a><div class='grid-content'><div class='avia-arrow'><\/div><header class=\"entry-content-header\" aria-label=\"Portfolio: Klippitzperle\"><h3 class='grid-entry-title entry-title '  itemprop=\"headline\" ><a href='https:\/\/www.klippitz.at\/sommer\/unterkunft\/klippitzperle\/' title='Klippitzperle'>Klippitzperle<\/a><\/h3><\/header><\/div><footer class=\"entry-footer\"><\/footer><\/article><\/div><div data-ajax-id='3472' class=' grid-entry flex_column isotope-item all_sort no_margin post-entry post-entry-3472 grid-entry-overview grid-loop-28 grid-parity-even  appartments-ferienhaeuser-de_sort  av_one_fourth  default_av_fullwidth '><article class='main_color inner-entry'  itemscope=\"itemscope\" itemtype=\"https:\/\/schema.org\/CreativeWork\" ><a href=\"https:\/\/www.klippitz.at\/sommer\/unterkunft\/almchalet-bergzauber\/\" title='Almchalet Bergzauber'  data-rel='grid-1' class='grid-image avia-hover-fx'> <img decoding=\"async\" fetchpriority=\"high\" width=\"260\" height=\"185\" src=\"https:\/\/www.klippitz.at\/sommer\/wp-content\/uploads\/2025\/06\/Img-20240902-WA0016-260x185.jpg\" class=\"wp-image-3477 avia-img-lazy-loading-not-3477 attachment-portfolio_small size-portfolio_small wp-post-image\" alt=\"\" \/><\/a><div class='grid-content'><div class='avia-arrow'><\/div><header class=\"entry-content-header\" aria-label=\"Portfolio: Almchalet Bergzauber\"><h3 class='grid-entry-title entry-title '  itemprop=\"headline\" ><a href='https:\/\/www.klippitz.at\/sommer\/unterkunft\/almchalet-bergzauber\/' title='Almchalet Bergzauber'>Almchalet Bergzauber<\/a><\/h3><\/header><\/div><footer class=\"entry-footer\"><\/footer><\/article><\/div><div data-ajax-id='3496' class=' grid-entry flex_column isotope-item all_sort no_margin post-entry post-entry-3496 grid-entry-overview grid-loop-29 grid-parity-odd  appartments-ferienhaeuser-de_sort  av_one_fourth first default_av_fullwidth '><article class='main_color inner-entry'  itemscope=\"itemscope\" itemtype=\"https:\/\/schema.org\/CreativeWork\" ><a href=\"https:\/\/www.klippitz.at\/sommer\/unterkunft\/webertonihuette\/\" title='Webertonih\u00fctte'  data-rel='grid-1' class='grid-image avia-hover-fx'> <img decoding=\"async\" fetchpriority=\"high\" width=\"260\" height=\"185\" src=\"https:\/\/www.klippitz.at\/sommer\/wp-content\/uploads\/2025\/06\/20230628-Webertonihuette-Rene-Knabl-056-scaled-1-260x185.jpg\" class=\"wp-image-3499 avia-img-lazy-loading-not-3499 attachment-portfolio_small size-portfolio_small wp-post-image\" alt=\"\" \/><\/a><div class='grid-content'><div class='avia-arrow'><\/div><header class=\"entry-content-header\" aria-label=\"Portfolio: Webertonih\u00fctte\"><h3 class='grid-entry-title entry-title '  itemprop=\"headline\" ><a href='https:\/\/www.klippitz.at\/sommer\/unterkunft\/webertonihuette\/' title='Webertonih\u00fctte'>Webertonih\u00fctte<\/a><\/h3><\/header><\/div><footer class=\"entry-footer\"><\/footer><\/article><\/div><div data-ajax-id='3524' class=' grid-entry flex_column isotope-item all_sort no_margin post-entry post-entry-3524 grid-entry-overview grid-loop-30 grid-parity-even  appartments-ferienhaeuser-de_sort  av_one_fourth  default_av_fullwidth '><article class='main_color inner-entry'  itemscope=\"itemscope\" itemtype=\"https:\/\/schema.org\/CreativeWork\" ><a href=\"https:\/\/www.klippitz.at\/sommer\/unterkunft\/landshuett\/\" title='Landsh\u00fctt'  data-rel='grid-1' class='grid-image avia-hover-fx'> <img decoding=\"async\" fetchpriority=\"high\" width=\"260\" height=\"185\" src=\"https:\/\/www.klippitz.at\/sommer\/wp-content\/uploads\/2025\/06\/H\u00b3tte-vorne-mit-Terrasse-2-260x185.jpg\" class=\"wp-image-3531 avia-img-lazy-loading-not-3531 attachment-portfolio_small size-portfolio_small wp-post-image\" alt=\"\" \/><\/a><div class='grid-content'><div class='avia-arrow'><\/div><header class=\"entry-content-header\" aria-label=\"Portfolio: Landsh\u00fctt\"><h3 class='grid-entry-title entry-title '  itemprop=\"headline\" ><a href='https:\/\/www.klippitz.at\/sommer\/unterkunft\/landshuett\/' title='Landsh\u00fctt'>Landsh\u00fctt<\/a><\/h3><\/header><\/div><footer class=\"entry-footer\"><\/footer><\/article><\/div><div data-ajax-id='3766' class=' grid-entry flex_column isotope-item all_sort no_margin post-entry post-entry-3766 grid-entry-overview grid-loop-31 grid-parity-odd  post-entry-last  appartments-ferienhaeuser-de_sort  av_one_fourth  default_av_fullwidth '><article class='main_color inner-entry'  itemscope=\"itemscope\" itemtype=\"https:\/\/schema.org\/CreativeWork\" ><a href=\"https:\/\/www.klippitz.at\/sommer\/unterkunft\/chalet-klippitzstar\/\" title='Chalet Klippitzstar'  data-rel='grid-1' class='grid-image avia-hover-fx'> <img decoding=\"async\" fetchpriority=\"high\" width=\"260\" height=\"185\" src=\"https:\/\/www.klippitz.at\/sommer\/wp-content\/uploads\/2025\/06\/IMG-20230823-WA0000-260x185.jpg\" class=\"wp-image-3764 avia-img-lazy-loading-not-3764 attachment-portfolio_small size-portfolio_small wp-post-image\" alt=\"\" \/><\/a><div class='grid-content'><div class='avia-arrow'><\/div><header class=\"entry-content-header\" aria-label=\"Portfolio: Chalet Klippitzstar\"><h3 class='grid-entry-title entry-title '  itemprop=\"headline\" ><a href='https:\/\/www.klippitz.at\/sommer\/unterkunft\/chalet-klippitzstar\/' title='Chalet Klippitzstar'>Chalet Klippitzstar<\/a><\/h3><\/header><\/div><footer class=\"entry-footer\"><\/footer><\/article><\/div><\/div><\/div>   <!--   class=\"av-portfolio-grid-sorting-container\"  -->\n<\/div><\/div><\/main><!-- close content main element --><\/div><\/div><div id='after_section_1'  class='main_color av_default_container_wrap container_wrap sidebar_right'  ><div class='container av-section-cont-open' ><div class='template-page content  av-content-small alpha units'><div class='post-entry post-entry-type-page post-entry-221'><div class='entry-content-wrapper clearfix'>\n","protected":false},"excerpt":{"rendered":"","protected":false},"author":1,"featured_media":2947,"parent":0,"menu_order":0,"comment_status":"closed","ping_status":"closed","template":"","meta":{"footnotes":""},"class_list":["post-221","page","type-page","status-publish","has-post-thumbnail","hentry"],"yoast_head":"<!-- This site is optimized with the Yoast SEO plugin v26.8 - https:\/\/yoast.com\/product\/yoast-seo-wordpress\/ -->\n<title>Unterk\u00fcnfte - Schierlebniswelt Klippitzt\u00f6rl<\/title>\n<meta name=\"robots\" content=\"index, follow, max-snippet:-1, max-image-preview:large, max-video-preview:-1\" \/>\n<link rel=\"canonical\" href=\"https:\/\/www.klippitz.at\/sommer\/unterkuenfte\/\" \/>\n<meta property=\"og:locale\" content=\"de_DE\" \/>\n<meta property=\"og:type\" content=\"article\" \/>\n<meta property=\"og:title\" content=\"Unterk\u00fcnfte - Schierlebniswelt Klippitzt\u00f6rl\" \/>\n<meta property=\"og:url\" content=\"https:\/\/www.klippitz.at\/sommer\/unterkuenfte\/\" \/>\n<meta property=\"og:site_name\" content=\"Schierlebniswelt Klippitzt\u00f6rl\" \/>\n<meta property=\"article:modified_time\" content=\"2025-07-19T08:51:45+00:00\" \/>\n<meta property=\"og:image\" content=\"https:\/\/www.klippitz.at\/sommer\/wp-content\/uploads\/2022\/08\/wintertitelfriesacher1024x415.png\" \/>\n\t<meta property=\"og:image:width\" content=\"1024\" \/>\n\t<meta property=\"og:image:height\" content=\"415\" \/>\n\t<meta property=\"og:image:type\" content=\"image\/png\" \/>\n<meta name=\"twitter:label1\" content=\"Gesch\u00e4tzte Lesezeit\" \/>\n\t<meta name=\"twitter:data1\" content=\"9\u00a0Minuten\" \/>\n<script type=\"application\/ld+json\" class=\"yoast-schema-graph\">{\"@context\":\"https:\/\/schema.org\",\"@graph\":[{\"@type\":\"WebPage\",\"@id\":\"https:\/\/www.klippitz.at\/sommer\/unterkuenfte\/\",\"url\":\"https:\/\/www.klippitz.at\/sommer\/unterkuenfte\/\",\"name\":\"Unterk\u00fcnfte - Schierlebniswelt Klippitzt\u00f6rl\",\"isPartOf\":{\"@id\":\"https:\/\/www.klippitz.at\/sommer\/#website\"},\"primaryImageOfPage\":{\"@id\":\"https:\/\/www.klippitz.at\/sommer\/unterkuenfte\/#primaryimage\"},\"image\":{\"@id\":\"https:\/\/www.klippitz.at\/sommer\/unterkuenfte\/#primaryimage\"},\"thumbnailUrl\":\"https:\/\/www.klippitz.at\/sommer\/wp-content\/uploads\/2022\/08\/wintertitelfriesacher1024x415.png\",\"datePublished\":\"2015-01-27T07:39:32+00:00\",\"dateModified\":\"2025-07-19T08:51:45+00:00\",\"breadcrumb\":{\"@id\":\"https:\/\/www.klippitz.at\/sommer\/unterkuenfte\/#breadcrumb\"},\"inLanguage\":\"de\",\"potentialAction\":[{\"@type\":\"ReadAction\",\"target\":[\"https:\/\/www.klippitz.at\/sommer\/unterkuenfte\/\"]}]},{\"@type\":\"ImageObject\",\"inLanguage\":\"de\",\"@id\":\"https:\/\/www.klippitz.at\/sommer\/unterkuenfte\/#primaryimage\",\"url\":\"https:\/\/www.klippitz.at\/sommer\/wp-content\/uploads\/2022\/08\/wintertitelfriesacher1024x415.png\",\"contentUrl\":\"https:\/\/www.klippitz.at\/sommer\/wp-content\/uploads\/2022\/08\/wintertitelfriesacher1024x415.png\",\"width\":1024,\"height\":415},{\"@type\":\"BreadcrumbList\",\"@id\":\"https:\/\/www.klippitz.at\/sommer\/unterkuenfte\/#breadcrumb\",\"itemListElement\":[{\"@type\":\"ListItem\",\"position\":1,\"name\":\"Home\",\"item\":\"https:\/\/www.klippitz.at\/sommer\/home\/\"},{\"@type\":\"ListItem\",\"position\":2,\"name\":\"Unterk\u00fcnfte\"}]},{\"@type\":\"WebSite\",\"@id\":\"https:\/\/www.klippitz.at\/sommer\/#website\",\"url\":\"https:\/\/www.klippitz.at\/sommer\/\",\"name\":\"Schierlebniswelt Klippitzt\u00f6rl\",\"description\":\"Die K\u00e4rntner Schiregion zeigt sich im Sommer von ihrer sch\u00f6nsten Seite\",\"potentialAction\":[{\"@type\":\"SearchAction\",\"target\":{\"@type\":\"EntryPoint\",\"urlTemplate\":\"https:\/\/www.klippitz.at\/sommer\/?s={search_term_string}\"},\"query-input\":{\"@type\":\"PropertyValueSpecification\",\"valueRequired\":true,\"valueName\":\"search_term_string\"}}],\"inLanguage\":\"de\"}]}<\/script>\n<!-- \/ Yoast SEO plugin. -->","yoast_head_json":{"title":"Unterk\u00fcnfte - Schierlebniswelt Klippitzt\u00f6rl","robots":{"index":"index","follow":"follow","max-snippet":"max-snippet:-1","max-image-preview":"max-image-preview:large","max-video-preview":"max-video-preview:-1"},"canonical":"https:\/\/www.klippitz.at\/sommer\/unterkuenfte\/","og_locale":"de_DE","og_type":"article","og_title":"Unterk\u00fcnfte - Schierlebniswelt Klippitzt\u00f6rl","og_url":"https:\/\/www.klippitz.at\/sommer\/unterkuenfte\/","og_site_name":"Schierlebniswelt Klippitzt\u00f6rl","article_modified_time":"2025-07-19T08:51:45+00:00","og_image":[{"width":1024,"height":415,"url":"https:\/\/www.klippitz.at\/sommer\/wp-content\/uploads\/2022\/08\/wintertitelfriesacher1024x415.png","type":"image\/png"}],"twitter_misc":{"Gesch\u00e4tzte Lesezeit":"9\u00a0Minuten"},"schema":{"@context":"https:\/\/schema.org","@graph":[{"@type":"WebPage","@id":"https:\/\/www.klippitz.at\/sommer\/unterkuenfte\/","url":"https:\/\/www.klippitz.at\/sommer\/unterkuenfte\/","name":"Unterk\u00fcnfte - Schierlebniswelt Klippitzt\u00f6rl","isPartOf":{"@id":"https:\/\/www.klippitz.at\/sommer\/#website"},"primaryImageOfPage":{"@id":"https:\/\/www.klippitz.at\/sommer\/unterkuenfte\/#primaryimage"},"image":{"@id":"https:\/\/www.klippitz.at\/sommer\/unterkuenfte\/#primaryimage"},"thumbnailUrl":"https:\/\/www.klippitz.at\/sommer\/wp-content\/uploads\/2022\/08\/wintertitelfriesacher1024x415.png","datePublished":"2015-01-27T07:39:32+00:00","dateModified":"2025-07-19T08:51:45+00:00","breadcrumb":{"@id":"https:\/\/www.klippitz.at\/sommer\/unterkuenfte\/#breadcrumb"},"inLanguage":"de","potentialAction":[{"@type":"ReadAction","target":["https:\/\/www.klippitz.at\/sommer\/unterkuenfte\/"]}]},{"@type":"ImageObject","inLanguage":"de","@id":"https:\/\/www.klippitz.at\/sommer\/unterkuenfte\/#primaryimage","url":"https:\/\/www.klippitz.at\/sommer\/wp-content\/uploads\/2022\/08\/wintertitelfriesacher1024x415.png","contentUrl":"https:\/\/www.klippitz.at\/sommer\/wp-content\/uploads\/2022\/08\/wintertitelfriesacher1024x415.png","width":1024,"height":415},{"@type":"BreadcrumbList","@id":"https:\/\/www.klippitz.at\/sommer\/unterkuenfte\/#breadcrumb","itemListElement":[{"@type":"ListItem","position":1,"name":"Home","item":"https:\/\/www.klippitz.at\/sommer\/home\/"},{"@type":"ListItem","position":2,"name":"Unterk\u00fcnfte"}]},{"@type":"WebSite","@id":"https:\/\/www.klippitz.at\/sommer\/#website","url":"https:\/\/www.klippitz.at\/sommer\/","name":"Schierlebniswelt Klippitzt\u00f6rl","description":"Die K\u00e4rntner Schiregion zeigt sich im Sommer von ihrer sch\u00f6nsten Seite","potentialAction":[{"@type":"SearchAction","target":{"@type":"EntryPoint","urlTemplate":"https:\/\/www.klippitz.at\/sommer\/?s={search_term_string}"},"query-input":{"@type":"PropertyValueSpecification","valueRequired":true,"valueName":"search_term_string"}}],"inLanguage":"de"}]}},"_links":{"self":[{"href":"https:\/\/www.klippitz.at\/sommer\/wp-json\/wp\/v2\/pages\/221","targetHints":{"allow":["GET"]}}],"collection":[{"href":"https:\/\/www.klippitz.at\/sommer\/wp-json\/wp\/v2\/pages"}],"about":[{"href":"https:\/\/www.klippitz.at\/sommer\/wp-json\/wp\/v2\/types\/page"}],"author":[{"embeddable":true,"href":"https:\/\/www.klippitz.at\/sommer\/wp-json\/wp\/v2\/users\/1"}],"replies":[{"embeddable":true,"href":"https:\/\/www.klippitz.at\/sommer\/wp-json\/wp\/v2\/comments?post=221"}],"version-history":[{"count":19,"href":"https:\/\/www.klippitz.at\/sommer\/wp-json\/wp\/v2\/pages\/221\/revisions"}],"predecessor-version":[{"id":3779,"href":"https:\/\/www.klippitz.at\/sommer\/wp-json\/wp\/v2\/pages\/221\/revisions\/3779"}],"wp:featuredmedia":[{"embeddable":true,"href":"https:\/\/www.klippitz.at\/sommer\/wp-json\/wp\/v2\/media\/2947"}],"wp:attachment":[{"href":"https:\/\/www.klippitz.at\/sommer\/wp-json\/wp\/v2\/media?parent=221"}],"curies":[{"name":"wp","href":"https:\/\/api.w.org\/{rel}","templated":true}]}}